{"id":7196,"date":"2026-02-13T18:39:58","date_gmt":"2026-02-13T17:39:58","guid":{"rendered":"https:\/\/camping-platinredoute.fr\/camping-pas-cher-rivedoux-plage\/"},"modified":"2026-03-31T12:39:33","modified_gmt":"2026-03-31T10:39:33","slug":"goedkoop-camping-rivedoux-plage","status":"publish","type":"page","link":"https:\/\/camping-platinredoute.fr\/nl\/goedkoop-camping-rivedoux-plage\/","title":{"rendered":"Promoties"},"content":{"rendered":"\n<div class=\"wp-block-group section-6 has-custom-color-3-background-color has-background has-global-padding is-layout-constrained wp-container-core-group-is-layout-5a520784 wp-block-group-is-layout-constrained\" style=\"margin-top:0px;margin-bottom:0px;padding-top:8rem;padding-right:15rem;padding-bottom:8rem;padding-left:15rem\">\n<div class=\"wp-block-group gt-reverse-mobile is-nowrap is-layout-flex wp-container-core-group-is-layout-58cc4b79 wp-block-group-is-layout-flex\">\n<div class=\"wp-block-group has-global-padding is-layout-constrained wp-container-core-group-is-layout-2b218ad3 wp-block-group-is-layout-constrained\" style=\"margin-top:0px;margin-bottom:0px;padding-top:0;padding-right:0px;padding-bottom:0;padding-left:0px\">\n<div class=\"wp-block-group has-global-padding is-layout-constrained wp-container-core-group-is-layout-4e0c13ad wp-block-group-is-layout-constrained\" style=\"margin-top:0px;margin-bottom:0px\">\n<div class=\"wp-block-group has-global-padding is-layout-constrained wp-container-core-group-is-layout-0483bb72 wp-block-group-is-layout-constrained\" style=\"margin-top:0px;margin-bottom:0px\">\n<div data-swiper=\"{&quot;speed&quot;:1000,&quot;autoplay&quot;:{&quot;delay&quot;:5000,&quot;disableOnInteraction&quot;:false},&quot;spaceBetween&quot;:0,&quot;slidesPerView&quot;:1,&quot;pagination&quot;:{&quot;el&quot;:&quot;.swiper-pagination&quot;,&quot;dynamicBullets&quot;:true,&quot;clickable&quot;:true,&quot;type&quot;:&quot;bullets&quot;},&quot;navigation&quot;:{&quot;nextEl&quot;:&quot;.swiper-button-next&quot;,&quot;prevEl&quot;:&quot;.swiper-button-prev&quot;},&quot;breakpoints&quot;:[{&quot;slidesPerView&quot;:1}]}\" class=\"wp-block-cover is-light\" style=\"border-top-left-radius:10px;border-top-right-radius:10px;border-bottom-left-radius:10px;border-bottom-right-radius:10px\"><img decoding=\"async\" width=\"1920\" height=\"1281\" class=\"wp-block-cover__image-background wp-image-6576 size-full\" alt=\"i\u0302le de re\u0301 port saint martin re\u0301gion\" src=\"https:\/\/camping-platinredoute.fr\/wp-content\/uploads\/2026\/03\/ile-de-re-port-saint-martin-region.jpg\" data-object-fit=\"cover\" srcset=\"https:\/\/camping-platinredoute.fr\/wp-content\/uploads\/2026\/03\/ile-de-re-port-saint-martin-region.jpg 1920w, https:\/\/camping-platinredoute.fr\/wp-content\/uploads\/2026\/03\/ile-de-re-port-saint-martin-region-300x200.jpg 300w, https:\/\/camping-platinredoute.fr\/wp-content\/uploads\/2026\/03\/ile-de-re-port-saint-martin-region-1024x683.jpg 1024w, https:\/\/camping-platinredoute.fr\/wp-content\/uploads\/2026\/03\/ile-de-re-port-saint-martin-region-768x512.jpg 768w, https:\/\/camping-platinredoute.fr\/wp-content\/uploads\/2026\/03\/ile-de-re-port-saint-martin-region-1536x1025.jpg 1536w\" sizes=\"(max-width: 1920px) 100vw, 1920px\" \/><span aria-hidden=\"true\" class=\"wp-block-cover__background has-background-dim-0 has-background-dim\"><\/span><div class=\"wp-block-cover__inner-container has-global-padding is-layout-constrained wp-block-cover-is-layout-constrained\">\n<p class=\"has-text-align-center has-large-font-size wp-block-paragraph\"><\/p>\n<\/div><\/div>\n<\/div>\n<\/div>\n<\/div>\n\n\n\n<div class=\"wp-block-group gt-reverse-mobile is-vertical is-layout-flex wp-container-core-group-is-layout-11f1661b wp-block-group-is-layout-flex\" style=\"padding-right:0px;padding-left:0px\">\n<div class=\"wp-block-group texte-deco has-global-padding is-content-justification-left is-layout-constrained wp-container-core-group-is-layout-95400f15 wp-block-group-is-layout-constrained\" style=\"margin-top:0px;margin-bottom:0px;padding-right:0px;padding-left:0px\">\n<p class=\"has-custom-color-1-color has-text-color has-link-color has-unbounded-font-family wp-elements-1 wp-block-paragraph\" style=\"font-size:clamp(1.976rem, 1.976rem + ((1vw - 0.2rem) * 2.54), 3.5rem);font-style:normal;font-weight:700;line-height:1\">Aantrekkelijke tarieven<\/p>\n\n\n\n<p class=\"has-custom-color-1-color has-text-color has-link-color has-caveat-font-family wp-elements-2 wp-block-paragraph\" style=\"margin-top:0px;margin-bottom:0px;font-size:clamp(2.758rem, 2.758rem + ((1vw - 0.2rem) * 4.253), 5.31rem);font-style:normal;font-weight:500;line-height:0.7\">het hele jaar door<\/p>\n<\/div>\n\n\n\n<div class=\"wp-block-group content has-base-2-background-color has-background has-global-padding is-layout-constrained wp-container-core-group-is-layout-6a7cee02 wp-block-group-is-layout-constrained\" style=\"border-top-left-radius:10px;border-top-right-radius:10px;border-bottom-left-radius:10px;border-bottom-right-radius:10px;margin-top:0px;margin-bottom:0px;padding-top:40px;padding-right:40px;padding-bottom:40px;padding-left:40px\">\n<h1 class=\"wp-block-heading has-custom-color-1-color has-text-color has-link-color wp-elements-3\">Goedkope camping <br\/>op het Ile de R\u00e9<\/h1>\n\n\n\n<p class=\"has-custom-color-1-color has-text-color wp-block-paragraph\">Het is mogelijk om van een vakantie op het Ile de R\u00e9 te genieten zonder dat het veel geld kost. Op camping Le Platin &#8211; La Redoute, uw <a href=\"https:\/\/camping-platinredoute.fr\/nl\/\" data-type=\"page\" data-id=\"5\">camping in de buurt van Sainte-Marie-de-R\u00e9<\/a>, bieden wij u de <strong>beste prijs<\/strong>-kwaliteitsverhouding <strong>voor uw<\/strong> vakantie <strong>in Rivedoux-Plage<\/strong>. <\/p>\n\n\n\n<p class=\"has-custom-color-1-color has-text-color wp-block-paragraph\">3-sterren camping met verwarmd Zwembad, directe toegang tot het strand en seizoensgebonden animatie: je krijgt alle diensten van een <strong>kwaliteitsinstelling<\/strong>, voor een lage prijs.<\/p>\n\n\n\n<p class=\"has-custom-color-1-color has-text-color wp-block-paragraph\">Bekijk onze aanbiedingen en speciale deals om je verblijf tegen de beste prijs te boeken.<\/p>\n<\/div>\n<\/div>\n<\/div>\n<\/div>\n\n<div class=\"wp-block-group section-2 has-custom-color-2-background-color has-background has-global-padding is-layout-constrained wp-container-core-group-is-layout-b5563871 wp-block-group-is-layout-constrained\" style=\"margin-top:0px;margin-bottom:0px;padding-top:4rem;padding-right:15rem;padding-bottom:4rem;padding-left:15rem\">\n<div class=\"wp-block-columns are-vertically-aligned-center is-layout-flex wp-container-core-columns-is-layout-3a88641f wp-block-columns-is-layout-flex\">\n<div class=\"wp-block-column is-vertically-aligned-center first is-layout-flow wp-block-column-is-layout-flow\" style=\"flex-basis:40%\">\n<figure class=\"wp-block-image size-full is-resized shape\" style=\"margin-top:0px;margin-bottom:0px\"><img decoding=\"async\" width=\"367\" height=\"318\" src=\"https:\/\/camping-platinredoute.fr\/wp-content\/uploads\/2025\/12\/grosse-fleur-jaune.svg\" alt=\"grote gele bloem\" class=\"wp-image-143\" style=\"object-fit:contain;width:225px;height:195px\"\/><\/figure>\n\n\n\n<div class=\"wp-block-group texte-deco is-layout-flow wp-block-group-is-layout-flow\">\n<p class=\"has-custom-color-1-color has-text-color has-link-color has-unbounded-font-family wp-elements-4 wp-block-paragraph\" style=\"margin-top:0px;margin-bottom:0px;font-size:clamp(1.976rem, 1.976rem + ((1vw - 0.2rem) * 2.54), 3.5rem);font-style:normal;font-weight:700;line-height:1\">Momenten<\/p>\n\n\n\n<p class=\"has-custom-color-1-color has-text-color has-link-color has-caveat-font-family wp-elements-5 wp-block-paragraph\" style=\"margin-top:0px;margin-bottom:0px;font-size:clamp(2.758rem, 2.758rem + ((1vw - 0.2rem) * 4.253), 5.31rem);line-height:.8\">om te delen<\/p>\n<\/div>\n<\/div>\n\n\n\n<div class=\"wp-block-column is-vertically-aligned-center second is-layout-flow wp-block-column-is-layout-flow\" style=\"flex-basis:60%\">\n\n\n\n\n\n\n<div class=\"wp-block-query alignwide gt-ws-ctv-offres-speciales-query is-layout-flow wp-block-query-is-layout-flow\"><ul class=\"wp-block-post-template is-layout-flow wp-block-post-template-is-layout-flow\"><li class=\"wp-block-post post-8808 offre_speciale type-offre_speciale status-publish has-post-thumbnail hentry\">\n\n<div class=\"wp-block-group has-base-2-background-color has-background is-layout-flow wp-block-group-is-layout-flow\" style=\"border-top-left-radius:10px;border-top-right-radius:10px;border-bottom-left-radius:10px;border-bottom-right-radius:10px;padding-top:14px;padding-right:14px;padding-bottom:14px;padding-left:14px\"><figure class=\"wp-block-post-featured-image\"><img decoding=\"async\" width=\"667\" height=\"387\" src=\"https:\/\/camping-platinredoute.fr\/wp-content\/uploads\/2026\/02\/couple-en-vacances-promotions-du-camping.jpg\" class=\"attachment-post-thumbnail size-post-thumbnail wp-post-image\" alt=\"couple en vacances promotions du camping\" style=\"border-top-left-radius:10px;border-top-right-radius:10px;border-bottom-left-radius:10px;border-bottom-right-radius:10px;object-fit:cover;\" srcset=\"https:\/\/camping-platinredoute.fr\/wp-content\/uploads\/2026\/02\/couple-en-vacances-promotions-du-camping.jpg 667w, https:\/\/camping-platinredoute.fr\/wp-content\/uploads\/2026\/02\/couple-en-vacances-promotions-du-camping-300x174.jpg 300w\" sizes=\"(max-width: 667px) 100vw, 667px\" \/><\/figure>\n\n\n<figure class=\"wp-block-image size-full\"><img alt=\"\" decoding=\"async\" width=\"94\" height=\"95\" src=\"https:\/\/camping-platinredoute.fr\/wp-content\/uploads\/2025\/12\/icon-promo-jaune.svg\" alt=\"\" class=\"wp-image-1454\"\/><\/figure>\n\n\n\n<div class=\"wp-block-columns are-vertically-aligned-center is-layout-flex wp-container-core-columns-is-layout-17686c70 wp-block-columns-is-layout-flex\" style=\"padding-right:15px;padding-left:15px\">\n<div class=\"wp-block-column is-vertically-aligned-center is-layout-flow wp-block-column-is-layout-flow\" style=\"padding-left:0px\">\n<div style=\"font-size:clamp(14px, 0.875rem + ((1vw - 3.2px) * 0.104), 15px);line-height:1.2\" class=\"wp-elements-6 wp-block-gt-gt-ws-ctv-offer-dates has-text-color has-custom-color-1-color\">\n    Van 31\/07\/2027 au 14\/08\/2027<\/div>\n\n\n\n\n<p class=\"has-custom-color-1-color has-text-color has-link-color has-unbounded-font-family wp-elements-7 wp-block-paragraph\" style=\"font-size:clamp(0.875rem, 0.875rem + ((1vw - 0.2rem) * 0.208), 1rem);font-style:normal;font-weight:800;line-height:1.2\">-10% : Early booking<\/p>\n\n\n<div style=\"font-size:0.75rem;line-height:1\" class=\"wp-elements-8 wp-block-gt-gt-ws-ctv-offer-conditions has-text-color has-custom-color-1-color\">\n                        <p>Minimale verblijfsduur : 7<\/p>\n            <\/div>\n\n<\/div>\n\n\n\n<div class=\"wp-block-column is-vertically-aligned-center is-layout-flow wp-block-column-is-layout-flow\">\n<div class=\"wp-block-group cta has-border-color has-custom-color-1-border-color has-custom-color-1-background-color has-background is-nowrap is-layout-flex wp-container-core-group-is-layout-410927e0 wp-block-group-is-layout-flex\" style=\"border-width:2px;border-top-left-radius:100px;border-top-right-radius:100px;border-bottom-left-radius:100px;border-bottom-right-radius:100px;padding-top:10px;padding-right:20px;padding-bottom:10px;padding-left:20px\">\n<p class=\"has-base-2-color has-text-color has-link-color wp-elements-9 wp-block-paragraph\" style=\"font-style:normal;font-weight:700;text-transform:uppercase\">Bekijk het aanbod<\/p>\n\n\n\n<figure class=\"wp-block-image size-large\"><img decoding=\"async\" width=\"24\" height=\"24\" src=\"https:\/\/camping-platinredoute.fr\/wp-content\/uploads\/2025\/12\/icon-fleche-droite-blanc.svg\" alt=\"pijl\" class=\"wp-image-1009\"\/><\/figure>\n\n\n\n<figure class=\"wp-block-image size-large wp-duotone-rgb654122-rgb654122-1\"><img decoding=\"async\" width=\"24\" height=\"24\" src=\"https:\/\/camping-platinredoute.fr\/wp-content\/uploads\/2025\/12\/icon-fleche-droite-blanc.svg\" alt=\"icoon rechte pijl wit\" class=\"wp-image-1009\"\/><\/figure>\n<\/div>\n<\/div>\n<\/div>\n\n\n<a \n    class=\"is-style-lien-cover has-sr-only-text wp-block-gt-gt-ws-ctv-offer-reservation-link\"    href=\"https:\/\/reservation.secureholiday.net\/nl\/11638\/search\/product-list\/?widgetOfferId=2961677\" \n    target=\"_blank\"\n    aria-label=\"Consulter l&#039;offre -10% : Early booking\"\n    rel=\"noopener noreferrer\">\n    <span class=\"sr-only\">Consulter cette offre<\/span>\n<\/a>\n\n<\/div>\n\n<\/li><li class=\"wp-block-post post-8376 offre_speciale type-offre_speciale status-publish has-post-thumbnail hentry\">\n\n<div class=\"wp-block-group has-base-2-background-color has-background is-layout-flow wp-block-group-is-layout-flow\" style=\"border-top-left-radius:10px;border-top-right-radius:10px;border-bottom-left-radius:10px;border-bottom-right-radius:10px;padding-top:14px;padding-right:14px;padding-bottom:14px;padding-left:14px\"><figure class=\"wp-block-post-featured-image\"><img decoding=\"async\" width=\"667\" height=\"387\" src=\"https:\/\/camping-platinredoute.fr\/wp-content\/uploads\/2026\/02\/couple-en-vacances-promotions-du-camping.jpg\" class=\"attachment-post-thumbnail size-post-thumbnail wp-post-image\" alt=\"couple en vacances promotions du camping\" style=\"border-top-left-radius:10px;border-top-right-radius:10px;border-bottom-left-radius:10px;border-bottom-right-radius:10px;object-fit:cover;\" srcset=\"https:\/\/camping-platinredoute.fr\/wp-content\/uploads\/2026\/02\/couple-en-vacances-promotions-du-camping.jpg 667w, https:\/\/camping-platinredoute.fr\/wp-content\/uploads\/2026\/02\/couple-en-vacances-promotions-du-camping-300x174.jpg 300w\" sizes=\"(max-width: 667px) 100vw, 667px\" \/><\/figure>\n\n\n<figure class=\"wp-block-image size-full\"><img alt=\"\" decoding=\"async\" width=\"94\" height=\"95\" src=\"https:\/\/camping-platinredoute.fr\/wp-content\/uploads\/2025\/12\/icon-promo-jaune.svg\" alt=\"\" class=\"wp-image-1454\"\/><\/figure>\n\n\n\n<div class=\"wp-block-columns are-vertically-aligned-center is-layout-flex wp-container-core-columns-is-layout-17686c70 wp-block-columns-is-layout-flex\" style=\"padding-right:15px;padding-left:15px\">\n<div class=\"wp-block-column is-vertically-aligned-center is-layout-flow wp-block-column-is-layout-flow\" style=\"padding-left:0px\">\n<div style=\"font-size:clamp(14px, 0.875rem + ((1vw - 3.2px) * 0.104), 15px);line-height:1.2\" class=\"wp-elements-10 wp-block-gt-gt-ws-ctv-offer-dates has-text-color has-custom-color-1-color\">\n    Van 01\/08\/2026 au 29\/08\/2026<\/div>\n\n\n\n\n<p class=\"has-custom-color-1-color has-text-color has-link-color has-unbounded-font-family wp-elements-11 wp-block-paragraph\" style=\"font-size:clamp(0.875rem, 0.875rem + ((1vw - 0.2rem) * 0.208), 1rem);font-style:normal;font-weight:800;line-height:1.2\">-10% : Offre de lancement<\/p>\n\n\n<div style=\"font-size:0.75rem;line-height:1\" class=\"wp-elements-12 wp-block-gt-gt-ws-ctv-offer-conditions has-text-color has-custom-color-1-color\">\n                        <p>Minimale verblijfsduur : 7<\/p>\n            <\/div>\n\n<\/div>\n\n\n\n<div class=\"wp-block-column is-vertically-aligned-center is-layout-flow wp-block-column-is-layout-flow\">\n<div class=\"wp-block-group cta has-border-color has-custom-color-1-border-color has-custom-color-1-background-color has-background is-nowrap is-layout-flex wp-container-core-group-is-layout-410927e0 wp-block-group-is-layout-flex\" style=\"border-width:2px;border-top-left-radius:100px;border-top-right-radius:100px;border-bottom-left-radius:100px;border-bottom-right-radius:100px;padding-top:10px;padding-right:20px;padding-bottom:10px;padding-left:20px\">\n<p class=\"has-base-2-color has-text-color has-link-color wp-elements-13 wp-block-paragraph\" style=\"font-style:normal;font-weight:700;text-transform:uppercase\">Bekijk het aanbod<\/p>\n\n\n\n<figure class=\"wp-block-image size-large\"><img decoding=\"async\" width=\"24\" height=\"24\" src=\"https:\/\/camping-platinredoute.fr\/wp-content\/uploads\/2025\/12\/icon-fleche-droite-blanc.svg\" alt=\"pijl\" class=\"wp-image-1009\"\/><\/figure>\n\n\n\n<figure class=\"wp-block-image size-large wp-duotone-rgb654122-rgb654122-2\"><img decoding=\"async\" width=\"24\" height=\"24\" src=\"https:\/\/camping-platinredoute.fr\/wp-content\/uploads\/2025\/12\/icon-fleche-droite-blanc.svg\" alt=\"icoon rechte pijl wit\" class=\"wp-image-1009\"\/><\/figure>\n<\/div>\n<\/div>\n<\/div>\n\n\n<a \n    class=\"is-style-lien-cover has-sr-only-text wp-block-gt-gt-ws-ctv-offer-reservation-link\"    href=\"https:\/\/reservation.secureholiday.net\/nl\/11638\/search\/product-list\/?widgetOfferId=2911097\" \n    target=\"_blank\"\n    aria-label=\"Consulter l&#039;offre -10% : Offre de lancement\"\n    rel=\"noopener noreferrer\">\n    <span class=\"sr-only\">Consulter cette offre<\/span>\n<\/a>\n\n<\/div>\n\n<\/li><li class=\"wp-block-post post-8682 offre_speciale type-offre_speciale status-publish has-post-thumbnail hentry\">\n\n<div class=\"wp-block-group has-base-2-background-color has-background is-layout-flow wp-block-group-is-layout-flow\" style=\"border-top-left-radius:10px;border-top-right-radius:10px;border-bottom-left-radius:10px;border-bottom-right-radius:10px;padding-top:14px;padding-right:14px;padding-bottom:14px;padding-left:14px\"><figure class=\"wp-block-post-featured-image\"><img decoding=\"async\" width=\"667\" height=\"387\" src=\"https:\/\/camping-platinredoute.fr\/wp-content\/uploads\/2026\/02\/couple-en-vacances-promotions-du-camping.jpg\" class=\"attachment-post-thumbnail size-post-thumbnail wp-post-image\" alt=\"couple en vacances promotions du camping\" style=\"border-top-left-radius:10px;border-top-right-radius:10px;border-bottom-left-radius:10px;border-bottom-right-radius:10px;object-fit:cover;\" srcset=\"https:\/\/camping-platinredoute.fr\/wp-content\/uploads\/2026\/02\/couple-en-vacances-promotions-du-camping.jpg 667w, https:\/\/camping-platinredoute.fr\/wp-content\/uploads\/2026\/02\/couple-en-vacances-promotions-du-camping-300x174.jpg 300w\" sizes=\"(max-width: 667px) 100vw, 667px\" \/><\/figure>\n\n\n<figure class=\"wp-block-image size-full\"><img alt=\"\" decoding=\"async\" width=\"94\" height=\"95\" src=\"https:\/\/camping-platinredoute.fr\/wp-content\/uploads\/2025\/12\/icon-promo-jaune.svg\" alt=\"\" class=\"wp-image-1454\"\/><\/figure>\n\n\n\n<div class=\"wp-block-columns are-vertically-aligned-center is-layout-flex wp-container-core-columns-is-layout-17686c70 wp-block-columns-is-layout-flex\" style=\"padding-right:15px;padding-left:15px\">\n<div class=\"wp-block-column is-vertically-aligned-center is-layout-flow wp-block-column-is-layout-flow\" style=\"padding-left:0px\">\n<div style=\"font-size:clamp(14px, 0.875rem + ((1vw - 3.2px) * 0.104), 15px);line-height:1.2\" class=\"wp-elements-14 wp-block-gt-gt-ws-ctv-offer-dates has-text-color has-custom-color-1-color\">\n    Van 18\/06\/2026 au 11\/07\/2026<\/div>\n\n\n\n\n<p class=\"has-custom-color-1-color has-text-color has-link-color has-unbounded-font-family wp-elements-15 wp-block-paragraph\" style=\"font-size:clamp(0.875rem, 0.875rem + ((1vw - 0.2rem) * 0.208), 1rem);font-style:normal;font-weight:800;line-height:1.2\">-15% : **Tijdelijke Aanbieding<\/p>\n\n\n<div style=\"font-size:0.75rem;line-height:1\" class=\"wp-elements-16 wp-block-gt-gt-ws-ctv-offer-conditions has-text-color has-custom-color-1-color\">\n                        <p>Minimale verblijfsduur : 3<\/p>\n            <\/div>\n\n<\/div>\n\n\n\n<div class=\"wp-block-column is-vertically-aligned-center is-layout-flow wp-block-column-is-layout-flow\">\n<div class=\"wp-block-group cta has-border-color has-custom-color-1-border-color has-custom-color-1-background-color has-background is-nowrap is-layout-flex wp-container-core-group-is-layout-410927e0 wp-block-group-is-layout-flex\" style=\"border-width:2px;border-top-left-radius:100px;border-top-right-radius:100px;border-bottom-left-radius:100px;border-bottom-right-radius:100px;padding-top:10px;padding-right:20px;padding-bottom:10px;padding-left:20px\">\n<p class=\"has-base-2-color has-text-color has-link-color wp-elements-17 wp-block-paragraph\" style=\"font-style:normal;font-weight:700;text-transform:uppercase\">Bekijk het aanbod<\/p>\n\n\n\n<figure class=\"wp-block-image size-large\"><img decoding=\"async\" width=\"24\" height=\"24\" src=\"https:\/\/camping-platinredoute.fr\/wp-content\/uploads\/2025\/12\/icon-fleche-droite-blanc.svg\" alt=\"pijl\" class=\"wp-image-1009\"\/><\/figure>\n\n\n\n<figure class=\"wp-block-image size-large wp-duotone-rgb654122-rgb654122-3\"><img decoding=\"async\" width=\"24\" height=\"24\" src=\"https:\/\/camping-platinredoute.fr\/wp-content\/uploads\/2025\/12\/icon-fleche-droite-blanc.svg\" alt=\"icoon rechte pijl wit\" class=\"wp-image-1009\"\/><\/figure>\n<\/div>\n<\/div>\n<\/div>\n\n\n<a \n    class=\"is-style-lien-cover has-sr-only-text wp-block-gt-gt-ws-ctv-offer-reservation-link\"    href=\"https:\/\/reservation.secureholiday.net\/nl\/11638\/search\/product-list\/?widgetOfferId=2941617\" \n    target=\"_blank\"\n    aria-label=\"Consulter l&#039;offre -15% : **Tijdelijke Aanbieding\"\n    rel=\"noopener noreferrer\">\n    <span class=\"sr-only\">Consulter cette offre<\/span>\n<\/a>\n\n<\/div>\n\n<\/li><li class=\"wp-block-post post-8377 offre_speciale type-offre_speciale status-publish has-post-thumbnail hentry\">\n\n<div class=\"wp-block-group has-base-2-background-color has-background is-layout-flow wp-block-group-is-layout-flow\" style=\"border-top-left-radius:10px;border-top-right-radius:10px;border-bottom-left-radius:10px;border-bottom-right-radius:10px;padding-top:14px;padding-right:14px;padding-bottom:14px;padding-left:14px\"><figure class=\"wp-block-post-featured-image\"><img decoding=\"async\" width=\"667\" height=\"387\" src=\"https:\/\/camping-platinredoute.fr\/wp-content\/uploads\/2026\/02\/couple-en-vacances-promotions-du-camping.jpg\" class=\"attachment-post-thumbnail size-post-thumbnail wp-post-image\" alt=\"couple en vacances promotions du camping\" style=\"border-top-left-radius:10px;border-top-right-radius:10px;border-bottom-left-radius:10px;border-bottom-right-radius:10px;object-fit:cover;\" srcset=\"https:\/\/camping-platinredoute.fr\/wp-content\/uploads\/2026\/02\/couple-en-vacances-promotions-du-camping.jpg 667w, https:\/\/camping-platinredoute.fr\/wp-content\/uploads\/2026\/02\/couple-en-vacances-promotions-du-camping-300x174.jpg 300w\" sizes=\"(max-width: 667px) 100vw, 667px\" \/><\/figure>\n\n\n<figure class=\"wp-block-image size-full\"><img alt=\"\" decoding=\"async\" width=\"94\" height=\"95\" src=\"https:\/\/camping-platinredoute.fr\/wp-content\/uploads\/2025\/12\/icon-promo-jaune.svg\" alt=\"\" class=\"wp-image-1454\"\/><\/figure>\n\n\n\n<div class=\"wp-block-columns are-vertically-aligned-center is-layout-flex wp-container-core-columns-is-layout-17686c70 wp-block-columns-is-layout-flex\" style=\"padding-right:15px;padding-left:15px\">\n<div class=\"wp-block-column is-vertically-aligned-center is-layout-flow wp-block-column-is-layout-flow\" style=\"padding-left:0px\">\n<div style=\"font-size:clamp(14px, 0.875rem + ((1vw - 3.2px) * 0.104), 15px);line-height:1.2\" class=\"wp-elements-18 wp-block-gt-gt-ws-ctv-offer-dates has-text-color has-custom-color-1-color\">\n    Van 29\/08\/2026 au 01\/11\/2026<\/div>\n\n\n\n\n<p class=\"has-custom-color-1-color has-text-color has-link-color has-unbounded-font-family wp-elements-19 wp-block-paragraph\" style=\"font-size:clamp(0.875rem, 0.875rem + ((1vw - 0.2rem) * 0.208), 1rem);font-style:normal;font-weight:800;line-height:1.2\">-15% : Offre de lancement<\/p>\n\n\n<div style=\"font-size:0.75rem;line-height:1\" class=\"wp-elements-20 wp-block-gt-gt-ws-ctv-offer-conditions has-text-color has-custom-color-1-color\">\n                        <p>Minimale verblijfsduur : 3<\/p>\n            <\/div>\n\n<\/div>\n\n\n\n<div class=\"wp-block-column is-vertically-aligned-center is-layout-flow wp-block-column-is-layout-flow\">\n<div class=\"wp-block-group cta has-border-color has-custom-color-1-border-color has-custom-color-1-background-color has-background is-nowrap is-layout-flex wp-container-core-group-is-layout-410927e0 wp-block-group-is-layout-flex\" style=\"border-width:2px;border-top-left-radius:100px;border-top-right-radius:100px;border-bottom-left-radius:100px;border-bottom-right-radius:100px;padding-top:10px;padding-right:20px;padding-bottom:10px;padding-left:20px\">\n<p class=\"has-base-2-color has-text-color has-link-color wp-elements-21 wp-block-paragraph\" style=\"font-style:normal;font-weight:700;text-transform:uppercase\">Bekijk het aanbod<\/p>\n\n\n\n<figure class=\"wp-block-image size-large\"><img decoding=\"async\" width=\"24\" height=\"24\" src=\"https:\/\/camping-platinredoute.fr\/wp-content\/uploads\/2025\/12\/icon-fleche-droite-blanc.svg\" alt=\"pijl\" class=\"wp-image-1009\"\/><\/figure>\n\n\n\n<figure class=\"wp-block-image size-large wp-duotone-rgb654122-rgb654122-4\"><img decoding=\"async\" width=\"24\" height=\"24\" src=\"https:\/\/camping-platinredoute.fr\/wp-content\/uploads\/2025\/12\/icon-fleche-droite-blanc.svg\" alt=\"icoon rechte pijl wit\" class=\"wp-image-1009\"\/><\/figure>\n<\/div>\n<\/div>\n<\/div>\n\n\n<a \n    class=\"is-style-lien-cover has-sr-only-text wp-block-gt-gt-ws-ctv-offer-reservation-link\"    href=\"https:\/\/reservation.secureholiday.net\/nl\/11638\/search\/product-list\/?widgetOfferId=2911096\" \n    target=\"_blank\"\n    aria-label=\"Consulter l&#039;offre -15% : Offre de lancement\"\n    rel=\"noopener noreferrer\">\n    <span class=\"sr-only\">Consulter cette offre<\/span>\n<\/a>\n\n<\/div>\n\n<\/li><li class=\"wp-block-post post-8432 offre_speciale type-offre_speciale status-publish has-post-thumbnail hentry\">\n\n<div class=\"wp-block-group has-base-2-background-color has-background is-layout-flow wp-block-group-is-layout-flow\" style=\"border-top-left-radius:10px;border-top-right-radius:10px;border-bottom-left-radius:10px;border-bottom-right-radius:10px;padding-top:14px;padding-right:14px;padding-bottom:14px;padding-left:14px\"><figure class=\"wp-block-post-featured-image\"><img decoding=\"async\" width=\"667\" height=\"387\" src=\"https:\/\/camping-platinredoute.fr\/wp-content\/uploads\/2026\/02\/couple-en-vacances-promotions-du-camping.jpg\" class=\"attachment-post-thumbnail size-post-thumbnail wp-post-image\" alt=\"couple en vacances promotions du camping\" style=\"border-top-left-radius:10px;border-top-right-radius:10px;border-bottom-left-radius:10px;border-bottom-right-radius:10px;object-fit:cover;\" srcset=\"https:\/\/camping-platinredoute.fr\/wp-content\/uploads\/2026\/02\/couple-en-vacances-promotions-du-camping.jpg 667w, https:\/\/camping-platinredoute.fr\/wp-content\/uploads\/2026\/02\/couple-en-vacances-promotions-du-camping-300x174.jpg 300w\" sizes=\"(max-width: 667px) 100vw, 667px\" \/><\/figure>\n\n\n<figure class=\"wp-block-image size-full\"><img alt=\"\" decoding=\"async\" width=\"94\" height=\"95\" src=\"https:\/\/camping-platinredoute.fr\/wp-content\/uploads\/2025\/12\/icon-promo-jaune.svg\" alt=\"\" class=\"wp-image-1454\"\/><\/figure>\n\n\n\n<div class=\"wp-block-columns are-vertically-aligned-center is-layout-flex wp-container-core-columns-is-layout-17686c70 wp-block-columns-is-layout-flex\" style=\"padding-right:15px;padding-left:15px\">\n<div class=\"wp-block-column is-vertically-aligned-center is-layout-flow wp-block-column-is-layout-flow\" style=\"padding-left:0px\">\n<div style=\"font-size:clamp(14px, 0.875rem + ((1vw - 3.2px) * 0.104), 15px);line-height:1.2\" class=\"wp-elements-22 wp-block-gt-gt-ws-ctv-offer-dates has-text-color has-custom-color-1-color\">\n    Van 11\/05\/2026 au 01\/08\/2026<\/div>\n\n\n\n\n<p class=\"has-custom-color-1-color has-text-color has-link-color has-unbounded-font-family wp-elements-23 wp-block-paragraph\" style=\"font-size:clamp(0.875rem, 0.875rem + ((1vw - 0.2rem) * 0.208), 1rem);font-style:normal;font-weight:800;line-height:1.2\">-20% : **Reserveer snel!<\/p>\n\n\n<div style=\"font-size:0.75rem;line-height:1\" class=\"wp-elements-24 wp-block-gt-gt-ws-ctv-offer-conditions has-text-color has-custom-color-1-color\">\n                        <p>Minimale verblijfsduur : 5<\/p>\n            <\/div>\n\n<\/div>\n\n\n\n<div class=\"wp-block-column is-vertically-aligned-center is-layout-flow wp-block-column-is-layout-flow\">\n<div class=\"wp-block-group cta has-border-color has-custom-color-1-border-color has-custom-color-1-background-color has-background is-nowrap is-layout-flex wp-container-core-group-is-layout-410927e0 wp-block-group-is-layout-flex\" style=\"border-width:2px;border-top-left-radius:100px;border-top-right-radius:100px;border-bottom-left-radius:100px;border-bottom-right-radius:100px;padding-top:10px;padding-right:20px;padding-bottom:10px;padding-left:20px\">\n<p class=\"has-base-2-color has-text-color has-link-color wp-elements-25 wp-block-paragraph\" style=\"font-style:normal;font-weight:700;text-transform:uppercase\">Bekijk het aanbod<\/p>\n\n\n\n<figure class=\"wp-block-image size-large\"><img decoding=\"async\" width=\"24\" height=\"24\" src=\"https:\/\/camping-platinredoute.fr\/wp-content\/uploads\/2025\/12\/icon-fleche-droite-blanc.svg\" alt=\"pijl\" class=\"wp-image-1009\"\/><\/figure>\n\n\n\n<figure class=\"wp-block-image size-large wp-duotone-rgb654122-rgb654122-5\"><img decoding=\"async\" width=\"24\" height=\"24\" src=\"https:\/\/camping-platinredoute.fr\/wp-content\/uploads\/2025\/12\/icon-fleche-droite-blanc.svg\" alt=\"icoon rechte pijl wit\" class=\"wp-image-1009\"\/><\/figure>\n<\/div>\n<\/div>\n<\/div>\n\n\n<a \n    class=\"is-style-lien-cover has-sr-only-text wp-block-gt-gt-ws-ctv-offer-reservation-link\"    href=\"https:\/\/reservation.secureholiday.net\/nl\/11638\/search\/product-list\/?widgetOfferId=2926506\" \n    target=\"_blank\"\n    aria-label=\"Consulter l&#039;offre -20% : **Reserveer snel!\"\n    rel=\"noopener noreferrer\">\n    <span class=\"sr-only\">Consulter cette offre<\/span>\n<\/a>\n\n<\/div>\n\n<\/li><li class=\"wp-block-post post-8559 offre_speciale type-offre_speciale status-publish has-post-thumbnail hentry\">\n\n<div class=\"wp-block-group has-base-2-background-color has-background is-layout-flow wp-block-group-is-layout-flow\" style=\"border-top-left-radius:10px;border-top-right-radius:10px;border-bottom-left-radius:10px;border-bottom-right-radius:10px;padding-top:14px;padding-right:14px;padding-bottom:14px;padding-left:14px\"><figure class=\"wp-block-post-featured-image\"><img decoding=\"async\" width=\"667\" height=\"387\" src=\"https:\/\/camping-platinredoute.fr\/wp-content\/uploads\/2026\/02\/couple-en-vacances-promotions-du-camping.jpg\" class=\"attachment-post-thumbnail size-post-thumbnail wp-post-image\" alt=\"couple en vacances promotions du camping\" style=\"border-top-left-radius:10px;border-top-right-radius:10px;border-bottom-left-radius:10px;border-bottom-right-radius:10px;object-fit:cover;\" srcset=\"https:\/\/camping-platinredoute.fr\/wp-content\/uploads\/2026\/02\/couple-en-vacances-promotions-du-camping.jpg 667w, https:\/\/camping-platinredoute.fr\/wp-content\/uploads\/2026\/02\/couple-en-vacances-promotions-du-camping-300x174.jpg 300w\" sizes=\"(max-width: 667px) 100vw, 667px\" \/><\/figure>\n\n\n<figure class=\"wp-block-image size-full\"><img alt=\"\" decoding=\"async\" width=\"94\" height=\"95\" src=\"https:\/\/camping-platinredoute.fr\/wp-content\/uploads\/2025\/12\/icon-promo-jaune.svg\" alt=\"\" class=\"wp-image-1454\"\/><\/figure>\n\n\n\n<div class=\"wp-block-columns are-vertically-aligned-center is-layout-flex wp-container-core-columns-is-layout-17686c70 wp-block-columns-is-layout-flex\" style=\"padding-right:15px;padding-left:15px\">\n<div class=\"wp-block-column is-vertically-aligned-center is-layout-flow wp-block-column-is-layout-flow\" style=\"padding-left:0px\">\n<div style=\"font-size:clamp(14px, 0.875rem + ((1vw - 3.2px) * 0.104), 15px);line-height:1.2\" class=\"wp-elements-26 wp-block-gt-gt-ws-ctv-offer-dates has-text-color has-custom-color-1-color\">\n    Van 27\/06\/2026 au 01\/08\/2026<\/div>\n\n\n\n\n<p class=\"has-custom-color-1-color has-text-color has-link-color has-unbounded-font-family wp-elements-27 wp-block-paragraph\" style=\"font-size:clamp(0.875rem, 0.875rem + ((1vw - 0.2rem) * 0.208), 1rem);font-style:normal;font-weight:800;line-height:1.2\">-20% : 20-jarig jubileumaanbod!<\/p>\n\n\n<div style=\"font-size:0.75rem;line-height:1\" class=\"wp-elements-28 wp-block-gt-gt-ws-ctv-offer-conditions has-text-color has-custom-color-1-color\">\n                        <p>Minimale verblijfsduur : 7<\/p>\n            <\/div>\n\n<\/div>\n\n\n\n<div class=\"wp-block-column is-vertically-aligned-center is-layout-flow wp-block-column-is-layout-flow\">\n<div class=\"wp-block-group cta has-border-color has-custom-color-1-border-color has-custom-color-1-background-color has-background is-nowrap is-layout-flex wp-container-core-group-is-layout-410927e0 wp-block-group-is-layout-flex\" style=\"border-width:2px;border-top-left-radius:100px;border-top-right-radius:100px;border-bottom-left-radius:100px;border-bottom-right-radius:100px;padding-top:10px;padding-right:20px;padding-bottom:10px;padding-left:20px\">\n<p class=\"has-base-2-color has-text-color has-link-color wp-elements-29 wp-block-paragraph\" style=\"font-style:normal;font-weight:700;text-transform:uppercase\">Bekijk het aanbod<\/p>\n\n\n\n<figure class=\"wp-block-image size-large\"><img decoding=\"async\" width=\"24\" height=\"24\" src=\"https:\/\/camping-platinredoute.fr\/wp-content\/uploads\/2025\/12\/icon-fleche-droite-blanc.svg\" alt=\"pijl\" class=\"wp-image-1009\"\/><\/figure>\n\n\n\n<figure class=\"wp-block-image size-large wp-duotone-rgb654122-rgb654122-6\"><img decoding=\"async\" width=\"24\" height=\"24\" src=\"https:\/\/camping-platinredoute.fr\/wp-content\/uploads\/2025\/12\/icon-fleche-droite-blanc.svg\" alt=\"icoon rechte pijl wit\" class=\"wp-image-1009\"\/><\/figure>\n<\/div>\n<\/div>\n<\/div>\n\n\n<a \n    class=\"is-style-lien-cover has-sr-only-text wp-block-gt-gt-ws-ctv-offer-reservation-link\"    href=\"https:\/\/reservation.secureholiday.net\/nl\/11638\/search\/product-list\/?widgetOfferId=2927966\" \n    target=\"_blank\"\n    aria-label=\"Consulter l&#039;offre -20% : 20-jarig jubileumaanbod!\"\n    rel=\"noopener noreferrer\">\n    <span class=\"sr-only\">Consulter cette offre<\/span>\n<\/a>\n\n<\/div>\n\n<\/li><li class=\"wp-block-post post-8157 offre_speciale type-offre_speciale status-publish has-post-thumbnail hentry\">\n\n<div class=\"wp-block-group has-base-2-background-color has-background is-layout-flow wp-block-group-is-layout-flow\" style=\"border-top-left-radius:10px;border-top-right-radius:10px;border-bottom-left-radius:10px;border-bottom-right-radius:10px;padding-top:14px;padding-right:14px;padding-bottom:14px;padding-left:14px\"><figure class=\"wp-block-post-featured-image\"><img decoding=\"async\" width=\"667\" height=\"387\" src=\"https:\/\/camping-platinredoute.fr\/wp-content\/uploads\/2026\/02\/couple-en-vacances-promotions-du-camping.jpg\" class=\"attachment-post-thumbnail size-post-thumbnail wp-post-image\" alt=\"couple en vacances promotions du camping\" style=\"border-top-left-radius:10px;border-top-right-radius:10px;border-bottom-left-radius:10px;border-bottom-right-radius:10px;object-fit:cover;\" srcset=\"https:\/\/camping-platinredoute.fr\/wp-content\/uploads\/2026\/02\/couple-en-vacances-promotions-du-camping.jpg 667w, https:\/\/camping-platinredoute.fr\/wp-content\/uploads\/2026\/02\/couple-en-vacances-promotions-du-camping-300x174.jpg 300w\" sizes=\"(max-width: 667px) 100vw, 667px\" \/><\/figure>\n\n\n<figure class=\"wp-block-image size-full\"><img alt=\"\" decoding=\"async\" width=\"94\" height=\"95\" src=\"https:\/\/camping-platinredoute.fr\/wp-content\/uploads\/2025\/12\/icon-promo-jaune.svg\" alt=\"\" class=\"wp-image-1454\"\/><\/figure>\n\n\n\n<div class=\"wp-block-columns are-vertically-aligned-center is-layout-flex wp-container-core-columns-is-layout-17686c70 wp-block-columns-is-layout-flex\" style=\"padding-right:15px;padding-left:15px\">\n<div class=\"wp-block-column is-vertically-aligned-center is-layout-flow wp-block-column-is-layout-flow\" style=\"padding-left:0px\">\n<div style=\"font-size:clamp(14px, 0.875rem + ((1vw - 3.2px) * 0.104), 15px);line-height:1.2\" class=\"wp-elements-30 wp-block-gt-gt-ws-ctv-offer-dates has-text-color has-custom-color-1-color\">\n    Van 27\/06\/2026 au 18\/07\/2026<\/div>\n\n\n\n\n<p class=\"has-custom-color-1-color has-text-color has-link-color has-unbounded-font-family wp-elements-31 wp-block-paragraph\" style=\"font-size:clamp(0.875rem, 0.875rem + ((1vw - 0.2rem) * 0.208), 1rem);font-style:normal;font-weight:800;line-height:1.2\">-20% : 20-jarig jubileumaanbod!<\/p>\n\n\n<div style=\"font-size:0.75rem;line-height:1\" class=\"wp-elements-32 wp-block-gt-gt-ws-ctv-offer-conditions has-text-color has-custom-color-1-color\">\n                        <p>Minimale verblijfsduur : 7<\/p>\n            <\/div>\n\n<\/div>\n\n\n\n<div class=\"wp-block-column is-vertically-aligned-center is-layout-flow wp-block-column-is-layout-flow\">\n<div class=\"wp-block-group cta has-border-color has-custom-color-1-border-color has-custom-color-1-background-color has-background is-nowrap is-layout-flex wp-container-core-group-is-layout-410927e0 wp-block-group-is-layout-flex\" style=\"border-width:2px;border-top-left-radius:100px;border-top-right-radius:100px;border-bottom-left-radius:100px;border-bottom-right-radius:100px;padding-top:10px;padding-right:20px;padding-bottom:10px;padding-left:20px\">\n<p class=\"has-base-2-color has-text-color has-link-color wp-elements-33 wp-block-paragraph\" style=\"font-style:normal;font-weight:700;text-transform:uppercase\">Bekijk het aanbod<\/p>\n\n\n\n<figure class=\"wp-block-image size-large\"><img decoding=\"async\" width=\"24\" height=\"24\" src=\"https:\/\/camping-platinredoute.fr\/wp-content\/uploads\/2025\/12\/icon-fleche-droite-blanc.svg\" alt=\"pijl\" class=\"wp-image-1009\"\/><\/figure>\n\n\n\n<figure class=\"wp-block-image size-large wp-duotone-rgb654122-rgb654122-7\"><img decoding=\"async\" width=\"24\" height=\"24\" src=\"https:\/\/camping-platinredoute.fr\/wp-content\/uploads\/2025\/12\/icon-fleche-droite-blanc.svg\" alt=\"icoon rechte pijl wit\" class=\"wp-image-1009\"\/><\/figure>\n<\/div>\n<\/div>\n<\/div>\n\n\n<a \n    class=\"is-style-lien-cover has-sr-only-text wp-block-gt-gt-ws-ctv-offer-reservation-link\"    href=\"https:\/\/reservation.secureholiday.net\/nl\/11638\/search\/product-list\/?widgetOfferId=2891845\" \n    target=\"_blank\"\n    aria-label=\"Consulter l&#039;offre -20% : 20-jarig jubileumaanbod!\"\n    rel=\"noopener noreferrer\">\n    <span class=\"sr-only\">Consulter cette offre<\/span>\n<\/a>\n\n<\/div>\n\n<\/li><li class=\"wp-block-post post-8805 offre_speciale type-offre_speciale status-publish has-post-thumbnail hentry\">\n\n<div class=\"wp-block-group has-base-2-background-color has-background is-layout-flow wp-block-group-is-layout-flow\" style=\"border-top-left-radius:10px;border-top-right-radius:10px;border-bottom-left-radius:10px;border-bottom-right-radius:10px;padding-top:14px;padding-right:14px;padding-bottom:14px;padding-left:14px\"><figure class=\"wp-block-post-featured-image\"><img decoding=\"async\" width=\"667\" height=\"387\" src=\"https:\/\/camping-platinredoute.fr\/wp-content\/uploads\/2026\/02\/couple-en-vacances-promotions-du-camping.jpg\" class=\"attachment-post-thumbnail size-post-thumbnail wp-post-image\" alt=\"couple en vacances promotions du camping\" style=\"border-top-left-radius:10px;border-top-right-radius:10px;border-bottom-left-radius:10px;border-bottom-right-radius:10px;object-fit:cover;\" srcset=\"https:\/\/camping-platinredoute.fr\/wp-content\/uploads\/2026\/02\/couple-en-vacances-promotions-du-camping.jpg 667w, https:\/\/camping-platinredoute.fr\/wp-content\/uploads\/2026\/02\/couple-en-vacances-promotions-du-camping-300x174.jpg 300w\" sizes=\"(max-width: 667px) 100vw, 667px\" \/><\/figure>\n\n\n<figure class=\"wp-block-image size-full\"><img alt=\"\" decoding=\"async\" width=\"94\" height=\"95\" src=\"https:\/\/camping-platinredoute.fr\/wp-content\/uploads\/2025\/12\/icon-promo-jaune.svg\" alt=\"\" class=\"wp-image-1454\"\/><\/figure>\n\n\n\n<div class=\"wp-block-columns are-vertically-aligned-center is-layout-flex wp-container-core-columns-is-layout-17686c70 wp-block-columns-is-layout-flex\" style=\"padding-right:15px;padding-left:15px\">\n<div class=\"wp-block-column is-vertically-aligned-center is-layout-flow wp-block-column-is-layout-flow\" style=\"padding-left:0px\">\n<div style=\"font-size:clamp(14px, 0.875rem + ((1vw - 3.2px) * 0.104), 15px);line-height:1.2\" class=\"wp-elements-34 wp-block-gt-gt-ws-ctv-offer-dates has-text-color has-custom-color-1-color\">\n    Van 26\/03\/2027 au 10\/07\/2027<\/div>\n\n\n\n\n<p class=\"has-custom-color-1-color has-text-color has-link-color has-unbounded-font-family wp-elements-35 wp-block-paragraph\" style=\"font-size:clamp(0.875rem, 0.875rem + ((1vw - 0.2rem) * 0.208), 1rem);font-style:normal;font-weight:800;line-height:1.2\">-20% : Early booking<\/p>\n\n\n<div style=\"font-size:0.75rem;line-height:1\" class=\"wp-elements-36 wp-block-gt-gt-ws-ctv-offer-conditions has-text-color has-custom-color-1-color\">\n                        <p>Minimale verblijfsduur : 3<\/p>\n            <\/div>\n\n<\/div>\n\n\n\n<div class=\"wp-block-column is-vertically-aligned-center is-layout-flow wp-block-column-is-layout-flow\">\n<div class=\"wp-block-group cta has-border-color has-custom-color-1-border-color has-custom-color-1-background-color has-background is-nowrap is-layout-flex wp-container-core-group-is-layout-410927e0 wp-block-group-is-layout-flex\" style=\"border-width:2px;border-top-left-radius:100px;border-top-right-radius:100px;border-bottom-left-radius:100px;border-bottom-right-radius:100px;padding-top:10px;padding-right:20px;padding-bottom:10px;padding-left:20px\">\n<p class=\"has-base-2-color has-text-color has-link-color wp-elements-37 wp-block-paragraph\" style=\"font-style:normal;font-weight:700;text-transform:uppercase\">Bekijk het aanbod<\/p>\n\n\n\n<figure class=\"wp-block-image size-large\"><img decoding=\"async\" width=\"24\" height=\"24\" src=\"https:\/\/camping-platinredoute.fr\/wp-content\/uploads\/2025\/12\/icon-fleche-droite-blanc.svg\" alt=\"pijl\" class=\"wp-image-1009\"\/><\/figure>\n\n\n\n<figure class=\"wp-block-image size-large wp-duotone-rgb654122-rgb654122-8\"><img decoding=\"async\" width=\"24\" height=\"24\" src=\"https:\/\/camping-platinredoute.fr\/wp-content\/uploads\/2025\/12\/icon-fleche-droite-blanc.svg\" alt=\"icoon rechte pijl wit\" class=\"wp-image-1009\"\/><\/figure>\n<\/div>\n<\/div>\n<\/div>\n\n\n<a \n    class=\"is-style-lien-cover has-sr-only-text wp-block-gt-gt-ws-ctv-offer-reservation-link\"    href=\"https:\/\/reservation.secureholiday.net\/nl\/11638\/search\/product-list\/?widgetOfferId=2961686\" \n    target=\"_blank\"\n    aria-label=\"Consulter l&#039;offre -20% : Early booking\"\n    rel=\"noopener noreferrer\">\n    <span class=\"sr-only\">Consulter cette offre<\/span>\n<\/a>\n\n<\/div>\n\n<\/li><li class=\"wp-block-post post-8810 offre_speciale type-offre_speciale status-publish has-post-thumbnail hentry\">\n\n<div class=\"wp-block-group has-base-2-background-color has-background is-layout-flow wp-block-group-is-layout-flow\" style=\"border-top-left-radius:10px;border-top-right-radius:10px;border-bottom-left-radius:10px;border-bottom-right-radius:10px;padding-top:14px;padding-right:14px;padding-bottom:14px;padding-left:14px\"><figure class=\"wp-block-post-featured-image\"><img decoding=\"async\" width=\"667\" height=\"387\" src=\"https:\/\/camping-platinredoute.fr\/wp-content\/uploads\/2026\/02\/couple-en-vacances-promotions-du-camping.jpg\" class=\"attachment-post-thumbnail size-post-thumbnail wp-post-image\" alt=\"couple en vacances promotions du camping\" style=\"border-top-left-radius:10px;border-top-right-radius:10px;border-bottom-left-radius:10px;border-bottom-right-radius:10px;object-fit:cover;\" srcset=\"https:\/\/camping-platinredoute.fr\/wp-content\/uploads\/2026\/02\/couple-en-vacances-promotions-du-camping.jpg 667w, https:\/\/camping-platinredoute.fr\/wp-content\/uploads\/2026\/02\/couple-en-vacances-promotions-du-camping-300x174.jpg 300w\" sizes=\"(max-width: 667px) 100vw, 667px\" \/><\/figure>\n\n\n<figure class=\"wp-block-image size-full\"><img alt=\"\" decoding=\"async\" width=\"94\" height=\"95\" src=\"https:\/\/camping-platinredoute.fr\/wp-content\/uploads\/2025\/12\/icon-promo-jaune.svg\" alt=\"\" class=\"wp-image-1454\"\/><\/figure>\n\n\n\n<div class=\"wp-block-columns are-vertically-aligned-center is-layout-flex wp-container-core-columns-is-layout-17686c70 wp-block-columns-is-layout-flex\" style=\"padding-right:15px;padding-left:15px\">\n<div class=\"wp-block-column is-vertically-aligned-center is-layout-flow wp-block-column-is-layout-flow\" style=\"padding-left:0px\">\n<div style=\"font-size:clamp(14px, 0.875rem + ((1vw - 3.2px) * 0.104), 15px);line-height:1.2\" class=\"wp-elements-38 wp-block-gt-gt-ws-ctv-offer-dates has-text-color has-custom-color-1-color\">\n    Van 26\/03\/2027 au 10\/07\/2027<\/div>\n\n\n\n\n<p class=\"has-custom-color-1-color has-text-color has-link-color has-unbounded-font-family wp-elements-39 wp-block-paragraph\" style=\"font-size:clamp(0.875rem, 0.875rem + ((1vw - 0.2rem) * 0.208), 1rem);font-style:normal;font-weight:800;line-height:1.2\">-20% : Early booking<\/p>\n\n\n<div style=\"font-size:0.75rem;line-height:1\" class=\"wp-elements-40 wp-block-gt-gt-ws-ctv-offer-conditions has-text-color has-custom-color-1-color\">\n                        <p>Minimale verblijfsduur : 4<\/p>\n            <\/div>\n\n<\/div>\n\n\n\n<div class=\"wp-block-column is-vertically-aligned-center is-layout-flow wp-block-column-is-layout-flow\">\n<div class=\"wp-block-group cta has-border-color has-custom-color-1-border-color has-custom-color-1-background-color has-background is-nowrap is-layout-flex wp-container-core-group-is-layout-410927e0 wp-block-group-is-layout-flex\" style=\"border-width:2px;border-top-left-radius:100px;border-top-right-radius:100px;border-bottom-left-radius:100px;border-bottom-right-radius:100px;padding-top:10px;padding-right:20px;padding-bottom:10px;padding-left:20px\">\n<p class=\"has-base-2-color has-text-color has-link-color wp-elements-41 wp-block-paragraph\" style=\"font-style:normal;font-weight:700;text-transform:uppercase\">Bekijk het aanbod<\/p>\n\n\n\n<figure class=\"wp-block-image size-large\"><img decoding=\"async\" width=\"24\" height=\"24\" src=\"https:\/\/camping-platinredoute.fr\/wp-content\/uploads\/2025\/12\/icon-fleche-droite-blanc.svg\" alt=\"pijl\" class=\"wp-image-1009\"\/><\/figure>\n\n\n\n<figure class=\"wp-block-image size-large wp-duotone-rgb654122-rgb654122-9\"><img decoding=\"async\" width=\"24\" height=\"24\" src=\"https:\/\/camping-platinredoute.fr\/wp-content\/uploads\/2025\/12\/icon-fleche-droite-blanc.svg\" alt=\"icoon rechte pijl wit\" class=\"wp-image-1009\"\/><\/figure>\n<\/div>\n<\/div>\n<\/div>\n\n\n<a \n    class=\"is-style-lien-cover has-sr-only-text wp-block-gt-gt-ws-ctv-offer-reservation-link\"    href=\"https:\/\/reservation.secureholiday.net\/nl\/11638\/search\/product-list\/?widgetOfferId=2961675\" \n    target=\"_blank\"\n    aria-label=\"Consulter l&#039;offre -20% : Early booking\"\n    rel=\"noopener noreferrer\">\n    <span class=\"sr-only\">Consulter cette offre<\/span>\n<\/a>\n\n<\/div>\n\n<\/li><li class=\"wp-block-post post-8597 offre_speciale type-offre_speciale status-publish has-post-thumbnail hentry\">\n\n<div class=\"wp-block-group has-base-2-background-color has-background is-layout-flow wp-block-group-is-layout-flow\" style=\"border-top-left-radius:10px;border-top-right-radius:10px;border-bottom-left-radius:10px;border-bottom-right-radius:10px;padding-top:14px;padding-right:14px;padding-bottom:14px;padding-left:14px\"><figure class=\"wp-block-post-featured-image\"><img decoding=\"async\" width=\"667\" height=\"387\" src=\"https:\/\/camping-platinredoute.fr\/wp-content\/uploads\/2026\/02\/couple-en-vacances-promotions-du-camping.jpg\" class=\"attachment-post-thumbnail size-post-thumbnail wp-post-image\" alt=\"couple en vacances promotions du camping\" style=\"border-top-left-radius:10px;border-top-right-radius:10px;border-bottom-left-radius:10px;border-bottom-right-radius:10px;object-fit:cover;\" srcset=\"https:\/\/camping-platinredoute.fr\/wp-content\/uploads\/2026\/02\/couple-en-vacances-promotions-du-camping.jpg 667w, https:\/\/camping-platinredoute.fr\/wp-content\/uploads\/2026\/02\/couple-en-vacances-promotions-du-camping-300x174.jpg 300w\" sizes=\"(max-width: 667px) 100vw, 667px\" \/><\/figure>\n\n\n<figure class=\"wp-block-image size-full\"><img alt=\"\" decoding=\"async\" width=\"94\" height=\"95\" src=\"https:\/\/camping-platinredoute.fr\/wp-content\/uploads\/2025\/12\/icon-promo-jaune.svg\" alt=\"\" class=\"wp-image-1454\"\/><\/figure>\n\n\n\n<div class=\"wp-block-columns are-vertically-aligned-center is-layout-flex wp-container-core-columns-is-layout-17686c70 wp-block-columns-is-layout-flex\" style=\"padding-right:15px;padding-left:15px\">\n<div class=\"wp-block-column is-vertically-aligned-center is-layout-flow wp-block-column-is-layout-flow\" style=\"padding-left:0px\">\n<div style=\"font-size:clamp(14px, 0.875rem + ((1vw - 3.2px) * 0.104), 15px);line-height:1.2\" class=\"wp-elements-42 wp-block-gt-gt-ws-ctv-offer-dates has-text-color has-custom-color-1-color\">\n    Van 27\/06\/2026 au 01\/08\/2026<\/div>\n\n\n\n\n<p class=\"has-custom-color-1-color has-text-color has-link-color has-unbounded-font-family wp-elements-43 wp-block-paragraph\" style=\"font-size:clamp(0.875rem, 0.875rem + ((1vw - 0.2rem) * 0.208), 1rem);font-style:normal;font-weight:800;line-height:1.2\">-25% : 20-jarig jubileumaanbod!<\/p>\n\n\n<div style=\"font-size:0.75rem;line-height:1\" class=\"wp-elements-44 wp-block-gt-gt-ws-ctv-offer-conditions has-text-color has-custom-color-1-color\">\n                        <p>Minimale verblijfsduur : 7<\/p>\n            <\/div>\n\n<\/div>\n\n\n\n<div class=\"wp-block-column is-vertically-aligned-center is-layout-flow wp-block-column-is-layout-flow\">\n<div class=\"wp-block-group cta has-border-color has-custom-color-1-border-color has-custom-color-1-background-color has-background is-nowrap is-layout-flex wp-container-core-group-is-layout-410927e0 wp-block-group-is-layout-flex\" style=\"border-width:2px;border-top-left-radius:100px;border-top-right-radius:100px;border-bottom-left-radius:100px;border-bottom-right-radius:100px;padding-top:10px;padding-right:20px;padding-bottom:10px;padding-left:20px\">\n<p class=\"has-base-2-color has-text-color has-link-color wp-elements-45 wp-block-paragraph\" style=\"font-style:normal;font-weight:700;text-transform:uppercase\">Bekijk het aanbod<\/p>\n\n\n\n<figure class=\"wp-block-image size-large\"><img decoding=\"async\" width=\"24\" height=\"24\" src=\"https:\/\/camping-platinredoute.fr\/wp-content\/uploads\/2025\/12\/icon-fleche-droite-blanc.svg\" alt=\"pijl\" class=\"wp-image-1009\"\/><\/figure>\n\n\n\n<figure class=\"wp-block-image size-large wp-duotone-rgb654122-rgb654122-10\"><img decoding=\"async\" width=\"24\" height=\"24\" src=\"https:\/\/camping-platinredoute.fr\/wp-content\/uploads\/2025\/12\/icon-fleche-droite-blanc.svg\" alt=\"icoon rechte pijl wit\" class=\"wp-image-1009\"\/><\/figure>\n<\/div>\n<\/div>\n<\/div>\n\n\n<a \n    class=\"is-style-lien-cover has-sr-only-text wp-block-gt-gt-ws-ctv-offer-reservation-link\"    href=\"https:\/\/reservation.secureholiday.net\/nl\/11638\/search\/product-list\/?widgetOfferId=2930662\" \n    target=\"_blank\"\n    aria-label=\"Consulter l&#039;offre -25% : 20-jarig jubileumaanbod!\"\n    rel=\"noopener noreferrer\">\n    <span class=\"sr-only\">Consulter cette offre<\/span>\n<\/a>\n\n<\/div>\n\n<\/li><li class=\"wp-block-post post-8710 offre_speciale type-offre_speciale status-publish has-post-thumbnail hentry\">\n\n<div class=\"wp-block-group has-base-2-background-color has-background is-layout-flow wp-block-group-is-layout-flow\" style=\"border-top-left-radius:10px;border-top-right-radius:10px;border-bottom-left-radius:10px;border-bottom-right-radius:10px;padding-top:14px;padding-right:14px;padding-bottom:14px;padding-left:14px\"><figure class=\"wp-block-post-featured-image\"><img decoding=\"async\" width=\"667\" height=\"387\" src=\"https:\/\/camping-platinredoute.fr\/wp-content\/uploads\/2026\/02\/couple-en-vacances-promotions-du-camping.jpg\" class=\"attachment-post-thumbnail size-post-thumbnail wp-post-image\" alt=\"couple en vacances promotions du camping\" style=\"border-top-left-radius:10px;border-top-right-radius:10px;border-bottom-left-radius:10px;border-bottom-right-radius:10px;object-fit:cover;\" srcset=\"https:\/\/camping-platinredoute.fr\/wp-content\/uploads\/2026\/02\/couple-en-vacances-promotions-du-camping.jpg 667w, https:\/\/camping-platinredoute.fr\/wp-content\/uploads\/2026\/02\/couple-en-vacances-promotions-du-camping-300x174.jpg 300w\" sizes=\"(max-width: 667px) 100vw, 667px\" \/><\/figure>\n\n\n<figure class=\"wp-block-image size-full\"><img alt=\"\" decoding=\"async\" width=\"94\" height=\"95\" src=\"https:\/\/camping-platinredoute.fr\/wp-content\/uploads\/2025\/12\/icon-promo-jaune.svg\" alt=\"\" class=\"wp-image-1454\"\/><\/figure>\n\n\n\n<div class=\"wp-block-columns are-vertically-aligned-center is-layout-flex wp-container-core-columns-is-layout-17686c70 wp-block-columns-is-layout-flex\" style=\"padding-right:15px;padding-left:15px\">\n<div class=\"wp-block-column is-vertically-aligned-center is-layout-flow wp-block-column-is-layout-flow\" style=\"padding-left:0px\">\n<div style=\"font-size:clamp(14px, 0.875rem + ((1vw - 3.2px) * 0.104), 15px);line-height:1.2\" class=\"wp-elements-46 wp-block-gt-gt-ws-ctv-offer-dates has-text-color has-custom-color-1-color\">\n    Van 17\/07\/2026 au 02\/08\/2026<\/div>\n\n\n\n\n<p class=\"has-custom-color-1-color has-text-color has-link-color has-unbounded-font-family wp-elements-47 wp-block-paragraph\" style=\"font-size:clamp(0.875rem, 0.875rem + ((1vw - 0.2rem) * 0.208), 1rem);font-style:normal;font-weight:800;line-height:1.2\">-25% : Zomer last minute<\/p>\n\n\n<div style=\"font-size:0.75rem;line-height:1\" class=\"wp-elements-48 wp-block-gt-gt-ws-ctv-offer-conditions has-text-color has-custom-color-1-color\">\n                        <p>Minimale verblijfsduur : 3<\/p>\n            <\/div>\n\n<\/div>\n\n\n\n<div class=\"wp-block-column is-vertically-aligned-center is-layout-flow wp-block-column-is-layout-flow\">\n<div class=\"wp-block-group cta has-border-color has-custom-color-1-border-color has-custom-color-1-background-color has-background is-nowrap is-layout-flex wp-container-core-group-is-layout-410927e0 wp-block-group-is-layout-flex\" style=\"border-width:2px;border-top-left-radius:100px;border-top-right-radius:100px;border-bottom-left-radius:100px;border-bottom-right-radius:100px;padding-top:10px;padding-right:20px;padding-bottom:10px;padding-left:20px\">\n<p class=\"has-base-2-color has-text-color has-link-color wp-elements-49 wp-block-paragraph\" style=\"font-style:normal;font-weight:700;text-transform:uppercase\">Bekijk het aanbod<\/p>\n\n\n\n<figure class=\"wp-block-image size-large\"><img decoding=\"async\" width=\"24\" height=\"24\" src=\"https:\/\/camping-platinredoute.fr\/wp-content\/uploads\/2025\/12\/icon-fleche-droite-blanc.svg\" alt=\"pijl\" class=\"wp-image-1009\"\/><\/figure>\n\n\n\n<figure class=\"wp-block-image size-large wp-duotone-rgb654122-rgb654122-11\"><img decoding=\"async\" width=\"24\" height=\"24\" src=\"https:\/\/camping-platinredoute.fr\/wp-content\/uploads\/2025\/12\/icon-fleche-droite-blanc.svg\" alt=\"icoon rechte pijl wit\" class=\"wp-image-1009\"\/><\/figure>\n<\/div>\n<\/div>\n<\/div>\n\n\n<a \n    class=\"is-style-lien-cover has-sr-only-text wp-block-gt-gt-ws-ctv-offer-reservation-link\"    href=\"https:\/\/reservation.secureholiday.net\/nl\/11638\/search\/product-list\/?widgetOfferId=2939301\" \n    target=\"_blank\"\n    aria-label=\"Consulter l&#039;offre -25% : Zomer last minute\"\n    rel=\"noopener noreferrer\">\n    <span class=\"sr-only\">Consulter cette offre<\/span>\n<\/a>\n\n<\/div>\n\n<\/li><li class=\"wp-block-post post-8802 offre_speciale type-offre_speciale status-publish has-post-thumbnail hentry\">\n\n<div class=\"wp-block-group has-base-2-background-color has-background is-layout-flow wp-block-group-is-layout-flow\" style=\"border-top-left-radius:10px;border-top-right-radius:10px;border-bottom-left-radius:10px;border-bottom-right-radius:10px;padding-top:14px;padding-right:14px;padding-bottom:14px;padding-left:14px\"><figure class=\"wp-block-post-featured-image\"><img decoding=\"async\" width=\"667\" height=\"387\" src=\"https:\/\/camping-platinredoute.fr\/wp-content\/uploads\/2026\/02\/couple-en-vacances-promotions-du-camping.jpg\" class=\"attachment-post-thumbnail size-post-thumbnail wp-post-image\" alt=\"couple en vacances promotions du camping\" style=\"border-top-left-radius:10px;border-top-right-radius:10px;border-bottom-left-radius:10px;border-bottom-right-radius:10px;object-fit:cover;\" srcset=\"https:\/\/camping-platinredoute.fr\/wp-content\/uploads\/2026\/02\/couple-en-vacances-promotions-du-camping.jpg 667w, https:\/\/camping-platinredoute.fr\/wp-content\/uploads\/2026\/02\/couple-en-vacances-promotions-du-camping-300x174.jpg 300w\" sizes=\"(max-width: 667px) 100vw, 667px\" \/><\/figure>\n\n\n<figure class=\"wp-block-image size-full\"><img alt=\"\" decoding=\"async\" width=\"94\" height=\"95\" src=\"https:\/\/camping-platinredoute.fr\/wp-content\/uploads\/2025\/12\/icon-promo-jaune.svg\" alt=\"\" class=\"wp-image-1454\"\/><\/figure>\n\n\n\n<div class=\"wp-block-columns are-vertically-aligned-center is-layout-flex wp-container-core-columns-is-layout-17686c70 wp-block-columns-is-layout-flex\" style=\"padding-right:15px;padding-left:15px\">\n<div class=\"wp-block-column is-vertically-aligned-center is-layout-flow wp-block-column-is-layout-flow\" style=\"padding-left:0px\">\n<div style=\"font-size:clamp(14px, 0.875rem + ((1vw - 3.2px) * 0.104), 15px);line-height:1.2\" class=\"wp-elements-50 wp-block-gt-gt-ws-ctv-offer-dates has-text-color has-custom-color-1-color\">\n    Van 28\/08\/2027 au 01\/11\/2027<\/div>\n\n\n\n\n<p class=\"has-custom-color-1-color has-text-color has-link-color has-unbounded-font-family wp-elements-51 wp-block-paragraph\" style=\"font-size:clamp(0.875rem, 0.875rem + ((1vw - 0.2rem) * 0.208), 1rem);font-style:normal;font-weight:800;line-height:1.2\">-30% : Early booking<\/p>\n\n\n<div style=\"font-size:0.75rem;line-height:1\" class=\"wp-elements-52 wp-block-gt-gt-ws-ctv-offer-conditions has-text-color has-custom-color-1-color\">\n                        <p>Minimale verblijfsduur : 3<\/p>\n            <\/div>\n\n<\/div>\n\n\n\n<div class=\"wp-block-column is-vertically-aligned-center is-layout-flow wp-block-column-is-layout-flow\">\n<div class=\"wp-block-group cta has-border-color has-custom-color-1-border-color has-custom-color-1-background-color has-background is-nowrap is-layout-flex wp-container-core-group-is-layout-410927e0 wp-block-group-is-layout-flex\" style=\"border-width:2px;border-top-left-radius:100px;border-top-right-radius:100px;border-bottom-left-radius:100px;border-bottom-right-radius:100px;padding-top:10px;padding-right:20px;padding-bottom:10px;padding-left:20px\">\n<p class=\"has-base-2-color has-text-color has-link-color wp-elements-53 wp-block-paragraph\" style=\"font-style:normal;font-weight:700;text-transform:uppercase\">Bekijk het aanbod<\/p>\n\n\n\n<figure class=\"wp-block-image size-large\"><img decoding=\"async\" width=\"24\" height=\"24\" src=\"https:\/\/camping-platinredoute.fr\/wp-content\/uploads\/2025\/12\/icon-fleche-droite-blanc.svg\" alt=\"pijl\" class=\"wp-image-1009\"\/><\/figure>\n\n\n\n<figure class=\"wp-block-image size-large wp-duotone-rgb654122-rgb654122-12\"><img decoding=\"async\" width=\"24\" height=\"24\" src=\"https:\/\/camping-platinredoute.fr\/wp-content\/uploads\/2025\/12\/icon-fleche-droite-blanc.svg\" alt=\"icoon rechte pijl wit\" class=\"wp-image-1009\"\/><\/figure>\n<\/div>\n<\/div>\n<\/div>\n\n\n<a \n    class=\"is-style-lien-cover has-sr-only-text wp-block-gt-gt-ws-ctv-offer-reservation-link\"    href=\"https:\/\/reservation.secureholiday.net\/nl\/11638\/search\/product-list\/?widgetOfferId=2961689\" \n    target=\"_blank\"\n    aria-label=\"Consulter l&#039;offre -30% : Early booking\"\n    rel=\"noopener noreferrer\">\n    <span class=\"sr-only\">Consulter cette offre<\/span>\n<\/a>\n\n<\/div>\n\n<\/li><li class=\"wp-block-post post-8806 offre_speciale type-offre_speciale status-publish has-post-thumbnail hentry\">\n\n<div class=\"wp-block-group has-base-2-background-color has-background is-layout-flow wp-block-group-is-layout-flow\" style=\"border-top-left-radius:10px;border-top-right-radius:10px;border-bottom-left-radius:10px;border-bottom-right-radius:10px;padding-top:14px;padding-right:14px;padding-bottom:14px;padding-left:14px\"><figure class=\"wp-block-post-featured-image\"><img decoding=\"async\" width=\"667\" height=\"387\" src=\"https:\/\/camping-platinredoute.fr\/wp-content\/uploads\/2026\/02\/couple-en-vacances-promotions-du-camping.jpg\" class=\"attachment-post-thumbnail size-post-thumbnail wp-post-image\" alt=\"couple en vacances promotions du camping\" style=\"border-top-left-radius:10px;border-top-right-radius:10px;border-bottom-left-radius:10px;border-bottom-right-radius:10px;object-fit:cover;\" srcset=\"https:\/\/camping-platinredoute.fr\/wp-content\/uploads\/2026\/02\/couple-en-vacances-promotions-du-camping.jpg 667w, https:\/\/camping-platinredoute.fr\/wp-content\/uploads\/2026\/02\/couple-en-vacances-promotions-du-camping-300x174.jpg 300w\" sizes=\"(max-width: 667px) 100vw, 667px\" \/><\/figure>\n\n\n<figure class=\"wp-block-image size-full\"><img alt=\"\" decoding=\"async\" width=\"94\" height=\"95\" src=\"https:\/\/camping-platinredoute.fr\/wp-content\/uploads\/2025\/12\/icon-promo-jaune.svg\" alt=\"\" class=\"wp-image-1454\"\/><\/figure>\n\n\n\n<div class=\"wp-block-columns are-vertically-aligned-center is-layout-flex wp-container-core-columns-is-layout-17686c70 wp-block-columns-is-layout-flex\" style=\"padding-right:15px;padding-left:15px\">\n<div class=\"wp-block-column is-vertically-aligned-center is-layout-flow wp-block-column-is-layout-flow\" style=\"padding-left:0px\">\n<div style=\"font-size:clamp(14px, 0.875rem + ((1vw - 3.2px) * 0.104), 15px);line-height:1.2\" class=\"wp-elements-54 wp-block-gt-gt-ws-ctv-offer-dates has-text-color has-custom-color-1-color\">\n    Van 28\/08\/2027 au 01\/11\/2027<\/div>\n\n\n\n\n<p class=\"has-custom-color-1-color has-text-color has-link-color has-unbounded-font-family wp-elements-55 wp-block-paragraph\" style=\"font-size:clamp(0.875rem, 0.875rem + ((1vw - 0.2rem) * 0.208), 1rem);font-style:normal;font-weight:800;line-height:1.2\">-30% : Early booking<\/p>\n\n\n<div style=\"font-size:0.75rem;line-height:1\" class=\"wp-elements-56 wp-block-gt-gt-ws-ctv-offer-conditions has-text-color has-custom-color-1-color\">\n                        <p>Minimale verblijfsduur : 3<\/p>\n            <\/div>\n\n<\/div>\n\n\n\n<div class=\"wp-block-column is-vertically-aligned-center is-layout-flow wp-block-column-is-layout-flow\">\n<div class=\"wp-block-group cta has-border-color has-custom-color-1-border-color has-custom-color-1-background-color has-background is-nowrap is-layout-flex wp-container-core-group-is-layout-410927e0 wp-block-group-is-layout-flex\" style=\"border-width:2px;border-top-left-radius:100px;border-top-right-radius:100px;border-bottom-left-radius:100px;border-bottom-right-radius:100px;padding-top:10px;padding-right:20px;padding-bottom:10px;padding-left:20px\">\n<p class=\"has-base-2-color has-text-color has-link-color wp-elements-57 wp-block-paragraph\" style=\"font-style:normal;font-weight:700;text-transform:uppercase\">Bekijk het aanbod<\/p>\n\n\n\n<figure class=\"wp-block-image size-large\"><img decoding=\"async\" width=\"24\" height=\"24\" src=\"https:\/\/camping-platinredoute.fr\/wp-content\/uploads\/2025\/12\/icon-fleche-droite-blanc.svg\" alt=\"pijl\" class=\"wp-image-1009\"\/><\/figure>\n\n\n\n<figure class=\"wp-block-image size-large wp-duotone-rgb654122-rgb654122-13\"><img decoding=\"async\" width=\"24\" height=\"24\" src=\"https:\/\/camping-platinredoute.fr\/wp-content\/uploads\/2025\/12\/icon-fleche-droite-blanc.svg\" alt=\"icoon rechte pijl wit\" class=\"wp-image-1009\"\/><\/figure>\n<\/div>\n<\/div>\n<\/div>\n\n\n<a \n    class=\"is-style-lien-cover has-sr-only-text wp-block-gt-gt-ws-ctv-offer-reservation-link\"    href=\"https:\/\/reservation.secureholiday.net\/nl\/11638\/search\/product-list\/?widgetOfferId=2961679\" \n    target=\"_blank\"\n    aria-label=\"Consulter l&#039;offre -30% : Early booking\"\n    rel=\"noopener noreferrer\">\n    <span class=\"sr-only\">Consulter cette offre<\/span>\n<\/a>\n\n<\/div>\n\n<\/li><li class=\"wp-block-post post-8264 offre_speciale type-offre_speciale status-publish has-post-thumbnail hentry\">\n\n<div class=\"wp-block-group has-base-2-background-color has-background is-layout-flow wp-block-group-is-layout-flow\" style=\"border-top-left-radius:10px;border-top-right-radius:10px;border-bottom-left-radius:10px;border-bottom-right-radius:10px;padding-top:14px;padding-right:14px;padding-bottom:14px;padding-left:14px\"><figure class=\"wp-block-post-featured-image\"><img decoding=\"async\" width=\"667\" height=\"387\" src=\"https:\/\/camping-platinredoute.fr\/wp-content\/uploads\/2026\/02\/couple-en-vacances-promotions-du-camping.jpg\" class=\"attachment-post-thumbnail size-post-thumbnail wp-post-image\" alt=\"couple en vacances promotions du camping\" style=\"border-top-left-radius:10px;border-top-right-radius:10px;border-bottom-left-radius:10px;border-bottom-right-radius:10px;object-fit:cover;\" srcset=\"https:\/\/camping-platinredoute.fr\/wp-content\/uploads\/2026\/02\/couple-en-vacances-promotions-du-camping.jpg 667w, https:\/\/camping-platinredoute.fr\/wp-content\/uploads\/2026\/02\/couple-en-vacances-promotions-du-camping-300x174.jpg 300w\" sizes=\"(max-width: 667px) 100vw, 667px\" \/><\/figure>\n\n\n<figure class=\"wp-block-image size-full\"><img alt=\"\" decoding=\"async\" width=\"94\" height=\"95\" src=\"https:\/\/camping-platinredoute.fr\/wp-content\/uploads\/2025\/12\/icon-promo-jaune.svg\" alt=\"\" class=\"wp-image-1454\"\/><\/figure>\n\n\n\n<div class=\"wp-block-columns are-vertically-aligned-center is-layout-flex wp-container-core-columns-is-layout-17686c70 wp-block-columns-is-layout-flex\" style=\"padding-right:15px;padding-left:15px\">\n<div class=\"wp-block-column is-vertically-aligned-center is-layout-flow wp-block-column-is-layout-flow\" style=\"padding-left:0px\">\n<div style=\"font-size:clamp(14px, 0.875rem + ((1vw - 3.2px) * 0.104), 15px);line-height:1.2\" class=\"wp-elements-58 wp-block-gt-gt-ws-ctv-offer-dates has-text-color has-custom-color-1-color\">\n    Van 13\/04\/2026 au 14\/05\/2026<\/div>\n\n\n\n\n<p class=\"has-custom-color-1-color has-text-color has-link-color has-unbounded-font-family wp-elements-59 wp-block-paragraph\" style=\"font-size:clamp(0.875rem, 0.875rem + ((1vw - 0.2rem) * 0.208), 1rem);font-style:normal;font-weight:800;line-height:1.2\">229\u20ac per week : Offre Toil\u00e9<\/p>\n\n\n<div style=\"font-size:0.75rem;line-height:1\" class=\"wp-elements-60 wp-block-gt-gt-ws-ctv-offer-conditions has-text-color has-custom-color-1-color\">\n                        <p>Minimale verblijfsduur : 7<\/p>\n            <\/div>\n\n<\/div>\n\n\n\n<div class=\"wp-block-column is-vertically-aligned-center is-layout-flow wp-block-column-is-layout-flow\">\n<div class=\"wp-block-group cta has-border-color has-custom-color-1-border-color has-custom-color-1-background-color has-background is-nowrap is-layout-flex wp-container-core-group-is-layout-410927e0 wp-block-group-is-layout-flex\" style=\"border-width:2px;border-top-left-radius:100px;border-top-right-radius:100px;border-bottom-left-radius:100px;border-bottom-right-radius:100px;padding-top:10px;padding-right:20px;padding-bottom:10px;padding-left:20px\">\n<p class=\"has-base-2-color has-text-color has-link-color wp-elements-61 wp-block-paragraph\" style=\"font-style:normal;font-weight:700;text-transform:uppercase\">Bekijk het aanbod<\/p>\n\n\n\n<figure class=\"wp-block-image size-large\"><img decoding=\"async\" width=\"24\" height=\"24\" src=\"https:\/\/camping-platinredoute.fr\/wp-content\/uploads\/2025\/12\/icon-fleche-droite-blanc.svg\" alt=\"pijl\" class=\"wp-image-1009\"\/><\/figure>\n\n\n\n<figure class=\"wp-block-image size-large wp-duotone-rgb654122-rgb654122-14\"><img decoding=\"async\" width=\"24\" height=\"24\" src=\"https:\/\/camping-platinredoute.fr\/wp-content\/uploads\/2025\/12\/icon-fleche-droite-blanc.svg\" alt=\"icoon rechte pijl wit\" class=\"wp-image-1009\"\/><\/figure>\n<\/div>\n<\/div>\n<\/div>\n\n\n<a \n    class=\"is-style-lien-cover has-sr-only-text wp-block-gt-gt-ws-ctv-offer-reservation-link\"    href=\"https:\/\/reservation.secureholiday.net\/nl\/11638\/search\/product-list\/?widgetOfferId=2849897\" \n    target=\"_blank\"\n    aria-label=\"Consulter l&#039;offre 229\u20ac per week : Offre Toil\u00e9\"\n    rel=\"noopener noreferrer\">\n    <span class=\"sr-only\">Consulter cette offre<\/span>\n<\/a>\n\n<\/div>\n\n<\/li><li class=\"wp-block-post post-8826 offre_speciale type-offre_speciale status-publish has-post-thumbnail hentry\">\n\n<div class=\"wp-block-group has-base-2-background-color has-background is-layout-flow wp-block-group-is-layout-flow\" style=\"border-top-left-radius:10px;border-top-right-radius:10px;border-bottom-left-radius:10px;border-bottom-right-radius:10px;padding-top:14px;padding-right:14px;padding-bottom:14px;padding-left:14px\"><figure class=\"wp-block-post-featured-image\"><img decoding=\"async\" width=\"667\" height=\"387\" src=\"https:\/\/camping-platinredoute.fr\/wp-content\/uploads\/2026\/02\/couple-en-vacances-promotions-du-camping.jpg\" class=\"attachment-post-thumbnail size-post-thumbnail wp-post-image\" alt=\"couple en vacances promotions du camping\" style=\"border-top-left-radius:10px;border-top-right-radius:10px;border-bottom-left-radius:10px;border-bottom-right-radius:10px;object-fit:cover;\" srcset=\"https:\/\/camping-platinredoute.fr\/wp-content\/uploads\/2026\/02\/couple-en-vacances-promotions-du-camping.jpg 667w, https:\/\/camping-platinredoute.fr\/wp-content\/uploads\/2026\/02\/couple-en-vacances-promotions-du-camping-300x174.jpg 300w\" sizes=\"(max-width: 667px) 100vw, 667px\" \/><\/figure>\n\n\n<figure class=\"wp-block-image size-full\"><img alt=\"\" decoding=\"async\" width=\"94\" height=\"95\" src=\"https:\/\/camping-platinredoute.fr\/wp-content\/uploads\/2025\/12\/icon-promo-jaune.svg\" alt=\"\" class=\"wp-image-1454\"\/><\/figure>\n\n\n\n<div class=\"wp-block-columns are-vertically-aligned-center is-layout-flex wp-container-core-columns-is-layout-17686c70 wp-block-columns-is-layout-flex\" style=\"padding-right:15px;padding-left:15px\">\n<div class=\"wp-block-column is-vertically-aligned-center is-layout-flow wp-block-column-is-layout-flow\" style=\"padding-left:0px\">\n<div style=\"font-size:clamp(14px, 0.875rem + ((1vw - 3.2px) * 0.104), 15px);line-height:1.2\" class=\"wp-elements-62 wp-block-gt-gt-ws-ctv-offer-dates has-text-color has-custom-color-1-color\">\n    Van 26\/03\/2027 au 05\/05\/2027<\/div>\n\n\n\n\n<p class=\"has-custom-color-1-color has-text-color has-link-color has-unbounded-font-family wp-elements-63 wp-block-paragraph\" style=\"font-size:clamp(0.875rem, 0.875rem + ((1vw - 0.2rem) * 0.208), 1rem);font-style:normal;font-weight:800;line-height:1.2\">239\u20ac per week : Aanbieding voor stellen comfort<\/p>\n\n\n<div style=\"font-size:0.75rem;line-height:1\" class=\"wp-elements-64 wp-block-gt-gt-ws-ctv-offer-conditions has-text-color has-custom-color-1-color\">\n                        <p>Minimale verblijfsduur : 7<\/p>\n            <\/div>\n\n<\/div>\n\n\n\n<div class=\"wp-block-column is-vertically-aligned-center is-layout-flow wp-block-column-is-layout-flow\">\n<div class=\"wp-block-group cta has-border-color has-custom-color-1-border-color has-custom-color-1-background-color has-background is-nowrap is-layout-flex wp-container-core-group-is-layout-410927e0 wp-block-group-is-layout-flex\" style=\"border-width:2px;border-top-left-radius:100px;border-top-right-radius:100px;border-bottom-left-radius:100px;border-bottom-right-radius:100px;padding-top:10px;padding-right:20px;padding-bottom:10px;padding-left:20px\">\n<p class=\"has-base-2-color has-text-color has-link-color wp-elements-65 wp-block-paragraph\" style=\"font-style:normal;font-weight:700;text-transform:uppercase\">Bekijk het aanbod<\/p>\n\n\n\n<figure class=\"wp-block-image size-large\"><img decoding=\"async\" width=\"24\" height=\"24\" src=\"https:\/\/camping-platinredoute.fr\/wp-content\/uploads\/2025\/12\/icon-fleche-droite-blanc.svg\" alt=\"pijl\" class=\"wp-image-1009\"\/><\/figure>\n\n\n\n<figure class=\"wp-block-image size-large wp-duotone-rgb654122-rgb654122-15\"><img decoding=\"async\" width=\"24\" height=\"24\" src=\"https:\/\/camping-platinredoute.fr\/wp-content\/uploads\/2025\/12\/icon-fleche-droite-blanc.svg\" alt=\"icoon rechte pijl wit\" class=\"wp-image-1009\"\/><\/figure>\n<\/div>\n<\/div>\n<\/div>\n\n\n<a \n    class=\"is-style-lien-cover has-sr-only-text wp-block-gt-gt-ws-ctv-offer-reservation-link\"    href=\"https:\/\/reservation.secureholiday.net\/nl\/11638\/search\/product-list\/?widgetOfferId=2961655\" \n    target=\"_blank\"\n    aria-label=\"Consulter l&#039;offre 239\u20ac per week : Aanbieding voor stellen comfort\"\n    rel=\"noopener noreferrer\">\n    <span class=\"sr-only\">Consulter cette offre<\/span>\n<\/a>\n\n<\/div>\n\n<\/li><li class=\"wp-block-post post-8261 offre_speciale type-offre_speciale status-publish has-post-thumbnail hentry\">\n\n<div class=\"wp-block-group has-base-2-background-color has-background is-layout-flow wp-block-group-is-layout-flow\" style=\"border-top-left-radius:10px;border-top-right-radius:10px;border-bottom-left-radius:10px;border-bottom-right-radius:10px;padding-top:14px;padding-right:14px;padding-bottom:14px;padding-left:14px\"><figure class=\"wp-block-post-featured-image\"><img decoding=\"async\" width=\"667\" height=\"387\" src=\"https:\/\/camping-platinredoute.fr\/wp-content\/uploads\/2026\/02\/couple-en-vacances-promotions-du-camping.jpg\" class=\"attachment-post-thumbnail size-post-thumbnail wp-post-image\" alt=\"couple en vacances promotions du camping\" style=\"border-top-left-radius:10px;border-top-right-radius:10px;border-bottom-left-radius:10px;border-bottom-right-radius:10px;object-fit:cover;\" srcset=\"https:\/\/camping-platinredoute.fr\/wp-content\/uploads\/2026\/02\/couple-en-vacances-promotions-du-camping.jpg 667w, https:\/\/camping-platinredoute.fr\/wp-content\/uploads\/2026\/02\/couple-en-vacances-promotions-du-camping-300x174.jpg 300w\" sizes=\"(max-width: 667px) 100vw, 667px\" \/><\/figure>\n\n\n<figure class=\"wp-block-image size-full\"><img alt=\"\" decoding=\"async\" width=\"94\" height=\"95\" src=\"https:\/\/camping-platinredoute.fr\/wp-content\/uploads\/2025\/12\/icon-promo-jaune.svg\" alt=\"\" class=\"wp-image-1454\"\/><\/figure>\n\n\n\n<div class=\"wp-block-columns are-vertically-aligned-center is-layout-flex wp-container-core-columns-is-layout-17686c70 wp-block-columns-is-layout-flex\" style=\"padding-right:15px;padding-left:15px\">\n<div class=\"wp-block-column is-vertically-aligned-center is-layout-flow wp-block-column-is-layout-flow\" style=\"padding-left:0px\">\n<div style=\"font-size:clamp(14px, 0.875rem + ((1vw - 3.2px) * 0.104), 15px);line-height:1.2\" class=\"wp-elements-66 wp-block-gt-gt-ws-ctv-offer-dates has-text-color has-custom-color-1-color\">\n    Van 05\/09\/2026 au 31\/10\/2026<\/div>\n\n\n\n\n<p class=\"has-custom-color-1-color has-text-color has-link-color has-unbounded-font-family wp-elements-67 wp-block-paragraph\" style=\"font-size:clamp(0.875rem, 0.875rem + ((1vw - 0.2rem) * 0.208), 1rem);font-style:normal;font-weight:800;line-height:1.2\">239\u20ac per week : Offre Toil\u00e9<\/p>\n\n\n<div style=\"font-size:0.75rem;line-height:1\" class=\"wp-elements-68 wp-block-gt-gt-ws-ctv-offer-conditions has-text-color has-custom-color-1-color\">\n                        <p>Minimale verblijfsduur : 7<\/p>\n            <\/div>\n\n<\/div>\n\n\n\n<div class=\"wp-block-column is-vertically-aligned-center is-layout-flow wp-block-column-is-layout-flow\">\n<div class=\"wp-block-group cta has-border-color has-custom-color-1-border-color has-custom-color-1-background-color has-background is-nowrap is-layout-flex wp-container-core-group-is-layout-410927e0 wp-block-group-is-layout-flex\" style=\"border-width:2px;border-top-left-radius:100px;border-top-right-radius:100px;border-bottom-left-radius:100px;border-bottom-right-radius:100px;padding-top:10px;padding-right:20px;padding-bottom:10px;padding-left:20px\">\n<p class=\"has-base-2-color has-text-color has-link-color wp-elements-69 wp-block-paragraph\" style=\"font-style:normal;font-weight:700;text-transform:uppercase\">Bekijk het aanbod<\/p>\n\n\n\n<figure class=\"wp-block-image size-large\"><img decoding=\"async\" width=\"24\" height=\"24\" src=\"https:\/\/camping-platinredoute.fr\/wp-content\/uploads\/2025\/12\/icon-fleche-droite-blanc.svg\" alt=\"pijl\" class=\"wp-image-1009\"\/><\/figure>\n\n\n\n<figure class=\"wp-block-image size-large wp-duotone-rgb654122-rgb654122-16\"><img decoding=\"async\" width=\"24\" height=\"24\" src=\"https:\/\/camping-platinredoute.fr\/wp-content\/uploads\/2025\/12\/icon-fleche-droite-blanc.svg\" alt=\"icoon rechte pijl wit\" class=\"wp-image-1009\"\/><\/figure>\n<\/div>\n<\/div>\n<\/div>\n\n\n<a \n    class=\"is-style-lien-cover has-sr-only-text wp-block-gt-gt-ws-ctv-offer-reservation-link\"    href=\"https:\/\/reservation.secureholiday.net\/nl\/11638\/search\/product-list\/?widgetOfferId=2849907\" \n    target=\"_blank\"\n    aria-label=\"Consulter l&#039;offre 239\u20ac per week : Offre Toil\u00e9\"\n    rel=\"noopener noreferrer\">\n    <span class=\"sr-only\">Consulter cette offre<\/span>\n<\/a>\n\n<\/div>\n\n<\/li><li class=\"wp-block-post post-8262 offre_speciale type-offre_speciale status-publish has-post-thumbnail hentry\">\n\n<div class=\"wp-block-group has-base-2-background-color has-background is-layout-flow wp-block-group-is-layout-flow\" style=\"border-top-left-radius:10px;border-top-right-radius:10px;border-bottom-left-radius:10px;border-bottom-right-radius:10px;padding-top:14px;padding-right:14px;padding-bottom:14px;padding-left:14px\"><figure class=\"wp-block-post-featured-image\"><img decoding=\"async\" width=\"667\" height=\"387\" src=\"https:\/\/camping-platinredoute.fr\/wp-content\/uploads\/2026\/02\/couple-en-vacances-promotions-du-camping.jpg\" class=\"attachment-post-thumbnail size-post-thumbnail wp-post-image\" alt=\"couple en vacances promotions du camping\" style=\"border-top-left-radius:10px;border-top-right-radius:10px;border-bottom-left-radius:10px;border-bottom-right-radius:10px;object-fit:cover;\" srcset=\"https:\/\/camping-platinredoute.fr\/wp-content\/uploads\/2026\/02\/couple-en-vacances-promotions-du-camping.jpg 667w, https:\/\/camping-platinredoute.fr\/wp-content\/uploads\/2026\/02\/couple-en-vacances-promotions-du-camping-300x174.jpg 300w\" sizes=\"(max-width: 667px) 100vw, 667px\" \/><\/figure>\n\n\n<figure class=\"wp-block-image size-full\"><img alt=\"\" decoding=\"async\" width=\"94\" height=\"95\" src=\"https:\/\/camping-platinredoute.fr\/wp-content\/uploads\/2025\/12\/icon-promo-jaune.svg\" alt=\"\" class=\"wp-image-1454\"\/><\/figure>\n\n\n\n<div class=\"wp-block-columns are-vertically-aligned-center is-layout-flex wp-container-core-columns-is-layout-17686c70 wp-block-columns-is-layout-flex\" style=\"padding-right:15px;padding-left:15px\">\n<div class=\"wp-block-column is-vertically-aligned-center is-layout-flow wp-block-column-is-layout-flow\" style=\"padding-left:0px\">\n<div style=\"font-size:clamp(14px, 0.875rem + ((1vw - 3.2px) * 0.104), 15px);line-height:1.2\" class=\"wp-elements-70 wp-block-gt-gt-ws-ctv-offer-dates has-text-color has-custom-color-1-color\">\n    Van 29\/08\/2026 au 12\/09\/2026<\/div>\n\n\n\n\n<p class=\"has-custom-color-1-color has-text-color has-link-color has-unbounded-font-family wp-elements-71 wp-block-paragraph\" style=\"font-size:clamp(0.875rem, 0.875rem + ((1vw - 0.2rem) * 0.208), 1rem);font-style:normal;font-weight:800;line-height:1.2\">239\u20ac per week : Offre Toil\u00e9<\/p>\n\n\n<div style=\"font-size:0.75rem;line-height:1\" class=\"wp-elements-72 wp-block-gt-gt-ws-ctv-offer-conditions has-text-color has-custom-color-1-color\">\n                        <p>Minimale verblijfsduur : 7<\/p>\n            <\/div>\n\n<\/div>\n\n\n\n<div class=\"wp-block-column is-vertically-aligned-center is-layout-flow wp-block-column-is-layout-flow\">\n<div class=\"wp-block-group cta has-border-color has-custom-color-1-border-color has-custom-color-1-background-color has-background is-nowrap is-layout-flex wp-container-core-group-is-layout-410927e0 wp-block-group-is-layout-flex\" style=\"border-width:2px;border-top-left-radius:100px;border-top-right-radius:100px;border-bottom-left-radius:100px;border-bottom-right-radius:100px;padding-top:10px;padding-right:20px;padding-bottom:10px;padding-left:20px\">\n<p class=\"has-base-2-color has-text-color has-link-color wp-elements-73 wp-block-paragraph\" style=\"font-style:normal;font-weight:700;text-transform:uppercase\">Bekijk het aanbod<\/p>\n\n\n\n<figure class=\"wp-block-image size-large\"><img decoding=\"async\" width=\"24\" height=\"24\" src=\"https:\/\/camping-platinredoute.fr\/wp-content\/uploads\/2025\/12\/icon-fleche-droite-blanc.svg\" alt=\"pijl\" class=\"wp-image-1009\"\/><\/figure>\n\n\n\n<figure class=\"wp-block-image size-large wp-duotone-rgb654122-rgb654122-17\"><img decoding=\"async\" width=\"24\" height=\"24\" src=\"https:\/\/camping-platinredoute.fr\/wp-content\/uploads\/2025\/12\/icon-fleche-droite-blanc.svg\" alt=\"icoon rechte pijl wit\" class=\"wp-image-1009\"\/><\/figure>\n<\/div>\n<\/div>\n<\/div>\n\n\n<a \n    class=\"is-style-lien-cover has-sr-only-text wp-block-gt-gt-ws-ctv-offer-reservation-link\"    href=\"https:\/\/reservation.secureholiday.net\/nl\/11638\/search\/product-list\/?widgetOfferId=2849906\" \n    target=\"_blank\"\n    aria-label=\"Consulter l&#039;offre 239\u20ac per week : Offre Toil\u00e9\"\n    rel=\"noopener noreferrer\">\n    <span class=\"sr-only\">Consulter cette offre<\/span>\n<\/a>\n\n<\/div>\n\n<\/li><li class=\"wp-block-post post-8263 offre_speciale type-offre_speciale status-publish has-post-thumbnail hentry\">\n\n<div class=\"wp-block-group has-base-2-background-color has-background is-layout-flow wp-block-group-is-layout-flow\" style=\"border-top-left-radius:10px;border-top-right-radius:10px;border-bottom-left-radius:10px;border-bottom-right-radius:10px;padding-top:14px;padding-right:14px;padding-bottom:14px;padding-left:14px\"><figure class=\"wp-block-post-featured-image\"><img decoding=\"async\" width=\"667\" height=\"387\" src=\"https:\/\/camping-platinredoute.fr\/wp-content\/uploads\/2026\/02\/couple-en-vacances-promotions-du-camping.jpg\" class=\"attachment-post-thumbnail size-post-thumbnail wp-post-image\" alt=\"couple en vacances promotions du camping\" style=\"border-top-left-radius:10px;border-top-right-radius:10px;border-bottom-left-radius:10px;border-bottom-right-radius:10px;object-fit:cover;\" srcset=\"https:\/\/camping-platinredoute.fr\/wp-content\/uploads\/2026\/02\/couple-en-vacances-promotions-du-camping.jpg 667w, https:\/\/camping-platinredoute.fr\/wp-content\/uploads\/2026\/02\/couple-en-vacances-promotions-du-camping-300x174.jpg 300w\" sizes=\"(max-width: 667px) 100vw, 667px\" \/><\/figure>\n\n\n<figure class=\"wp-block-image size-full\"><img alt=\"\" decoding=\"async\" width=\"94\" height=\"95\" src=\"https:\/\/camping-platinredoute.fr\/wp-content\/uploads\/2025\/12\/icon-promo-jaune.svg\" alt=\"\" class=\"wp-image-1454\"\/><\/figure>\n\n\n\n<div class=\"wp-block-columns are-vertically-aligned-center is-layout-flex wp-container-core-columns-is-layout-17686c70 wp-block-columns-is-layout-flex\" style=\"padding-right:15px;padding-left:15px\">\n<div class=\"wp-block-column is-vertically-aligned-center is-layout-flow wp-block-column-is-layout-flow\" style=\"padding-left:0px\">\n<div style=\"font-size:clamp(14px, 0.875rem + ((1vw - 3.2px) * 0.104), 15px);line-height:1.2\" class=\"wp-elements-74 wp-block-gt-gt-ws-ctv-offer-dates has-text-color has-custom-color-1-color\">\n    Van 26\/05\/2026 au 04\/07\/2026<\/div>\n\n\n\n\n<p class=\"has-custom-color-1-color has-text-color has-link-color has-unbounded-font-family wp-elements-75 wp-block-paragraph\" style=\"font-size:clamp(0.875rem, 0.875rem + ((1vw - 0.2rem) * 0.208), 1rem);font-style:normal;font-weight:800;line-height:1.2\">239\u20ac per week : Offre Toil\u00e9<\/p>\n\n\n<div style=\"font-size:0.75rem;line-height:1\" class=\"wp-elements-76 wp-block-gt-gt-ws-ctv-offer-conditions has-text-color has-custom-color-1-color\">\n                        <p>Minimale verblijfsduur : 7<\/p>\n            <\/div>\n\n<\/div>\n\n\n\n<div class=\"wp-block-column is-vertically-aligned-center is-layout-flow wp-block-column-is-layout-flow\">\n<div class=\"wp-block-group cta has-border-color has-custom-color-1-border-color has-custom-color-1-background-color has-background is-nowrap is-layout-flex wp-container-core-group-is-layout-410927e0 wp-block-group-is-layout-flex\" style=\"border-width:2px;border-top-left-radius:100px;border-top-right-radius:100px;border-bottom-left-radius:100px;border-bottom-right-radius:100px;padding-top:10px;padding-right:20px;padding-bottom:10px;padding-left:20px\">\n<p class=\"has-base-2-color has-text-color has-link-color wp-elements-77 wp-block-paragraph\" style=\"font-style:normal;font-weight:700;text-transform:uppercase\">Bekijk het aanbod<\/p>\n\n\n\n<figure class=\"wp-block-image size-large\"><img decoding=\"async\" width=\"24\" height=\"24\" src=\"https:\/\/camping-platinredoute.fr\/wp-content\/uploads\/2025\/12\/icon-fleche-droite-blanc.svg\" alt=\"pijl\" class=\"wp-image-1009\"\/><\/figure>\n\n\n\n<figure class=\"wp-block-image size-large wp-duotone-rgb654122-rgb654122-18\"><img decoding=\"async\" width=\"24\" height=\"24\" src=\"https:\/\/camping-platinredoute.fr\/wp-content\/uploads\/2025\/12\/icon-fleche-droite-blanc.svg\" alt=\"icoon rechte pijl wit\" class=\"wp-image-1009\"\/><\/figure>\n<\/div>\n<\/div>\n<\/div>\n\n\n<a \n    class=\"is-style-lien-cover has-sr-only-text wp-block-gt-gt-ws-ctv-offer-reservation-link\"    href=\"https:\/\/reservation.secureholiday.net\/nl\/11638\/search\/product-list\/?widgetOfferId=2849899\" \n    target=\"_blank\"\n    aria-label=\"Consulter l&#039;offre 239\u20ac per week : Offre Toil\u00e9\"\n    rel=\"noopener noreferrer\">\n    <span class=\"sr-only\">Consulter cette offre<\/span>\n<\/a>\n\n<\/div>\n\n<\/li><li class=\"wp-block-post post-8827 offre_speciale type-offre_speciale status-publish has-post-thumbnail hentry\">\n\n<div class=\"wp-block-group has-base-2-background-color has-background is-layout-flow wp-block-group-is-layout-flow\" style=\"border-top-left-radius:10px;border-top-right-radius:10px;border-bottom-left-radius:10px;border-bottom-right-radius:10px;padding-top:14px;padding-right:14px;padding-bottom:14px;padding-left:14px\"><figure class=\"wp-block-post-featured-image\"><img decoding=\"async\" width=\"667\" height=\"387\" src=\"https:\/\/camping-platinredoute.fr\/wp-content\/uploads\/2026\/02\/couple-en-vacances-promotions-du-camping.jpg\" class=\"attachment-post-thumbnail size-post-thumbnail wp-post-image\" alt=\"couple en vacances promotions du camping\" style=\"border-top-left-radius:10px;border-top-right-radius:10px;border-bottom-left-radius:10px;border-bottom-right-radius:10px;object-fit:cover;\" srcset=\"https:\/\/camping-platinredoute.fr\/wp-content\/uploads\/2026\/02\/couple-en-vacances-promotions-du-camping.jpg 667w, https:\/\/camping-platinredoute.fr\/wp-content\/uploads\/2026\/02\/couple-en-vacances-promotions-du-camping-300x174.jpg 300w\" sizes=\"(max-width: 667px) 100vw, 667px\" \/><\/figure>\n\n\n<figure class=\"wp-block-image size-full\"><img alt=\"\" decoding=\"async\" width=\"94\" height=\"95\" src=\"https:\/\/camping-platinredoute.fr\/wp-content\/uploads\/2025\/12\/icon-promo-jaune.svg\" alt=\"\" class=\"wp-image-1454\"\/><\/figure>\n\n\n\n<div class=\"wp-block-columns are-vertically-aligned-center is-layout-flex wp-container-core-columns-is-layout-17686c70 wp-block-columns-is-layout-flex\" style=\"padding-right:15px;padding-left:15px\">\n<div class=\"wp-block-column is-vertically-aligned-center is-layout-flow wp-block-column-is-layout-flow\" style=\"padding-left:0px\">\n<div style=\"font-size:clamp(14px, 0.875rem + ((1vw - 3.2px) * 0.104), 15px);line-height:1.2\" class=\"wp-elements-78 wp-block-gt-gt-ws-ctv-offer-dates has-text-color has-custom-color-1-color\">\n    Van 28\/08\/2027 au 01\/11\/2027<\/div>\n\n\n\n\n<p class=\"has-custom-color-1-color has-text-color has-link-color has-unbounded-font-family wp-elements-79 wp-block-paragraph\" style=\"font-size:clamp(0.875rem, 0.875rem + ((1vw - 0.2rem) * 0.208), 1rem);font-style:normal;font-weight:800;line-height:1.2\">239\u20ac per week : Offre toil\u00e9e<\/p>\n\n\n<div style=\"font-size:0.75rem;line-height:1\" class=\"wp-elements-80 wp-block-gt-gt-ws-ctv-offer-conditions has-text-color has-custom-color-1-color\">\n                        <p>Minimale verblijfsduur : 7<\/p>\n            <\/div>\n\n<\/div>\n\n\n\n<div class=\"wp-block-column is-vertically-aligned-center is-layout-flow wp-block-column-is-layout-flow\">\n<div class=\"wp-block-group cta has-border-color has-custom-color-1-border-color has-custom-color-1-background-color has-background is-nowrap is-layout-flex wp-container-core-group-is-layout-410927e0 wp-block-group-is-layout-flex\" style=\"border-width:2px;border-top-left-radius:100px;border-top-right-radius:100px;border-bottom-left-radius:100px;border-bottom-right-radius:100px;padding-top:10px;padding-right:20px;padding-bottom:10px;padding-left:20px\">\n<p class=\"has-base-2-color has-text-color has-link-color wp-elements-81 wp-block-paragraph\" style=\"font-style:normal;font-weight:700;text-transform:uppercase\">Bekijk het aanbod<\/p>\n\n\n\n<figure class=\"wp-block-image size-large\"><img decoding=\"async\" width=\"24\" height=\"24\" src=\"https:\/\/camping-platinredoute.fr\/wp-content\/uploads\/2025\/12\/icon-fleche-droite-blanc.svg\" alt=\"pijl\" class=\"wp-image-1009\"\/><\/figure>\n\n\n\n<figure class=\"wp-block-image size-large wp-duotone-rgb654122-rgb654122-19\"><img decoding=\"async\" width=\"24\" height=\"24\" src=\"https:\/\/camping-platinredoute.fr\/wp-content\/uploads\/2025\/12\/icon-fleche-droite-blanc.svg\" alt=\"icoon rechte pijl wit\" class=\"wp-image-1009\"\/><\/figure>\n<\/div>\n<\/div>\n<\/div>\n\n\n<a \n    class=\"is-style-lien-cover has-sr-only-text wp-block-gt-gt-ws-ctv-offer-reservation-link\"    href=\"https:\/\/reservation.secureholiday.net\/nl\/11638\/search\/product-list\/?widgetOfferId=2961654\" \n    target=\"_blank\"\n    aria-label=\"Consulter l&#039;offre 239\u20ac per week : Offre toil\u00e9e\"\n    rel=\"noopener noreferrer\">\n    <span class=\"sr-only\">Consulter cette offre<\/span>\n<\/a>\n\n<\/div>\n\n<\/li><li class=\"wp-block-post post-8829 offre_speciale type-offre_speciale status-publish has-post-thumbnail hentry\">\n\n<div class=\"wp-block-group has-base-2-background-color has-background is-layout-flow wp-block-group-is-layout-flow\" style=\"border-top-left-radius:10px;border-top-right-radius:10px;border-bottom-left-radius:10px;border-bottom-right-radius:10px;padding-top:14px;padding-right:14px;padding-bottom:14px;padding-left:14px\"><figure class=\"wp-block-post-featured-image\"><img decoding=\"async\" width=\"667\" height=\"387\" src=\"https:\/\/camping-platinredoute.fr\/wp-content\/uploads\/2026\/02\/couple-en-vacances-promotions-du-camping.jpg\" class=\"attachment-post-thumbnail size-post-thumbnail wp-post-image\" alt=\"couple en vacances promotions du camping\" style=\"border-top-left-radius:10px;border-top-right-radius:10px;border-bottom-left-radius:10px;border-bottom-right-radius:10px;object-fit:cover;\" srcset=\"https:\/\/camping-platinredoute.fr\/wp-content\/uploads\/2026\/02\/couple-en-vacances-promotions-du-camping.jpg 667w, https:\/\/camping-platinredoute.fr\/wp-content\/uploads\/2026\/02\/couple-en-vacances-promotions-du-camping-300x174.jpg 300w\" sizes=\"(max-width: 667px) 100vw, 667px\" \/><\/figure>\n\n\n<figure class=\"wp-block-image size-full\"><img alt=\"\" decoding=\"async\" width=\"94\" height=\"95\" src=\"https:\/\/camping-platinredoute.fr\/wp-content\/uploads\/2025\/12\/icon-promo-jaune.svg\" alt=\"\" class=\"wp-image-1454\"\/><\/figure>\n\n\n\n<div class=\"wp-block-columns are-vertically-aligned-center is-layout-flex wp-container-core-columns-is-layout-17686c70 wp-block-columns-is-layout-flex\" style=\"padding-right:15px;padding-left:15px\">\n<div class=\"wp-block-column is-vertically-aligned-center is-layout-flow wp-block-column-is-layout-flow\" style=\"padding-left:0px\">\n<div style=\"font-size:clamp(14px, 0.875rem + ((1vw - 3.2px) * 0.104), 15px);line-height:1.2\" class=\"wp-elements-82 wp-block-gt-gt-ws-ctv-offer-dates has-text-color has-custom-color-1-color\">\n    Van 17\/05\/2027 au 19\/06\/2027<\/div>\n\n\n\n\n<p class=\"has-custom-color-1-color has-text-color has-link-color has-unbounded-font-family wp-elements-83 wp-block-paragraph\" style=\"font-size:clamp(0.875rem, 0.875rem + ((1vw - 0.2rem) * 0.208), 1rem);font-style:normal;font-weight:800;line-height:1.2\">239\u20ac per week : Offre toil\u00e9e<\/p>\n\n\n<div style=\"font-size:0.75rem;line-height:1\" class=\"wp-elements-84 wp-block-gt-gt-ws-ctv-offer-conditions has-text-color has-custom-color-1-color\">\n                        <p>Minimale verblijfsduur : 7<\/p>\n            <\/div>\n\n<\/div>\n\n\n\n<div class=\"wp-block-column is-vertically-aligned-center is-layout-flow wp-block-column-is-layout-flow\">\n<div class=\"wp-block-group cta has-border-color has-custom-color-1-border-color has-custom-color-1-background-color has-background is-nowrap is-layout-flex wp-container-core-group-is-layout-410927e0 wp-block-group-is-layout-flex\" style=\"border-width:2px;border-top-left-radius:100px;border-top-right-radius:100px;border-bottom-left-radius:100px;border-bottom-right-radius:100px;padding-top:10px;padding-right:20px;padding-bottom:10px;padding-left:20px\">\n<p class=\"has-base-2-color has-text-color has-link-color wp-elements-85 wp-block-paragraph\" style=\"font-style:normal;font-weight:700;text-transform:uppercase\">Bekijk het aanbod<\/p>\n\n\n\n<figure class=\"wp-block-image size-large\"><img decoding=\"async\" width=\"24\" height=\"24\" src=\"https:\/\/camping-platinredoute.fr\/wp-content\/uploads\/2025\/12\/icon-fleche-droite-blanc.svg\" alt=\"pijl\" class=\"wp-image-1009\"\/><\/figure>\n\n\n\n<figure class=\"wp-block-image size-large wp-duotone-rgb654122-rgb654122-20\"><img decoding=\"async\" width=\"24\" height=\"24\" src=\"https:\/\/camping-platinredoute.fr\/wp-content\/uploads\/2025\/12\/icon-fleche-droite-blanc.svg\" alt=\"icoon rechte pijl wit\" class=\"wp-image-1009\"\/><\/figure>\n<\/div>\n<\/div>\n<\/div>\n\n\n<a \n    class=\"is-style-lien-cover has-sr-only-text wp-block-gt-gt-ws-ctv-offer-reservation-link\"    href=\"https:\/\/reservation.secureholiday.net\/nl\/11638\/search\/product-list\/?widgetOfferId=2961652\" \n    target=\"_blank\"\n    aria-label=\"Consulter l&#039;offre 239\u20ac per week : Offre toil\u00e9e\"\n    rel=\"noopener noreferrer\">\n    <span class=\"sr-only\">Consulter cette offre<\/span>\n<\/a>\n\n<\/div>\n\n<\/li><li class=\"wp-block-post post-8830 offre_speciale type-offre_speciale status-publish has-post-thumbnail hentry\">\n\n<div class=\"wp-block-group has-base-2-background-color has-background is-layout-flow wp-block-group-is-layout-flow\" style=\"border-top-left-radius:10px;border-top-right-radius:10px;border-bottom-left-radius:10px;border-bottom-right-radius:10px;padding-top:14px;padding-right:14px;padding-bottom:14px;padding-left:14px\"><figure class=\"wp-block-post-featured-image\"><img decoding=\"async\" width=\"667\" height=\"387\" src=\"https:\/\/camping-platinredoute.fr\/wp-content\/uploads\/2026\/02\/couple-en-vacances-promotions-du-camping.jpg\" class=\"attachment-post-thumbnail size-post-thumbnail wp-post-image\" alt=\"couple en vacances promotions du camping\" style=\"border-top-left-radius:10px;border-top-right-radius:10px;border-bottom-left-radius:10px;border-bottom-right-radius:10px;object-fit:cover;\" srcset=\"https:\/\/camping-platinredoute.fr\/wp-content\/uploads\/2026\/02\/couple-en-vacances-promotions-du-camping.jpg 667w, https:\/\/camping-platinredoute.fr\/wp-content\/uploads\/2026\/02\/couple-en-vacances-promotions-du-camping-300x174.jpg 300w\" sizes=\"(max-width: 667px) 100vw, 667px\" \/><\/figure>\n\n\n<figure class=\"wp-block-image size-full\"><img alt=\"\" decoding=\"async\" width=\"94\" height=\"95\" src=\"https:\/\/camping-platinredoute.fr\/wp-content\/uploads\/2025\/12\/icon-promo-jaune.svg\" alt=\"\" class=\"wp-image-1454\"\/><\/figure>\n\n\n\n<div class=\"wp-block-columns are-vertically-aligned-center is-layout-flex wp-container-core-columns-is-layout-17686c70 wp-block-columns-is-layout-flex\" style=\"padding-right:15px;padding-left:15px\">\n<div class=\"wp-block-column is-vertically-aligned-center is-layout-flow wp-block-column-is-layout-flow\" style=\"padding-left:0px\">\n<div style=\"font-size:clamp(14px, 0.875rem + ((1vw - 3.2px) * 0.104), 15px);line-height:1.2\" class=\"wp-elements-86 wp-block-gt-gt-ws-ctv-offer-dates has-text-color has-custom-color-1-color\">\n    Van 26\/03\/2027 au 05\/05\/2027<\/div>\n\n\n\n\n<p class=\"has-custom-color-1-color has-text-color has-link-color has-unbounded-font-family wp-elements-87 wp-block-paragraph\" style=\"font-size:clamp(0.875rem, 0.875rem + ((1vw - 0.2rem) * 0.208), 1rem);font-style:normal;font-weight:800;line-height:1.2\">239\u20ac per week : Offre toil\u00e9e<\/p>\n\n\n<div style=\"font-size:0.75rem;line-height:1\" class=\"wp-elements-88 wp-block-gt-gt-ws-ctv-offer-conditions has-text-color has-custom-color-1-color\">\n                        <p>Minimale verblijfsduur : 7<\/p>\n            <\/div>\n\n<\/div>\n\n\n\n<div class=\"wp-block-column is-vertically-aligned-center is-layout-flow wp-block-column-is-layout-flow\">\n<div class=\"wp-block-group cta has-border-color has-custom-color-1-border-color has-custom-color-1-background-color has-background is-nowrap is-layout-flex wp-container-core-group-is-layout-410927e0 wp-block-group-is-layout-flex\" style=\"border-width:2px;border-top-left-radius:100px;border-top-right-radius:100px;border-bottom-left-radius:100px;border-bottom-right-radius:100px;padding-top:10px;padding-right:20px;padding-bottom:10px;padding-left:20px\">\n<p class=\"has-base-2-color has-text-color has-link-color wp-elements-89 wp-block-paragraph\" style=\"font-style:normal;font-weight:700;text-transform:uppercase\">Bekijk het aanbod<\/p>\n\n\n\n<figure class=\"wp-block-image size-large\"><img decoding=\"async\" width=\"24\" height=\"24\" src=\"https:\/\/camping-platinredoute.fr\/wp-content\/uploads\/2025\/12\/icon-fleche-droite-blanc.svg\" alt=\"pijl\" class=\"wp-image-1009\"\/><\/figure>\n\n\n\n<figure class=\"wp-block-image size-large wp-duotone-rgb654122-rgb654122-21\"><img decoding=\"async\" width=\"24\" height=\"24\" src=\"https:\/\/camping-platinredoute.fr\/wp-content\/uploads\/2025\/12\/icon-fleche-droite-blanc.svg\" alt=\"icoon rechte pijl wit\" class=\"wp-image-1009\"\/><\/figure>\n<\/div>\n<\/div>\n<\/div>\n\n\n<a \n    class=\"is-style-lien-cover has-sr-only-text wp-block-gt-gt-ws-ctv-offer-reservation-link\"    href=\"https:\/\/reservation.secureholiday.net\/nl\/11638\/search\/product-list\/?widgetOfferId=2961651\" \n    target=\"_blank\"\n    aria-label=\"Consulter l&#039;offre 239\u20ac per week : Offre toil\u00e9e\"\n    rel=\"noopener noreferrer\">\n    <span class=\"sr-only\">Consulter cette offre<\/span>\n<\/a>\n\n<\/div>\n\n<\/li><li class=\"wp-block-post post-8379 offre_speciale type-offre_speciale status-publish has-post-thumbnail hentry\">\n\n<div class=\"wp-block-group has-base-2-background-color has-background is-layout-flow wp-block-group-is-layout-flow\" style=\"border-top-left-radius:10px;border-top-right-radius:10px;border-bottom-left-radius:10px;border-bottom-right-radius:10px;padding-top:14px;padding-right:14px;padding-bottom:14px;padding-left:14px\"><figure class=\"wp-block-post-featured-image\"><img decoding=\"async\" width=\"667\" height=\"387\" src=\"https:\/\/camping-platinredoute.fr\/wp-content\/uploads\/2026\/02\/couple-en-vacances-promotions-du-camping.jpg\" class=\"attachment-post-thumbnail size-post-thumbnail wp-post-image\" alt=\"couple en vacances promotions du camping\" style=\"border-top-left-radius:10px;border-top-right-radius:10px;border-bottom-left-radius:10px;border-bottom-right-radius:10px;object-fit:cover;\" srcset=\"https:\/\/camping-platinredoute.fr\/wp-content\/uploads\/2026\/02\/couple-en-vacances-promotions-du-camping.jpg 667w, https:\/\/camping-platinredoute.fr\/wp-content\/uploads\/2026\/02\/couple-en-vacances-promotions-du-camping-300x174.jpg 300w\" sizes=\"(max-width: 667px) 100vw, 667px\" \/><\/figure>\n\n\n<figure class=\"wp-block-image size-full\"><img alt=\"\" decoding=\"async\" width=\"94\" height=\"95\" src=\"https:\/\/camping-platinredoute.fr\/wp-content\/uploads\/2025\/12\/icon-promo-jaune.svg\" alt=\"\" class=\"wp-image-1454\"\/><\/figure>\n\n\n\n<div class=\"wp-block-columns are-vertically-aligned-center is-layout-flex wp-container-core-columns-is-layout-17686c70 wp-block-columns-is-layout-flex\" style=\"padding-right:15px;padding-left:15px\">\n<div class=\"wp-block-column is-vertically-aligned-center is-layout-flow wp-block-column-is-layout-flow\" style=\"padding-left:0px\">\n<div style=\"font-size:clamp(14px, 0.875rem + ((1vw - 3.2px) * 0.104), 15px);line-height:1.2\" class=\"wp-elements-90 wp-block-gt-gt-ws-ctv-offer-dates has-text-color has-custom-color-1-color\">\n    Van 29\/08\/2026 au 01\/11\/2026<\/div>\n\n\n\n\n<p class=\"has-custom-color-1-color has-text-color has-link-color has-unbounded-font-family wp-elements-91 wp-block-paragraph\" style=\"font-size:clamp(0.875rem, 0.875rem + ((1vw - 0.2rem) * 0.208), 1rem);font-style:normal;font-weight:800;line-height:1.2\">249\u20ac per week : Aanbieding voor stellen premium<\/p>\n\n\n<div style=\"font-size:0.75rem;line-height:1\" class=\"wp-elements-92 wp-block-gt-gt-ws-ctv-offer-conditions has-text-color has-custom-color-1-color\">\n                        <p>Minimale verblijfsduur : 7<\/p>\n            <\/div>\n\n<\/div>\n\n\n\n<div class=\"wp-block-column is-vertically-aligned-center is-layout-flow wp-block-column-is-layout-flow\">\n<div class=\"wp-block-group cta has-border-color has-custom-color-1-border-color has-custom-color-1-background-color has-background is-nowrap is-layout-flex wp-container-core-group-is-layout-410927e0 wp-block-group-is-layout-flex\" style=\"border-width:2px;border-top-left-radius:100px;border-top-right-radius:100px;border-bottom-left-radius:100px;border-bottom-right-radius:100px;padding-top:10px;padding-right:20px;padding-bottom:10px;padding-left:20px\">\n<p class=\"has-base-2-color has-text-color has-link-color wp-elements-93 wp-block-paragraph\" style=\"font-style:normal;font-weight:700;text-transform:uppercase\">Bekijk het aanbod<\/p>\n\n\n\n<figure class=\"wp-block-image size-large\"><img decoding=\"async\" width=\"24\" height=\"24\" src=\"https:\/\/camping-platinredoute.fr\/wp-content\/uploads\/2025\/12\/icon-fleche-droite-blanc.svg\" alt=\"pijl\" class=\"wp-image-1009\"\/><\/figure>\n\n\n\n<figure class=\"wp-block-image size-large wp-duotone-rgb654122-rgb654122-22\"><img decoding=\"async\" width=\"24\" height=\"24\" src=\"https:\/\/camping-platinredoute.fr\/wp-content\/uploads\/2025\/12\/icon-fleche-droite-blanc.svg\" alt=\"icoon rechte pijl wit\" class=\"wp-image-1009\"\/><\/figure>\n<\/div>\n<\/div>\n<\/div>\n\n\n<a \n    class=\"is-style-lien-cover has-sr-only-text wp-block-gt-gt-ws-ctv-offer-reservation-link\"    href=\"https:\/\/reservation.secureholiday.net\/nl\/11638\/search\/product-list\/?widgetOfferId=2911080\" \n    target=\"_blank\"\n    aria-label=\"Consulter l&#039;offre 249\u20ac per week : Aanbieding voor stellen premium\"\n    rel=\"noopener noreferrer\">\n    <span class=\"sr-only\">Consulter cette offre<\/span>\n<\/a>\n\n<\/div>\n\n<\/li><li class=\"wp-block-post post-8828 offre_speciale type-offre_speciale status-publish has-post-thumbnail hentry\">\n\n<div class=\"wp-block-group has-base-2-background-color has-background is-layout-flow wp-block-group-is-layout-flow\" style=\"border-top-left-radius:10px;border-top-right-radius:10px;border-bottom-left-radius:10px;border-bottom-right-radius:10px;padding-top:14px;padding-right:14px;padding-bottom:14px;padding-left:14px\"><figure class=\"wp-block-post-featured-image\"><img decoding=\"async\" width=\"667\" height=\"387\" src=\"https:\/\/camping-platinredoute.fr\/wp-content\/uploads\/2026\/02\/couple-en-vacances-promotions-du-camping.jpg\" class=\"attachment-post-thumbnail size-post-thumbnail wp-post-image\" alt=\"couple en vacances promotions du camping\" style=\"border-top-left-radius:10px;border-top-right-radius:10px;border-bottom-left-radius:10px;border-bottom-right-radius:10px;object-fit:cover;\" srcset=\"https:\/\/camping-platinredoute.fr\/wp-content\/uploads\/2026\/02\/couple-en-vacances-promotions-du-camping.jpg 667w, https:\/\/camping-platinredoute.fr\/wp-content\/uploads\/2026\/02\/couple-en-vacances-promotions-du-camping-300x174.jpg 300w\" sizes=\"(max-width: 667px) 100vw, 667px\" \/><\/figure>\n\n\n<figure class=\"wp-block-image size-full\"><img alt=\"\" decoding=\"async\" width=\"94\" height=\"95\" src=\"https:\/\/camping-platinredoute.fr\/wp-content\/uploads\/2025\/12\/icon-promo-jaune.svg\" alt=\"\" class=\"wp-image-1454\"\/><\/figure>\n\n\n\n<div class=\"wp-block-columns are-vertically-aligned-center is-layout-flex wp-container-core-columns-is-layout-17686c70 wp-block-columns-is-layout-flex\" style=\"padding-right:15px;padding-left:15px\">\n<div class=\"wp-block-column is-vertically-aligned-center is-layout-flow wp-block-column-is-layout-flow\" style=\"padding-left:0px\">\n<div style=\"font-size:clamp(14px, 0.875rem + ((1vw - 3.2px) * 0.104), 15px);line-height:1.2\" class=\"wp-elements-94 wp-block-gt-gt-ws-ctv-offer-dates has-text-color has-custom-color-1-color\">\n    Van 12\/06\/2027 au 03\/07\/2027<\/div>\n\n\n\n\n<p class=\"has-custom-color-1-color has-text-color has-link-color has-unbounded-font-family wp-elements-95 wp-block-paragraph\" style=\"font-size:clamp(0.875rem, 0.875rem + ((1vw - 0.2rem) * 0.208), 1rem);font-style:normal;font-weight:800;line-height:1.2\">249\u20ac per week : Offre toil\u00e9e<\/p>\n\n\n<div style=\"font-size:0.75rem;line-height:1\" class=\"wp-elements-96 wp-block-gt-gt-ws-ctv-offer-conditions has-text-color has-custom-color-1-color\">\n                        <p>Minimale verblijfsduur : 7<\/p>\n            <\/div>\n\n<\/div>\n\n\n\n<div class=\"wp-block-column is-vertically-aligned-center is-layout-flow wp-block-column-is-layout-flow\">\n<div class=\"wp-block-group cta has-border-color has-custom-color-1-border-color has-custom-color-1-background-color has-background is-nowrap is-layout-flex wp-container-core-group-is-layout-410927e0 wp-block-group-is-layout-flex\" style=\"border-width:2px;border-top-left-radius:100px;border-top-right-radius:100px;border-bottom-left-radius:100px;border-bottom-right-radius:100px;padding-top:10px;padding-right:20px;padding-bottom:10px;padding-left:20px\">\n<p class=\"has-base-2-color has-text-color has-link-color wp-elements-97 wp-block-paragraph\" style=\"font-style:normal;font-weight:700;text-transform:uppercase\">Bekijk het aanbod<\/p>\n\n\n\n<figure class=\"wp-block-image size-large\"><img decoding=\"async\" width=\"24\" height=\"24\" src=\"https:\/\/camping-platinredoute.fr\/wp-content\/uploads\/2025\/12\/icon-fleche-droite-blanc.svg\" alt=\"pijl\" class=\"wp-image-1009\"\/><\/figure>\n\n\n\n<figure class=\"wp-block-image size-large wp-duotone-rgb654122-rgb654122-23\"><img decoding=\"async\" width=\"24\" height=\"24\" src=\"https:\/\/camping-platinredoute.fr\/wp-content\/uploads\/2025\/12\/icon-fleche-droite-blanc.svg\" alt=\"icoon rechte pijl wit\" class=\"wp-image-1009\"\/><\/figure>\n<\/div>\n<\/div>\n<\/div>\n\n\n<a \n    class=\"is-style-lien-cover has-sr-only-text wp-block-gt-gt-ws-ctv-offer-reservation-link\"    href=\"https:\/\/reservation.secureholiday.net\/nl\/11638\/search\/product-list\/?widgetOfferId=2961653\" \n    target=\"_blank\"\n    aria-label=\"Consulter l&#039;offre 249\u20ac per week : Offre toil\u00e9e\"\n    rel=\"noopener noreferrer\">\n    <span class=\"sr-only\">Consulter cette offre<\/span>\n<\/a>\n\n<\/div>\n\n<\/li><li class=\"wp-block-post post-8257 offre_speciale type-offre_speciale status-publish has-post-thumbnail hentry\">\n\n<div class=\"wp-block-group has-base-2-background-color has-background is-layout-flow wp-block-group-is-layout-flow\" style=\"border-top-left-radius:10px;border-top-right-radius:10px;border-bottom-left-radius:10px;border-bottom-right-radius:10px;padding-top:14px;padding-right:14px;padding-bottom:14px;padding-left:14px\"><figure class=\"wp-block-post-featured-image\"><img decoding=\"async\" width=\"667\" height=\"387\" src=\"https:\/\/camping-platinredoute.fr\/wp-content\/uploads\/2026\/02\/couple-en-vacances-promotions-du-camping.jpg\" class=\"attachment-post-thumbnail size-post-thumbnail wp-post-image\" alt=\"couple en vacances promotions du camping\" style=\"border-top-left-radius:10px;border-top-right-radius:10px;border-bottom-left-radius:10px;border-bottom-right-radius:10px;object-fit:cover;\" srcset=\"https:\/\/camping-platinredoute.fr\/wp-content\/uploads\/2026\/02\/couple-en-vacances-promotions-du-camping.jpg 667w, https:\/\/camping-platinredoute.fr\/wp-content\/uploads\/2026\/02\/couple-en-vacances-promotions-du-camping-300x174.jpg 300w\" sizes=\"(max-width: 667px) 100vw, 667px\" \/><\/figure>\n\n\n<figure class=\"wp-block-image size-full\"><img alt=\"\" decoding=\"async\" width=\"94\" height=\"95\" src=\"https:\/\/camping-platinredoute.fr\/wp-content\/uploads\/2025\/12\/icon-promo-jaune.svg\" alt=\"\" class=\"wp-image-1454\"\/><\/figure>\n\n\n\n<div class=\"wp-block-columns are-vertically-aligned-center is-layout-flex wp-container-core-columns-is-layout-17686c70 wp-block-columns-is-layout-flex\" style=\"padding-right:15px;padding-left:15px\">\n<div class=\"wp-block-column is-vertically-aligned-center is-layout-flow wp-block-column-is-layout-flow\" style=\"padding-left:0px\">\n<div style=\"font-size:clamp(14px, 0.875rem + ((1vw - 3.2px) * 0.104), 15px);line-height:1.2\" class=\"wp-elements-98 wp-block-gt-gt-ws-ctv-offer-dates has-text-color has-custom-color-1-color\">\n    Van 05\/09\/2026 au 31\/10\/2026<\/div>\n\n\n\n\n<p class=\"has-custom-color-1-color has-text-color has-link-color has-unbounded-font-family wp-elements-99 wp-block-paragraph\" style=\"font-size:clamp(0.875rem, 0.875rem + ((1vw - 0.2rem) * 0.208), 1rem);font-style:normal;font-weight:800;line-height:1.2\">259\u20ac per week : Aanbieding voor stellen comfort<\/p>\n\n\n<div style=\"font-size:0.75rem;line-height:1\" class=\"wp-elements-100 wp-block-gt-gt-ws-ctv-offer-conditions has-text-color has-custom-color-1-color\">\n                        <p>Minimale verblijfsduur : 7<\/p>\n            <\/div>\n\n<\/div>\n\n\n\n<div class=\"wp-block-column is-vertically-aligned-center is-layout-flow wp-block-column-is-layout-flow\">\n<div class=\"wp-block-group cta has-border-color has-custom-color-1-border-color has-custom-color-1-background-color has-background is-nowrap is-layout-flex wp-container-core-group-is-layout-410927e0 wp-block-group-is-layout-flex\" style=\"border-width:2px;border-top-left-radius:100px;border-top-right-radius:100px;border-bottom-left-radius:100px;border-bottom-right-radius:100px;padding-top:10px;padding-right:20px;padding-bottom:10px;padding-left:20px\">\n<p class=\"has-base-2-color has-text-color has-link-color wp-elements-101 wp-block-paragraph\" style=\"font-style:normal;font-weight:700;text-transform:uppercase\">Bekijk het aanbod<\/p>\n\n\n\n<figure class=\"wp-block-image size-large\"><img decoding=\"async\" width=\"24\" height=\"24\" src=\"https:\/\/camping-platinredoute.fr\/wp-content\/uploads\/2025\/12\/icon-fleche-droite-blanc.svg\" alt=\"pijl\" class=\"wp-image-1009\"\/><\/figure>\n\n\n\n<figure class=\"wp-block-image size-large wp-duotone-rgb654122-rgb654122-24\"><img decoding=\"async\" width=\"24\" height=\"24\" src=\"https:\/\/camping-platinredoute.fr\/wp-content\/uploads\/2025\/12\/icon-fleche-droite-blanc.svg\" alt=\"icoon rechte pijl wit\" class=\"wp-image-1009\"\/><\/figure>\n<\/div>\n<\/div>\n<\/div>\n\n\n<a \n    class=\"is-style-lien-cover has-sr-only-text wp-block-gt-gt-ws-ctv-offer-reservation-link\"    href=\"https:\/\/reservation.secureholiday.net\/nl\/11638\/search\/product-list\/?widgetOfferId=2849922\" \n    target=\"_blank\"\n    aria-label=\"Consulter l&#039;offre 259\u20ac per week : Aanbieding voor stellen comfort\"\n    rel=\"noopener noreferrer\">\n    <span class=\"sr-only\">Consulter cette offre<\/span>\n<\/a>\n\n<\/div>\n\n<\/li><li class=\"wp-block-post post-8258 offre_speciale type-offre_speciale status-publish has-post-thumbnail hentry\">\n\n<div class=\"wp-block-group has-base-2-background-color has-background is-layout-flow wp-block-group-is-layout-flow\" style=\"border-top-left-radius:10px;border-top-right-radius:10px;border-bottom-left-radius:10px;border-bottom-right-radius:10px;padding-top:14px;padding-right:14px;padding-bottom:14px;padding-left:14px\"><figure class=\"wp-block-post-featured-image\"><img decoding=\"async\" width=\"667\" height=\"387\" src=\"https:\/\/camping-platinredoute.fr\/wp-content\/uploads\/2026\/02\/couple-en-vacances-promotions-du-camping.jpg\" class=\"attachment-post-thumbnail size-post-thumbnail wp-post-image\" alt=\"couple en vacances promotions du camping\" style=\"border-top-left-radius:10px;border-top-right-radius:10px;border-bottom-left-radius:10px;border-bottom-right-radius:10px;object-fit:cover;\" srcset=\"https:\/\/camping-platinredoute.fr\/wp-content\/uploads\/2026\/02\/couple-en-vacances-promotions-du-camping.jpg 667w, https:\/\/camping-platinredoute.fr\/wp-content\/uploads\/2026\/02\/couple-en-vacances-promotions-du-camping-300x174.jpg 300w\" sizes=\"(max-width: 667px) 100vw, 667px\" \/><\/figure>\n\n\n<figure class=\"wp-block-image size-full\"><img alt=\"\" decoding=\"async\" width=\"94\" height=\"95\" src=\"https:\/\/camping-platinredoute.fr\/wp-content\/uploads\/2025\/12\/icon-promo-jaune.svg\" alt=\"\" class=\"wp-image-1454\"\/><\/figure>\n\n\n\n<div class=\"wp-block-columns are-vertically-aligned-center is-layout-flex wp-container-core-columns-is-layout-17686c70 wp-block-columns-is-layout-flex\" style=\"padding-right:15px;padding-left:15px\">\n<div class=\"wp-block-column is-vertically-aligned-center is-layout-flow wp-block-column-is-layout-flow\" style=\"padding-left:0px\">\n<div style=\"font-size:clamp(14px, 0.875rem + ((1vw - 3.2px) * 0.104), 15px);line-height:1.2\" class=\"wp-elements-102 wp-block-gt-gt-ws-ctv-offer-dates has-text-color has-custom-color-1-color\">\n    Van 29\/08\/2026 au 11\/09\/2026<\/div>\n\n\n\n\n<p class=\"has-custom-color-1-color has-text-color has-link-color has-unbounded-font-family wp-elements-103 wp-block-paragraph\" style=\"font-size:clamp(0.875rem, 0.875rem + ((1vw - 0.2rem) * 0.208), 1rem);font-style:normal;font-weight:800;line-height:1.2\">289\u20ac per week : Aanbieding voor stellen comfort<\/p>\n\n\n<div style=\"font-size:0.75rem;line-height:1\" class=\"wp-elements-104 wp-block-gt-gt-ws-ctv-offer-conditions has-text-color has-custom-color-1-color\">\n                        <p>Minimale verblijfsduur : 7<\/p>\n            <\/div>\n\n<\/div>\n\n\n\n<div class=\"wp-block-column is-vertically-aligned-center is-layout-flow wp-block-column-is-layout-flow\">\n<div class=\"wp-block-group cta has-border-color has-custom-color-1-border-color has-custom-color-1-background-color has-background is-nowrap is-layout-flex wp-container-core-group-is-layout-410927e0 wp-block-group-is-layout-flex\" style=\"border-width:2px;border-top-left-radius:100px;border-top-right-radius:100px;border-bottom-left-radius:100px;border-bottom-right-radius:100px;padding-top:10px;padding-right:20px;padding-bottom:10px;padding-left:20px\">\n<p class=\"has-base-2-color has-text-color has-link-color wp-elements-105 wp-block-paragraph\" style=\"font-style:normal;font-weight:700;text-transform:uppercase\">Bekijk het aanbod<\/p>\n\n\n\n<figure class=\"wp-block-image size-large\"><img decoding=\"async\" width=\"24\" height=\"24\" src=\"https:\/\/camping-platinredoute.fr\/wp-content\/uploads\/2025\/12\/icon-fleche-droite-blanc.svg\" alt=\"pijl\" class=\"wp-image-1009\"\/><\/figure>\n\n\n\n<figure class=\"wp-block-image size-large wp-duotone-rgb654122-rgb654122-25\"><img decoding=\"async\" width=\"24\" height=\"24\" src=\"https:\/\/camping-platinredoute.fr\/wp-content\/uploads\/2025\/12\/icon-fleche-droite-blanc.svg\" alt=\"icoon rechte pijl wit\" class=\"wp-image-1009\"\/><\/figure>\n<\/div>\n<\/div>\n<\/div>\n\n\n<a \n    class=\"is-style-lien-cover has-sr-only-text wp-block-gt-gt-ws-ctv-offer-reservation-link\"    href=\"https:\/\/reservation.secureholiday.net\/nl\/11638\/search\/product-list\/?widgetOfferId=2849921\" \n    target=\"_blank\"\n    aria-label=\"Consulter l&#039;offre 289\u20ac per week : Aanbieding voor stellen comfort\"\n    rel=\"noopener noreferrer\">\n    <span class=\"sr-only\">Consulter cette offre<\/span>\n<\/a>\n\n<\/div>\n\n<\/li><li class=\"wp-block-post post-8259 offre_speciale type-offre_speciale status-publish has-post-thumbnail hentry\">\n\n<div class=\"wp-block-group has-base-2-background-color has-background is-layout-flow wp-block-group-is-layout-flow\" style=\"border-top-left-radius:10px;border-top-right-radius:10px;border-bottom-left-radius:10px;border-bottom-right-radius:10px;padding-top:14px;padding-right:14px;padding-bottom:14px;padding-left:14px\"><figure class=\"wp-block-post-featured-image\"><img decoding=\"async\" width=\"667\" height=\"387\" src=\"https:\/\/camping-platinredoute.fr\/wp-content\/uploads\/2026\/02\/couple-en-vacances-promotions-du-camping.jpg\" class=\"attachment-post-thumbnail size-post-thumbnail wp-post-image\" alt=\"couple en vacances promotions du camping\" style=\"border-top-left-radius:10px;border-top-right-radius:10px;border-bottom-left-radius:10px;border-bottom-right-radius:10px;object-fit:cover;\" srcset=\"https:\/\/camping-platinredoute.fr\/wp-content\/uploads\/2026\/02\/couple-en-vacances-promotions-du-camping.jpg 667w, https:\/\/camping-platinredoute.fr\/wp-content\/uploads\/2026\/02\/couple-en-vacances-promotions-du-camping-300x174.jpg 300w\" sizes=\"(max-width: 667px) 100vw, 667px\" \/><\/figure>\n\n\n<figure class=\"wp-block-image size-full\"><img alt=\"\" decoding=\"async\" width=\"94\" height=\"95\" src=\"https:\/\/camping-platinredoute.fr\/wp-content\/uploads\/2025\/12\/icon-promo-jaune.svg\" alt=\"\" class=\"wp-image-1454\"\/><\/figure>\n\n\n\n<div class=\"wp-block-columns are-vertically-aligned-center is-layout-flex wp-container-core-columns-is-layout-17686c70 wp-block-columns-is-layout-flex\" style=\"padding-right:15px;padding-left:15px\">\n<div class=\"wp-block-column is-vertically-aligned-center is-layout-flow wp-block-column-is-layout-flow\" style=\"padding-left:0px\">\n<div style=\"font-size:clamp(14px, 0.875rem + ((1vw - 3.2px) * 0.104), 15px);line-height:1.2\" class=\"wp-elements-106 wp-block-gt-gt-ws-ctv-offer-dates has-text-color has-custom-color-1-color\">\n    Van 26\/05\/2026 au 04\/07\/2026<\/div>\n\n\n\n\n<p class=\"has-custom-color-1-color has-text-color has-link-color has-unbounded-font-family wp-elements-107 wp-block-paragraph\" style=\"font-size:clamp(0.875rem, 0.875rem + ((1vw - 0.2rem) * 0.208), 1rem);font-style:normal;font-weight:800;line-height:1.2\">289\u20ac per week : Aanbieding voor stellen comfort<\/p>\n\n\n<div style=\"font-size:0.75rem;line-height:1\" class=\"wp-elements-108 wp-block-gt-gt-ws-ctv-offer-conditions has-text-color has-custom-color-1-color\">\n                        <p>Minimale verblijfsduur : 7<\/p>\n            <\/div>\n\n<\/div>\n\n\n\n<div class=\"wp-block-column is-vertically-aligned-center is-layout-flow wp-block-column-is-layout-flow\">\n<div class=\"wp-block-group cta has-border-color has-custom-color-1-border-color has-custom-color-1-background-color has-background is-nowrap is-layout-flex wp-container-core-group-is-layout-410927e0 wp-block-group-is-layout-flex\" style=\"border-width:2px;border-top-left-radius:100px;border-top-right-radius:100px;border-bottom-left-radius:100px;border-bottom-right-radius:100px;padding-top:10px;padding-right:20px;padding-bottom:10px;padding-left:20px\">\n<p class=\"has-base-2-color has-text-color has-link-color wp-elements-109 wp-block-paragraph\" style=\"font-style:normal;font-weight:700;text-transform:uppercase\">Bekijk het aanbod<\/p>\n\n\n\n<figure class=\"wp-block-image size-large\"><img decoding=\"async\" width=\"24\" height=\"24\" src=\"https:\/\/camping-platinredoute.fr\/wp-content\/uploads\/2025\/12\/icon-fleche-droite-blanc.svg\" alt=\"pijl\" class=\"wp-image-1009\"\/><\/figure>\n\n\n\n<figure class=\"wp-block-image size-large wp-duotone-rgb654122-rgb654122-26\"><img decoding=\"async\" width=\"24\" height=\"24\" src=\"https:\/\/camping-platinredoute.fr\/wp-content\/uploads\/2025\/12\/icon-fleche-droite-blanc.svg\" alt=\"icoon rechte pijl wit\" class=\"wp-image-1009\"\/><\/figure>\n<\/div>\n<\/div>\n<\/div>\n\n\n<a \n    class=\"is-style-lien-cover has-sr-only-text wp-block-gt-gt-ws-ctv-offer-reservation-link\"    href=\"https:\/\/reservation.secureholiday.net\/nl\/11638\/search\/product-list\/?widgetOfferId=2849919\" \n    target=\"_blank\"\n    aria-label=\"Consulter l&#039;offre 289\u20ac per week : Aanbieding voor stellen comfort\"\n    rel=\"noopener noreferrer\">\n    <span class=\"sr-only\">Consulter cette offre<\/span>\n<\/a>\n\n<\/div>\n\n<\/li><li class=\"wp-block-post post-8260 offre_speciale type-offre_speciale status-publish has-post-thumbnail hentry\">\n\n<div class=\"wp-block-group has-base-2-background-color has-background is-layout-flow wp-block-group-is-layout-flow\" style=\"border-top-left-radius:10px;border-top-right-radius:10px;border-bottom-left-radius:10px;border-bottom-right-radius:10px;padding-top:14px;padding-right:14px;padding-bottom:14px;padding-left:14px\"><figure class=\"wp-block-post-featured-image\"><img decoding=\"async\" width=\"667\" height=\"387\" src=\"https:\/\/camping-platinredoute.fr\/wp-content\/uploads\/2026\/02\/couple-en-vacances-promotions-du-camping.jpg\" class=\"attachment-post-thumbnail size-post-thumbnail wp-post-image\" alt=\"couple en vacances promotions du camping\" style=\"border-top-left-radius:10px;border-top-right-radius:10px;border-bottom-left-radius:10px;border-bottom-right-radius:10px;object-fit:cover;\" srcset=\"https:\/\/camping-platinredoute.fr\/wp-content\/uploads\/2026\/02\/couple-en-vacances-promotions-du-camping.jpg 667w, https:\/\/camping-platinredoute.fr\/wp-content\/uploads\/2026\/02\/couple-en-vacances-promotions-du-camping-300x174.jpg 300w\" sizes=\"(max-width: 667px) 100vw, 667px\" \/><\/figure>\n\n\n<figure class=\"wp-block-image size-full\"><img alt=\"\" decoding=\"async\" width=\"94\" height=\"95\" src=\"https:\/\/camping-platinredoute.fr\/wp-content\/uploads\/2025\/12\/icon-promo-jaune.svg\" alt=\"\" class=\"wp-image-1454\"\/><\/figure>\n\n\n\n<div class=\"wp-block-columns are-vertically-aligned-center is-layout-flex wp-container-core-columns-is-layout-17686c70 wp-block-columns-is-layout-flex\" style=\"padding-right:15px;padding-left:15px\">\n<div class=\"wp-block-column is-vertically-aligned-center is-layout-flow wp-block-column-is-layout-flow\" style=\"padding-left:0px\">\n<div style=\"font-size:clamp(14px, 0.875rem + ((1vw - 3.2px) * 0.104), 15px);line-height:1.2\" class=\"wp-elements-110 wp-block-gt-gt-ws-ctv-offer-dates has-text-color has-custom-color-1-color\">\n    Van 01\/05\/2026 au 14\/05\/2026<\/div>\n\n\n\n\n<p class=\"has-custom-color-1-color has-text-color has-link-color has-unbounded-font-family wp-elements-111 wp-block-paragraph\" style=\"font-size:clamp(0.875rem, 0.875rem + ((1vw - 0.2rem) * 0.208), 1rem);font-style:normal;font-weight:800;line-height:1.2\">289\u20ac per week : Aanbieding voor stellen comfort<\/p>\n\n\n<div style=\"font-size:0.75rem;line-height:1\" class=\"wp-elements-112 wp-block-gt-gt-ws-ctv-offer-conditions has-text-color has-custom-color-1-color\">\n                        <p>Minimale verblijfsduur : 7<\/p>\n            <\/div>\n\n<\/div>\n\n\n\n<div class=\"wp-block-column is-vertically-aligned-center is-layout-flow wp-block-column-is-layout-flow\">\n<div class=\"wp-block-group cta has-border-color has-custom-color-1-border-color has-custom-color-1-background-color has-background is-nowrap is-layout-flex wp-container-core-group-is-layout-410927e0 wp-block-group-is-layout-flex\" style=\"border-width:2px;border-top-left-radius:100px;border-top-right-radius:100px;border-bottom-left-radius:100px;border-bottom-right-radius:100px;padding-top:10px;padding-right:20px;padding-bottom:10px;padding-left:20px\">\n<p class=\"has-base-2-color has-text-color has-link-color wp-elements-113 wp-block-paragraph\" style=\"font-style:normal;font-weight:700;text-transform:uppercase\">Bekijk het aanbod<\/p>\n\n\n\n<figure class=\"wp-block-image size-large\"><img decoding=\"async\" width=\"24\" height=\"24\" src=\"https:\/\/camping-platinredoute.fr\/wp-content\/uploads\/2025\/12\/icon-fleche-droite-blanc.svg\" alt=\"pijl\" class=\"wp-image-1009\"\/><\/figure>\n\n\n\n<figure class=\"wp-block-image size-large wp-duotone-rgb654122-rgb654122-27\"><img decoding=\"async\" width=\"24\" height=\"24\" src=\"https:\/\/camping-platinredoute.fr\/wp-content\/uploads\/2025\/12\/icon-fleche-droite-blanc.svg\" alt=\"icoon rechte pijl wit\" class=\"wp-image-1009\"\/><\/figure>\n<\/div>\n<\/div>\n<\/div>\n\n\n<a \n    class=\"is-style-lien-cover has-sr-only-text wp-block-gt-gt-ws-ctv-offer-reservation-link\"    href=\"https:\/\/reservation.secureholiday.net\/nl\/11638\/search\/product-list\/?widgetOfferId=2849915\" \n    target=\"_blank\"\n    aria-label=\"Consulter l&#039;offre 289\u20ac per week : Aanbieding voor stellen comfort\"\n    rel=\"noopener noreferrer\">\n    <span class=\"sr-only\">Consulter cette offre<\/span>\n<\/a>\n\n<\/div>\n\n<\/li><li class=\"wp-block-post post-8823 offre_speciale type-offre_speciale status-publish has-post-thumbnail hentry\">\n\n<div class=\"wp-block-group has-base-2-background-color has-background is-layout-flow wp-block-group-is-layout-flow\" style=\"border-top-left-radius:10px;border-top-right-radius:10px;border-bottom-left-radius:10px;border-bottom-right-radius:10px;padding-top:14px;padding-right:14px;padding-bottom:14px;padding-left:14px\"><figure class=\"wp-block-post-featured-image\"><img decoding=\"async\" width=\"667\" height=\"387\" src=\"https:\/\/camping-platinredoute.fr\/wp-content\/uploads\/2026\/02\/couple-en-vacances-promotions-du-camping.jpg\" class=\"attachment-post-thumbnail size-post-thumbnail wp-post-image\" alt=\"couple en vacances promotions du camping\" style=\"border-top-left-radius:10px;border-top-right-radius:10px;border-bottom-left-radius:10px;border-bottom-right-radius:10px;object-fit:cover;\" srcset=\"https:\/\/camping-platinredoute.fr\/wp-content\/uploads\/2026\/02\/couple-en-vacances-promotions-du-camping.jpg 667w, https:\/\/camping-platinredoute.fr\/wp-content\/uploads\/2026\/02\/couple-en-vacances-promotions-du-camping-300x174.jpg 300w\" sizes=\"(max-width: 667px) 100vw, 667px\" \/><\/figure>\n\n\n<figure class=\"wp-block-image size-full\"><img alt=\"\" decoding=\"async\" width=\"94\" height=\"95\" src=\"https:\/\/camping-platinredoute.fr\/wp-content\/uploads\/2025\/12\/icon-promo-jaune.svg\" alt=\"\" class=\"wp-image-1454\"\/><\/figure>\n\n\n\n<div class=\"wp-block-columns are-vertically-aligned-center is-layout-flex wp-container-core-columns-is-layout-17686c70 wp-block-columns-is-layout-flex\" style=\"padding-right:15px;padding-left:15px\">\n<div class=\"wp-block-column is-vertically-aligned-center is-layout-flow wp-block-column-is-layout-flow\" style=\"padding-left:0px\">\n<div style=\"font-size:clamp(14px, 0.875rem + ((1vw - 3.2px) * 0.104), 15px);line-height:1.2\" class=\"wp-elements-114 wp-block-gt-gt-ws-ctv-offer-dates has-text-color has-custom-color-1-color\">\n    Van 28\/08\/2027 au 01\/11\/2027<\/div>\n\n\n\n\n<p class=\"has-custom-color-1-color has-text-color has-link-color has-unbounded-font-family wp-elements-115 wp-block-paragraph\" style=\"font-size:clamp(0.875rem, 0.875rem + ((1vw - 0.2rem) * 0.208), 1rem);font-style:normal;font-weight:800;line-height:1.2\">289\u20ac per week : Aanbieding voor stellen comfort<\/p>\n\n\n<div style=\"font-size:0.75rem;line-height:1\" class=\"wp-elements-116 wp-block-gt-gt-ws-ctv-offer-conditions has-text-color has-custom-color-1-color\">\n                        <p>Minimale verblijfsduur : 7<\/p>\n            <\/div>\n\n<\/div>\n\n\n\n<div class=\"wp-block-column is-vertically-aligned-center is-layout-flow wp-block-column-is-layout-flow\">\n<div class=\"wp-block-group cta has-border-color has-custom-color-1-border-color has-custom-color-1-background-color has-background is-nowrap is-layout-flex wp-container-core-group-is-layout-410927e0 wp-block-group-is-layout-flex\" style=\"border-width:2px;border-top-left-radius:100px;border-top-right-radius:100px;border-bottom-left-radius:100px;border-bottom-right-radius:100px;padding-top:10px;padding-right:20px;padding-bottom:10px;padding-left:20px\">\n<p class=\"has-base-2-color has-text-color has-link-color wp-elements-117 wp-block-paragraph\" style=\"font-style:normal;font-weight:700;text-transform:uppercase\">Bekijk het aanbod<\/p>\n\n\n\n<figure class=\"wp-block-image size-large\"><img decoding=\"async\" width=\"24\" height=\"24\" src=\"https:\/\/camping-platinredoute.fr\/wp-content\/uploads\/2025\/12\/icon-fleche-droite-blanc.svg\" alt=\"pijl\" class=\"wp-image-1009\"\/><\/figure>\n\n\n\n<figure class=\"wp-block-image size-large wp-duotone-rgb654122-rgb654122-28\"><img decoding=\"async\" width=\"24\" height=\"24\" src=\"https:\/\/camping-platinredoute.fr\/wp-content\/uploads\/2025\/12\/icon-fleche-droite-blanc.svg\" alt=\"icoon rechte pijl wit\" class=\"wp-image-1009\"\/><\/figure>\n<\/div>\n<\/div>\n<\/div>\n\n\n<a \n    class=\"is-style-lien-cover has-sr-only-text wp-block-gt-gt-ws-ctv-offer-reservation-link\"    href=\"https:\/\/reservation.secureholiday.net\/nl\/11638\/search\/product-list\/?widgetOfferId=2961658\" \n    target=\"_blank\"\n    aria-label=\"Consulter l&#039;offre 289\u20ac per week : Aanbieding voor stellen comfort\"\n    rel=\"noopener noreferrer\">\n    <span class=\"sr-only\">Consulter cette offre<\/span>\n<\/a>\n\n<\/div>\n\n<\/li><li class=\"wp-block-post post-8825 offre_speciale type-offre_speciale status-publish has-post-thumbnail hentry\">\n\n<div class=\"wp-block-group has-base-2-background-color has-background is-layout-flow wp-block-group-is-layout-flow\" style=\"border-top-left-radius:10px;border-top-right-radius:10px;border-bottom-left-radius:10px;border-bottom-right-radius:10px;padding-top:14px;padding-right:14px;padding-bottom:14px;padding-left:14px\"><figure class=\"wp-block-post-featured-image\"><img decoding=\"async\" width=\"667\" height=\"387\" src=\"https:\/\/camping-platinredoute.fr\/wp-content\/uploads\/2026\/02\/couple-en-vacances-promotions-du-camping.jpg\" class=\"attachment-post-thumbnail size-post-thumbnail wp-post-image\" alt=\"couple en vacances promotions du camping\" style=\"border-top-left-radius:10px;border-top-right-radius:10px;border-bottom-left-radius:10px;border-bottom-right-radius:10px;object-fit:cover;\" srcset=\"https:\/\/camping-platinredoute.fr\/wp-content\/uploads\/2026\/02\/couple-en-vacances-promotions-du-camping.jpg 667w, https:\/\/camping-platinredoute.fr\/wp-content\/uploads\/2026\/02\/couple-en-vacances-promotions-du-camping-300x174.jpg 300w\" sizes=\"(max-width: 667px) 100vw, 667px\" \/><\/figure>\n\n\n<figure class=\"wp-block-image size-full\"><img alt=\"\" decoding=\"async\" width=\"94\" height=\"95\" src=\"https:\/\/camping-platinredoute.fr\/wp-content\/uploads\/2025\/12\/icon-promo-jaune.svg\" alt=\"\" class=\"wp-image-1454\"\/><\/figure>\n\n\n\n<div class=\"wp-block-columns are-vertically-aligned-center is-layout-flex wp-container-core-columns-is-layout-17686c70 wp-block-columns-is-layout-flex\" style=\"padding-right:15px;padding-left:15px\">\n<div class=\"wp-block-column is-vertically-aligned-center is-layout-flow wp-block-column-is-layout-flow\" style=\"padding-left:0px\">\n<div style=\"font-size:clamp(14px, 0.875rem + ((1vw - 3.2px) * 0.104), 15px);line-height:1.2\" class=\"wp-elements-118 wp-block-gt-gt-ws-ctv-offer-dates has-text-color has-custom-color-1-color\">\n    Van 17\/05\/2027 au 19\/06\/2027<\/div>\n\n\n\n\n<p class=\"has-custom-color-1-color has-text-color has-link-color has-unbounded-font-family wp-elements-119 wp-block-paragraph\" style=\"font-size:clamp(0.875rem, 0.875rem + ((1vw - 0.2rem) * 0.208), 1rem);font-style:normal;font-weight:800;line-height:1.2\">289\u20ac per week : Aanbieding voor stellen comfort<\/p>\n\n\n<div style=\"font-size:0.75rem;line-height:1\" class=\"wp-elements-120 wp-block-gt-gt-ws-ctv-offer-conditions has-text-color has-custom-color-1-color\">\n                        <p>Minimale verblijfsduur : 7<\/p>\n            <\/div>\n\n<\/div>\n\n\n\n<div class=\"wp-block-column is-vertically-aligned-center is-layout-flow wp-block-column-is-layout-flow\">\n<div class=\"wp-block-group cta has-border-color has-custom-color-1-border-color has-custom-color-1-background-color has-background is-nowrap is-layout-flex wp-container-core-group-is-layout-410927e0 wp-block-group-is-layout-flex\" style=\"border-width:2px;border-top-left-radius:100px;border-top-right-radius:100px;border-bottom-left-radius:100px;border-bottom-right-radius:100px;padding-top:10px;padding-right:20px;padding-bottom:10px;padding-left:20px\">\n<p class=\"has-base-2-color has-text-color has-link-color wp-elements-121 wp-block-paragraph\" style=\"font-style:normal;font-weight:700;text-transform:uppercase\">Bekijk het aanbod<\/p>\n\n\n\n<figure class=\"wp-block-image size-large\"><img decoding=\"async\" width=\"24\" height=\"24\" src=\"https:\/\/camping-platinredoute.fr\/wp-content\/uploads\/2025\/12\/icon-fleche-droite-blanc.svg\" alt=\"pijl\" class=\"wp-image-1009\"\/><\/figure>\n\n\n\n<figure class=\"wp-block-image size-large wp-duotone-rgb654122-rgb654122-29\"><img decoding=\"async\" width=\"24\" height=\"24\" src=\"https:\/\/camping-platinredoute.fr\/wp-content\/uploads\/2025\/12\/icon-fleche-droite-blanc.svg\" alt=\"icoon rechte pijl wit\" class=\"wp-image-1009\"\/><\/figure>\n<\/div>\n<\/div>\n<\/div>\n\n\n<a \n    class=\"is-style-lien-cover has-sr-only-text wp-block-gt-gt-ws-ctv-offer-reservation-link\"    href=\"https:\/\/reservation.secureholiday.net\/nl\/11638\/search\/product-list\/?widgetOfferId=2961656\" \n    target=\"_blank\"\n    aria-label=\"Consulter l&#039;offre 289\u20ac per week : Aanbieding voor stellen comfort\"\n    rel=\"noopener noreferrer\">\n    <span class=\"sr-only\">Consulter cette offre<\/span>\n<\/a>\n\n<\/div>\n\n<\/li><li class=\"wp-block-post post-8824 offre_speciale type-offre_speciale status-publish has-post-thumbnail hentry\">\n\n<div class=\"wp-block-group has-base-2-background-color has-background is-layout-flow wp-block-group-is-layout-flow\" style=\"border-top-left-radius:10px;border-top-right-radius:10px;border-bottom-left-radius:10px;border-bottom-right-radius:10px;padding-top:14px;padding-right:14px;padding-bottom:14px;padding-left:14px\"><figure class=\"wp-block-post-featured-image\"><img decoding=\"async\" width=\"667\" height=\"387\" src=\"https:\/\/camping-platinredoute.fr\/wp-content\/uploads\/2026\/02\/couple-en-vacances-promotions-du-camping.jpg\" class=\"attachment-post-thumbnail size-post-thumbnail wp-post-image\" alt=\"couple en vacances promotions du camping\" style=\"border-top-left-radius:10px;border-top-right-radius:10px;border-bottom-left-radius:10px;border-bottom-right-radius:10px;object-fit:cover;\" srcset=\"https:\/\/camping-platinredoute.fr\/wp-content\/uploads\/2026\/02\/couple-en-vacances-promotions-du-camping.jpg 667w, https:\/\/camping-platinredoute.fr\/wp-content\/uploads\/2026\/02\/couple-en-vacances-promotions-du-camping-300x174.jpg 300w\" sizes=\"(max-width: 667px) 100vw, 667px\" \/><\/figure>\n\n\n<figure class=\"wp-block-image size-full\"><img alt=\"\" decoding=\"async\" width=\"94\" height=\"95\" src=\"https:\/\/camping-platinredoute.fr\/wp-content\/uploads\/2025\/12\/icon-promo-jaune.svg\" alt=\"\" class=\"wp-image-1454\"\/><\/figure>\n\n\n\n<div class=\"wp-block-columns are-vertically-aligned-center is-layout-flex wp-container-core-columns-is-layout-17686c70 wp-block-columns-is-layout-flex\" style=\"padding-right:15px;padding-left:15px\">\n<div class=\"wp-block-column is-vertically-aligned-center is-layout-flow wp-block-column-is-layout-flow\" style=\"padding-left:0px\">\n<div style=\"font-size:clamp(14px, 0.875rem + ((1vw - 3.2px) * 0.104), 15px);line-height:1.2\" class=\"wp-elements-122 wp-block-gt-gt-ws-ctv-offer-dates has-text-color has-custom-color-1-color\">\n    Van 12\/06\/2027 au 03\/07\/2027<\/div>\n\n\n\n\n<p class=\"has-custom-color-1-color has-text-color has-link-color has-unbounded-font-family wp-elements-123 wp-block-paragraph\" style=\"font-size:clamp(0.875rem, 0.875rem + ((1vw - 0.2rem) * 0.208), 1rem);font-style:normal;font-weight:800;line-height:1.2\">299\u20ac per week : Aanbieding voor stellen comfort<\/p>\n\n\n<div style=\"font-size:0.75rem;line-height:1\" class=\"wp-elements-124 wp-block-gt-gt-ws-ctv-offer-conditions has-text-color has-custom-color-1-color\">\n                        <p>Minimale verblijfsduur : 7<\/p>\n            <\/div>\n\n<\/div>\n\n\n\n<div class=\"wp-block-column is-vertically-aligned-center is-layout-flow wp-block-column-is-layout-flow\">\n<div class=\"wp-block-group cta has-border-color has-custom-color-1-border-color has-custom-color-1-background-color has-background is-nowrap is-layout-flex wp-container-core-group-is-layout-410927e0 wp-block-group-is-layout-flex\" style=\"border-width:2px;border-top-left-radius:100px;border-top-right-radius:100px;border-bottom-left-radius:100px;border-bottom-right-radius:100px;padding-top:10px;padding-right:20px;padding-bottom:10px;padding-left:20px\">\n<p class=\"has-base-2-color has-text-color has-link-color wp-elements-125 wp-block-paragraph\" style=\"font-style:normal;font-weight:700;text-transform:uppercase\">Bekijk het aanbod<\/p>\n\n\n\n<figure class=\"wp-block-image size-large\"><img decoding=\"async\" width=\"24\" height=\"24\" src=\"https:\/\/camping-platinredoute.fr\/wp-content\/uploads\/2025\/12\/icon-fleche-droite-blanc.svg\" alt=\"pijl\" class=\"wp-image-1009\"\/><\/figure>\n\n\n\n<figure class=\"wp-block-image size-large wp-duotone-rgb654122-rgb654122-30\"><img decoding=\"async\" width=\"24\" height=\"24\" src=\"https:\/\/camping-platinredoute.fr\/wp-content\/uploads\/2025\/12\/icon-fleche-droite-blanc.svg\" alt=\"icoon rechte pijl wit\" class=\"wp-image-1009\"\/><\/figure>\n<\/div>\n<\/div>\n<\/div>\n\n\n<a \n    class=\"is-style-lien-cover has-sr-only-text wp-block-gt-gt-ws-ctv-offer-reservation-link\"    href=\"https:\/\/reservation.secureholiday.net\/nl\/11638\/search\/product-list\/?widgetOfferId=2961657\" \n    target=\"_blank\"\n    aria-label=\"Consulter l&#039;offre 299\u20ac per week : Aanbieding voor stellen comfort\"\n    rel=\"noopener noreferrer\">\n    <span class=\"sr-only\">Consulter cette offre<\/span>\n<\/a>\n\n<\/div>\n\n<\/li><li class=\"wp-block-post post-8963 offre_speciale type-offre_speciale status-publish has-post-thumbnail hentry\">\n\n<div class=\"wp-block-group has-base-2-background-color has-background is-layout-flow wp-block-group-is-layout-flow\" style=\"border-top-left-radius:10px;border-top-right-radius:10px;border-bottom-left-radius:10px;border-bottom-right-radius:10px;padding-top:14px;padding-right:14px;padding-bottom:14px;padding-left:14px\"><figure class=\"wp-block-post-featured-image\"><img decoding=\"async\" width=\"667\" height=\"387\" src=\"https:\/\/camping-platinredoute.fr\/wp-content\/uploads\/2026\/02\/couple-en-vacances-promotions-du-camping.jpg\" class=\"attachment-post-thumbnail size-post-thumbnail wp-post-image\" alt=\"couple en vacances promotions du camping\" style=\"border-top-left-radius:10px;border-top-right-radius:10px;border-bottom-left-radius:10px;border-bottom-right-radius:10px;object-fit:cover;\" srcset=\"https:\/\/camping-platinredoute.fr\/wp-content\/uploads\/2026\/02\/couple-en-vacances-promotions-du-camping.jpg 667w, https:\/\/camping-platinredoute.fr\/wp-content\/uploads\/2026\/02\/couple-en-vacances-promotions-du-camping-300x174.jpg 300w\" sizes=\"(max-width: 667px) 100vw, 667px\" \/><\/figure>\n\n\n<figure class=\"wp-block-image size-full\"><img alt=\"\" decoding=\"async\" width=\"94\" height=\"95\" src=\"https:\/\/camping-platinredoute.fr\/wp-content\/uploads\/2025\/12\/icon-promo-jaune.svg\" alt=\"\" class=\"wp-image-1454\"\/><\/figure>\n\n\n\n<div class=\"wp-block-columns are-vertically-aligned-center is-layout-flex wp-container-core-columns-is-layout-17686c70 wp-block-columns-is-layout-flex\" style=\"padding-right:15px;padding-left:15px\">\n<div class=\"wp-block-column is-vertically-aligned-center is-layout-flow wp-block-column-is-layout-flow\" style=\"padding-left:0px\">\n<div style=\"font-size:clamp(14px, 0.875rem + ((1vw - 3.2px) * 0.104), 15px);line-height:1.2\" class=\"wp-elements-126 wp-block-gt-gt-ws-ctv-offer-dates has-text-color has-custom-color-1-color\">\n    Van 29\/08\/2026 au 01\/11\/2026<\/div>\n\n\n\n\n<p class=\"has-custom-color-1-color has-text-color has-link-color has-unbounded-font-family wp-elements-127 wp-block-paragraph\" style=\"font-size:clamp(0.875rem, 0.875rem + ((1vw - 0.2rem) * 0.208), 1rem);font-style:normal;font-weight:800;line-height:1.2\">299\u20ac per week : Aanbieding voor stellen premium<\/p>\n\n\n<div style=\"font-size:0.75rem;line-height:1\" class=\"wp-elements-128 wp-block-gt-gt-ws-ctv-offer-conditions has-text-color has-custom-color-1-color\">\n                        <p>Minimale verblijfsduur : 7<\/p>\n            <\/div>\n\n<\/div>\n\n\n\n<div class=\"wp-block-column is-vertically-aligned-center is-layout-flow wp-block-column-is-layout-flow\">\n<div class=\"wp-block-group cta has-border-color has-custom-color-1-border-color has-custom-color-1-background-color has-background is-nowrap is-layout-flex wp-container-core-group-is-layout-410927e0 wp-block-group-is-layout-flex\" style=\"border-width:2px;border-top-left-radius:100px;border-top-right-radius:100px;border-bottom-left-radius:100px;border-bottom-right-radius:100px;padding-top:10px;padding-right:20px;padding-bottom:10px;padding-left:20px\">\n<p class=\"has-base-2-color has-text-color has-link-color wp-elements-129 wp-block-paragraph\" style=\"font-style:normal;font-weight:700;text-transform:uppercase\">Bekijk het aanbod<\/p>\n\n\n\n<figure class=\"wp-block-image size-large\"><img decoding=\"async\" width=\"24\" height=\"24\" src=\"https:\/\/camping-platinredoute.fr\/wp-content\/uploads\/2025\/12\/icon-fleche-droite-blanc.svg\" alt=\"pijl\" class=\"wp-image-1009\"\/><\/figure>\n\n\n\n<figure class=\"wp-block-image size-large wp-duotone-rgb654122-rgb654122-31\"><img decoding=\"async\" width=\"24\" height=\"24\" src=\"https:\/\/camping-platinredoute.fr\/wp-content\/uploads\/2025\/12\/icon-fleche-droite-blanc.svg\" alt=\"icoon rechte pijl wit\" class=\"wp-image-1009\"\/><\/figure>\n<\/div>\n<\/div>\n<\/div>\n\n\n<a \n    class=\"is-style-lien-cover has-sr-only-text wp-block-gt-gt-ws-ctv-offer-reservation-link\"    href=\"https:\/\/reservation.secureholiday.net\/nl\/11638\/search\/product-list\/?widgetOfferId=2966077\" \n    target=\"_blank\"\n    aria-label=\"Consulter l&#039;offre 299\u20ac per week : Aanbieding voor stellen premium\"\n    rel=\"noopener noreferrer\">\n    <span class=\"sr-only\">Consulter cette offre<\/span>\n<\/a>\n\n<\/div>\n\n<\/li><li class=\"wp-block-post post-8253 offre_speciale type-offre_speciale status-publish has-post-thumbnail hentry\">\n\n<div class=\"wp-block-group has-base-2-background-color has-background is-layout-flow wp-block-group-is-layout-flow\" style=\"border-top-left-radius:10px;border-top-right-radius:10px;border-bottom-left-radius:10px;border-bottom-right-radius:10px;padding-top:14px;padding-right:14px;padding-bottom:14px;padding-left:14px\"><figure class=\"wp-block-post-featured-image\"><img decoding=\"async\" width=\"667\" height=\"387\" src=\"https:\/\/camping-platinredoute.fr\/wp-content\/uploads\/2026\/02\/couple-en-vacances-promotions-du-camping.jpg\" class=\"attachment-post-thumbnail size-post-thumbnail wp-post-image\" alt=\"couple en vacances promotions du camping\" style=\"border-top-left-radius:10px;border-top-right-radius:10px;border-bottom-left-radius:10px;border-bottom-right-radius:10px;object-fit:cover;\" srcset=\"https:\/\/camping-platinredoute.fr\/wp-content\/uploads\/2026\/02\/couple-en-vacances-promotions-du-camping.jpg 667w, https:\/\/camping-platinredoute.fr\/wp-content\/uploads\/2026\/02\/couple-en-vacances-promotions-du-camping-300x174.jpg 300w\" sizes=\"(max-width: 667px) 100vw, 667px\" \/><\/figure>\n\n\n<figure class=\"wp-block-image size-full\"><img alt=\"\" decoding=\"async\" width=\"94\" height=\"95\" src=\"https:\/\/camping-platinredoute.fr\/wp-content\/uploads\/2025\/12\/icon-promo-jaune.svg\" alt=\"\" class=\"wp-image-1454\"\/><\/figure>\n\n\n\n<div class=\"wp-block-columns are-vertically-aligned-center is-layout-flex wp-container-core-columns-is-layout-17686c70 wp-block-columns-is-layout-flex\" style=\"padding-right:15px;padding-left:15px\">\n<div class=\"wp-block-column is-vertically-aligned-center is-layout-flow wp-block-column-is-layout-flow\" style=\"padding-left:0px\">\n<div style=\"font-size:clamp(14px, 0.875rem + ((1vw - 3.2px) * 0.104), 15px);line-height:1.2\" class=\"wp-elements-130 wp-block-gt-gt-ws-ctv-offer-dates has-text-color has-custom-color-1-color\">\n    Van 05\/09\/2026 au 31\/10\/2026<\/div>\n\n\n\n\n<p class=\"has-custom-color-1-color has-text-color has-link-color has-unbounded-font-family wp-elements-131 wp-block-paragraph\" style=\"font-size:clamp(0.875rem, 0.875rem + ((1vw - 0.2rem) * 0.208), 1rem);font-style:normal;font-weight:800;line-height:1.2\">299\u20ac per week : Aanbieding voor stellen premium<\/p>\n\n\n<div style=\"font-size:0.75rem;line-height:1\" class=\"wp-elements-132 wp-block-gt-gt-ws-ctv-offer-conditions has-text-color has-custom-color-1-color\">\n                        <p>Minimale verblijfsduur : 7<\/p>\n            <\/div>\n\n<\/div>\n\n\n\n<div class=\"wp-block-column is-vertically-aligned-center is-layout-flow wp-block-column-is-layout-flow\">\n<div class=\"wp-block-group cta has-border-color has-custom-color-1-border-color has-custom-color-1-background-color has-background is-nowrap is-layout-flex wp-container-core-group-is-layout-410927e0 wp-block-group-is-layout-flex\" style=\"border-width:2px;border-top-left-radius:100px;border-top-right-radius:100px;border-bottom-left-radius:100px;border-bottom-right-radius:100px;padding-top:10px;padding-right:20px;padding-bottom:10px;padding-left:20px\">\n<p class=\"has-base-2-color has-text-color has-link-color wp-elements-133 wp-block-paragraph\" style=\"font-style:normal;font-weight:700;text-transform:uppercase\">Bekijk het aanbod<\/p>\n\n\n\n<figure class=\"wp-block-image size-large\"><img decoding=\"async\" width=\"24\" height=\"24\" src=\"https:\/\/camping-platinredoute.fr\/wp-content\/uploads\/2025\/12\/icon-fleche-droite-blanc.svg\" alt=\"pijl\" class=\"wp-image-1009\"\/><\/figure>\n\n\n\n<figure class=\"wp-block-image size-large wp-duotone-rgb654122-rgb654122-32\"><img decoding=\"async\" width=\"24\" height=\"24\" src=\"https:\/\/camping-platinredoute.fr\/wp-content\/uploads\/2025\/12\/icon-fleche-droite-blanc.svg\" alt=\"icoon rechte pijl wit\" class=\"wp-image-1009\"\/><\/figure>\n<\/div>\n<\/div>\n<\/div>\n\n\n<a \n    class=\"is-style-lien-cover has-sr-only-text wp-block-gt-gt-ws-ctv-offer-reservation-link\"    href=\"https:\/\/reservation.secureholiday.net\/nl\/11638\/search\/product-list\/?widgetOfferId=2849927\" \n    target=\"_blank\"\n    aria-label=\"Consulter l&#039;offre 299\u20ac per week : Aanbieding voor stellen premium\"\n    rel=\"noopener noreferrer\">\n    <span class=\"sr-only\">Consulter cette offre<\/span>\n<\/a>\n\n<\/div>\n\n<\/li><li class=\"wp-block-post post-8256 offre_speciale type-offre_speciale status-publish has-post-thumbnail hentry\">\n\n<div class=\"wp-block-group has-base-2-background-color has-background is-layout-flow wp-block-group-is-layout-flow\" style=\"border-top-left-radius:10px;border-top-right-radius:10px;border-bottom-left-radius:10px;border-bottom-right-radius:10px;padding-top:14px;padding-right:14px;padding-bottom:14px;padding-left:14px\"><figure class=\"wp-block-post-featured-image\"><img decoding=\"async\" width=\"667\" height=\"387\" src=\"https:\/\/camping-platinredoute.fr\/wp-content\/uploads\/2026\/02\/couple-en-vacances-promotions-du-camping.jpg\" class=\"attachment-post-thumbnail size-post-thumbnail wp-post-image\" alt=\"couple en vacances promotions du camping\" style=\"border-top-left-radius:10px;border-top-right-radius:10px;border-bottom-left-radius:10px;border-bottom-right-radius:10px;object-fit:cover;\" srcset=\"https:\/\/camping-platinredoute.fr\/wp-content\/uploads\/2026\/02\/couple-en-vacances-promotions-du-camping.jpg 667w, https:\/\/camping-platinredoute.fr\/wp-content\/uploads\/2026\/02\/couple-en-vacances-promotions-du-camping-300x174.jpg 300w\" sizes=\"(max-width: 667px) 100vw, 667px\" \/><\/figure>\n\n\n<figure class=\"wp-block-image size-full\"><img alt=\"\" decoding=\"async\" width=\"94\" height=\"95\" src=\"https:\/\/camping-platinredoute.fr\/wp-content\/uploads\/2025\/12\/icon-promo-jaune.svg\" alt=\"\" class=\"wp-image-1454\"\/><\/figure>\n\n\n\n<div class=\"wp-block-columns are-vertically-aligned-center is-layout-flex wp-container-core-columns-is-layout-17686c70 wp-block-columns-is-layout-flex\" style=\"padding-right:15px;padding-left:15px\">\n<div class=\"wp-block-column is-vertically-aligned-center is-layout-flow wp-block-column-is-layout-flow\" style=\"padding-left:0px\">\n<div style=\"font-size:clamp(14px, 0.875rem + ((1vw - 3.2px) * 0.104), 15px);line-height:1.2\" class=\"wp-elements-134 wp-block-gt-gt-ws-ctv-offer-dates has-text-color has-custom-color-1-color\">\n    Van 13\/04\/2026 au 14\/05\/2026<\/div>\n\n\n\n\n<p class=\"has-custom-color-1-color has-text-color has-link-color has-unbounded-font-family wp-elements-135 wp-block-paragraph\" style=\"font-size:clamp(0.875rem, 0.875rem + ((1vw - 0.2rem) * 0.208), 1rem);font-style:normal;font-weight:800;line-height:1.2\">299\u20ac per week : Aanbieding voor stellen premium<\/p>\n\n\n<div style=\"font-size:0.75rem;line-height:1\" class=\"wp-elements-136 wp-block-gt-gt-ws-ctv-offer-conditions has-text-color has-custom-color-1-color\">\n                        <p>Minimale verblijfsduur : 7<\/p>\n            <\/div>\n\n<\/div>\n\n\n\n<div class=\"wp-block-column is-vertically-aligned-center is-layout-flow wp-block-column-is-layout-flow\">\n<div class=\"wp-block-group cta has-border-color has-custom-color-1-border-color has-custom-color-1-background-color has-background is-nowrap is-layout-flex wp-container-core-group-is-layout-410927e0 wp-block-group-is-layout-flex\" style=\"border-width:2px;border-top-left-radius:100px;border-top-right-radius:100px;border-bottom-left-radius:100px;border-bottom-right-radius:100px;padding-top:10px;padding-right:20px;padding-bottom:10px;padding-left:20px\">\n<p class=\"has-base-2-color has-text-color has-link-color wp-elements-137 wp-block-paragraph\" style=\"font-style:normal;font-weight:700;text-transform:uppercase\">Bekijk het aanbod<\/p>\n\n\n\n<figure class=\"wp-block-image size-large\"><img decoding=\"async\" width=\"24\" height=\"24\" src=\"https:\/\/camping-platinredoute.fr\/wp-content\/uploads\/2025\/12\/icon-fleche-droite-blanc.svg\" alt=\"pijl\" class=\"wp-image-1009\"\/><\/figure>\n\n\n\n<figure class=\"wp-block-image size-large wp-duotone-rgb654122-rgb654122-33\"><img decoding=\"async\" width=\"24\" height=\"24\" src=\"https:\/\/camping-platinredoute.fr\/wp-content\/uploads\/2025\/12\/icon-fleche-droite-blanc.svg\" alt=\"icoon rechte pijl wit\" class=\"wp-image-1009\"\/><\/figure>\n<\/div>\n<\/div>\n<\/div>\n\n\n<a \n    class=\"is-style-lien-cover has-sr-only-text wp-block-gt-gt-ws-ctv-offer-reservation-link\"    href=\"https:\/\/reservation.secureholiday.net\/nl\/11638\/search\/product-list\/?widgetOfferId=2849923\" \n    target=\"_blank\"\n    aria-label=\"Consulter l&#039;offre 299\u20ac per week : Aanbieding voor stellen premium\"\n    rel=\"noopener noreferrer\">\n    <span class=\"sr-only\">Consulter cette offre<\/span>\n<\/a>\n\n<\/div>\n\n<\/li><li class=\"wp-block-post post-8817 offre_speciale type-offre_speciale status-publish has-post-thumbnail hentry\">\n\n<div class=\"wp-block-group has-base-2-background-color has-background is-layout-flow wp-block-group-is-layout-flow\" style=\"border-top-left-radius:10px;border-top-right-radius:10px;border-bottom-left-radius:10px;border-bottom-right-radius:10px;padding-top:14px;padding-right:14px;padding-bottom:14px;padding-left:14px\"><figure class=\"wp-block-post-featured-image\"><img decoding=\"async\" width=\"667\" height=\"387\" src=\"https:\/\/camping-platinredoute.fr\/wp-content\/uploads\/2026\/02\/couple-en-vacances-promotions-du-camping.jpg\" class=\"attachment-post-thumbnail size-post-thumbnail wp-post-image\" alt=\"couple en vacances promotions du camping\" style=\"border-top-left-radius:10px;border-top-right-radius:10px;border-bottom-left-radius:10px;border-bottom-right-radius:10px;object-fit:cover;\" srcset=\"https:\/\/camping-platinredoute.fr\/wp-content\/uploads\/2026\/02\/couple-en-vacances-promotions-du-camping.jpg 667w, https:\/\/camping-platinredoute.fr\/wp-content\/uploads\/2026\/02\/couple-en-vacances-promotions-du-camping-300x174.jpg 300w\" sizes=\"(max-width: 667px) 100vw, 667px\" \/><\/figure>\n\n\n<figure class=\"wp-block-image size-full\"><img alt=\"\" decoding=\"async\" width=\"94\" height=\"95\" src=\"https:\/\/camping-platinredoute.fr\/wp-content\/uploads\/2025\/12\/icon-promo-jaune.svg\" alt=\"\" class=\"wp-image-1454\"\/><\/figure>\n\n\n\n<div class=\"wp-block-columns are-vertically-aligned-center is-layout-flex wp-container-core-columns-is-layout-17686c70 wp-block-columns-is-layout-flex\" style=\"padding-right:15px;padding-left:15px\">\n<div class=\"wp-block-column is-vertically-aligned-center is-layout-flow wp-block-column-is-layout-flow\" style=\"padding-left:0px\">\n<div style=\"font-size:clamp(14px, 0.875rem + ((1vw - 3.2px) * 0.104), 15px);line-height:1.2\" class=\"wp-elements-138 wp-block-gt-gt-ws-ctv-offer-dates has-text-color has-custom-color-1-color\">\n    Van 17\/05\/2027 au 19\/06\/2027<\/div>\n\n\n\n\n<p class=\"has-custom-color-1-color has-text-color has-link-color has-unbounded-font-family wp-elements-139 wp-block-paragraph\" style=\"font-size:clamp(0.875rem, 0.875rem + ((1vw - 0.2rem) * 0.208), 1rem);font-style:normal;font-weight:800;line-height:1.2\">299\u20ac per week : Offre Famille Premium<\/p>\n\n\n<div style=\"font-size:0.75rem;line-height:1\" class=\"wp-elements-140 wp-block-gt-gt-ws-ctv-offer-conditions has-text-color has-custom-color-1-color\">\n                        <p>Minimale verblijfsduur : 7<\/p>\n            <\/div>\n\n<\/div>\n\n\n\n<div class=\"wp-block-column is-vertically-aligned-center is-layout-flow wp-block-column-is-layout-flow\">\n<div class=\"wp-block-group cta has-border-color has-custom-color-1-border-color has-custom-color-1-background-color has-background is-nowrap is-layout-flex wp-container-core-group-is-layout-410927e0 wp-block-group-is-layout-flex\" style=\"border-width:2px;border-top-left-radius:100px;border-top-right-radius:100px;border-bottom-left-radius:100px;border-bottom-right-radius:100px;padding-top:10px;padding-right:20px;padding-bottom:10px;padding-left:20px\">\n<p class=\"has-base-2-color has-text-color has-link-color wp-elements-141 wp-block-paragraph\" style=\"font-style:normal;font-weight:700;text-transform:uppercase\">Bekijk het aanbod<\/p>\n\n\n\n<figure class=\"wp-block-image size-large\"><img decoding=\"async\" width=\"24\" height=\"24\" src=\"https:\/\/camping-platinredoute.fr\/wp-content\/uploads\/2025\/12\/icon-fleche-droite-blanc.svg\" alt=\"pijl\" class=\"wp-image-1009\"\/><\/figure>\n\n\n\n<figure class=\"wp-block-image size-large wp-duotone-rgb654122-rgb654122-34\"><img decoding=\"async\" width=\"24\" height=\"24\" src=\"https:\/\/camping-platinredoute.fr\/wp-content\/uploads\/2025\/12\/icon-fleche-droite-blanc.svg\" alt=\"icoon rechte pijl wit\" class=\"wp-image-1009\"\/><\/figure>\n<\/div>\n<\/div>\n<\/div>\n\n\n<a \n    class=\"is-style-lien-cover has-sr-only-text wp-block-gt-gt-ws-ctv-offer-reservation-link\"    href=\"https:\/\/reservation.secureholiday.net\/nl\/11638\/search\/product-list\/?widgetOfferId=2961665\" \n    target=\"_blank\"\n    aria-label=\"Consulter l&#039;offre 299\u20ac per week : Offre Famille Premium\"\n    rel=\"noopener noreferrer\">\n    <span class=\"sr-only\">Consulter cette offre<\/span>\n<\/a>\n\n<\/div>\n\n<\/li><li class=\"wp-block-post post-8818 offre_speciale type-offre_speciale status-publish has-post-thumbnail hentry\">\n\n<div class=\"wp-block-group has-base-2-background-color has-background is-layout-flow wp-block-group-is-layout-flow\" style=\"border-top-left-radius:10px;border-top-right-radius:10px;border-bottom-left-radius:10px;border-bottom-right-radius:10px;padding-top:14px;padding-right:14px;padding-bottom:14px;padding-left:14px\"><figure class=\"wp-block-post-featured-image\"><img decoding=\"async\" width=\"667\" height=\"387\" src=\"https:\/\/camping-platinredoute.fr\/wp-content\/uploads\/2026\/02\/couple-en-vacances-promotions-du-camping.jpg\" class=\"attachment-post-thumbnail size-post-thumbnail wp-post-image\" alt=\"couple en vacances promotions du camping\" style=\"border-top-left-radius:10px;border-top-right-radius:10px;border-bottom-left-radius:10px;border-bottom-right-radius:10px;object-fit:cover;\" srcset=\"https:\/\/camping-platinredoute.fr\/wp-content\/uploads\/2026\/02\/couple-en-vacances-promotions-du-camping.jpg 667w, https:\/\/camping-platinredoute.fr\/wp-content\/uploads\/2026\/02\/couple-en-vacances-promotions-du-camping-300x174.jpg 300w\" sizes=\"(max-width: 667px) 100vw, 667px\" \/><\/figure>\n\n\n<figure class=\"wp-block-image size-full\"><img alt=\"\" decoding=\"async\" width=\"94\" height=\"95\" src=\"https:\/\/camping-platinredoute.fr\/wp-content\/uploads\/2025\/12\/icon-promo-jaune.svg\" alt=\"\" class=\"wp-image-1454\"\/><\/figure>\n\n\n\n<div class=\"wp-block-columns are-vertically-aligned-center is-layout-flex wp-container-core-columns-is-layout-17686c70 wp-block-columns-is-layout-flex\" style=\"padding-right:15px;padding-left:15px\">\n<div class=\"wp-block-column is-vertically-aligned-center is-layout-flow wp-block-column-is-layout-flow\" style=\"padding-left:0px\">\n<div style=\"font-size:clamp(14px, 0.875rem + ((1vw - 3.2px) * 0.104), 15px);line-height:1.2\" class=\"wp-elements-142 wp-block-gt-gt-ws-ctv-offer-dates has-text-color has-custom-color-1-color\">\n    Van 26\/03\/2027 au 05\/05\/2027<\/div>\n\n\n\n\n<p class=\"has-custom-color-1-color has-text-color has-link-color has-unbounded-font-family wp-elements-143 wp-block-paragraph\" style=\"font-size:clamp(0.875rem, 0.875rem + ((1vw - 0.2rem) * 0.208), 1rem);font-style:normal;font-weight:800;line-height:1.2\">299\u20ac per week : Offre Famille Premium<\/p>\n\n\n<div style=\"font-size:0.75rem;line-height:1\" class=\"wp-elements-144 wp-block-gt-gt-ws-ctv-offer-conditions has-text-color has-custom-color-1-color\">\n                        <p>Minimale verblijfsduur : 7<\/p>\n            <\/div>\n\n<\/div>\n\n\n\n<div class=\"wp-block-column is-vertically-aligned-center is-layout-flow wp-block-column-is-layout-flow\">\n<div class=\"wp-block-group cta has-border-color has-custom-color-1-border-color has-custom-color-1-background-color has-background is-nowrap is-layout-flex wp-container-core-group-is-layout-410927e0 wp-block-group-is-layout-flex\" style=\"border-width:2px;border-top-left-radius:100px;border-top-right-radius:100px;border-bottom-left-radius:100px;border-bottom-right-radius:100px;padding-top:10px;padding-right:20px;padding-bottom:10px;padding-left:20px\">\n<p class=\"has-base-2-color has-text-color has-link-color wp-elements-145 wp-block-paragraph\" style=\"font-style:normal;font-weight:700;text-transform:uppercase\">Bekijk het aanbod<\/p>\n\n\n\n<figure class=\"wp-block-image size-large\"><img decoding=\"async\" width=\"24\" height=\"24\" src=\"https:\/\/camping-platinredoute.fr\/wp-content\/uploads\/2025\/12\/icon-fleche-droite-blanc.svg\" alt=\"pijl\" class=\"wp-image-1009\"\/><\/figure>\n\n\n\n<figure class=\"wp-block-image size-large wp-duotone-rgb654122-rgb654122-35\"><img decoding=\"async\" width=\"24\" height=\"24\" src=\"https:\/\/camping-platinredoute.fr\/wp-content\/uploads\/2025\/12\/icon-fleche-droite-blanc.svg\" alt=\"icoon rechte pijl wit\" class=\"wp-image-1009\"\/><\/figure>\n<\/div>\n<\/div>\n<\/div>\n\n\n<a \n    class=\"is-style-lien-cover has-sr-only-text wp-block-gt-gt-ws-ctv-offer-reservation-link\"    href=\"https:\/\/reservation.secureholiday.net\/nl\/11638\/search\/product-list\/?widgetOfferId=2961664\" \n    target=\"_blank\"\n    aria-label=\"Consulter l&#039;offre 299\u20ac per week : Offre Famille Premium\"\n    rel=\"noopener noreferrer\">\n    <span class=\"sr-only\">Consulter cette offre<\/span>\n<\/a>\n\n<\/div>\n\n<\/li><li class=\"wp-block-post post-8378 offre_speciale type-offre_speciale status-publish has-post-thumbnail hentry\">\n\n<div class=\"wp-block-group has-base-2-background-color has-background is-layout-flow wp-block-group-is-layout-flow\" style=\"border-top-left-radius:10px;border-top-right-radius:10px;border-bottom-left-radius:10px;border-bottom-right-radius:10px;padding-top:14px;padding-right:14px;padding-bottom:14px;padding-left:14px\"><figure class=\"wp-block-post-featured-image\"><img decoding=\"async\" width=\"667\" height=\"387\" src=\"https:\/\/camping-platinredoute.fr\/wp-content\/uploads\/2026\/02\/couple-en-vacances-promotions-du-camping.jpg\" class=\"attachment-post-thumbnail size-post-thumbnail wp-post-image\" alt=\"couple en vacances promotions du camping\" style=\"border-top-left-radius:10px;border-top-right-radius:10px;border-bottom-left-radius:10px;border-bottom-right-radius:10px;object-fit:cover;\" srcset=\"https:\/\/camping-platinredoute.fr\/wp-content\/uploads\/2026\/02\/couple-en-vacances-promotions-du-camping.jpg 667w, https:\/\/camping-platinredoute.fr\/wp-content\/uploads\/2026\/02\/couple-en-vacances-promotions-du-camping-300x174.jpg 300w\" sizes=\"(max-width: 667px) 100vw, 667px\" \/><\/figure>\n\n\n<figure class=\"wp-block-image size-full\"><img alt=\"\" decoding=\"async\" width=\"94\" height=\"95\" src=\"https:\/\/camping-platinredoute.fr\/wp-content\/uploads\/2025\/12\/icon-promo-jaune.svg\" alt=\"\" class=\"wp-image-1454\"\/><\/figure>\n\n\n\n<div class=\"wp-block-columns are-vertically-aligned-center is-layout-flex wp-container-core-columns-is-layout-17686c70 wp-block-columns-is-layout-flex\" style=\"padding-right:15px;padding-left:15px\">\n<div class=\"wp-block-column is-vertically-aligned-center is-layout-flow wp-block-column-is-layout-flow\" style=\"padding-left:0px\">\n<div style=\"font-size:clamp(14px, 0.875rem + ((1vw - 3.2px) * 0.104), 15px);line-height:1.2\" class=\"wp-elements-146 wp-block-gt-gt-ws-ctv-offer-dates has-text-color has-custom-color-1-color\">\n    Van 29\/08\/2026 au 01\/11\/2026<\/div>\n\n\n\n\n<p class=\"has-custom-color-1-color has-text-color has-link-color has-unbounded-font-family wp-elements-147 wp-block-paragraph\" style=\"font-size:clamp(0.875rem, 0.875rem + ((1vw - 0.2rem) * 0.208), 1rem);font-style:normal;font-weight:800;line-height:1.2\">299\u20ac per week : Offre Famille Premium<\/p>\n\n\n<div style=\"font-size:0.75rem;line-height:1\" class=\"wp-elements-148 wp-block-gt-gt-ws-ctv-offer-conditions has-text-color has-custom-color-1-color\">\n                        <p>{&quot;conditionOS&quot;:&quot;De korting geldt voor: : Basisprijs&quot;}<\/p>\n            <\/div>\n\n<\/div>\n\n\n\n<div class=\"wp-block-column is-vertically-aligned-center is-layout-flow wp-block-column-is-layout-flow\">\n<div class=\"wp-block-group cta has-border-color has-custom-color-1-border-color has-custom-color-1-background-color has-background is-nowrap is-layout-flex wp-container-core-group-is-layout-410927e0 wp-block-group-is-layout-flex\" style=\"border-width:2px;border-top-left-radius:100px;border-top-right-radius:100px;border-bottom-left-radius:100px;border-bottom-right-radius:100px;padding-top:10px;padding-right:20px;padding-bottom:10px;padding-left:20px\">\n<p class=\"has-base-2-color has-text-color has-link-color wp-elements-149 wp-block-paragraph\" style=\"font-style:normal;font-weight:700;text-transform:uppercase\">Bekijk het aanbod<\/p>\n\n\n\n<figure class=\"wp-block-image size-large\"><img decoding=\"async\" width=\"24\" height=\"24\" src=\"https:\/\/camping-platinredoute.fr\/wp-content\/uploads\/2025\/12\/icon-fleche-droite-blanc.svg\" alt=\"pijl\" class=\"wp-image-1009\"\/><\/figure>\n\n\n\n<figure class=\"wp-block-image size-large wp-duotone-rgb654122-rgb654122-36\"><img decoding=\"async\" width=\"24\" height=\"24\" src=\"https:\/\/camping-platinredoute.fr\/wp-content\/uploads\/2025\/12\/icon-fleche-droite-blanc.svg\" alt=\"icoon rechte pijl wit\" class=\"wp-image-1009\"\/><\/figure>\n<\/div>\n<\/div>\n<\/div>\n\n\n<a \n    class=\"is-style-lien-cover has-sr-only-text wp-block-gt-gt-ws-ctv-offer-reservation-link\"    href=\"https:\/\/reservation.secureholiday.net\/nl\/11638\/search\/product-list\/?widgetOfferId=2911082\" \n    target=\"_blank\"\n    aria-label=\"Consulter l&#039;offre 299\u20ac per week : Offre Famille Premium\"\n    rel=\"noopener noreferrer\">\n    <span class=\"sr-only\">Consulter cette offre<\/span>\n<\/a>\n\n<\/div>\n\n<\/li><li class=\"wp-block-post post-8250 offre_speciale type-offre_speciale status-publish has-post-thumbnail hentry\">\n\n<div class=\"wp-block-group has-base-2-background-color has-background is-layout-flow wp-block-group-is-layout-flow\" style=\"border-top-left-radius:10px;border-top-right-radius:10px;border-bottom-left-radius:10px;border-bottom-right-radius:10px;padding-top:14px;padding-right:14px;padding-bottom:14px;padding-left:14px\"><figure class=\"wp-block-post-featured-image\"><img decoding=\"async\" width=\"667\" height=\"387\" src=\"https:\/\/camping-platinredoute.fr\/wp-content\/uploads\/2026\/02\/couple-en-vacances-promotions-du-camping.jpg\" class=\"attachment-post-thumbnail size-post-thumbnail wp-post-image\" alt=\"couple en vacances promotions du camping\" style=\"border-top-left-radius:10px;border-top-right-radius:10px;border-bottom-left-radius:10px;border-bottom-right-radius:10px;object-fit:cover;\" srcset=\"https:\/\/camping-platinredoute.fr\/wp-content\/uploads\/2026\/02\/couple-en-vacances-promotions-du-camping.jpg 667w, https:\/\/camping-platinredoute.fr\/wp-content\/uploads\/2026\/02\/couple-en-vacances-promotions-du-camping-300x174.jpg 300w\" sizes=\"(max-width: 667px) 100vw, 667px\" \/><\/figure>\n\n\n<figure class=\"wp-block-image size-full\"><img alt=\"\" decoding=\"async\" width=\"94\" height=\"95\" src=\"https:\/\/camping-platinredoute.fr\/wp-content\/uploads\/2025\/12\/icon-promo-jaune.svg\" alt=\"\" class=\"wp-image-1454\"\/><\/figure>\n\n\n\n<div class=\"wp-block-columns are-vertically-aligned-center is-layout-flex wp-container-core-columns-is-layout-17686c70 wp-block-columns-is-layout-flex\" style=\"padding-right:15px;padding-left:15px\">\n<div class=\"wp-block-column is-vertically-aligned-center is-layout-flow wp-block-column-is-layout-flow\" style=\"padding-left:0px\">\n<div style=\"font-size:clamp(14px, 0.875rem + ((1vw - 3.2px) * 0.104), 15px);line-height:1.2\" class=\"wp-elements-150 wp-block-gt-gt-ws-ctv-offer-dates has-text-color has-custom-color-1-color\">\n    Van 05\/09\/2026 au 31\/10\/2026<\/div>\n\n\n\n\n<p class=\"has-custom-color-1-color has-text-color has-link-color has-unbounded-font-family wp-elements-151 wp-block-paragraph\" style=\"font-size:clamp(0.875rem, 0.875rem + ((1vw - 0.2rem) * 0.208), 1rem);font-style:normal;font-weight:800;line-height:1.2\">319\u20ac per week : Offre Famille Premium<\/p>\n\n\n<div style=\"font-size:0.75rem;line-height:1\" class=\"wp-elements-152 wp-block-gt-gt-ws-ctv-offer-conditions has-text-color has-custom-color-1-color\">\n                        <p>Minimale verblijfsduur : 7<\/p>\n            <\/div>\n\n<\/div>\n\n\n\n<div class=\"wp-block-column is-vertically-aligned-center is-layout-flow wp-block-column-is-layout-flow\">\n<div class=\"wp-block-group cta has-border-color has-custom-color-1-border-color has-custom-color-1-background-color has-background is-nowrap is-layout-flex wp-container-core-group-is-layout-410927e0 wp-block-group-is-layout-flex\" style=\"border-width:2px;border-top-left-radius:100px;border-top-right-radius:100px;border-bottom-left-radius:100px;border-bottom-right-radius:100px;padding-top:10px;padding-right:20px;padding-bottom:10px;padding-left:20px\">\n<p class=\"has-base-2-color has-text-color has-link-color wp-elements-153 wp-block-paragraph\" style=\"font-style:normal;font-weight:700;text-transform:uppercase\">Bekijk het aanbod<\/p>\n\n\n\n<figure class=\"wp-block-image size-large\"><img decoding=\"async\" width=\"24\" height=\"24\" src=\"https:\/\/camping-platinredoute.fr\/wp-content\/uploads\/2025\/12\/icon-fleche-droite-blanc.svg\" alt=\"pijl\" class=\"wp-image-1009\"\/><\/figure>\n\n\n\n<figure class=\"wp-block-image size-large wp-duotone-rgb654122-rgb654122-37\"><img decoding=\"async\" width=\"24\" height=\"24\" src=\"https:\/\/camping-platinredoute.fr\/wp-content\/uploads\/2025\/12\/icon-fleche-droite-blanc.svg\" alt=\"icoon rechte pijl wit\" class=\"wp-image-1009\"\/><\/figure>\n<\/div>\n<\/div>\n<\/div>\n\n\n<a \n    class=\"is-style-lien-cover has-sr-only-text wp-block-gt-gt-ws-ctv-offer-reservation-link\"    href=\"https:\/\/reservation.secureholiday.net\/nl\/11638\/search\/product-list\/?widgetOfferId=2849945\" \n    target=\"_blank\"\n    aria-label=\"Consulter l&#039;offre 319\u20ac per week : Offre Famille Premium\"\n    rel=\"noopener noreferrer\">\n    <span class=\"sr-only\">Consulter cette offre<\/span>\n<\/a>\n\n<\/div>\n\n<\/li><li class=\"wp-block-post post-8254 offre_speciale type-offre_speciale status-publish has-post-thumbnail hentry\">\n\n<div class=\"wp-block-group has-base-2-background-color has-background is-layout-flow wp-block-group-is-layout-flow\" style=\"border-top-left-radius:10px;border-top-right-radius:10px;border-bottom-left-radius:10px;border-bottom-right-radius:10px;padding-top:14px;padding-right:14px;padding-bottom:14px;padding-left:14px\"><figure class=\"wp-block-post-featured-image\"><img decoding=\"async\" width=\"667\" height=\"387\" src=\"https:\/\/camping-platinredoute.fr\/wp-content\/uploads\/2026\/02\/couple-en-vacances-promotions-du-camping.jpg\" class=\"attachment-post-thumbnail size-post-thumbnail wp-post-image\" alt=\"couple en vacances promotions du camping\" style=\"border-top-left-radius:10px;border-top-right-radius:10px;border-bottom-left-radius:10px;border-bottom-right-radius:10px;object-fit:cover;\" srcset=\"https:\/\/camping-platinredoute.fr\/wp-content\/uploads\/2026\/02\/couple-en-vacances-promotions-du-camping.jpg 667w, https:\/\/camping-platinredoute.fr\/wp-content\/uploads\/2026\/02\/couple-en-vacances-promotions-du-camping-300x174.jpg 300w\" sizes=\"(max-width: 667px) 100vw, 667px\" \/><\/figure>\n\n\n<figure class=\"wp-block-image size-full\"><img alt=\"\" decoding=\"async\" width=\"94\" height=\"95\" src=\"https:\/\/camping-platinredoute.fr\/wp-content\/uploads\/2025\/12\/icon-promo-jaune.svg\" alt=\"\" class=\"wp-image-1454\"\/><\/figure>\n\n\n\n<div class=\"wp-block-columns are-vertically-aligned-center is-layout-flex wp-container-core-columns-is-layout-17686c70 wp-block-columns-is-layout-flex\" style=\"padding-right:15px;padding-left:15px\">\n<div class=\"wp-block-column is-vertically-aligned-center is-layout-flow wp-block-column-is-layout-flow\" style=\"padding-left:0px\">\n<div style=\"font-size:clamp(14px, 0.875rem + ((1vw - 3.2px) * 0.104), 15px);line-height:1.2\" class=\"wp-elements-154 wp-block-gt-gt-ws-ctv-offer-dates has-text-color has-custom-color-1-color\">\n    Van 29\/08\/2026 au 11\/09\/2026<\/div>\n\n\n\n\n<p class=\"has-custom-color-1-color has-text-color has-link-color has-unbounded-font-family wp-elements-155 wp-block-paragraph\" style=\"font-size:clamp(0.875rem, 0.875rem + ((1vw - 0.2rem) * 0.208), 1rem);font-style:normal;font-weight:800;line-height:1.2\">329\u20ac per week : Aanbieding voor stellen premium<\/p>\n\n\n<div style=\"font-size:0.75rem;line-height:1\" class=\"wp-elements-156 wp-block-gt-gt-ws-ctv-offer-conditions has-text-color has-custom-color-1-color\">\n                        <p>Minimale verblijfsduur : 7<\/p>\n            <\/div>\n\n<\/div>\n\n\n\n<div class=\"wp-block-column is-vertically-aligned-center is-layout-flow wp-block-column-is-layout-flow\">\n<div class=\"wp-block-group cta has-border-color has-custom-color-1-border-color has-custom-color-1-background-color has-background is-nowrap is-layout-flex wp-container-core-group-is-layout-410927e0 wp-block-group-is-layout-flex\" style=\"border-width:2px;border-top-left-radius:100px;border-top-right-radius:100px;border-bottom-left-radius:100px;border-bottom-right-radius:100px;padding-top:10px;padding-right:20px;padding-bottom:10px;padding-left:20px\">\n<p class=\"has-base-2-color has-text-color has-link-color wp-elements-157 wp-block-paragraph\" style=\"font-style:normal;font-weight:700;text-transform:uppercase\">Bekijk het aanbod<\/p>\n\n\n\n<figure class=\"wp-block-image size-large\"><img decoding=\"async\" width=\"24\" height=\"24\" src=\"https:\/\/camping-platinredoute.fr\/wp-content\/uploads\/2025\/12\/icon-fleche-droite-blanc.svg\" alt=\"pijl\" class=\"wp-image-1009\"\/><\/figure>\n\n\n\n<figure class=\"wp-block-image size-large wp-duotone-rgb654122-rgb654122-38\"><img decoding=\"async\" width=\"24\" height=\"24\" src=\"https:\/\/camping-platinredoute.fr\/wp-content\/uploads\/2025\/12\/icon-fleche-droite-blanc.svg\" alt=\"icoon rechte pijl wit\" class=\"wp-image-1009\"\/><\/figure>\n<\/div>\n<\/div>\n<\/div>\n\n\n<a \n    class=\"is-style-lien-cover has-sr-only-text wp-block-gt-gt-ws-ctv-offer-reservation-link\"    href=\"https:\/\/reservation.secureholiday.net\/nl\/11638\/search\/product-list\/?widgetOfferId=2849926\" \n    target=\"_blank\"\n    aria-label=\"Consulter l&#039;offre 329\u20ac per week : Aanbieding voor stellen premium\"\n    rel=\"noopener noreferrer\">\n    <span class=\"sr-only\">Consulter cette offre<\/span>\n<\/a>\n\n<\/div>\n\n<\/li><li class=\"wp-block-post post-8255 offre_speciale type-offre_speciale status-publish has-post-thumbnail hentry\">\n\n<div class=\"wp-block-group has-base-2-background-color has-background is-layout-flow wp-block-group-is-layout-flow\" style=\"border-top-left-radius:10px;border-top-right-radius:10px;border-bottom-left-radius:10px;border-bottom-right-radius:10px;padding-top:14px;padding-right:14px;padding-bottom:14px;padding-left:14px\"><figure class=\"wp-block-post-featured-image\"><img decoding=\"async\" width=\"667\" height=\"387\" src=\"https:\/\/camping-platinredoute.fr\/wp-content\/uploads\/2026\/02\/couple-en-vacances-promotions-du-camping.jpg\" class=\"attachment-post-thumbnail size-post-thumbnail wp-post-image\" alt=\"couple en vacances promotions du camping\" style=\"border-top-left-radius:10px;border-top-right-radius:10px;border-bottom-left-radius:10px;border-bottom-right-radius:10px;object-fit:cover;\" srcset=\"https:\/\/camping-platinredoute.fr\/wp-content\/uploads\/2026\/02\/couple-en-vacances-promotions-du-camping.jpg 667w, https:\/\/camping-platinredoute.fr\/wp-content\/uploads\/2026\/02\/couple-en-vacances-promotions-du-camping-300x174.jpg 300w\" sizes=\"(max-width: 667px) 100vw, 667px\" \/><\/figure>\n\n\n<figure class=\"wp-block-image size-full\"><img alt=\"\" decoding=\"async\" width=\"94\" height=\"95\" src=\"https:\/\/camping-platinredoute.fr\/wp-content\/uploads\/2025\/12\/icon-promo-jaune.svg\" alt=\"\" class=\"wp-image-1454\"\/><\/figure>\n\n\n\n<div class=\"wp-block-columns are-vertically-aligned-center is-layout-flex wp-container-core-columns-is-layout-17686c70 wp-block-columns-is-layout-flex\" style=\"padding-right:15px;padding-left:15px\">\n<div class=\"wp-block-column is-vertically-aligned-center is-layout-flow wp-block-column-is-layout-flow\" style=\"padding-left:0px\">\n<div style=\"font-size:clamp(14px, 0.875rem + ((1vw - 3.2px) * 0.104), 15px);line-height:1.2\" class=\"wp-elements-158 wp-block-gt-gt-ws-ctv-offer-dates has-text-color has-custom-color-1-color\">\n    Van 26\/05\/2026 au 04\/07\/2026<\/div>\n\n\n\n\n<p class=\"has-custom-color-1-color has-text-color has-link-color has-unbounded-font-family wp-elements-159 wp-block-paragraph\" style=\"font-size:clamp(0.875rem, 0.875rem + ((1vw - 0.2rem) * 0.208), 1rem);font-style:normal;font-weight:800;line-height:1.2\">329\u20ac per week : Aanbieding voor stellen premium<\/p>\n\n\n<div style=\"font-size:0.75rem;line-height:1\" class=\"wp-elements-160 wp-block-gt-gt-ws-ctv-offer-conditions has-text-color has-custom-color-1-color\">\n                        <p>Minimale verblijfsduur : 7<\/p>\n            <\/div>\n\n<\/div>\n\n\n\n<div class=\"wp-block-column is-vertically-aligned-center is-layout-flow wp-block-column-is-layout-flow\">\n<div class=\"wp-block-group cta has-border-color has-custom-color-1-border-color has-custom-color-1-background-color has-background is-nowrap is-layout-flex wp-container-core-group-is-layout-410927e0 wp-block-group-is-layout-flex\" style=\"border-width:2px;border-top-left-radius:100px;border-top-right-radius:100px;border-bottom-left-radius:100px;border-bottom-right-radius:100px;padding-top:10px;padding-right:20px;padding-bottom:10px;padding-left:20px\">\n<p class=\"has-base-2-color has-text-color has-link-color wp-elements-161 wp-block-paragraph\" style=\"font-style:normal;font-weight:700;text-transform:uppercase\">Bekijk het aanbod<\/p>\n\n\n\n<figure class=\"wp-block-image size-large\"><img decoding=\"async\" width=\"24\" height=\"24\" src=\"https:\/\/camping-platinredoute.fr\/wp-content\/uploads\/2025\/12\/icon-fleche-droite-blanc.svg\" alt=\"pijl\" class=\"wp-image-1009\"\/><\/figure>\n\n\n\n<figure class=\"wp-block-image size-large wp-duotone-rgb654122-rgb654122-39\"><img decoding=\"async\" width=\"24\" height=\"24\" src=\"https:\/\/camping-platinredoute.fr\/wp-content\/uploads\/2025\/12\/icon-fleche-droite-blanc.svg\" alt=\"icoon rechte pijl wit\" class=\"wp-image-1009\"\/><\/figure>\n<\/div>\n<\/div>\n<\/div>\n\n\n<a \n    class=\"is-style-lien-cover has-sr-only-text wp-block-gt-gt-ws-ctv-offer-reservation-link\"    href=\"https:\/\/reservation.secureholiday.net\/nl\/11638\/search\/product-list\/?widgetOfferId=2849925\" \n    target=\"_blank\"\n    aria-label=\"Consulter l&#039;offre 329\u20ac per week : Aanbieding voor stellen premium\"\n    rel=\"noopener noreferrer\">\n    <span class=\"sr-only\">Consulter cette offre<\/span>\n<\/a>\n\n<\/div>\n\n<\/li><li class=\"wp-block-post post-8819 offre_speciale type-offre_speciale status-publish has-post-thumbnail hentry\">\n\n<div class=\"wp-block-group has-base-2-background-color has-background is-layout-flow wp-block-group-is-layout-flow\" style=\"border-top-left-radius:10px;border-top-right-radius:10px;border-bottom-left-radius:10px;border-bottom-right-radius:10px;padding-top:14px;padding-right:14px;padding-bottom:14px;padding-left:14px\"><figure class=\"wp-block-post-featured-image\"><img decoding=\"async\" width=\"667\" height=\"387\" src=\"https:\/\/camping-platinredoute.fr\/wp-content\/uploads\/2026\/02\/couple-en-vacances-promotions-du-camping.jpg\" class=\"attachment-post-thumbnail size-post-thumbnail wp-post-image\" alt=\"couple en vacances promotions du camping\" style=\"border-top-left-radius:10px;border-top-right-radius:10px;border-bottom-left-radius:10px;border-bottom-right-radius:10px;object-fit:cover;\" srcset=\"https:\/\/camping-platinredoute.fr\/wp-content\/uploads\/2026\/02\/couple-en-vacances-promotions-du-camping.jpg 667w, https:\/\/camping-platinredoute.fr\/wp-content\/uploads\/2026\/02\/couple-en-vacances-promotions-du-camping-300x174.jpg 300w\" sizes=\"(max-width: 667px) 100vw, 667px\" \/><\/figure>\n\n\n<figure class=\"wp-block-image size-full\"><img alt=\"\" decoding=\"async\" width=\"94\" height=\"95\" src=\"https:\/\/camping-platinredoute.fr\/wp-content\/uploads\/2025\/12\/icon-promo-jaune.svg\" alt=\"\" class=\"wp-image-1454\"\/><\/figure>\n\n\n\n<div class=\"wp-block-columns are-vertically-aligned-center is-layout-flex wp-container-core-columns-is-layout-17686c70 wp-block-columns-is-layout-flex\" style=\"padding-right:15px;padding-left:15px\">\n<div class=\"wp-block-column is-vertically-aligned-center is-layout-flow wp-block-column-is-layout-flow\" style=\"padding-left:0px\">\n<div style=\"font-size:clamp(14px, 0.875rem + ((1vw - 3.2px) * 0.104), 15px);line-height:1.2\" class=\"wp-elements-162 wp-block-gt-gt-ws-ctv-offer-dates has-text-color has-custom-color-1-color\">\n    Van 28\/08\/2027 au 01\/11\/2027<\/div>\n\n\n\n\n<p class=\"has-custom-color-1-color has-text-color has-link-color has-unbounded-font-family wp-elements-163 wp-block-paragraph\" style=\"font-size:clamp(0.875rem, 0.875rem + ((1vw - 0.2rem) * 0.208), 1rem);font-style:normal;font-weight:800;line-height:1.2\">329\u20ac per week : Aanbieding voor stellen premium<\/p>\n\n\n<div style=\"font-size:0.75rem;line-height:1\" class=\"wp-elements-164 wp-block-gt-gt-ws-ctv-offer-conditions has-text-color has-custom-color-1-color\">\n                        <p>Minimale verblijfsduur : 7<\/p>\n            <\/div>\n\n<\/div>\n\n\n\n<div class=\"wp-block-column is-vertically-aligned-center is-layout-flow wp-block-column-is-layout-flow\">\n<div class=\"wp-block-group cta has-border-color has-custom-color-1-border-color has-custom-color-1-background-color has-background is-nowrap is-layout-flex wp-container-core-group-is-layout-410927e0 wp-block-group-is-layout-flex\" style=\"border-width:2px;border-top-left-radius:100px;border-top-right-radius:100px;border-bottom-left-radius:100px;border-bottom-right-radius:100px;padding-top:10px;padding-right:20px;padding-bottom:10px;padding-left:20px\">\n<p class=\"has-base-2-color has-text-color has-link-color wp-elements-165 wp-block-paragraph\" style=\"font-style:normal;font-weight:700;text-transform:uppercase\">Bekijk het aanbod<\/p>\n\n\n\n<figure class=\"wp-block-image size-large\"><img decoding=\"async\" width=\"24\" height=\"24\" src=\"https:\/\/camping-platinredoute.fr\/wp-content\/uploads\/2025\/12\/icon-fleche-droite-blanc.svg\" alt=\"pijl\" class=\"wp-image-1009\"\/><\/figure>\n\n\n\n<figure class=\"wp-block-image size-large wp-duotone-rgb654122-rgb654122-40\"><img decoding=\"async\" width=\"24\" height=\"24\" src=\"https:\/\/camping-platinredoute.fr\/wp-content\/uploads\/2025\/12\/icon-fleche-droite-blanc.svg\" alt=\"icoon rechte pijl wit\" class=\"wp-image-1009\"\/><\/figure>\n<\/div>\n<\/div>\n<\/div>\n\n\n<a \n    class=\"is-style-lien-cover has-sr-only-text wp-block-gt-gt-ws-ctv-offer-reservation-link\"    href=\"https:\/\/reservation.secureholiday.net\/nl\/11638\/search\/product-list\/?widgetOfferId=2961663\" \n    target=\"_blank\"\n    aria-label=\"Consulter l&#039;offre 329\u20ac per week : Aanbieding voor stellen premium\"\n    rel=\"noopener noreferrer\">\n    <span class=\"sr-only\">Consulter cette offre<\/span>\n<\/a>\n\n<\/div>\n\n<\/li><li class=\"wp-block-post post-8965 offre_speciale type-offre_speciale status-publish has-post-thumbnail hentry\">\n\n<div class=\"wp-block-group has-base-2-background-color has-background is-layout-flow wp-block-group-is-layout-flow\" style=\"border-top-left-radius:10px;border-top-right-radius:10px;border-bottom-left-radius:10px;border-bottom-right-radius:10px;padding-top:14px;padding-right:14px;padding-bottom:14px;padding-left:14px\"><figure class=\"wp-block-post-featured-image\"><img decoding=\"async\" width=\"667\" height=\"387\" src=\"https:\/\/camping-platinredoute.fr\/wp-content\/uploads\/2026\/02\/couple-en-vacances-promotions-du-camping.jpg\" class=\"attachment-post-thumbnail size-post-thumbnail wp-post-image\" alt=\"couple en vacances promotions du camping\" style=\"border-top-left-radius:10px;border-top-right-radius:10px;border-bottom-left-radius:10px;border-bottom-right-radius:10px;object-fit:cover;\" srcset=\"https:\/\/camping-platinredoute.fr\/wp-content\/uploads\/2026\/02\/couple-en-vacances-promotions-du-camping.jpg 667w, https:\/\/camping-platinredoute.fr\/wp-content\/uploads\/2026\/02\/couple-en-vacances-promotions-du-camping-300x174.jpg 300w\" sizes=\"(max-width: 667px) 100vw, 667px\" \/><\/figure>\n\n\n<figure class=\"wp-block-image size-full\"><img alt=\"\" decoding=\"async\" width=\"94\" height=\"95\" src=\"https:\/\/camping-platinredoute.fr\/wp-content\/uploads\/2025\/12\/icon-promo-jaune.svg\" alt=\"\" class=\"wp-image-1454\"\/><\/figure>\n\n\n\n<div class=\"wp-block-columns are-vertically-aligned-center is-layout-flex wp-container-core-columns-is-layout-17686c70 wp-block-columns-is-layout-flex\" style=\"padding-right:15px;padding-left:15px\">\n<div class=\"wp-block-column is-vertically-aligned-center is-layout-flow wp-block-column-is-layout-flow\" style=\"padding-left:0px\">\n<div style=\"font-size:clamp(14px, 0.875rem + ((1vw - 3.2px) * 0.104), 15px);line-height:1.2\" class=\"wp-elements-166 wp-block-gt-gt-ws-ctv-offer-dates has-text-color has-custom-color-1-color\">\n    Van 29\/08\/2026 au 01\/11\/2026<\/div>\n\n\n\n\n<p class=\"has-custom-color-1-color has-text-color has-link-color has-unbounded-font-family wp-elements-167 wp-block-paragraph\" style=\"font-size:clamp(0.875rem, 0.875rem + ((1vw - 0.2rem) * 0.208), 1rem);font-style:normal;font-weight:800;line-height:1.2\">329\u20ac per week : Offre Famille Premium<\/p>\n\n\n<div style=\"font-size:0.75rem;line-height:1\" class=\"wp-elements-168 wp-block-gt-gt-ws-ctv-offer-conditions has-text-color has-custom-color-1-color\">\n                        <p>Minimale verblijfsduur : 7<\/p>\n            <\/div>\n\n<\/div>\n\n\n\n<div class=\"wp-block-column is-vertically-aligned-center is-layout-flow wp-block-column-is-layout-flow\">\n<div class=\"wp-block-group cta has-border-color has-custom-color-1-border-color has-custom-color-1-background-color has-background is-nowrap is-layout-flex wp-container-core-group-is-layout-410927e0 wp-block-group-is-layout-flex\" style=\"border-width:2px;border-top-left-radius:100px;border-top-right-radius:100px;border-bottom-left-radius:100px;border-bottom-right-radius:100px;padding-top:10px;padding-right:20px;padding-bottom:10px;padding-left:20px\">\n<p class=\"has-base-2-color has-text-color has-link-color wp-elements-169 wp-block-paragraph\" style=\"font-style:normal;font-weight:700;text-transform:uppercase\">Bekijk het aanbod<\/p>\n\n\n\n<figure class=\"wp-block-image size-large\"><img decoding=\"async\" width=\"24\" height=\"24\" src=\"https:\/\/camping-platinredoute.fr\/wp-content\/uploads\/2025\/12\/icon-fleche-droite-blanc.svg\" alt=\"pijl\" class=\"wp-image-1009\"\/><\/figure>\n\n\n\n<figure class=\"wp-block-image size-large wp-duotone-rgb654122-rgb654122-41\"><img decoding=\"async\" width=\"24\" height=\"24\" src=\"https:\/\/camping-platinredoute.fr\/wp-content\/uploads\/2025\/12\/icon-fleche-droite-blanc.svg\" alt=\"icoon rechte pijl wit\" class=\"wp-image-1009\"\/><\/figure>\n<\/div>\n<\/div>\n<\/div>\n\n\n<a \n    class=\"is-style-lien-cover has-sr-only-text wp-block-gt-gt-ws-ctv-offer-reservation-link\"    href=\"https:\/\/reservation.secureholiday.net\/nl\/11638\/search\/product-list\/?widgetOfferId=2966075\" \n    target=\"_blank\"\n    aria-label=\"Consulter l&#039;offre 329\u20ac per week : Offre Famille Premium\"\n    rel=\"noopener noreferrer\">\n    <span class=\"sr-only\">Consulter cette offre<\/span>\n<\/a>\n\n<\/div>\n\n<\/li><li class=\"wp-block-post post-8246 offre_speciale type-offre_speciale status-publish has-post-thumbnail hentry\">\n\n<div class=\"wp-block-group has-base-2-background-color has-background is-layout-flow wp-block-group-is-layout-flow\" style=\"border-top-left-radius:10px;border-top-right-radius:10px;border-bottom-left-radius:10px;border-bottom-right-radius:10px;padding-top:14px;padding-right:14px;padding-bottom:14px;padding-left:14px\"><figure class=\"wp-block-post-featured-image\"><img decoding=\"async\" width=\"667\" height=\"387\" src=\"https:\/\/camping-platinredoute.fr\/wp-content\/uploads\/2026\/02\/couple-en-vacances-promotions-du-camping.jpg\" class=\"attachment-post-thumbnail size-post-thumbnail wp-post-image\" alt=\"couple en vacances promotions du camping\" style=\"border-top-left-radius:10px;border-top-right-radius:10px;border-bottom-left-radius:10px;border-bottom-right-radius:10px;object-fit:cover;\" srcset=\"https:\/\/camping-platinredoute.fr\/wp-content\/uploads\/2026\/02\/couple-en-vacances-promotions-du-camping.jpg 667w, https:\/\/camping-platinredoute.fr\/wp-content\/uploads\/2026\/02\/couple-en-vacances-promotions-du-camping-300x174.jpg 300w\" sizes=\"(max-width: 667px) 100vw, 667px\" \/><\/figure>\n\n\n<figure class=\"wp-block-image size-full\"><img alt=\"\" decoding=\"async\" width=\"94\" height=\"95\" src=\"https:\/\/camping-platinredoute.fr\/wp-content\/uploads\/2025\/12\/icon-promo-jaune.svg\" alt=\"\" class=\"wp-image-1454\"\/><\/figure>\n\n\n\n<div class=\"wp-block-columns are-vertically-aligned-center is-layout-flex wp-container-core-columns-is-layout-17686c70 wp-block-columns-is-layout-flex\" style=\"padding-right:15px;padding-left:15px\">\n<div class=\"wp-block-column is-vertically-aligned-center is-layout-flow wp-block-column-is-layout-flow\" style=\"padding-left:0px\">\n<div style=\"font-size:clamp(14px, 0.875rem + ((1vw - 3.2px) * 0.104), 15px);line-height:1.2\" class=\"wp-elements-170 wp-block-gt-gt-ws-ctv-offer-dates has-text-color has-custom-color-1-color\">\n    Van 05\/09\/2026 au 31\/10\/2026<\/div>\n\n\n\n\n<p class=\"has-custom-color-1-color has-text-color has-link-color has-unbounded-font-family wp-elements-171 wp-block-paragraph\" style=\"font-size:clamp(0.875rem, 0.875rem + ((1vw - 0.2rem) * 0.208), 1rem);font-style:normal;font-weight:800;line-height:1.2\">339\u20ac per week : Aanbieding voor stellen premium<\/p>\n\n\n<div style=\"font-size:0.75rem;line-height:1\" class=\"wp-elements-172 wp-block-gt-gt-ws-ctv-offer-conditions has-text-color has-custom-color-1-color\">\n                        <p>{&quot;conditionOS&quot;:&quot;De korting geldt voor: : Basisprijs&quot;}<\/p>\n            <\/div>\n\n<\/div>\n\n\n\n<div class=\"wp-block-column is-vertically-aligned-center is-layout-flow wp-block-column-is-layout-flow\">\n<div class=\"wp-block-group cta has-border-color has-custom-color-1-border-color has-custom-color-1-background-color has-background is-nowrap is-layout-flex wp-container-core-group-is-layout-410927e0 wp-block-group-is-layout-flex\" style=\"border-width:2px;border-top-left-radius:100px;border-top-right-radius:100px;border-bottom-left-radius:100px;border-bottom-right-radius:100px;padding-top:10px;padding-right:20px;padding-bottom:10px;padding-left:20px\">\n<p class=\"has-base-2-color has-text-color has-link-color wp-elements-173 wp-block-paragraph\" style=\"font-style:normal;font-weight:700;text-transform:uppercase\">Bekijk het aanbod<\/p>\n\n\n\n<figure class=\"wp-block-image size-large\"><img decoding=\"async\" width=\"24\" height=\"24\" src=\"https:\/\/camping-platinredoute.fr\/wp-content\/uploads\/2025\/12\/icon-fleche-droite-blanc.svg\" alt=\"pijl\" class=\"wp-image-1009\"\/><\/figure>\n\n\n\n<figure class=\"wp-block-image size-large wp-duotone-rgb654122-rgb654122-42\"><img decoding=\"async\" width=\"24\" height=\"24\" src=\"https:\/\/camping-platinredoute.fr\/wp-content\/uploads\/2025\/12\/icon-fleche-droite-blanc.svg\" alt=\"icoon rechte pijl wit\" class=\"wp-image-1009\"\/><\/figure>\n<\/div>\n<\/div>\n<\/div>\n\n\n<a \n    class=\"is-style-lien-cover has-sr-only-text wp-block-gt-gt-ws-ctv-offer-reservation-link\"    href=\"https:\/\/reservation.secureholiday.net\/nl\/11638\/search\/product-list\/?widgetOfferId=2849990\" \n    target=\"_blank\"\n    aria-label=\"Consulter l&#039;offre 339\u20ac per week : Aanbieding voor stellen premium\"\n    rel=\"noopener noreferrer\">\n    <span class=\"sr-only\">Consulter cette offre<\/span>\n<\/a>\n\n<\/div>\n\n<\/li><li class=\"wp-block-post post-8248 offre_speciale type-offre_speciale status-publish has-post-thumbnail hentry\">\n\n<div class=\"wp-block-group has-base-2-background-color has-background is-layout-flow wp-block-group-is-layout-flow\" style=\"border-top-left-radius:10px;border-top-right-radius:10px;border-bottom-left-radius:10px;border-bottom-right-radius:10px;padding-top:14px;padding-right:14px;padding-bottom:14px;padding-left:14px\"><figure class=\"wp-block-post-featured-image\"><img decoding=\"async\" width=\"667\" height=\"387\" src=\"https:\/\/camping-platinredoute.fr\/wp-content\/uploads\/2026\/02\/couple-en-vacances-promotions-du-camping.jpg\" class=\"attachment-post-thumbnail size-post-thumbnail wp-post-image\" alt=\"couple en vacances promotions du camping\" style=\"border-top-left-radius:10px;border-top-right-radius:10px;border-bottom-left-radius:10px;border-bottom-right-radius:10px;object-fit:cover;\" srcset=\"https:\/\/camping-platinredoute.fr\/wp-content\/uploads\/2026\/02\/couple-en-vacances-promotions-du-camping.jpg 667w, https:\/\/camping-platinredoute.fr\/wp-content\/uploads\/2026\/02\/couple-en-vacances-promotions-du-camping-300x174.jpg 300w\" sizes=\"(max-width: 667px) 100vw, 667px\" \/><\/figure>\n\n\n<figure class=\"wp-block-image size-full\"><img alt=\"\" decoding=\"async\" width=\"94\" height=\"95\" src=\"https:\/\/camping-platinredoute.fr\/wp-content\/uploads\/2025\/12\/icon-promo-jaune.svg\" alt=\"\" class=\"wp-image-1454\"\/><\/figure>\n\n\n\n<div class=\"wp-block-columns are-vertically-aligned-center is-layout-flex wp-container-core-columns-is-layout-17686c70 wp-block-columns-is-layout-flex\" style=\"padding-right:15px;padding-left:15px\">\n<div class=\"wp-block-column is-vertically-aligned-center is-layout-flow wp-block-column-is-layout-flow\" style=\"padding-left:0px\">\n<div style=\"font-size:clamp(14px, 0.875rem + ((1vw - 3.2px) * 0.104), 15px);line-height:1.2\" class=\"wp-elements-174 wp-block-gt-gt-ws-ctv-offer-dates has-text-color has-custom-color-1-color\">\n    Van 26\/05\/2026 au 04\/07\/2026<\/div>\n\n\n\n\n<p class=\"has-custom-color-1-color has-text-color has-link-color has-unbounded-font-family wp-elements-175 wp-block-paragraph\" style=\"font-size:clamp(0.875rem, 0.875rem + ((1vw - 0.2rem) * 0.208), 1rem);font-style:normal;font-weight:800;line-height:1.2\">339\u20ac per week : Aanbieding voor stellen premium<\/p>\n\n\n<div style=\"font-size:0.75rem;line-height:1\" class=\"wp-elements-176 wp-block-gt-gt-ws-ctv-offer-conditions has-text-color has-custom-color-1-color\">\n                        <p>{&quot;conditionOS&quot;:&quot;De korting geldt voor: : Basisprijs&quot;}<\/p>\n            <\/div>\n\n<\/div>\n\n\n\n<div class=\"wp-block-column is-vertically-aligned-center is-layout-flow wp-block-column-is-layout-flow\">\n<div class=\"wp-block-group cta has-border-color has-custom-color-1-border-color has-custom-color-1-background-color has-background is-nowrap is-layout-flex wp-container-core-group-is-layout-410927e0 wp-block-group-is-layout-flex\" style=\"border-width:2px;border-top-left-radius:100px;border-top-right-radius:100px;border-bottom-left-radius:100px;border-bottom-right-radius:100px;padding-top:10px;padding-right:20px;padding-bottom:10px;padding-left:20px\">\n<p class=\"has-base-2-color has-text-color has-link-color wp-elements-177 wp-block-paragraph\" style=\"font-style:normal;font-weight:700;text-transform:uppercase\">Bekijk het aanbod<\/p>\n\n\n\n<figure class=\"wp-block-image size-large\"><img decoding=\"async\" width=\"24\" height=\"24\" src=\"https:\/\/camping-platinredoute.fr\/wp-content\/uploads\/2025\/12\/icon-fleche-droite-blanc.svg\" alt=\"pijl\" class=\"wp-image-1009\"\/><\/figure>\n\n\n\n<figure class=\"wp-block-image size-large wp-duotone-rgb654122-rgb654122-43\"><img decoding=\"async\" width=\"24\" height=\"24\" src=\"https:\/\/camping-platinredoute.fr\/wp-content\/uploads\/2025\/12\/icon-fleche-droite-blanc.svg\" alt=\"icoon rechte pijl wit\" class=\"wp-image-1009\"\/><\/figure>\n<\/div>\n<\/div>\n<\/div>\n\n\n<a \n    class=\"is-style-lien-cover has-sr-only-text wp-block-gt-gt-ws-ctv-offer-reservation-link\"    href=\"https:\/\/reservation.secureholiday.net\/nl\/11638\/search\/product-list\/?widgetOfferId=2849980\" \n    target=\"_blank\"\n    aria-label=\"Consulter l&#039;offre 339\u20ac per week : Aanbieding voor stellen premium\"\n    rel=\"noopener noreferrer\">\n    <span class=\"sr-only\">Consulter cette offre<\/span>\n<\/a>\n\n<\/div>\n\n<\/li><li class=\"wp-block-post post-8249 offre_speciale type-offre_speciale status-publish has-post-thumbnail hentry\">\n\n<div class=\"wp-block-group has-base-2-background-color has-background is-layout-flow wp-block-group-is-layout-flow\" style=\"border-top-left-radius:10px;border-top-right-radius:10px;border-bottom-left-radius:10px;border-bottom-right-radius:10px;padding-top:14px;padding-right:14px;padding-bottom:14px;padding-left:14px\"><figure class=\"wp-block-post-featured-image\"><img decoding=\"async\" width=\"667\" height=\"387\" src=\"https:\/\/camping-platinredoute.fr\/wp-content\/uploads\/2026\/02\/couple-en-vacances-promotions-du-camping.jpg\" class=\"attachment-post-thumbnail size-post-thumbnail wp-post-image\" alt=\"couple en vacances promotions du camping\" style=\"border-top-left-radius:10px;border-top-right-radius:10px;border-bottom-left-radius:10px;border-bottom-right-radius:10px;object-fit:cover;\" srcset=\"https:\/\/camping-platinredoute.fr\/wp-content\/uploads\/2026\/02\/couple-en-vacances-promotions-du-camping.jpg 667w, https:\/\/camping-platinredoute.fr\/wp-content\/uploads\/2026\/02\/couple-en-vacances-promotions-du-camping-300x174.jpg 300w\" sizes=\"(max-width: 667px) 100vw, 667px\" \/><\/figure>\n\n\n<figure class=\"wp-block-image size-full\"><img alt=\"\" decoding=\"async\" width=\"94\" height=\"95\" src=\"https:\/\/camping-platinredoute.fr\/wp-content\/uploads\/2025\/12\/icon-promo-jaune.svg\" alt=\"\" class=\"wp-image-1454\"\/><\/figure>\n\n\n\n<div class=\"wp-block-columns are-vertically-aligned-center is-layout-flex wp-container-core-columns-is-layout-17686c70 wp-block-columns-is-layout-flex\" style=\"padding-right:15px;padding-left:15px\">\n<div class=\"wp-block-column is-vertically-aligned-center is-layout-flow wp-block-column-is-layout-flow\" style=\"padding-left:0px\">\n<div style=\"font-size:clamp(14px, 0.875rem + ((1vw - 3.2px) * 0.104), 15px);line-height:1.2\" class=\"wp-elements-178 wp-block-gt-gt-ws-ctv-offer-dates has-text-color has-custom-color-1-color\">\n    Van 01\/05\/2026 au 14\/05\/2026<\/div>\n\n\n\n\n<p class=\"has-custom-color-1-color has-text-color has-link-color has-unbounded-font-family wp-elements-179 wp-block-paragraph\" style=\"font-size:clamp(0.875rem, 0.875rem + ((1vw - 0.2rem) * 0.208), 1rem);font-style:normal;font-weight:800;line-height:1.2\">339\u20ac per week : Aanbieding voor stellen premium<\/p>\n\n\n<div style=\"font-size:0.75rem;line-height:1\" class=\"wp-elements-180 wp-block-gt-gt-ws-ctv-offer-conditions has-text-color has-custom-color-1-color\">\n                        <p>{&quot;conditionOS&quot;:&quot;De korting geldt voor: : Basisprijs&quot;}<\/p>\n            <\/div>\n\n<\/div>\n\n\n\n<div class=\"wp-block-column is-vertically-aligned-center is-layout-flow wp-block-column-is-layout-flow\">\n<div class=\"wp-block-group cta has-border-color has-custom-color-1-border-color has-custom-color-1-background-color has-background is-nowrap is-layout-flex wp-container-core-group-is-layout-410927e0 wp-block-group-is-layout-flex\" style=\"border-width:2px;border-top-left-radius:100px;border-top-right-radius:100px;border-bottom-left-radius:100px;border-bottom-right-radius:100px;padding-top:10px;padding-right:20px;padding-bottom:10px;padding-left:20px\">\n<p class=\"has-base-2-color has-text-color has-link-color wp-elements-181 wp-block-paragraph\" style=\"font-style:normal;font-weight:700;text-transform:uppercase\">Bekijk het aanbod<\/p>\n\n\n\n<figure class=\"wp-block-image size-large\"><img decoding=\"async\" width=\"24\" height=\"24\" src=\"https:\/\/camping-platinredoute.fr\/wp-content\/uploads\/2025\/12\/icon-fleche-droite-blanc.svg\" alt=\"pijl\" class=\"wp-image-1009\"\/><\/figure>\n\n\n\n<figure class=\"wp-block-image size-large wp-duotone-rgb654122-rgb654122-44\"><img decoding=\"async\" width=\"24\" height=\"24\" src=\"https:\/\/camping-platinredoute.fr\/wp-content\/uploads\/2025\/12\/icon-fleche-droite-blanc.svg\" alt=\"icoon rechte pijl wit\" class=\"wp-image-1009\"\/><\/figure>\n<\/div>\n<\/div>\n<\/div>\n\n\n<a \n    class=\"is-style-lien-cover has-sr-only-text wp-block-gt-gt-ws-ctv-offer-reservation-link\"    href=\"https:\/\/reservation.secureholiday.net\/nl\/11638\/search\/product-list\/?widgetOfferId=2849978\" \n    target=\"_blank\"\n    aria-label=\"Consulter l&#039;offre 339\u20ac per week : Aanbieding voor stellen premium\"\n    rel=\"noopener noreferrer\">\n    <span class=\"sr-only\">Consulter cette offre<\/span>\n<\/a>\n\n<\/div>\n\n<\/li><li class=\"wp-block-post post-8821 offre_speciale type-offre_speciale status-publish has-post-thumbnail hentry\">\n\n<div class=\"wp-block-group has-base-2-background-color has-background is-layout-flow wp-block-group-is-layout-flow\" style=\"border-top-left-radius:10px;border-top-right-radius:10px;border-bottom-left-radius:10px;border-bottom-right-radius:10px;padding-top:14px;padding-right:14px;padding-bottom:14px;padding-left:14px\"><figure class=\"wp-block-post-featured-image\"><img decoding=\"async\" width=\"667\" height=\"387\" src=\"https:\/\/camping-platinredoute.fr\/wp-content\/uploads\/2026\/02\/couple-en-vacances-promotions-du-camping.jpg\" class=\"attachment-post-thumbnail size-post-thumbnail wp-post-image\" alt=\"couple en vacances promotions du camping\" style=\"border-top-left-radius:10px;border-top-right-radius:10px;border-bottom-left-radius:10px;border-bottom-right-radius:10px;object-fit:cover;\" srcset=\"https:\/\/camping-platinredoute.fr\/wp-content\/uploads\/2026\/02\/couple-en-vacances-promotions-du-camping.jpg 667w, https:\/\/camping-platinredoute.fr\/wp-content\/uploads\/2026\/02\/couple-en-vacances-promotions-du-camping-300x174.jpg 300w\" sizes=\"(max-width: 667px) 100vw, 667px\" \/><\/figure>\n\n\n<figure class=\"wp-block-image size-full\"><img alt=\"\" decoding=\"async\" width=\"94\" height=\"95\" src=\"https:\/\/camping-platinredoute.fr\/wp-content\/uploads\/2025\/12\/icon-promo-jaune.svg\" alt=\"\" class=\"wp-image-1454\"\/><\/figure>\n\n\n\n<div class=\"wp-block-columns are-vertically-aligned-center is-layout-flex wp-container-core-columns-is-layout-17686c70 wp-block-columns-is-layout-flex\" style=\"padding-right:15px;padding-left:15px\">\n<div class=\"wp-block-column is-vertically-aligned-center is-layout-flow wp-block-column-is-layout-flow\" style=\"padding-left:0px\">\n<div style=\"font-size:clamp(14px, 0.875rem + ((1vw - 3.2px) * 0.104), 15px);line-height:1.2\" class=\"wp-elements-182 wp-block-gt-gt-ws-ctv-offer-dates has-text-color has-custom-color-1-color\">\n    Van 17\/05\/2027 au 19\/06\/2027<\/div>\n\n\n\n\n<p class=\"has-custom-color-1-color has-text-color has-link-color has-unbounded-font-family wp-elements-183 wp-block-paragraph\" style=\"font-size:clamp(0.875rem, 0.875rem + ((1vw - 0.2rem) * 0.208), 1rem);font-style:normal;font-weight:800;line-height:1.2\">339\u20ac per week : Aanbieding voor stellen premium<\/p>\n\n\n<div style=\"font-size:0.75rem;line-height:1\" class=\"wp-elements-184 wp-block-gt-gt-ws-ctv-offer-conditions has-text-color has-custom-color-1-color\">\n                        <p>Minimale verblijfsduur : 7<\/p>\n            <\/div>\n\n<\/div>\n\n\n\n<div class=\"wp-block-column is-vertically-aligned-center is-layout-flow wp-block-column-is-layout-flow\">\n<div class=\"wp-block-group cta has-border-color has-custom-color-1-border-color has-custom-color-1-background-color has-background is-nowrap is-layout-flex wp-container-core-group-is-layout-410927e0 wp-block-group-is-layout-flex\" style=\"border-width:2px;border-top-left-radius:100px;border-top-right-radius:100px;border-bottom-left-radius:100px;border-bottom-right-radius:100px;padding-top:10px;padding-right:20px;padding-bottom:10px;padding-left:20px\">\n<p class=\"has-base-2-color has-text-color has-link-color wp-elements-185 wp-block-paragraph\" style=\"font-style:normal;font-weight:700;text-transform:uppercase\">Bekijk het aanbod<\/p>\n\n\n\n<figure class=\"wp-block-image size-large\"><img decoding=\"async\" width=\"24\" height=\"24\" src=\"https:\/\/camping-platinredoute.fr\/wp-content\/uploads\/2025\/12\/icon-fleche-droite-blanc.svg\" alt=\"pijl\" class=\"wp-image-1009\"\/><\/figure>\n\n\n\n<figure class=\"wp-block-image size-large wp-duotone-rgb654122-rgb654122-45\"><img decoding=\"async\" width=\"24\" height=\"24\" src=\"https:\/\/camping-platinredoute.fr\/wp-content\/uploads\/2025\/12\/icon-fleche-droite-blanc.svg\" alt=\"icoon rechte pijl wit\" class=\"wp-image-1009\"\/><\/figure>\n<\/div>\n<\/div>\n<\/div>\n\n\n<a \n    class=\"is-style-lien-cover has-sr-only-text wp-block-gt-gt-ws-ctv-offer-reservation-link\"    href=\"https:\/\/reservation.secureholiday.net\/nl\/11638\/search\/product-list\/?widgetOfferId=2961661\" \n    target=\"_blank\"\n    aria-label=\"Consulter l&#039;offre 339\u20ac per week : Aanbieding voor stellen premium\"\n    rel=\"noopener noreferrer\">\n    <span class=\"sr-only\">Consulter cette offre<\/span>\n<\/a>\n\n<\/div>\n\n<\/li><li class=\"wp-block-post post-8822 offre_speciale type-offre_speciale status-publish has-post-thumbnail hentry\">\n\n<div class=\"wp-block-group has-base-2-background-color has-background is-layout-flow wp-block-group-is-layout-flow\" style=\"border-top-left-radius:10px;border-top-right-radius:10px;border-bottom-left-radius:10px;border-bottom-right-radius:10px;padding-top:14px;padding-right:14px;padding-bottom:14px;padding-left:14px\"><figure class=\"wp-block-post-featured-image\"><img decoding=\"async\" width=\"667\" height=\"387\" src=\"https:\/\/camping-platinredoute.fr\/wp-content\/uploads\/2026\/02\/couple-en-vacances-promotions-du-camping.jpg\" class=\"attachment-post-thumbnail size-post-thumbnail wp-post-image\" alt=\"couple en vacances promotions du camping\" style=\"border-top-left-radius:10px;border-top-right-radius:10px;border-bottom-left-radius:10px;border-bottom-right-radius:10px;object-fit:cover;\" srcset=\"https:\/\/camping-platinredoute.fr\/wp-content\/uploads\/2026\/02\/couple-en-vacances-promotions-du-camping.jpg 667w, https:\/\/camping-platinredoute.fr\/wp-content\/uploads\/2026\/02\/couple-en-vacances-promotions-du-camping-300x174.jpg 300w\" sizes=\"(max-width: 667px) 100vw, 667px\" \/><\/figure>\n\n\n<figure class=\"wp-block-image size-full\"><img alt=\"\" decoding=\"async\" width=\"94\" height=\"95\" src=\"https:\/\/camping-platinredoute.fr\/wp-content\/uploads\/2025\/12\/icon-promo-jaune.svg\" alt=\"\" class=\"wp-image-1454\"\/><\/figure>\n\n\n\n<div class=\"wp-block-columns are-vertically-aligned-center is-layout-flex wp-container-core-columns-is-layout-17686c70 wp-block-columns-is-layout-flex\" style=\"padding-right:15px;padding-left:15px\">\n<div class=\"wp-block-column is-vertically-aligned-center is-layout-flow wp-block-column-is-layout-flow\" style=\"padding-left:0px\">\n<div style=\"font-size:clamp(14px, 0.875rem + ((1vw - 3.2px) * 0.104), 15px);line-height:1.2\" class=\"wp-elements-186 wp-block-gt-gt-ws-ctv-offer-dates has-text-color has-custom-color-1-color\">\n    Van 26\/03\/2027 au 05\/05\/2027<\/div>\n\n\n\n\n<p class=\"has-custom-color-1-color has-text-color has-link-color has-unbounded-font-family wp-elements-187 wp-block-paragraph\" style=\"font-size:clamp(0.875rem, 0.875rem + ((1vw - 0.2rem) * 0.208), 1rem);font-style:normal;font-weight:800;line-height:1.2\">339\u20ac per week : Aanbieding voor stellen premium<\/p>\n\n\n<div style=\"font-size:0.75rem;line-height:1\" class=\"wp-elements-188 wp-block-gt-gt-ws-ctv-offer-conditions has-text-color has-custom-color-1-color\">\n                        <p>Minimale verblijfsduur : 7<\/p>\n            <\/div>\n\n<\/div>\n\n\n\n<div class=\"wp-block-column is-vertically-aligned-center is-layout-flow wp-block-column-is-layout-flow\">\n<div class=\"wp-block-group cta has-border-color has-custom-color-1-border-color has-custom-color-1-background-color has-background is-nowrap is-layout-flex wp-container-core-group-is-layout-410927e0 wp-block-group-is-layout-flex\" style=\"border-width:2px;border-top-left-radius:100px;border-top-right-radius:100px;border-bottom-left-radius:100px;border-bottom-right-radius:100px;padding-top:10px;padding-right:20px;padding-bottom:10px;padding-left:20px\">\n<p class=\"has-base-2-color has-text-color has-link-color wp-elements-189 wp-block-paragraph\" style=\"font-style:normal;font-weight:700;text-transform:uppercase\">Bekijk het aanbod<\/p>\n\n\n\n<figure class=\"wp-block-image size-large\"><img decoding=\"async\" width=\"24\" height=\"24\" src=\"https:\/\/camping-platinredoute.fr\/wp-content\/uploads\/2025\/12\/icon-fleche-droite-blanc.svg\" alt=\"pijl\" class=\"wp-image-1009\"\/><\/figure>\n\n\n\n<figure class=\"wp-block-image size-large wp-duotone-rgb654122-rgb654122-46\"><img decoding=\"async\" width=\"24\" height=\"24\" src=\"https:\/\/camping-platinredoute.fr\/wp-content\/uploads\/2025\/12\/icon-fleche-droite-blanc.svg\" alt=\"icoon rechte pijl wit\" class=\"wp-image-1009\"\/><\/figure>\n<\/div>\n<\/div>\n<\/div>\n\n\n<a \n    class=\"is-style-lien-cover has-sr-only-text wp-block-gt-gt-ws-ctv-offer-reservation-link\"    href=\"https:\/\/reservation.secureholiday.net\/nl\/11638\/search\/product-list\/?widgetOfferId=2961660\" \n    target=\"_blank\"\n    aria-label=\"Consulter l&#039;offre 339\u20ac per week : Aanbieding voor stellen premium\"\n    rel=\"noopener noreferrer\">\n    <span class=\"sr-only\">Consulter cette offre<\/span>\n<\/a>\n\n<\/div>\n\n<\/li><li class=\"wp-block-post post-8962 offre_speciale type-offre_speciale status-publish has-post-thumbnail hentry\">\n\n<div class=\"wp-block-group has-base-2-background-color has-background is-layout-flow wp-block-group-is-layout-flow\" style=\"border-top-left-radius:10px;border-top-right-radius:10px;border-bottom-left-radius:10px;border-bottom-right-radius:10px;padding-top:14px;padding-right:14px;padding-bottom:14px;padding-left:14px\"><figure class=\"wp-block-post-featured-image\"><img decoding=\"async\" width=\"667\" height=\"387\" src=\"https:\/\/camping-platinredoute.fr\/wp-content\/uploads\/2026\/02\/couple-en-vacances-promotions-du-camping.jpg\" class=\"attachment-post-thumbnail size-post-thumbnail wp-post-image\" alt=\"couple en vacances promotions du camping\" style=\"border-top-left-radius:10px;border-top-right-radius:10px;border-bottom-left-radius:10px;border-bottom-right-radius:10px;object-fit:cover;\" srcset=\"https:\/\/camping-platinredoute.fr\/wp-content\/uploads\/2026\/02\/couple-en-vacances-promotions-du-camping.jpg 667w, https:\/\/camping-platinredoute.fr\/wp-content\/uploads\/2026\/02\/couple-en-vacances-promotions-du-camping-300x174.jpg 300w\" sizes=\"(max-width: 667px) 100vw, 667px\" \/><\/figure>\n\n\n<figure class=\"wp-block-image size-full\"><img alt=\"\" decoding=\"async\" width=\"94\" height=\"95\" src=\"https:\/\/camping-platinredoute.fr\/wp-content\/uploads\/2025\/12\/icon-promo-jaune.svg\" alt=\"\" class=\"wp-image-1454\"\/><\/figure>\n\n\n\n<div class=\"wp-block-columns are-vertically-aligned-center is-layout-flex wp-container-core-columns-is-layout-17686c70 wp-block-columns-is-layout-flex\" style=\"padding-right:15px;padding-left:15px\">\n<div class=\"wp-block-column is-vertically-aligned-center is-layout-flow wp-block-column-is-layout-flow\" style=\"padding-left:0px\">\n<div style=\"font-size:clamp(14px, 0.875rem + ((1vw - 3.2px) * 0.104), 15px);line-height:1.2\" class=\"wp-elements-190 wp-block-gt-gt-ws-ctv-offer-dates has-text-color has-custom-color-1-color\">\n    Van 29\/08\/2026 au 01\/11\/2026<\/div>\n\n\n\n\n<p class=\"has-custom-color-1-color has-text-color has-link-color has-unbounded-font-family wp-elements-191 wp-block-paragraph\" style=\"font-size:clamp(0.875rem, 0.875rem + ((1vw - 0.2rem) * 0.208), 1rem);font-style:normal;font-weight:800;line-height:1.2\">349\u20ac per week : Aanbieding voor stellen premium<\/p>\n\n\n<div style=\"font-size:0.75rem;line-height:1\" class=\"wp-elements-192 wp-block-gt-gt-ws-ctv-offer-conditions has-text-color has-custom-color-1-color\">\n                        <p>Minimale verblijfsduur : 7<\/p>\n            <\/div>\n\n<\/div>\n\n\n\n<div class=\"wp-block-column is-vertically-aligned-center is-layout-flow wp-block-column-is-layout-flow\">\n<div class=\"wp-block-group cta has-border-color has-custom-color-1-border-color has-custom-color-1-background-color has-background is-nowrap is-layout-flex wp-container-core-group-is-layout-410927e0 wp-block-group-is-layout-flex\" style=\"border-width:2px;border-top-left-radius:100px;border-top-right-radius:100px;border-bottom-left-radius:100px;border-bottom-right-radius:100px;padding-top:10px;padding-right:20px;padding-bottom:10px;padding-left:20px\">\n<p class=\"has-base-2-color has-text-color has-link-color wp-elements-193 wp-block-paragraph\" style=\"font-style:normal;font-weight:700;text-transform:uppercase\">Bekijk het aanbod<\/p>\n\n\n\n<figure class=\"wp-block-image size-large\"><img decoding=\"async\" width=\"24\" height=\"24\" src=\"https:\/\/camping-platinredoute.fr\/wp-content\/uploads\/2025\/12\/icon-fleche-droite-blanc.svg\" alt=\"pijl\" class=\"wp-image-1009\"\/><\/figure>\n\n\n\n<figure class=\"wp-block-image size-large wp-duotone-rgb654122-rgb654122-47\"><img decoding=\"async\" width=\"24\" height=\"24\" src=\"https:\/\/camping-platinredoute.fr\/wp-content\/uploads\/2025\/12\/icon-fleche-droite-blanc.svg\" alt=\"icoon rechte pijl wit\" class=\"wp-image-1009\"\/><\/figure>\n<\/div>\n<\/div>\n<\/div>\n\n\n<a \n    class=\"is-style-lien-cover has-sr-only-text wp-block-gt-gt-ws-ctv-offer-reservation-link\"    href=\"https:\/\/reservation.secureholiday.net\/nl\/11638\/search\/product-list\/?widgetOfferId=2966078\" \n    target=\"_blank\"\n    aria-label=\"Consulter l&#039;offre 349\u20ac per week : Aanbieding voor stellen premium\"\n    rel=\"noopener noreferrer\">\n    <span class=\"sr-only\">Consulter cette offre<\/span>\n<\/a>\n\n<\/div>\n\n<\/li><li class=\"wp-block-post post-8251 offre_speciale type-offre_speciale status-publish has-post-thumbnail hentry\">\n\n<div class=\"wp-block-group has-base-2-background-color has-background is-layout-flow wp-block-group-is-layout-flow\" style=\"border-top-left-radius:10px;border-top-right-radius:10px;border-bottom-left-radius:10px;border-bottom-right-radius:10px;padding-top:14px;padding-right:14px;padding-bottom:14px;padding-left:14px\"><figure class=\"wp-block-post-featured-image\"><img decoding=\"async\" width=\"667\" height=\"387\" src=\"https:\/\/camping-platinredoute.fr\/wp-content\/uploads\/2026\/02\/couple-en-vacances-promotions-du-camping.jpg\" class=\"attachment-post-thumbnail size-post-thumbnail wp-post-image\" alt=\"couple en vacances promotions du camping\" style=\"border-top-left-radius:10px;border-top-right-radius:10px;border-bottom-left-radius:10px;border-bottom-right-radius:10px;object-fit:cover;\" srcset=\"https:\/\/camping-platinredoute.fr\/wp-content\/uploads\/2026\/02\/couple-en-vacances-promotions-du-camping.jpg 667w, https:\/\/camping-platinredoute.fr\/wp-content\/uploads\/2026\/02\/couple-en-vacances-promotions-du-camping-300x174.jpg 300w\" sizes=\"(max-width: 667px) 100vw, 667px\" \/><\/figure>\n\n\n<figure class=\"wp-block-image size-full\"><img alt=\"\" decoding=\"async\" width=\"94\" height=\"95\" src=\"https:\/\/camping-platinredoute.fr\/wp-content\/uploads\/2025\/12\/icon-promo-jaune.svg\" alt=\"\" class=\"wp-image-1454\"\/><\/figure>\n\n\n\n<div class=\"wp-block-columns are-vertically-aligned-center is-layout-flex wp-container-core-columns-is-layout-17686c70 wp-block-columns-is-layout-flex\" style=\"padding-right:15px;padding-left:15px\">\n<div class=\"wp-block-column is-vertically-aligned-center is-layout-flow wp-block-column-is-layout-flow\" style=\"padding-left:0px\">\n<div style=\"font-size:clamp(14px, 0.875rem + ((1vw - 3.2px) * 0.104), 15px);line-height:1.2\" class=\"wp-elements-194 wp-block-gt-gt-ws-ctv-offer-dates has-text-color has-custom-color-1-color\">\n    Van 29\/08\/2026 au 11\/09\/2026<\/div>\n\n\n\n\n<p class=\"has-custom-color-1-color has-text-color has-link-color has-unbounded-font-family wp-elements-195 wp-block-paragraph\" style=\"font-size:clamp(0.875rem, 0.875rem + ((1vw - 0.2rem) * 0.208), 1rem);font-style:normal;font-weight:800;line-height:1.2\">349\u20ac per week : Offre Famille Premium<\/p>\n\n\n<div style=\"font-size:0.75rem;line-height:1\" class=\"wp-elements-196 wp-block-gt-gt-ws-ctv-offer-conditions has-text-color has-custom-color-1-color\">\n                        <p>Minimale verblijfsduur : 7<\/p>\n            <\/div>\n\n<\/div>\n\n\n\n<div class=\"wp-block-column is-vertically-aligned-center is-layout-flow wp-block-column-is-layout-flow\">\n<div class=\"wp-block-group cta has-border-color has-custom-color-1-border-color has-custom-color-1-background-color has-background is-nowrap is-layout-flex wp-container-core-group-is-layout-410927e0 wp-block-group-is-layout-flex\" style=\"border-width:2px;border-top-left-radius:100px;border-top-right-radius:100px;border-bottom-left-radius:100px;border-bottom-right-radius:100px;padding-top:10px;padding-right:20px;padding-bottom:10px;padding-left:20px\">\n<p class=\"has-base-2-color has-text-color has-link-color wp-elements-197 wp-block-paragraph\" style=\"font-style:normal;font-weight:700;text-transform:uppercase\">Bekijk het aanbod<\/p>\n\n\n\n<figure class=\"wp-block-image size-large\"><img decoding=\"async\" width=\"24\" height=\"24\" src=\"https:\/\/camping-platinredoute.fr\/wp-content\/uploads\/2025\/12\/icon-fleche-droite-blanc.svg\" alt=\"pijl\" class=\"wp-image-1009\"\/><\/figure>\n\n\n\n<figure class=\"wp-block-image size-large wp-duotone-rgb654122-rgb654122-48\"><img decoding=\"async\" width=\"24\" height=\"24\" src=\"https:\/\/camping-platinredoute.fr\/wp-content\/uploads\/2025\/12\/icon-fleche-droite-blanc.svg\" alt=\"icoon rechte pijl wit\" class=\"wp-image-1009\"\/><\/figure>\n<\/div>\n<\/div>\n<\/div>\n\n\n<a \n    class=\"is-style-lien-cover has-sr-only-text wp-block-gt-gt-ws-ctv-offer-reservation-link\"    href=\"https:\/\/reservation.secureholiday.net\/nl\/11638\/search\/product-list\/?widgetOfferId=2849941\" \n    target=\"_blank\"\n    aria-label=\"Consulter l&#039;offre 349\u20ac per week : Offre Famille Premium\"\n    rel=\"noopener noreferrer\">\n    <span class=\"sr-only\">Consulter cette offre<\/span>\n<\/a>\n\n<\/div>\n\n<\/li><li class=\"wp-block-post post-8252 offre_speciale type-offre_speciale status-publish has-post-thumbnail hentry\">\n\n<div class=\"wp-block-group has-base-2-background-color has-background is-layout-flow wp-block-group-is-layout-flow\" style=\"border-top-left-radius:10px;border-top-right-radius:10px;border-bottom-left-radius:10px;border-bottom-right-radius:10px;padding-top:14px;padding-right:14px;padding-bottom:14px;padding-left:14px\"><figure class=\"wp-block-post-featured-image\"><img decoding=\"async\" width=\"667\" height=\"387\" src=\"https:\/\/camping-platinredoute.fr\/wp-content\/uploads\/2026\/02\/couple-en-vacances-promotions-du-camping.jpg\" class=\"attachment-post-thumbnail size-post-thumbnail wp-post-image\" alt=\"couple en vacances promotions du camping\" style=\"border-top-left-radius:10px;border-top-right-radius:10px;border-bottom-left-radius:10px;border-bottom-right-radius:10px;object-fit:cover;\" srcset=\"https:\/\/camping-platinredoute.fr\/wp-content\/uploads\/2026\/02\/couple-en-vacances-promotions-du-camping.jpg 667w, https:\/\/camping-platinredoute.fr\/wp-content\/uploads\/2026\/02\/couple-en-vacances-promotions-du-camping-300x174.jpg 300w\" sizes=\"(max-width: 667px) 100vw, 667px\" \/><\/figure>\n\n\n<figure class=\"wp-block-image size-full\"><img alt=\"\" decoding=\"async\" width=\"94\" height=\"95\" src=\"https:\/\/camping-platinredoute.fr\/wp-content\/uploads\/2025\/12\/icon-promo-jaune.svg\" alt=\"\" class=\"wp-image-1454\"\/><\/figure>\n\n\n\n<div class=\"wp-block-columns are-vertically-aligned-center is-layout-flex wp-container-core-columns-is-layout-17686c70 wp-block-columns-is-layout-flex\" style=\"padding-right:15px;padding-left:15px\">\n<div class=\"wp-block-column is-vertically-aligned-center is-layout-flow wp-block-column-is-layout-flow\" style=\"padding-left:0px\">\n<div style=\"font-size:clamp(14px, 0.875rem + ((1vw - 3.2px) * 0.104), 15px);line-height:1.2\" class=\"wp-elements-198 wp-block-gt-gt-ws-ctv-offer-dates has-text-color has-custom-color-1-color\">\n    Van 26\/05\/2026 au 04\/07\/2026<\/div>\n\n\n\n\n<p class=\"has-custom-color-1-color has-text-color has-link-color has-unbounded-font-family wp-elements-199 wp-block-paragraph\" style=\"font-size:clamp(0.875rem, 0.875rem + ((1vw - 0.2rem) * 0.208), 1rem);font-style:normal;font-weight:800;line-height:1.2\">349\u20ac per week : Offre Famille Premium<\/p>\n\n\n<div style=\"font-size:0.75rem;line-height:1\" class=\"wp-elements-200 wp-block-gt-gt-ws-ctv-offer-conditions has-text-color has-custom-color-1-color\">\n                        <p>Minimale verblijfsduur : 7<\/p>\n            <\/div>\n\n<\/div>\n\n\n\n<div class=\"wp-block-column is-vertically-aligned-center is-layout-flow wp-block-column-is-layout-flow\">\n<div class=\"wp-block-group cta has-border-color has-custom-color-1-border-color has-custom-color-1-background-color has-background is-nowrap is-layout-flex wp-container-core-group-is-layout-410927e0 wp-block-group-is-layout-flex\" style=\"border-width:2px;border-top-left-radius:100px;border-top-right-radius:100px;border-bottom-left-radius:100px;border-bottom-right-radius:100px;padding-top:10px;padding-right:20px;padding-bottom:10px;padding-left:20px\">\n<p class=\"has-base-2-color has-text-color has-link-color wp-elements-201 wp-block-paragraph\" style=\"font-style:normal;font-weight:700;text-transform:uppercase\">Bekijk het aanbod<\/p>\n\n\n\n<figure class=\"wp-block-image size-large\"><img decoding=\"async\" width=\"24\" height=\"24\" src=\"https:\/\/camping-platinredoute.fr\/wp-content\/uploads\/2025\/12\/icon-fleche-droite-blanc.svg\" alt=\"pijl\" class=\"wp-image-1009\"\/><\/figure>\n\n\n\n<figure class=\"wp-block-image size-large wp-duotone-rgb654122-rgb654122-49\"><img decoding=\"async\" width=\"24\" height=\"24\" src=\"https:\/\/camping-platinredoute.fr\/wp-content\/uploads\/2025\/12\/icon-fleche-droite-blanc.svg\" alt=\"icoon rechte pijl wit\" class=\"wp-image-1009\"\/><\/figure>\n<\/div>\n<\/div>\n<\/div>\n\n\n<a \n    class=\"is-style-lien-cover has-sr-only-text wp-block-gt-gt-ws-ctv-offer-reservation-link\"    href=\"https:\/\/reservation.secureholiday.net\/nl\/11638\/search\/product-list\/?widgetOfferId=2849935\" \n    target=\"_blank\"\n    aria-label=\"Consulter l&#039;offre 349\u20ac per week : Offre Famille Premium\"\n    rel=\"noopener noreferrer\">\n    <span class=\"sr-only\">Consulter cette offre<\/span>\n<\/a>\n\n<\/div>\n\n<\/li><li class=\"wp-block-post post-8815 offre_speciale type-offre_speciale status-publish has-post-thumbnail hentry\">\n\n<div class=\"wp-block-group has-base-2-background-color has-background is-layout-flow wp-block-group-is-layout-flow\" style=\"border-top-left-radius:10px;border-top-right-radius:10px;border-bottom-left-radius:10px;border-bottom-right-radius:10px;padding-top:14px;padding-right:14px;padding-bottom:14px;padding-left:14px\"><figure class=\"wp-block-post-featured-image\"><img decoding=\"async\" width=\"667\" height=\"387\" src=\"https:\/\/camping-platinredoute.fr\/wp-content\/uploads\/2026\/02\/couple-en-vacances-promotions-du-camping.jpg\" class=\"attachment-post-thumbnail size-post-thumbnail wp-post-image\" alt=\"couple en vacances promotions du camping\" style=\"border-top-left-radius:10px;border-top-right-radius:10px;border-bottom-left-radius:10px;border-bottom-right-radius:10px;object-fit:cover;\" srcset=\"https:\/\/camping-platinredoute.fr\/wp-content\/uploads\/2026\/02\/couple-en-vacances-promotions-du-camping.jpg 667w, https:\/\/camping-platinredoute.fr\/wp-content\/uploads\/2026\/02\/couple-en-vacances-promotions-du-camping-300x174.jpg 300w\" sizes=\"(max-width: 667px) 100vw, 667px\" \/><\/figure>\n\n\n<figure class=\"wp-block-image size-full\"><img alt=\"\" decoding=\"async\" width=\"94\" height=\"95\" src=\"https:\/\/camping-platinredoute.fr\/wp-content\/uploads\/2025\/12\/icon-promo-jaune.svg\" alt=\"\" class=\"wp-image-1454\"\/><\/figure>\n\n\n\n<div class=\"wp-block-columns are-vertically-aligned-center is-layout-flex wp-container-core-columns-is-layout-17686c70 wp-block-columns-is-layout-flex\" style=\"padding-right:15px;padding-left:15px\">\n<div class=\"wp-block-column is-vertically-aligned-center is-layout-flow wp-block-column-is-layout-flow\" style=\"padding-left:0px\">\n<div style=\"font-size:clamp(14px, 0.875rem + ((1vw - 3.2px) * 0.104), 15px);line-height:1.2\" class=\"wp-elements-202 wp-block-gt-gt-ws-ctv-offer-dates has-text-color has-custom-color-1-color\">\n    Van 28\/08\/2027 au 01\/11\/2027<\/div>\n\n\n\n\n<p class=\"has-custom-color-1-color has-text-color has-link-color has-unbounded-font-family wp-elements-203 wp-block-paragraph\" style=\"font-size:clamp(0.875rem, 0.875rem + ((1vw - 0.2rem) * 0.208), 1rem);font-style:normal;font-weight:800;line-height:1.2\">349\u20ac per week : Offre Famille Premium<\/p>\n\n\n<div style=\"font-size:0.75rem;line-height:1\" class=\"wp-elements-204 wp-block-gt-gt-ws-ctv-offer-conditions has-text-color has-custom-color-1-color\">\n                        <p>Minimale verblijfsduur : 7<\/p>\n            <\/div>\n\n<\/div>\n\n\n\n<div class=\"wp-block-column is-vertically-aligned-center is-layout-flow wp-block-column-is-layout-flow\">\n<div class=\"wp-block-group cta has-border-color has-custom-color-1-border-color has-custom-color-1-background-color has-background is-nowrap is-layout-flex wp-container-core-group-is-layout-410927e0 wp-block-group-is-layout-flex\" style=\"border-width:2px;border-top-left-radius:100px;border-top-right-radius:100px;border-bottom-left-radius:100px;border-bottom-right-radius:100px;padding-top:10px;padding-right:20px;padding-bottom:10px;padding-left:20px\">\n<p class=\"has-base-2-color has-text-color has-link-color wp-elements-205 wp-block-paragraph\" style=\"font-style:normal;font-weight:700;text-transform:uppercase\">Bekijk het aanbod<\/p>\n\n\n\n<figure class=\"wp-block-image size-large\"><img decoding=\"async\" width=\"24\" height=\"24\" src=\"https:\/\/camping-platinredoute.fr\/wp-content\/uploads\/2025\/12\/icon-fleche-droite-blanc.svg\" alt=\"pijl\" class=\"wp-image-1009\"\/><\/figure>\n\n\n\n<figure class=\"wp-block-image size-large wp-duotone-rgb654122-rgb654122-50\"><img decoding=\"async\" width=\"24\" height=\"24\" src=\"https:\/\/camping-platinredoute.fr\/wp-content\/uploads\/2025\/12\/icon-fleche-droite-blanc.svg\" alt=\"icoon rechte pijl wit\" class=\"wp-image-1009\"\/><\/figure>\n<\/div>\n<\/div>\n<\/div>\n\n\n<a \n    class=\"is-style-lien-cover has-sr-only-text wp-block-gt-gt-ws-ctv-offer-reservation-link\"    href=\"https:\/\/reservation.secureholiday.net\/nl\/11638\/search\/product-list\/?widgetOfferId=2961667\" \n    target=\"_blank\"\n    aria-label=\"Consulter l&#039;offre 349\u20ac per week : Offre Famille Premium\"\n    rel=\"noopener noreferrer\">\n    <span class=\"sr-only\">Consulter cette offre<\/span>\n<\/a>\n\n<\/div>\n\n<\/li><li class=\"wp-block-post post-8816 offre_speciale type-offre_speciale status-publish has-post-thumbnail hentry\">\n\n<div class=\"wp-block-group has-base-2-background-color has-background is-layout-flow wp-block-group-is-layout-flow\" style=\"border-top-left-radius:10px;border-top-right-radius:10px;border-bottom-left-radius:10px;border-bottom-right-radius:10px;padding-top:14px;padding-right:14px;padding-bottom:14px;padding-left:14px\"><figure class=\"wp-block-post-featured-image\"><img decoding=\"async\" width=\"667\" height=\"387\" src=\"https:\/\/camping-platinredoute.fr\/wp-content\/uploads\/2026\/02\/couple-en-vacances-promotions-du-camping.jpg\" class=\"attachment-post-thumbnail size-post-thumbnail wp-post-image\" alt=\"couple en vacances promotions du camping\" style=\"border-top-left-radius:10px;border-top-right-radius:10px;border-bottom-left-radius:10px;border-bottom-right-radius:10px;object-fit:cover;\" srcset=\"https:\/\/camping-platinredoute.fr\/wp-content\/uploads\/2026\/02\/couple-en-vacances-promotions-du-camping.jpg 667w, https:\/\/camping-platinredoute.fr\/wp-content\/uploads\/2026\/02\/couple-en-vacances-promotions-du-camping-300x174.jpg 300w\" sizes=\"(max-width: 667px) 100vw, 667px\" \/><\/figure>\n\n\n<figure class=\"wp-block-image size-full\"><img alt=\"\" decoding=\"async\" width=\"94\" height=\"95\" src=\"https:\/\/camping-platinredoute.fr\/wp-content\/uploads\/2025\/12\/icon-promo-jaune.svg\" alt=\"\" class=\"wp-image-1454\"\/><\/figure>\n\n\n\n<div class=\"wp-block-columns are-vertically-aligned-center is-layout-flex wp-container-core-columns-is-layout-17686c70 wp-block-columns-is-layout-flex\" style=\"padding-right:15px;padding-left:15px\">\n<div class=\"wp-block-column is-vertically-aligned-center is-layout-flow wp-block-column-is-layout-flow\" style=\"padding-left:0px\">\n<div style=\"font-size:clamp(14px, 0.875rem + ((1vw - 3.2px) * 0.104), 15px);line-height:1.2\" class=\"wp-elements-206 wp-block-gt-gt-ws-ctv-offer-dates has-text-color has-custom-color-1-color\">\n    Van 12\/06\/2027 au 03\/07\/2027<\/div>\n\n\n\n\n<p class=\"has-custom-color-1-color has-text-color has-link-color has-unbounded-font-family wp-elements-207 wp-block-paragraph\" style=\"font-size:clamp(0.875rem, 0.875rem + ((1vw - 0.2rem) * 0.208), 1rem);font-style:normal;font-weight:800;line-height:1.2\">349\u20ac per week : Offre Famille Premium<\/p>\n\n\n<div style=\"font-size:0.75rem;line-height:1\" class=\"wp-elements-208 wp-block-gt-gt-ws-ctv-offer-conditions has-text-color has-custom-color-1-color\">\n                        <p>Minimale verblijfsduur : 7<\/p>\n            <\/div>\n\n<\/div>\n\n\n\n<div class=\"wp-block-column is-vertically-aligned-center is-layout-flow wp-block-column-is-layout-flow\">\n<div class=\"wp-block-group cta has-border-color has-custom-color-1-border-color has-custom-color-1-background-color has-background is-nowrap is-layout-flex wp-container-core-group-is-layout-410927e0 wp-block-group-is-layout-flex\" style=\"border-width:2px;border-top-left-radius:100px;border-top-right-radius:100px;border-bottom-left-radius:100px;border-bottom-right-radius:100px;padding-top:10px;padding-right:20px;padding-bottom:10px;padding-left:20px\">\n<p class=\"has-base-2-color has-text-color has-link-color wp-elements-209 wp-block-paragraph\" style=\"font-style:normal;font-weight:700;text-transform:uppercase\">Bekijk het aanbod<\/p>\n\n\n\n<figure class=\"wp-block-image size-large\"><img decoding=\"async\" width=\"24\" height=\"24\" src=\"https:\/\/camping-platinredoute.fr\/wp-content\/uploads\/2025\/12\/icon-fleche-droite-blanc.svg\" alt=\"pijl\" class=\"wp-image-1009\"\/><\/figure>\n\n\n\n<figure class=\"wp-block-image size-large wp-duotone-rgb654122-rgb654122-51\"><img decoding=\"async\" width=\"24\" height=\"24\" src=\"https:\/\/camping-platinredoute.fr\/wp-content\/uploads\/2025\/12\/icon-fleche-droite-blanc.svg\" alt=\"icoon rechte pijl wit\" class=\"wp-image-1009\"\/><\/figure>\n<\/div>\n<\/div>\n<\/div>\n\n\n<a \n    class=\"is-style-lien-cover has-sr-only-text wp-block-gt-gt-ws-ctv-offer-reservation-link\"    href=\"https:\/\/reservation.secureholiday.net\/nl\/11638\/search\/product-list\/?widgetOfferId=2961666\" \n    target=\"_blank\"\n    aria-label=\"Consulter l&#039;offre 349\u20ac per week : Offre Famille Premium\"\n    rel=\"noopener noreferrer\">\n    <span class=\"sr-only\">Consulter cette offre<\/span>\n<\/a>\n\n<\/div>\n\n<\/li><li class=\"wp-block-post post-8247 offre_speciale type-offre_speciale status-publish has-post-thumbnail hentry\">\n\n<div class=\"wp-block-group has-base-2-background-color has-background is-layout-flow wp-block-group-is-layout-flow\" style=\"border-top-left-radius:10px;border-top-right-radius:10px;border-bottom-left-radius:10px;border-bottom-right-radius:10px;padding-top:14px;padding-right:14px;padding-bottom:14px;padding-left:14px\"><figure class=\"wp-block-post-featured-image\"><img decoding=\"async\" width=\"667\" height=\"387\" src=\"https:\/\/camping-platinredoute.fr\/wp-content\/uploads\/2026\/02\/couple-en-vacances-promotions-du-camping.jpg\" class=\"attachment-post-thumbnail size-post-thumbnail wp-post-image\" alt=\"couple en vacances promotions du camping\" style=\"border-top-left-radius:10px;border-top-right-radius:10px;border-bottom-left-radius:10px;border-bottom-right-radius:10px;object-fit:cover;\" srcset=\"https:\/\/camping-platinredoute.fr\/wp-content\/uploads\/2026\/02\/couple-en-vacances-promotions-du-camping.jpg 667w, https:\/\/camping-platinredoute.fr\/wp-content\/uploads\/2026\/02\/couple-en-vacances-promotions-du-camping-300x174.jpg 300w\" sizes=\"(max-width: 667px) 100vw, 667px\" \/><\/figure>\n\n\n<figure class=\"wp-block-image size-full\"><img alt=\"\" decoding=\"async\" width=\"94\" height=\"95\" src=\"https:\/\/camping-platinredoute.fr\/wp-content\/uploads\/2025\/12\/icon-promo-jaune.svg\" alt=\"\" class=\"wp-image-1454\"\/><\/figure>\n\n\n\n<div class=\"wp-block-columns are-vertically-aligned-center is-layout-flex wp-container-core-columns-is-layout-17686c70 wp-block-columns-is-layout-flex\" style=\"padding-right:15px;padding-left:15px\">\n<div class=\"wp-block-column is-vertically-aligned-center is-layout-flow wp-block-column-is-layout-flow\" style=\"padding-left:0px\">\n<div style=\"font-size:clamp(14px, 0.875rem + ((1vw - 3.2px) * 0.104), 15px);line-height:1.2\" class=\"wp-elements-210 wp-block-gt-gt-ws-ctv-offer-dates has-text-color has-custom-color-1-color\">\n    Van 29\/08\/2026 au 11\/09\/2026<\/div>\n\n\n\n\n<p class=\"has-custom-color-1-color has-text-color has-link-color has-unbounded-font-family wp-elements-211 wp-block-paragraph\" style=\"font-size:clamp(0.875rem, 0.875rem + ((1vw - 0.2rem) * 0.208), 1rem);font-style:normal;font-weight:800;line-height:1.2\">359\u20ac per week : Aanbieding voor stellen premium<\/p>\n\n\n<div style=\"font-size:0.75rem;line-height:1\" class=\"wp-elements-212 wp-block-gt-gt-ws-ctv-offer-conditions has-text-color has-custom-color-1-color\">\n                        <p>{&quot;conditionOS&quot;:&quot;De korting geldt voor: : Basisprijs&quot;}<\/p>\n            <\/div>\n\n<\/div>\n\n\n\n<div class=\"wp-block-column is-vertically-aligned-center is-layout-flow wp-block-column-is-layout-flow\">\n<div class=\"wp-block-group cta has-border-color has-custom-color-1-border-color has-custom-color-1-background-color has-background is-nowrap is-layout-flex wp-container-core-group-is-layout-410927e0 wp-block-group-is-layout-flex\" style=\"border-width:2px;border-top-left-radius:100px;border-top-right-radius:100px;border-bottom-left-radius:100px;border-bottom-right-radius:100px;padding-top:10px;padding-right:20px;padding-bottom:10px;padding-left:20px\">\n<p class=\"has-base-2-color has-text-color has-link-color wp-elements-213 wp-block-paragraph\" style=\"font-style:normal;font-weight:700;text-transform:uppercase\">Bekijk het aanbod<\/p>\n\n\n\n<figure class=\"wp-block-image size-large\"><img decoding=\"async\" width=\"24\" height=\"24\" src=\"https:\/\/camping-platinredoute.fr\/wp-content\/uploads\/2025\/12\/icon-fleche-droite-blanc.svg\" alt=\"pijl\" class=\"wp-image-1009\"\/><\/figure>\n\n\n\n<figure class=\"wp-block-image size-large wp-duotone-rgb654122-rgb654122-52\"><img decoding=\"async\" width=\"24\" height=\"24\" src=\"https:\/\/camping-platinredoute.fr\/wp-content\/uploads\/2025\/12\/icon-fleche-droite-blanc.svg\" alt=\"icoon rechte pijl wit\" class=\"wp-image-1009\"\/><\/figure>\n<\/div>\n<\/div>\n<\/div>\n\n\n<a \n    class=\"is-style-lien-cover has-sr-only-text wp-block-gt-gt-ws-ctv-offer-reservation-link\"    href=\"https:\/\/reservation.secureholiday.net\/nl\/11638\/search\/product-list\/?widgetOfferId=2849989\" \n    target=\"_blank\"\n    aria-label=\"Consulter l&#039;offre 359\u20ac per week : Aanbieding voor stellen premium\"\n    rel=\"noopener noreferrer\">\n    <span class=\"sr-only\">Consulter cette offre<\/span>\n<\/a>\n\n<\/div>\n\n<\/li><li class=\"wp-block-post post-8820 offre_speciale type-offre_speciale status-publish has-post-thumbnail hentry\">\n\n<div class=\"wp-block-group has-base-2-background-color has-background is-layout-flow wp-block-group-is-layout-flow\" style=\"border-top-left-radius:10px;border-top-right-radius:10px;border-bottom-left-radius:10px;border-bottom-right-radius:10px;padding-top:14px;padding-right:14px;padding-bottom:14px;padding-left:14px\"><figure class=\"wp-block-post-featured-image\"><img decoding=\"async\" width=\"667\" height=\"387\" src=\"https:\/\/camping-platinredoute.fr\/wp-content\/uploads\/2026\/02\/couple-en-vacances-promotions-du-camping.jpg\" class=\"attachment-post-thumbnail size-post-thumbnail wp-post-image\" alt=\"couple en vacances promotions du camping\" style=\"border-top-left-radius:10px;border-top-right-radius:10px;border-bottom-left-radius:10px;border-bottom-right-radius:10px;object-fit:cover;\" srcset=\"https:\/\/camping-platinredoute.fr\/wp-content\/uploads\/2026\/02\/couple-en-vacances-promotions-du-camping.jpg 667w, https:\/\/camping-platinredoute.fr\/wp-content\/uploads\/2026\/02\/couple-en-vacances-promotions-du-camping-300x174.jpg 300w\" sizes=\"(max-width: 667px) 100vw, 667px\" \/><\/figure>\n\n\n<figure class=\"wp-block-image size-full\"><img alt=\"\" decoding=\"async\" width=\"94\" height=\"95\" src=\"https:\/\/camping-platinredoute.fr\/wp-content\/uploads\/2025\/12\/icon-promo-jaune.svg\" alt=\"\" class=\"wp-image-1454\"\/><\/figure>\n\n\n\n<div class=\"wp-block-columns are-vertically-aligned-center is-layout-flex wp-container-core-columns-is-layout-17686c70 wp-block-columns-is-layout-flex\" style=\"padding-right:15px;padding-left:15px\">\n<div class=\"wp-block-column is-vertically-aligned-center is-layout-flow wp-block-column-is-layout-flow\" style=\"padding-left:0px\">\n<div style=\"font-size:clamp(14px, 0.875rem + ((1vw - 3.2px) * 0.104), 15px);line-height:1.2\" class=\"wp-elements-214 wp-block-gt-gt-ws-ctv-offer-dates has-text-color has-custom-color-1-color\">\n    Van 12\/06\/2027 au 03\/07\/2027<\/div>\n\n\n\n\n<p class=\"has-custom-color-1-color has-text-color has-link-color has-unbounded-font-family wp-elements-215 wp-block-paragraph\" style=\"font-size:clamp(0.875rem, 0.875rem + ((1vw - 0.2rem) * 0.208), 1rem);font-style:normal;font-weight:800;line-height:1.2\">369\u20ac per week : Aanbieding voor stellen premium<\/p>\n\n\n<div style=\"font-size:0.75rem;line-height:1\" class=\"wp-elements-216 wp-block-gt-gt-ws-ctv-offer-conditions has-text-color has-custom-color-1-color\">\n                        <p>Minimale verblijfsduur : 7<\/p>\n            <\/div>\n\n<\/div>\n\n\n\n<div class=\"wp-block-column is-vertically-aligned-center is-layout-flow wp-block-column-is-layout-flow\">\n<div class=\"wp-block-group cta has-border-color has-custom-color-1-border-color has-custom-color-1-background-color has-background is-nowrap is-layout-flex wp-container-core-group-is-layout-410927e0 wp-block-group-is-layout-flex\" style=\"border-width:2px;border-top-left-radius:100px;border-top-right-radius:100px;border-bottom-left-radius:100px;border-bottom-right-radius:100px;padding-top:10px;padding-right:20px;padding-bottom:10px;padding-left:20px\">\n<p class=\"has-base-2-color has-text-color has-link-color wp-elements-217 wp-block-paragraph\" style=\"font-style:normal;font-weight:700;text-transform:uppercase\">Bekijk het aanbod<\/p>\n\n\n\n<figure class=\"wp-block-image size-large\"><img decoding=\"async\" width=\"24\" height=\"24\" src=\"https:\/\/camping-platinredoute.fr\/wp-content\/uploads\/2025\/12\/icon-fleche-droite-blanc.svg\" alt=\"pijl\" class=\"wp-image-1009\"\/><\/figure>\n\n\n\n<figure class=\"wp-block-image size-large wp-duotone-rgb654122-rgb654122-53\"><img decoding=\"async\" width=\"24\" height=\"24\" src=\"https:\/\/camping-platinredoute.fr\/wp-content\/uploads\/2025\/12\/icon-fleche-droite-blanc.svg\" alt=\"icoon rechte pijl wit\" class=\"wp-image-1009\"\/><\/figure>\n<\/div>\n<\/div>\n<\/div>\n\n\n<a \n    class=\"is-style-lien-cover has-sr-only-text wp-block-gt-gt-ws-ctv-offer-reservation-link\"    href=\"https:\/\/reservation.secureholiday.net\/nl\/11638\/search\/product-list\/?widgetOfferId=2961662\" \n    target=\"_blank\"\n    aria-label=\"Consulter l&#039;offre 369\u20ac per week : Aanbieding voor stellen premium\"\n    rel=\"noopener noreferrer\">\n    <span class=\"sr-only\">Consulter cette offre<\/span>\n<\/a>\n\n<\/div>\n\n<\/li><li class=\"wp-block-post post-8964 offre_speciale type-offre_speciale status-publish has-post-thumbnail hentry\">\n\n<div class=\"wp-block-group has-base-2-background-color has-background is-layout-flow wp-block-group-is-layout-flow\" style=\"border-top-left-radius:10px;border-top-right-radius:10px;border-bottom-left-radius:10px;border-bottom-right-radius:10px;padding-top:14px;padding-right:14px;padding-bottom:14px;padding-left:14px\"><figure class=\"wp-block-post-featured-image\"><img decoding=\"async\" width=\"667\" height=\"387\" src=\"https:\/\/camping-platinredoute.fr\/wp-content\/uploads\/2026\/02\/couple-en-vacances-promotions-du-camping.jpg\" class=\"attachment-post-thumbnail size-post-thumbnail wp-post-image\" alt=\"couple en vacances promotions du camping\" style=\"border-top-left-radius:10px;border-top-right-radius:10px;border-bottom-left-radius:10px;border-bottom-right-radius:10px;object-fit:cover;\" srcset=\"https:\/\/camping-platinredoute.fr\/wp-content\/uploads\/2026\/02\/couple-en-vacances-promotions-du-camping.jpg 667w, https:\/\/camping-platinredoute.fr\/wp-content\/uploads\/2026\/02\/couple-en-vacances-promotions-du-camping-300x174.jpg 300w\" sizes=\"(max-width: 667px) 100vw, 667px\" \/><\/figure>\n\n\n<figure class=\"wp-block-image size-full\"><img alt=\"\" decoding=\"async\" width=\"94\" height=\"95\" src=\"https:\/\/camping-platinredoute.fr\/wp-content\/uploads\/2025\/12\/icon-promo-jaune.svg\" alt=\"\" class=\"wp-image-1454\"\/><\/figure>\n\n\n\n<div class=\"wp-block-columns are-vertically-aligned-center is-layout-flex wp-container-core-columns-is-layout-17686c70 wp-block-columns-is-layout-flex\" style=\"padding-right:15px;padding-left:15px\">\n<div class=\"wp-block-column is-vertically-aligned-center is-layout-flow wp-block-column-is-layout-flow\" style=\"padding-left:0px\">\n<div style=\"font-size:clamp(14px, 0.875rem + ((1vw - 3.2px) * 0.104), 15px);line-height:1.2\" class=\"wp-elements-218 wp-block-gt-gt-ws-ctv-offer-dates has-text-color has-custom-color-1-color\">\n    Van 29\/08\/2026 au 01\/11\/2026<\/div>\n\n\n\n\n<p class=\"has-custom-color-1-color has-text-color has-link-color has-unbounded-font-family wp-elements-219 wp-block-paragraph\" style=\"font-size:clamp(0.875rem, 0.875rem + ((1vw - 0.2rem) * 0.208), 1rem);font-style:normal;font-weight:800;line-height:1.2\">399\u20ac per week : Offre Famille Premium<\/p>\n\n\n<div style=\"font-size:0.75rem;line-height:1\" class=\"wp-elements-220 wp-block-gt-gt-ws-ctv-offer-conditions has-text-color has-custom-color-1-color\">\n                        <p>Minimale verblijfsduur : 7<\/p>\n            <\/div>\n\n<\/div>\n\n\n\n<div class=\"wp-block-column is-vertically-aligned-center is-layout-flow wp-block-column-is-layout-flow\">\n<div class=\"wp-block-group cta has-border-color has-custom-color-1-border-color has-custom-color-1-background-color has-background is-nowrap is-layout-flex wp-container-core-group-is-layout-410927e0 wp-block-group-is-layout-flex\" style=\"border-width:2px;border-top-left-radius:100px;border-top-right-radius:100px;border-bottom-left-radius:100px;border-bottom-right-radius:100px;padding-top:10px;padding-right:20px;padding-bottom:10px;padding-left:20px\">\n<p class=\"has-base-2-color has-text-color has-link-color wp-elements-221 wp-block-paragraph\" style=\"font-style:normal;font-weight:700;text-transform:uppercase\">Bekijk het aanbod<\/p>\n\n\n\n<figure class=\"wp-block-image size-large\"><img decoding=\"async\" width=\"24\" height=\"24\" src=\"https:\/\/camping-platinredoute.fr\/wp-content\/uploads\/2025\/12\/icon-fleche-droite-blanc.svg\" alt=\"pijl\" class=\"wp-image-1009\"\/><\/figure>\n\n\n\n<figure class=\"wp-block-image size-large wp-duotone-rgb654122-rgb654122-54\"><img decoding=\"async\" width=\"24\" height=\"24\" src=\"https:\/\/camping-platinredoute.fr\/wp-content\/uploads\/2025\/12\/icon-fleche-droite-blanc.svg\" alt=\"icoon rechte pijl wit\" class=\"wp-image-1009\"\/><\/figure>\n<\/div>\n<\/div>\n<\/div>\n\n\n<a \n    class=\"is-style-lien-cover has-sr-only-text wp-block-gt-gt-ws-ctv-offer-reservation-link\"    href=\"https:\/\/reservation.secureholiday.net\/nl\/11638\/search\/product-list\/?widgetOfferId=2966076\" \n    target=\"_blank\"\n    aria-label=\"Consulter l&#039;offre 399\u20ac per week : Offre Famille Premium\"\n    rel=\"noopener noreferrer\">\n    <span class=\"sr-only\">Consulter cette offre<\/span>\n<\/a>\n\n<\/div>\n\n<\/li><li class=\"wp-block-post post-8811 offre_speciale type-offre_speciale status-publish has-post-thumbnail hentry\">\n\n<div class=\"wp-block-group has-base-2-background-color has-background is-layout-flow wp-block-group-is-layout-flow\" style=\"border-top-left-radius:10px;border-top-right-radius:10px;border-bottom-left-radius:10px;border-bottom-right-radius:10px;padding-top:14px;padding-right:14px;padding-bottom:14px;padding-left:14px\"><figure class=\"wp-block-post-featured-image\"><img decoding=\"async\" width=\"667\" height=\"387\" src=\"https:\/\/camping-platinredoute.fr\/wp-content\/uploads\/2026\/02\/couple-en-vacances-promotions-du-camping.jpg\" class=\"attachment-post-thumbnail size-post-thumbnail wp-post-image\" alt=\"couple en vacances promotions du camping\" style=\"border-top-left-radius:10px;border-top-right-radius:10px;border-bottom-left-radius:10px;border-bottom-right-radius:10px;object-fit:cover;\" srcset=\"https:\/\/camping-platinredoute.fr\/wp-content\/uploads\/2026\/02\/couple-en-vacances-promotions-du-camping.jpg 667w, https:\/\/camping-platinredoute.fr\/wp-content\/uploads\/2026\/02\/couple-en-vacances-promotions-du-camping-300x174.jpg 300w\" sizes=\"(max-width: 667px) 100vw, 667px\" \/><\/figure>\n\n\n<figure class=\"wp-block-image size-full\"><img alt=\"\" decoding=\"async\" width=\"94\" height=\"95\" src=\"https:\/\/camping-platinredoute.fr\/wp-content\/uploads\/2025\/12\/icon-promo-jaune.svg\" alt=\"\" class=\"wp-image-1454\"\/><\/figure>\n\n\n\n<div class=\"wp-block-columns are-vertically-aligned-center is-layout-flex wp-container-core-columns-is-layout-17686c70 wp-block-columns-is-layout-flex\" style=\"padding-right:15px;padding-left:15px\">\n<div class=\"wp-block-column is-vertically-aligned-center is-layout-flow wp-block-column-is-layout-flow\" style=\"padding-left:0px\">\n<div style=\"font-size:clamp(14px, 0.875rem + ((1vw - 3.2px) * 0.104), 15px);line-height:1.2\" class=\"wp-elements-222 wp-block-gt-gt-ws-ctv-offer-dates has-text-color has-custom-color-1-color\">\n    Van 28\/08\/2027 au 01\/11\/2027<\/div>\n\n\n\n\n<p class=\"has-custom-color-1-color has-text-color has-link-color has-unbounded-font-family wp-elements-223 wp-block-paragraph\" style=\"font-size:clamp(0.875rem, 0.875rem + ((1vw - 0.2rem) * 0.208), 1rem);font-style:normal;font-weight:800;line-height:1.2\">399\u20ac per week : Offre Famille Premium<\/p>\n\n\n<div style=\"font-size:0.75rem;line-height:1\" class=\"wp-elements-224 wp-block-gt-gt-ws-ctv-offer-conditions has-text-color has-custom-color-1-color\">\n                        <p>Minimale verblijfsduur : 7<\/p>\n            <\/div>\n\n<\/div>\n\n\n\n<div class=\"wp-block-column is-vertically-aligned-center is-layout-flow wp-block-column-is-layout-flow\">\n<div class=\"wp-block-group cta has-border-color has-custom-color-1-border-color has-custom-color-1-background-color has-background is-nowrap is-layout-flex wp-container-core-group-is-layout-410927e0 wp-block-group-is-layout-flex\" style=\"border-width:2px;border-top-left-radius:100px;border-top-right-radius:100px;border-bottom-left-radius:100px;border-bottom-right-radius:100px;padding-top:10px;padding-right:20px;padding-bottom:10px;padding-left:20px\">\n<p class=\"has-base-2-color has-text-color has-link-color wp-elements-225 wp-block-paragraph\" style=\"font-style:normal;font-weight:700;text-transform:uppercase\">Bekijk het aanbod<\/p>\n\n\n\n<figure class=\"wp-block-image size-large\"><img decoding=\"async\" width=\"24\" height=\"24\" src=\"https:\/\/camping-platinredoute.fr\/wp-content\/uploads\/2025\/12\/icon-fleche-droite-blanc.svg\" alt=\"pijl\" class=\"wp-image-1009\"\/><\/figure>\n\n\n\n<figure class=\"wp-block-image size-large wp-duotone-rgb654122-rgb654122-55\"><img decoding=\"async\" width=\"24\" height=\"24\" src=\"https:\/\/camping-platinredoute.fr\/wp-content\/uploads\/2025\/12\/icon-fleche-droite-blanc.svg\" alt=\"icoon rechte pijl wit\" class=\"wp-image-1009\"\/><\/figure>\n<\/div>\n<\/div>\n<\/div>\n\n\n<a \n    class=\"is-style-lien-cover has-sr-only-text wp-block-gt-gt-ws-ctv-offer-reservation-link\"    href=\"https:\/\/reservation.secureholiday.net\/nl\/11638\/search\/product-list\/?widgetOfferId=2961671\" \n    target=\"_blank\"\n    aria-label=\"Consulter l&#039;offre 399\u20ac per week : Offre Famille Premium\"\n    rel=\"noopener noreferrer\">\n    <span class=\"sr-only\">Consulter cette offre<\/span>\n<\/a>\n\n<\/div>\n\n<\/li><li class=\"wp-block-post post-8813 offre_speciale type-offre_speciale status-publish has-post-thumbnail hentry\">\n\n<div class=\"wp-block-group has-base-2-background-color has-background is-layout-flow wp-block-group-is-layout-flow\" style=\"border-top-left-radius:10px;border-top-right-radius:10px;border-bottom-left-radius:10px;border-bottom-right-radius:10px;padding-top:14px;padding-right:14px;padding-bottom:14px;padding-left:14px\"><figure class=\"wp-block-post-featured-image\"><img decoding=\"async\" width=\"667\" height=\"387\" src=\"https:\/\/camping-platinredoute.fr\/wp-content\/uploads\/2026\/02\/couple-en-vacances-promotions-du-camping.jpg\" class=\"attachment-post-thumbnail size-post-thumbnail wp-post-image\" alt=\"couple en vacances promotions du camping\" style=\"border-top-left-radius:10px;border-top-right-radius:10px;border-bottom-left-radius:10px;border-bottom-right-radius:10px;object-fit:cover;\" srcset=\"https:\/\/camping-platinredoute.fr\/wp-content\/uploads\/2026\/02\/couple-en-vacances-promotions-du-camping.jpg 667w, https:\/\/camping-platinredoute.fr\/wp-content\/uploads\/2026\/02\/couple-en-vacances-promotions-du-camping-300x174.jpg 300w\" sizes=\"(max-width: 667px) 100vw, 667px\" \/><\/figure>\n\n\n<figure class=\"wp-block-image size-full\"><img alt=\"\" decoding=\"async\" width=\"94\" height=\"95\" src=\"https:\/\/camping-platinredoute.fr\/wp-content\/uploads\/2025\/12\/icon-promo-jaune.svg\" alt=\"\" class=\"wp-image-1454\"\/><\/figure>\n\n\n\n<div class=\"wp-block-columns are-vertically-aligned-center is-layout-flex wp-container-core-columns-is-layout-17686c70 wp-block-columns-is-layout-flex\" style=\"padding-right:15px;padding-left:15px\">\n<div class=\"wp-block-column is-vertically-aligned-center is-layout-flow wp-block-column-is-layout-flow\" style=\"padding-left:0px\">\n<div style=\"font-size:clamp(14px, 0.875rem + ((1vw - 3.2px) * 0.104), 15px);line-height:1.2\" class=\"wp-elements-226 wp-block-gt-gt-ws-ctv-offer-dates has-text-color has-custom-color-1-color\">\n    Van 17\/05\/2027 au 19\/06\/2027<\/div>\n\n\n\n\n<p class=\"has-custom-color-1-color has-text-color has-link-color has-unbounded-font-family wp-elements-227 wp-block-paragraph\" style=\"font-size:clamp(0.875rem, 0.875rem + ((1vw - 0.2rem) * 0.208), 1rem);font-style:normal;font-weight:800;line-height:1.2\">399\u20ac per week : Offre Famille Premium<\/p>\n\n\n<div style=\"font-size:0.75rem;line-height:1\" class=\"wp-elements-228 wp-block-gt-gt-ws-ctv-offer-conditions has-text-color has-custom-color-1-color\">\n                        <p>Minimale verblijfsduur : 7<\/p>\n            <\/div>\n\n<\/div>\n\n\n\n<div class=\"wp-block-column is-vertically-aligned-center is-layout-flow wp-block-column-is-layout-flow\">\n<div class=\"wp-block-group cta has-border-color has-custom-color-1-border-color has-custom-color-1-background-color has-background is-nowrap is-layout-flex wp-container-core-group-is-layout-410927e0 wp-block-group-is-layout-flex\" style=\"border-width:2px;border-top-left-radius:100px;border-top-right-radius:100px;border-bottom-left-radius:100px;border-bottom-right-radius:100px;padding-top:10px;padding-right:20px;padding-bottom:10px;padding-left:20px\">\n<p class=\"has-base-2-color has-text-color has-link-color wp-elements-229 wp-block-paragraph\" style=\"font-style:normal;font-weight:700;text-transform:uppercase\">Bekijk het aanbod<\/p>\n\n\n\n<figure class=\"wp-block-image size-large\"><img decoding=\"async\" width=\"24\" height=\"24\" src=\"https:\/\/camping-platinredoute.fr\/wp-content\/uploads\/2025\/12\/icon-fleche-droite-blanc.svg\" alt=\"pijl\" class=\"wp-image-1009\"\/><\/figure>\n\n\n\n<figure class=\"wp-block-image size-large wp-duotone-rgb654122-rgb654122-56\"><img decoding=\"async\" width=\"24\" height=\"24\" src=\"https:\/\/camping-platinredoute.fr\/wp-content\/uploads\/2025\/12\/icon-fleche-droite-blanc.svg\" alt=\"icoon rechte pijl wit\" class=\"wp-image-1009\"\/><\/figure>\n<\/div>\n<\/div>\n<\/div>\n\n\n<a \n    class=\"is-style-lien-cover has-sr-only-text wp-block-gt-gt-ws-ctv-offer-reservation-link\"    href=\"https:\/\/reservation.secureholiday.net\/nl\/11638\/search\/product-list\/?widgetOfferId=2961669\" \n    target=\"_blank\"\n    aria-label=\"Consulter l&#039;offre 399\u20ac per week : Offre Famille Premium\"\n    rel=\"noopener noreferrer\">\n    <span class=\"sr-only\">Consulter cette offre<\/span>\n<\/a>\n\n<\/div>\n\n<\/li><li class=\"wp-block-post post-8814 offre_speciale type-offre_speciale status-publish has-post-thumbnail hentry\">\n\n<div class=\"wp-block-group has-base-2-background-color has-background is-layout-flow wp-block-group-is-layout-flow\" style=\"border-top-left-radius:10px;border-top-right-radius:10px;border-bottom-left-radius:10px;border-bottom-right-radius:10px;padding-top:14px;padding-right:14px;padding-bottom:14px;padding-left:14px\"><figure class=\"wp-block-post-featured-image\"><img decoding=\"async\" width=\"667\" height=\"387\" src=\"https:\/\/camping-platinredoute.fr\/wp-content\/uploads\/2026\/02\/couple-en-vacances-promotions-du-camping.jpg\" class=\"attachment-post-thumbnail size-post-thumbnail wp-post-image\" alt=\"couple en vacances promotions du camping\" style=\"border-top-left-radius:10px;border-top-right-radius:10px;border-bottom-left-radius:10px;border-bottom-right-radius:10px;object-fit:cover;\" srcset=\"https:\/\/camping-platinredoute.fr\/wp-content\/uploads\/2026\/02\/couple-en-vacances-promotions-du-camping.jpg 667w, https:\/\/camping-platinredoute.fr\/wp-content\/uploads\/2026\/02\/couple-en-vacances-promotions-du-camping-300x174.jpg 300w\" sizes=\"(max-width: 667px) 100vw, 667px\" \/><\/figure>\n\n\n<figure class=\"wp-block-image size-full\"><img alt=\"\" decoding=\"async\" width=\"94\" height=\"95\" src=\"https:\/\/camping-platinredoute.fr\/wp-content\/uploads\/2025\/12\/icon-promo-jaune.svg\" alt=\"\" class=\"wp-image-1454\"\/><\/figure>\n\n\n\n<div class=\"wp-block-columns are-vertically-aligned-center is-layout-flex wp-container-core-columns-is-layout-17686c70 wp-block-columns-is-layout-flex\" style=\"padding-right:15px;padding-left:15px\">\n<div class=\"wp-block-column is-vertically-aligned-center is-layout-flow wp-block-column-is-layout-flow\" style=\"padding-left:0px\">\n<div style=\"font-size:clamp(14px, 0.875rem + ((1vw - 3.2px) * 0.104), 15px);line-height:1.2\" class=\"wp-elements-230 wp-block-gt-gt-ws-ctv-offer-dates has-text-color has-custom-color-1-color\">\n    Van 26\/03\/2027 au 05\/05\/2027<\/div>\n\n\n\n\n<p class=\"has-custom-color-1-color has-text-color has-link-color has-unbounded-font-family wp-elements-231 wp-block-paragraph\" style=\"font-size:clamp(0.875rem, 0.875rem + ((1vw - 0.2rem) * 0.208), 1rem);font-style:normal;font-weight:800;line-height:1.2\">399\u20ac per week : Offre Famille Premium<\/p>\n\n\n<div style=\"font-size:0.75rem;line-height:1\" class=\"wp-elements-232 wp-block-gt-gt-ws-ctv-offer-conditions has-text-color has-custom-color-1-color\">\n                        <p>Minimale verblijfsduur : 7<\/p>\n            <\/div>\n\n<\/div>\n\n\n\n<div class=\"wp-block-column is-vertically-aligned-center is-layout-flow wp-block-column-is-layout-flow\">\n<div class=\"wp-block-group cta has-border-color has-custom-color-1-border-color has-custom-color-1-background-color has-background is-nowrap is-layout-flex wp-container-core-group-is-layout-410927e0 wp-block-group-is-layout-flex\" style=\"border-width:2px;border-top-left-radius:100px;border-top-right-radius:100px;border-bottom-left-radius:100px;border-bottom-right-radius:100px;padding-top:10px;padding-right:20px;padding-bottom:10px;padding-left:20px\">\n<p class=\"has-base-2-color has-text-color has-link-color wp-elements-233 wp-block-paragraph\" style=\"font-style:normal;font-weight:700;text-transform:uppercase\">Bekijk het aanbod<\/p>\n\n\n\n<figure class=\"wp-block-image size-large\"><img decoding=\"async\" width=\"24\" height=\"24\" src=\"https:\/\/camping-platinredoute.fr\/wp-content\/uploads\/2025\/12\/icon-fleche-droite-blanc.svg\" alt=\"pijl\" class=\"wp-image-1009\"\/><\/figure>\n\n\n\n<figure class=\"wp-block-image size-large wp-duotone-rgb654122-rgb654122-57\"><img decoding=\"async\" width=\"24\" height=\"24\" src=\"https:\/\/camping-platinredoute.fr\/wp-content\/uploads\/2025\/12\/icon-fleche-droite-blanc.svg\" alt=\"icoon rechte pijl wit\" class=\"wp-image-1009\"\/><\/figure>\n<\/div>\n<\/div>\n<\/div>\n\n\n<a \n    class=\"is-style-lien-cover has-sr-only-text wp-block-gt-gt-ws-ctv-offer-reservation-link\"    href=\"https:\/\/reservation.secureholiday.net\/nl\/11638\/search\/product-list\/?widgetOfferId=2961668\" \n    target=\"_blank\"\n    aria-label=\"Consulter l&#039;offre 399\u20ac per week : Offre Famille Premium\"\n    rel=\"noopener noreferrer\">\n    <span class=\"sr-only\">Consulter cette offre<\/span>\n<\/a>\n\n<\/div>\n\n<\/li><li class=\"wp-block-post post-8812 offre_speciale type-offre_speciale status-publish has-post-thumbnail hentry\">\n\n<div class=\"wp-block-group has-base-2-background-color has-background is-layout-flow wp-block-group-is-layout-flow\" style=\"border-top-left-radius:10px;border-top-right-radius:10px;border-bottom-left-radius:10px;border-bottom-right-radius:10px;padding-top:14px;padding-right:14px;padding-bottom:14px;padding-left:14px\"><figure class=\"wp-block-post-featured-image\"><img decoding=\"async\" width=\"667\" height=\"387\" src=\"https:\/\/camping-platinredoute.fr\/wp-content\/uploads\/2026\/02\/couple-en-vacances-promotions-du-camping.jpg\" class=\"attachment-post-thumbnail size-post-thumbnail wp-post-image\" alt=\"couple en vacances promotions du camping\" style=\"border-top-left-radius:10px;border-top-right-radius:10px;border-bottom-left-radius:10px;border-bottom-right-radius:10px;object-fit:cover;\" srcset=\"https:\/\/camping-platinredoute.fr\/wp-content\/uploads\/2026\/02\/couple-en-vacances-promotions-du-camping.jpg 667w, https:\/\/camping-platinredoute.fr\/wp-content\/uploads\/2026\/02\/couple-en-vacances-promotions-du-camping-300x174.jpg 300w\" sizes=\"(max-width: 667px) 100vw, 667px\" \/><\/figure>\n\n\n<figure class=\"wp-block-image size-full\"><img alt=\"\" decoding=\"async\" width=\"94\" height=\"95\" src=\"https:\/\/camping-platinredoute.fr\/wp-content\/uploads\/2025\/12\/icon-promo-jaune.svg\" alt=\"\" class=\"wp-image-1454\"\/><\/figure>\n\n\n\n<div class=\"wp-block-columns are-vertically-aligned-center is-layout-flex wp-container-core-columns-is-layout-17686c70 wp-block-columns-is-layout-flex\" style=\"padding-right:15px;padding-left:15px\">\n<div class=\"wp-block-column is-vertically-aligned-center is-layout-flow wp-block-column-is-layout-flow\" style=\"padding-left:0px\">\n<div style=\"font-size:clamp(14px, 0.875rem + ((1vw - 3.2px) * 0.104), 15px);line-height:1.2\" class=\"wp-elements-234 wp-block-gt-gt-ws-ctv-offer-dates has-text-color has-custom-color-1-color\">\n    Van 12\/06\/2027 au 03\/07\/2027<\/div>\n\n\n\n\n<p class=\"has-custom-color-1-color has-text-color has-link-color has-unbounded-font-family wp-elements-235 wp-block-paragraph\" style=\"font-size:clamp(0.875rem, 0.875rem + ((1vw - 0.2rem) * 0.208), 1rem);font-style:normal;font-weight:800;line-height:1.2\">419\u20ac per week : Offre Famille Premium<\/p>\n\n\n<div style=\"font-size:0.75rem;line-height:1\" class=\"wp-elements-236 wp-block-gt-gt-ws-ctv-offer-conditions has-text-color has-custom-color-1-color\">\n                        <p>Minimale verblijfsduur : 7<\/p>\n            <\/div>\n\n<\/div>\n\n\n\n<div class=\"wp-block-column is-vertically-aligned-center is-layout-flow wp-block-column-is-layout-flow\">\n<div class=\"wp-block-group cta has-border-color has-custom-color-1-border-color has-custom-color-1-background-color has-background is-nowrap is-layout-flex wp-container-core-group-is-layout-410927e0 wp-block-group-is-layout-flex\" style=\"border-width:2px;border-top-left-radius:100px;border-top-right-radius:100px;border-bottom-left-radius:100px;border-bottom-right-radius:100px;padding-top:10px;padding-right:20px;padding-bottom:10px;padding-left:20px\">\n<p class=\"has-base-2-color has-text-color has-link-color wp-elements-237 wp-block-paragraph\" style=\"font-style:normal;font-weight:700;text-transform:uppercase\">Bekijk het aanbod<\/p>\n\n\n\n<figure class=\"wp-block-image size-large\"><img decoding=\"async\" width=\"24\" height=\"24\" src=\"https:\/\/camping-platinredoute.fr\/wp-content\/uploads\/2025\/12\/icon-fleche-droite-blanc.svg\" alt=\"pijl\" class=\"wp-image-1009\"\/><\/figure>\n\n\n\n<figure class=\"wp-block-image size-large wp-duotone-rgb654122-rgb654122-58\"><img decoding=\"async\" width=\"24\" height=\"24\" src=\"https:\/\/camping-platinredoute.fr\/wp-content\/uploads\/2025\/12\/icon-fleche-droite-blanc.svg\" alt=\"icoon rechte pijl wit\" class=\"wp-image-1009\"\/><\/figure>\n<\/div>\n<\/div>\n<\/div>\n\n\n<a \n    class=\"is-style-lien-cover has-sr-only-text wp-block-gt-gt-ws-ctv-offer-reservation-link\"    href=\"https:\/\/reservation.secureholiday.net\/nl\/11638\/search\/product-list\/?widgetOfferId=2961670\" \n    target=\"_blank\"\n    aria-label=\"Consulter l&#039;offre 419\u20ac per week : Offre Famille Premium\"\n    rel=\"noopener noreferrer\">\n    <span class=\"sr-only\">Consulter cette offre<\/span>\n<\/a>\n\n<\/div>\n\n<\/li><li class=\"wp-block-post post-8242 offre_speciale type-offre_speciale status-publish has-post-thumbnail hentry\">\n\n<div class=\"wp-block-group has-base-2-background-color has-background is-layout-flow wp-block-group-is-layout-flow\" style=\"border-top-left-radius:10px;border-top-right-radius:10px;border-bottom-left-radius:10px;border-bottom-right-radius:10px;padding-top:14px;padding-right:14px;padding-bottom:14px;padding-left:14px\"><figure class=\"wp-block-post-featured-image\"><img decoding=\"async\" width=\"667\" height=\"387\" src=\"https:\/\/camping-platinredoute.fr\/wp-content\/uploads\/2026\/02\/couple-en-vacances-promotions-du-camping.jpg\" class=\"attachment-post-thumbnail size-post-thumbnail wp-post-image\" alt=\"couple en vacances promotions du camping\" style=\"border-top-left-radius:10px;border-top-right-radius:10px;border-bottom-left-radius:10px;border-bottom-right-radius:10px;object-fit:cover;\" srcset=\"https:\/\/camping-platinredoute.fr\/wp-content\/uploads\/2026\/02\/couple-en-vacances-promotions-du-camping.jpg 667w, https:\/\/camping-platinredoute.fr\/wp-content\/uploads\/2026\/02\/couple-en-vacances-promotions-du-camping-300x174.jpg 300w\" sizes=\"(max-width: 667px) 100vw, 667px\" \/><\/figure>\n\n\n<figure class=\"wp-block-image size-full\"><img alt=\"\" decoding=\"async\" width=\"94\" height=\"95\" src=\"https:\/\/camping-platinredoute.fr\/wp-content\/uploads\/2025\/12\/icon-promo-jaune.svg\" alt=\"\" class=\"wp-image-1454\"\/><\/figure>\n\n\n\n<div class=\"wp-block-columns are-vertically-aligned-center is-layout-flex wp-container-core-columns-is-layout-17686c70 wp-block-columns-is-layout-flex\" style=\"padding-right:15px;padding-left:15px\">\n<div class=\"wp-block-column is-vertically-aligned-center is-layout-flow wp-block-column-is-layout-flow\" style=\"padding-left:0px\">\n<div style=\"font-size:clamp(14px, 0.875rem + ((1vw - 3.2px) * 0.104), 15px);line-height:1.2\" class=\"wp-elements-238 wp-block-gt-gt-ws-ctv-offer-dates has-text-color has-custom-color-1-color\">\n    Van 05\/09\/2026 au 31\/10\/2026<\/div>\n\n\n\n\n<p class=\"has-custom-color-1-color has-text-color has-link-color has-unbounded-font-family wp-elements-239 wp-block-paragraph\" style=\"font-size:clamp(0.875rem, 0.875rem + ((1vw - 0.2rem) * 0.208), 1rem);font-style:normal;font-weight:800;line-height:1.2\">469\u20ac per week : Offre Famille Premium<\/p>\n\n\n<div style=\"font-size:0.75rem;line-height:1\" class=\"wp-elements-240 wp-block-gt-gt-ws-ctv-offer-conditions has-text-color has-custom-color-1-color\">\n                        <p>{&quot;conditionOS&quot;:&quot;De korting geldt voor: : Basisprijs&quot;}<\/p>\n            <\/div>\n\n<\/div>\n\n\n\n<div class=\"wp-block-column is-vertically-aligned-center is-layout-flow wp-block-column-is-layout-flow\">\n<div class=\"wp-block-group cta has-border-color has-custom-color-1-border-color has-custom-color-1-background-color has-background is-nowrap is-layout-flex wp-container-core-group-is-layout-410927e0 wp-block-group-is-layout-flex\" style=\"border-width:2px;border-top-left-radius:100px;border-top-right-radius:100px;border-bottom-left-radius:100px;border-bottom-right-radius:100px;padding-top:10px;padding-right:20px;padding-bottom:10px;padding-left:20px\">\n<p class=\"has-base-2-color has-text-color has-link-color wp-elements-241 wp-block-paragraph\" style=\"font-style:normal;font-weight:700;text-transform:uppercase\">Bekijk het aanbod<\/p>\n\n\n\n<figure class=\"wp-block-image size-large\"><img decoding=\"async\" width=\"24\" height=\"24\" src=\"https:\/\/camping-platinredoute.fr\/wp-content\/uploads\/2025\/12\/icon-fleche-droite-blanc.svg\" alt=\"pijl\" class=\"wp-image-1009\"\/><\/figure>\n\n\n\n<figure class=\"wp-block-image size-large wp-duotone-rgb654122-rgb654122-59\"><img decoding=\"async\" width=\"24\" height=\"24\" src=\"https:\/\/camping-platinredoute.fr\/wp-content\/uploads\/2025\/12\/icon-fleche-droite-blanc.svg\" alt=\"icoon rechte pijl wit\" class=\"wp-image-1009\"\/><\/figure>\n<\/div>\n<\/div>\n<\/div>\n\n\n<a \n    class=\"is-style-lien-cover has-sr-only-text wp-block-gt-gt-ws-ctv-offer-reservation-link\"    href=\"https:\/\/reservation.secureholiday.net\/nl\/11638\/search\/product-list\/?widgetOfferId=2849994\" \n    target=\"_blank\"\n    aria-label=\"Consulter l&#039;offre 469\u20ac per week : Offre Famille Premium\"\n    rel=\"noopener noreferrer\">\n    <span class=\"sr-only\">Consulter cette offre<\/span>\n<\/a>\n\n<\/div>\n\n<\/li><li class=\"wp-block-post post-8245 offre_speciale type-offre_speciale status-publish has-post-thumbnail hentry\">\n\n<div class=\"wp-block-group has-base-2-background-color has-background is-layout-flow wp-block-group-is-layout-flow\" style=\"border-top-left-radius:10px;border-top-right-radius:10px;border-bottom-left-radius:10px;border-bottom-right-radius:10px;padding-top:14px;padding-right:14px;padding-bottom:14px;padding-left:14px\"><figure class=\"wp-block-post-featured-image\"><img decoding=\"async\" width=\"667\" height=\"387\" src=\"https:\/\/camping-platinredoute.fr\/wp-content\/uploads\/2026\/02\/couple-en-vacances-promotions-du-camping.jpg\" class=\"attachment-post-thumbnail size-post-thumbnail wp-post-image\" alt=\"couple en vacances promotions du camping\" style=\"border-top-left-radius:10px;border-top-right-radius:10px;border-bottom-left-radius:10px;border-bottom-right-radius:10px;object-fit:cover;\" srcset=\"https:\/\/camping-platinredoute.fr\/wp-content\/uploads\/2026\/02\/couple-en-vacances-promotions-du-camping.jpg 667w, https:\/\/camping-platinredoute.fr\/wp-content\/uploads\/2026\/02\/couple-en-vacances-promotions-du-camping-300x174.jpg 300w\" sizes=\"(max-width: 667px) 100vw, 667px\" \/><\/figure>\n\n\n<figure class=\"wp-block-image size-full\"><img alt=\"\" decoding=\"async\" width=\"94\" height=\"95\" src=\"https:\/\/camping-platinredoute.fr\/wp-content\/uploads\/2025\/12\/icon-promo-jaune.svg\" alt=\"\" class=\"wp-image-1454\"\/><\/figure>\n\n\n\n<div class=\"wp-block-columns are-vertically-aligned-center is-layout-flex wp-container-core-columns-is-layout-17686c70 wp-block-columns-is-layout-flex\" style=\"padding-right:15px;padding-left:15px\">\n<div class=\"wp-block-column is-vertically-aligned-center is-layout-flow wp-block-column-is-layout-flow\" style=\"padding-left:0px\">\n<div style=\"font-size:clamp(14px, 0.875rem + ((1vw - 3.2px) * 0.104), 15px);line-height:1.2\" class=\"wp-elements-242 wp-block-gt-gt-ws-ctv-offer-dates has-text-color has-custom-color-1-color\">\n    Van 01\/05\/2026 au 14\/05\/2026<\/div>\n\n\n\n\n<p class=\"has-custom-color-1-color has-text-color has-link-color has-unbounded-font-family wp-elements-243 wp-block-paragraph\" style=\"font-size:clamp(0.875rem, 0.875rem + ((1vw - 0.2rem) * 0.208), 1rem);font-style:normal;font-weight:800;line-height:1.2\">469\u20ac per week : Offre Famille Premium<\/p>\n\n\n<div style=\"font-size:0.75rem;line-height:1\" class=\"wp-elements-244 wp-block-gt-gt-ws-ctv-offer-conditions has-text-color has-custom-color-1-color\">\n                        <p>{&quot;conditionOS&quot;:&quot;De korting geldt voor: : Basisprijs&quot;}<\/p>\n            <\/div>\n\n<\/div>\n\n\n\n<div class=\"wp-block-column is-vertically-aligned-center is-layout-flow wp-block-column-is-layout-flow\">\n<div class=\"wp-block-group cta has-border-color has-custom-color-1-border-color has-custom-color-1-background-color has-background is-nowrap is-layout-flex wp-container-core-group-is-layout-410927e0 wp-block-group-is-layout-flex\" style=\"border-width:2px;border-top-left-radius:100px;border-top-right-radius:100px;border-bottom-left-radius:100px;border-bottom-right-radius:100px;padding-top:10px;padding-right:20px;padding-bottom:10px;padding-left:20px\">\n<p class=\"has-base-2-color has-text-color has-link-color wp-elements-245 wp-block-paragraph\" style=\"font-style:normal;font-weight:700;text-transform:uppercase\">Bekijk het aanbod<\/p>\n\n\n\n<figure class=\"wp-block-image size-large\"><img decoding=\"async\" width=\"24\" height=\"24\" src=\"https:\/\/camping-platinredoute.fr\/wp-content\/uploads\/2025\/12\/icon-fleche-droite-blanc.svg\" alt=\"pijl\" class=\"wp-image-1009\"\/><\/figure>\n\n\n\n<figure class=\"wp-block-image size-large wp-duotone-rgb654122-rgb654122-60\"><img decoding=\"async\" width=\"24\" height=\"24\" src=\"https:\/\/camping-platinredoute.fr\/wp-content\/uploads\/2025\/12\/icon-fleche-droite-blanc.svg\" alt=\"icoon rechte pijl wit\" class=\"wp-image-1009\"\/><\/figure>\n<\/div>\n<\/div>\n<\/div>\n\n\n<a \n    class=\"is-style-lien-cover has-sr-only-text wp-block-gt-gt-ws-ctv-offer-reservation-link\"    href=\"https:\/\/reservation.secureholiday.net\/nl\/11638\/search\/product-list\/?widgetOfferId=2849991\" \n    target=\"_blank\"\n    aria-label=\"Consulter l&#039;offre 469\u20ac per week : Offre Famille Premium\"\n    rel=\"noopener noreferrer\">\n    <span class=\"sr-only\">Consulter cette offre<\/span>\n<\/a>\n\n<\/div>\n\n<\/li><li class=\"wp-block-post post-8243 offre_speciale type-offre_speciale status-publish has-post-thumbnail hentry\">\n\n<div class=\"wp-block-group has-base-2-background-color has-background is-layout-flow wp-block-group-is-layout-flow\" style=\"border-top-left-radius:10px;border-top-right-radius:10px;border-bottom-left-radius:10px;border-bottom-right-radius:10px;padding-top:14px;padding-right:14px;padding-bottom:14px;padding-left:14px\"><figure class=\"wp-block-post-featured-image\"><img decoding=\"async\" width=\"667\" height=\"387\" src=\"https:\/\/camping-platinredoute.fr\/wp-content\/uploads\/2026\/02\/couple-en-vacances-promotions-du-camping.jpg\" class=\"attachment-post-thumbnail size-post-thumbnail wp-post-image\" alt=\"couple en vacances promotions du camping\" style=\"border-top-left-radius:10px;border-top-right-radius:10px;border-bottom-left-radius:10px;border-bottom-right-radius:10px;object-fit:cover;\" srcset=\"https:\/\/camping-platinredoute.fr\/wp-content\/uploads\/2026\/02\/couple-en-vacances-promotions-du-camping.jpg 667w, https:\/\/camping-platinredoute.fr\/wp-content\/uploads\/2026\/02\/couple-en-vacances-promotions-du-camping-300x174.jpg 300w\" sizes=\"(max-width: 667px) 100vw, 667px\" \/><\/figure>\n\n\n<figure class=\"wp-block-image size-full\"><img alt=\"\" decoding=\"async\" width=\"94\" height=\"95\" src=\"https:\/\/camping-platinredoute.fr\/wp-content\/uploads\/2025\/12\/icon-promo-jaune.svg\" alt=\"\" class=\"wp-image-1454\"\/><\/figure>\n\n\n\n<div class=\"wp-block-columns are-vertically-aligned-center is-layout-flex wp-container-core-columns-is-layout-17686c70 wp-block-columns-is-layout-flex\" style=\"padding-right:15px;padding-left:15px\">\n<div class=\"wp-block-column is-vertically-aligned-center is-layout-flow wp-block-column-is-layout-flow\" style=\"padding-left:0px\">\n<div style=\"font-size:clamp(14px, 0.875rem + ((1vw - 3.2px) * 0.104), 15px);line-height:1.2\" class=\"wp-elements-246 wp-block-gt-gt-ws-ctv-offer-dates has-text-color has-custom-color-1-color\">\n    Van 29\/08\/2026 au 11\/09\/2026<\/div>\n\n\n\n\n<p class=\"has-custom-color-1-color has-text-color has-link-color has-unbounded-font-family wp-elements-247 wp-block-paragraph\" style=\"font-size:clamp(0.875rem, 0.875rem + ((1vw - 0.2rem) * 0.208), 1rem);font-style:normal;font-weight:800;line-height:1.2\">479\u20ac per week : Offre Famille Premium<\/p>\n\n\n<div style=\"font-size:0.75rem;line-height:1\" class=\"wp-elements-248 wp-block-gt-gt-ws-ctv-offer-conditions has-text-color has-custom-color-1-color\">\n                        <p>{&quot;conditionOS&quot;:&quot;De korting geldt voor: : Basisprijs&quot;}<\/p>\n            <\/div>\n\n<\/div>\n\n\n\n<div class=\"wp-block-column is-vertically-aligned-center is-layout-flow wp-block-column-is-layout-flow\">\n<div class=\"wp-block-group cta has-border-color has-custom-color-1-border-color has-custom-color-1-background-color has-background is-nowrap is-layout-flex wp-container-core-group-is-layout-410927e0 wp-block-group-is-layout-flex\" style=\"border-width:2px;border-top-left-radius:100px;border-top-right-radius:100px;border-bottom-left-radius:100px;border-bottom-right-radius:100px;padding-top:10px;padding-right:20px;padding-bottom:10px;padding-left:20px\">\n<p class=\"has-base-2-color has-text-color has-link-color wp-elements-249 wp-block-paragraph\" style=\"font-style:normal;font-weight:700;text-transform:uppercase\">Bekijk het aanbod<\/p>\n\n\n\n<figure class=\"wp-block-image size-large\"><img decoding=\"async\" width=\"24\" height=\"24\" src=\"https:\/\/camping-platinredoute.fr\/wp-content\/uploads\/2025\/12\/icon-fleche-droite-blanc.svg\" alt=\"pijl\" class=\"wp-image-1009\"\/><\/figure>\n\n\n\n<figure class=\"wp-block-image size-large wp-duotone-rgb654122-rgb654122-61\"><img decoding=\"async\" width=\"24\" height=\"24\" src=\"https:\/\/camping-platinredoute.fr\/wp-content\/uploads\/2025\/12\/icon-fleche-droite-blanc.svg\" alt=\"icoon rechte pijl wit\" class=\"wp-image-1009\"\/><\/figure>\n<\/div>\n<\/div>\n<\/div>\n\n\n<a \n    class=\"is-style-lien-cover has-sr-only-text wp-block-gt-gt-ws-ctv-offer-reservation-link\"    href=\"https:\/\/reservation.secureholiday.net\/nl\/11638\/search\/product-list\/?widgetOfferId=2849993\" \n    target=\"_blank\"\n    aria-label=\"Consulter l&#039;offre 479\u20ac per week : Offre Famille Premium\"\n    rel=\"noopener noreferrer\">\n    <span class=\"sr-only\">Consulter cette offre<\/span>\n<\/a>\n\n<\/div>\n\n<\/li><li class=\"wp-block-post post-8244 offre_speciale type-offre_speciale status-publish has-post-thumbnail hentry\">\n\n<div class=\"wp-block-group has-base-2-background-color has-background is-layout-flow wp-block-group-is-layout-flow\" style=\"border-top-left-radius:10px;border-top-right-radius:10px;border-bottom-left-radius:10px;border-bottom-right-radius:10px;padding-top:14px;padding-right:14px;padding-bottom:14px;padding-left:14px\"><figure class=\"wp-block-post-featured-image\"><img decoding=\"async\" width=\"667\" height=\"387\" src=\"https:\/\/camping-platinredoute.fr\/wp-content\/uploads\/2026\/02\/couple-en-vacances-promotions-du-camping.jpg\" class=\"attachment-post-thumbnail size-post-thumbnail wp-post-image\" alt=\"couple en vacances promotions du camping\" style=\"border-top-left-radius:10px;border-top-right-radius:10px;border-bottom-left-radius:10px;border-bottom-right-radius:10px;object-fit:cover;\" srcset=\"https:\/\/camping-platinredoute.fr\/wp-content\/uploads\/2026\/02\/couple-en-vacances-promotions-du-camping.jpg 667w, https:\/\/camping-platinredoute.fr\/wp-content\/uploads\/2026\/02\/couple-en-vacances-promotions-du-camping-300x174.jpg 300w\" sizes=\"(max-width: 667px) 100vw, 667px\" \/><\/figure>\n\n\n<figure class=\"wp-block-image size-full\"><img alt=\"\" decoding=\"async\" width=\"94\" height=\"95\" src=\"https:\/\/camping-platinredoute.fr\/wp-content\/uploads\/2025\/12\/icon-promo-jaune.svg\" alt=\"\" class=\"wp-image-1454\"\/><\/figure>\n\n\n\n<div class=\"wp-block-columns are-vertically-aligned-center is-layout-flex wp-container-core-columns-is-layout-17686c70 wp-block-columns-is-layout-flex\" style=\"padding-right:15px;padding-left:15px\">\n<div class=\"wp-block-column is-vertically-aligned-center is-layout-flow wp-block-column-is-layout-flow\" style=\"padding-left:0px\">\n<div style=\"font-size:clamp(14px, 0.875rem + ((1vw - 3.2px) * 0.104), 15px);line-height:1.2\" class=\"wp-elements-250 wp-block-gt-gt-ws-ctv-offer-dates has-text-color has-custom-color-1-color\">\n    Van 26\/05\/2026 au 04\/07\/2026<\/div>\n\n\n\n\n<p class=\"has-custom-color-1-color has-text-color has-link-color has-unbounded-font-family wp-elements-251 wp-block-paragraph\" style=\"font-size:clamp(0.875rem, 0.875rem + ((1vw - 0.2rem) * 0.208), 1rem);font-style:normal;font-weight:800;line-height:1.2\">479\u20ac per week : Offre Famille Premium<\/p>\n\n\n<div style=\"font-size:0.75rem;line-height:1\" class=\"wp-elements-252 wp-block-gt-gt-ws-ctv-offer-conditions has-text-color has-custom-color-1-color\">\n                        <p>{&quot;conditionOS&quot;:&quot;De korting geldt voor: : Basisprijs&quot;}<\/p>\n            <\/div>\n\n<\/div>\n\n\n\n<div class=\"wp-block-column is-vertically-aligned-center is-layout-flow wp-block-column-is-layout-flow\">\n<div class=\"wp-block-group cta has-border-color has-custom-color-1-border-color has-custom-color-1-background-color has-background is-nowrap is-layout-flex wp-container-core-group-is-layout-410927e0 wp-block-group-is-layout-flex\" style=\"border-width:2px;border-top-left-radius:100px;border-top-right-radius:100px;border-bottom-left-radius:100px;border-bottom-right-radius:100px;padding-top:10px;padding-right:20px;padding-bottom:10px;padding-left:20px\">\n<p class=\"has-base-2-color has-text-color has-link-color wp-elements-253 wp-block-paragraph\" style=\"font-style:normal;font-weight:700;text-transform:uppercase\">Bekijk het aanbod<\/p>\n\n\n\n<figure class=\"wp-block-image size-large\"><img decoding=\"async\" width=\"24\" height=\"24\" src=\"https:\/\/camping-platinredoute.fr\/wp-content\/uploads\/2025\/12\/icon-fleche-droite-blanc.svg\" alt=\"pijl\" class=\"wp-image-1009\"\/><\/figure>\n\n\n\n<figure class=\"wp-block-image size-large wp-duotone-rgb654122-rgb654122-62\"><img decoding=\"async\" width=\"24\" height=\"24\" src=\"https:\/\/camping-platinredoute.fr\/wp-content\/uploads\/2025\/12\/icon-fleche-droite-blanc.svg\" alt=\"icoon rechte pijl wit\" class=\"wp-image-1009\"\/><\/figure>\n<\/div>\n<\/div>\n<\/div>\n\n\n<a \n    class=\"is-style-lien-cover has-sr-only-text wp-block-gt-gt-ws-ctv-offer-reservation-link\"    href=\"https:\/\/reservation.secureholiday.net\/nl\/11638\/search\/product-list\/?widgetOfferId=2849992\" \n    target=\"_blank\"\n    aria-label=\"Consulter l&#039;offre 479\u20ac per week : Offre Famille Premium\"\n    rel=\"noopener noreferrer\">\n    <span class=\"sr-only\">Consulter cette offre<\/span>\n<\/a>\n\n<\/div>\n\n<\/li><li class=\"wp-block-post post-8994 offre_speciale type-offre_speciale status-publish has-post-thumbnail hentry offre_speciale_type-offre-page-daccueil\">\n\n<div class=\"wp-block-group has-base-2-background-color has-background is-layout-flow wp-block-group-is-layout-flow\" style=\"border-top-left-radius:10px;border-top-right-radius:10px;border-bottom-left-radius:10px;border-bottom-right-radius:10px;padding-top:14px;padding-right:14px;padding-bottom:14px;padding-left:14px\"><figure class=\"wp-block-post-featured-image\"><img decoding=\"async\" width=\"1026\" height=\"663\" src=\"https:\/\/camping-platinredoute.fr\/wp-content\/uploads\/2026\/09\/FEC_1026_663.jpg\" class=\"attachment-post-thumbnail size-post-thumbnail wp-post-image\" alt=\"FEC\" style=\"border-top-left-radius:10px;border-top-right-radius:10px;border-bottom-left-radius:10px;border-bottom-right-radius:10px;object-fit:cover;\" srcset=\"https:\/\/camping-platinredoute.fr\/wp-content\/uploads\/2026\/09\/FEC_1026_663.jpg 1026w, https:\/\/camping-platinredoute.fr\/wp-content\/uploads\/2026\/09\/FEC_1026_663-300x194.jpg 300w, https:\/\/camping-platinredoute.fr\/wp-content\/uploads\/2026\/09\/FEC_1026_663-1024x662.jpg 1024w, https:\/\/camping-platinredoute.fr\/wp-content\/uploads\/2026\/09\/FEC_1026_663-768x496.jpg 768w\" sizes=\"(max-width: 1026px) 100vw, 1026px\" \/><\/figure>\n\n\n<figure class=\"wp-block-image size-full\"><img alt=\"\" decoding=\"async\" width=\"94\" height=\"95\" src=\"https:\/\/camping-platinredoute.fr\/wp-content\/uploads\/2025\/12\/icon-promo-jaune.svg\" alt=\"\" class=\"wp-image-1454\"\/><\/figure>\n\n\n\n<div class=\"wp-block-columns are-vertically-aligned-center is-layout-flex wp-container-core-columns-is-layout-17686c70 wp-block-columns-is-layout-flex\" style=\"padding-right:15px;padding-left:15px\">\n<div class=\"wp-block-column is-vertically-aligned-center is-layout-flow wp-block-column-is-layout-flow\" style=\"padding-left:0px\">\n<div style=\"font-size:clamp(14px, 0.875rem + ((1vw - 3.2px) * 0.104), 15px);line-height:1.2\" class=\"wp-elements-254 wp-block-gt-gt-ws-ctv-offer-dates has-text-color has-custom-color-1-color\">\n    Van 26\/03\/2027 au 01\/11\/2027<\/div>\n\n\n\n\n<p class=\"has-custom-color-1-color has-text-color has-link-color has-unbounded-font-family wp-elements-255 wp-block-paragraph\" style=\"font-size:clamp(0.875rem, 0.875rem + ((1vw - 0.2rem) * 0.208), 1rem);font-style:normal;font-weight:800;line-height:1.2\"><\/p>\n\n\n<\/div>\n\n\n\n<div class=\"wp-block-column is-vertically-aligned-center is-layout-flow wp-block-column-is-layout-flow\">\n<div class=\"wp-block-group cta has-border-color has-custom-color-1-border-color has-custom-color-1-background-color has-background is-nowrap is-layout-flex wp-container-core-group-is-layout-410927e0 wp-block-group-is-layout-flex\" style=\"border-width:2px;border-top-left-radius:100px;border-top-right-radius:100px;border-bottom-left-radius:100px;border-bottom-right-radius:100px;padding-top:10px;padding-right:20px;padding-bottom:10px;padding-left:20px\">\n<p class=\"has-base-2-color has-text-color has-link-color wp-elements-257 wp-block-paragraph\" style=\"font-style:normal;font-weight:700;text-transform:uppercase\">Bekijk het aanbod<\/p>\n\n\n\n<figure class=\"wp-block-image size-large\"><img decoding=\"async\" width=\"24\" height=\"24\" src=\"https:\/\/camping-platinredoute.fr\/wp-content\/uploads\/2025\/12\/icon-fleche-droite-blanc.svg\" alt=\"pijl\" class=\"wp-image-1009\"\/><\/figure>\n\n\n\n<figure class=\"wp-block-image size-large wp-duotone-rgb654122-rgb654122-63\"><img decoding=\"async\" width=\"24\" height=\"24\" src=\"https:\/\/camping-platinredoute.fr\/wp-content\/uploads\/2025\/12\/icon-fleche-droite-blanc.svg\" alt=\"icoon rechte pijl wit\" class=\"wp-image-1009\"\/><\/figure>\n<\/div>\n<\/div>\n<\/div>\n\n\n<a \n    class=\"is-style-lien-cover has-sr-only-text wp-block-gt-gt-ws-ctv-offer-reservation-link\"    href=\"https:\/\/reservation.secureholiday.net\/fr\/11638\/offers\" \n    target=\"_blank\"\n    aria-label=\"Consulter l&#039;offre Early Booking \u00e9t\u00e9 2027\"\n    rel=\"noopener noreferrer\">\n    <span class=\"sr-only\">Consulter cette offre<\/span>\n<\/a>\n\n<\/div>\n\n<\/li><li class=\"wp-block-post post-8622 offre_speciale type-offre_speciale status-publish has-post-thumbnail hentry\">\n\n<div class=\"wp-block-group has-base-2-background-color has-background is-layout-flow wp-block-group-is-layout-flow\" style=\"border-top-left-radius:10px;border-top-right-radius:10px;border-bottom-left-radius:10px;border-bottom-right-radius:10px;padding-top:14px;padding-right:14px;padding-bottom:14px;padding-left:14px\"><figure class=\"wp-block-post-featured-image\"><img decoding=\"async\" width=\"667\" height=\"387\" src=\"https:\/\/camping-platinredoute.fr\/wp-content\/uploads\/2026\/02\/couple-en-vacances-promotions-du-camping.jpg\" class=\"attachment-post-thumbnail size-post-thumbnail wp-post-image\" alt=\"couple en vacances promotions du camping\" style=\"border-top-left-radius:10px;border-top-right-radius:10px;border-bottom-left-radius:10px;border-bottom-right-radius:10px;object-fit:cover;\" srcset=\"https:\/\/camping-platinredoute.fr\/wp-content\/uploads\/2026\/02\/couple-en-vacances-promotions-du-camping.jpg 667w, https:\/\/camping-platinredoute.fr\/wp-content\/uploads\/2026\/02\/couple-en-vacances-promotions-du-camping-300x174.jpg 300w\" sizes=\"(max-width: 667px) 100vw, 667px\" \/><\/figure>\n\n\n<figure class=\"wp-block-image size-full\"><img alt=\"\" decoding=\"async\" width=\"94\" height=\"95\" src=\"https:\/\/camping-platinredoute.fr\/wp-content\/uploads\/2025\/12\/icon-promo-jaune.svg\" alt=\"\" class=\"wp-image-1454\"\/><\/figure>\n\n\n\n<div class=\"wp-block-columns are-vertically-aligned-center is-layout-flex wp-container-core-columns-is-layout-17686c70 wp-block-columns-is-layout-flex\" style=\"padding-right:15px;padding-left:15px\">\n<div class=\"wp-block-column is-vertically-aligned-center is-layout-flow wp-block-column-is-layout-flow\" style=\"padding-left:0px\">\n<div style=\"font-size:clamp(14px, 0.875rem + ((1vw - 3.2px) * 0.104), 15px);line-height:1.2\" class=\"wp-elements-258 wp-block-gt-gt-ws-ctv-offer-dates has-text-color has-custom-color-1-color\">\n    Van 04\/07\/2026 au 11\/07\/2026<\/div>\n\n\n\n\n<p class=\"has-custom-color-1-color has-text-color has-link-color has-unbounded-font-family wp-elements-259 wp-block-paragraph\" style=\"font-size:clamp(0.875rem, 0.875rem + ((1vw - 0.2rem) * 0.208), 1rem);font-style:normal;font-weight:800;line-height:1.2\">Huuraccommodatie(s) &#8211; zaterdag 04  juli &#8211; 7 dagen : **Gelimiteerd aanbod, boek nu !<\/p>\n\n\n<div style=\"font-size:0.75rem;line-height:1\" class=\"wp-elements-260 wp-block-gt-gt-ws-ctv-offer-conditions has-text-color has-custom-color-1-color\">\n                        <p>Reserveringskosten : 0 \u20ac<\/p>\n            <\/div>\n\n<\/div>\n\n\n\n<div class=\"wp-block-column is-vertically-aligned-center is-layout-flow wp-block-column-is-layout-flow\">\n<div class=\"wp-block-group cta has-border-color has-custom-color-1-border-color has-custom-color-1-background-color has-background is-nowrap is-layout-flex wp-container-core-group-is-layout-410927e0 wp-block-group-is-layout-flex\" style=\"border-width:2px;border-top-left-radius:100px;border-top-right-radius:100px;border-bottom-left-radius:100px;border-bottom-right-radius:100px;padding-top:10px;padding-right:20px;padding-bottom:10px;padding-left:20px\">\n<p class=\"has-base-2-color has-text-color has-link-color wp-elements-261 wp-block-paragraph\" style=\"font-style:normal;font-weight:700;text-transform:uppercase\">Bekijk het aanbod<\/p>\n\n\n\n<figure class=\"wp-block-image size-large\"><img decoding=\"async\" width=\"24\" height=\"24\" src=\"https:\/\/camping-platinredoute.fr\/wp-content\/uploads\/2025\/12\/icon-fleche-droite-blanc.svg\" alt=\"pijl\" class=\"wp-image-1009\"\/><\/figure>\n\n\n\n<figure class=\"wp-block-image size-large wp-duotone-rgb654122-rgb654122-64\"><img decoding=\"async\" width=\"24\" height=\"24\" src=\"https:\/\/camping-platinredoute.fr\/wp-content\/uploads\/2025\/12\/icon-fleche-droite-blanc.svg\" alt=\"icoon rechte pijl wit\" class=\"wp-image-1009\"\/><\/figure>\n<\/div>\n<\/div>\n<\/div>\n\n\n<a \n    class=\"is-style-lien-cover has-sr-only-text wp-block-gt-gt-ws-ctv-offer-reservation-link\"    href=\"https:\/\/reservation.secureholiday.net\/nl\/11638\/search\/product-list\/?widgetOfferId=171862\" \n    target=\"_blank\"\n    aria-label=\"Consulter l&#039;offre Huuraccommodatie(s) &#8211; zaterdag 04  juli &#8211; 7 dagen : **Gelimiteerd aanbod, boek nu !\"\n    rel=\"noopener noreferrer\">\n    <span class=\"sr-only\">Consulter cette offre<\/span>\n<\/a>\n\n<\/div>\n\n<\/li><li class=\"wp-block-post post-8623 offre_speciale type-offre_speciale status-publish has-post-thumbnail hentry\">\n\n<div class=\"wp-block-group has-base-2-background-color has-background is-layout-flow wp-block-group-is-layout-flow\" style=\"border-top-left-radius:10px;border-top-right-radius:10px;border-bottom-left-radius:10px;border-bottom-right-radius:10px;padding-top:14px;padding-right:14px;padding-bottom:14px;padding-left:14px\"><figure class=\"wp-block-post-featured-image\"><img decoding=\"async\" width=\"667\" height=\"387\" src=\"https:\/\/camping-platinredoute.fr\/wp-content\/uploads\/2026\/02\/couple-en-vacances-promotions-du-camping.jpg\" class=\"attachment-post-thumbnail size-post-thumbnail wp-post-image\" alt=\"couple en vacances promotions du camping\" style=\"border-top-left-radius:10px;border-top-right-radius:10px;border-bottom-left-radius:10px;border-bottom-right-radius:10px;object-fit:cover;\" srcset=\"https:\/\/camping-platinredoute.fr\/wp-content\/uploads\/2026\/02\/couple-en-vacances-promotions-du-camping.jpg 667w, https:\/\/camping-platinredoute.fr\/wp-content\/uploads\/2026\/02\/couple-en-vacances-promotions-du-camping-300x174.jpg 300w\" sizes=\"(max-width: 667px) 100vw, 667px\" \/><\/figure>\n\n\n<figure class=\"wp-block-image size-full\"><img alt=\"\" decoding=\"async\" width=\"94\" height=\"95\" src=\"https:\/\/camping-platinredoute.fr\/wp-content\/uploads\/2025\/12\/icon-promo-jaune.svg\" alt=\"\" class=\"wp-image-1454\"\/><\/figure>\n\n\n\n<div class=\"wp-block-columns are-vertically-aligned-center is-layout-flex wp-container-core-columns-is-layout-17686c70 wp-block-columns-is-layout-flex\" style=\"padding-right:15px;padding-left:15px\">\n<div class=\"wp-block-column is-vertically-aligned-center is-layout-flow wp-block-column-is-layout-flow\" style=\"padding-left:0px\">\n<div style=\"font-size:clamp(14px, 0.875rem + ((1vw - 3.2px) * 0.104), 15px);line-height:1.2\" class=\"wp-elements-262 wp-block-gt-gt-ws-ctv-offer-dates has-text-color has-custom-color-1-color\">\n    Van 04\/07\/2026 au 11\/07\/2026<\/div>\n\n\n\n\n<p class=\"has-custom-color-1-color has-text-color has-link-color has-unbounded-font-family wp-elements-263 wp-block-paragraph\" style=\"font-size:clamp(0.875rem, 0.875rem + ((1vw - 0.2rem) * 0.208), 1rem);font-style:normal;font-weight:800;line-height:1.2\">Huuraccommodatie(s) &#8211; zaterdag 04  juli &#8211; 7 dagen : **Gelimiteerd aanbod, boek nu !<\/p>\n\n\n<div style=\"font-size:0.75rem;line-height:1\" class=\"wp-elements-264 wp-block-gt-gt-ws-ctv-offer-conditions has-text-color has-custom-color-1-color\">\n                        <p>Reserveringskosten : 0 \u20ac<\/p>\n            <\/div>\n\n<\/div>\n\n\n\n<div class=\"wp-block-column is-vertically-aligned-center is-layout-flow wp-block-column-is-layout-flow\">\n<div class=\"wp-block-group cta has-border-color has-custom-color-1-border-color has-custom-color-1-background-color has-background is-nowrap is-layout-flex wp-container-core-group-is-layout-410927e0 wp-block-group-is-layout-flex\" style=\"border-width:2px;border-top-left-radius:100px;border-top-right-radius:100px;border-bottom-left-radius:100px;border-bottom-right-radius:100px;padding-top:10px;padding-right:20px;padding-bottom:10px;padding-left:20px\">\n<p class=\"has-base-2-color has-text-color has-link-color wp-elements-265 wp-block-paragraph\" style=\"font-style:normal;font-weight:700;text-transform:uppercase\">Bekijk het aanbod<\/p>\n\n\n\n<figure class=\"wp-block-image size-large\"><img decoding=\"async\" width=\"24\" height=\"24\" src=\"https:\/\/camping-platinredoute.fr\/wp-content\/uploads\/2025\/12\/icon-fleche-droite-blanc.svg\" alt=\"pijl\" class=\"wp-image-1009\"\/><\/figure>\n\n\n\n<figure class=\"wp-block-image size-large wp-duotone-rgb654122-rgb654122-65\"><img decoding=\"async\" width=\"24\" height=\"24\" src=\"https:\/\/camping-platinredoute.fr\/wp-content\/uploads\/2025\/12\/icon-fleche-droite-blanc.svg\" alt=\"icoon rechte pijl wit\" class=\"wp-image-1009\"\/><\/figure>\n<\/div>\n<\/div>\n<\/div>\n\n\n<a \n    class=\"is-style-lien-cover has-sr-only-text wp-block-gt-gt-ws-ctv-offer-reservation-link\"    href=\"https:\/\/reservation.secureholiday.net\/nl\/11638\/search\/product-list\/?widgetOfferId=171861\" \n    target=\"_blank\"\n    aria-label=\"Consulter l&#039;offre Huuraccommodatie(s) &#8211; zaterdag 04  juli &#8211; 7 dagen : **Gelimiteerd aanbod, boek nu !\"\n    rel=\"noopener noreferrer\">\n    <span class=\"sr-only\">Consulter cette offre<\/span>\n<\/a>\n\n<\/div>\n\n<\/li><li class=\"wp-block-post post-8624 offre_speciale type-offre_speciale status-publish has-post-thumbnail hentry\">\n\n<div class=\"wp-block-group has-base-2-background-color has-background is-layout-flow wp-block-group-is-layout-flow\" style=\"border-top-left-radius:10px;border-top-right-radius:10px;border-bottom-left-radius:10px;border-bottom-right-radius:10px;padding-top:14px;padding-right:14px;padding-bottom:14px;padding-left:14px\"><figure class=\"wp-block-post-featured-image\"><img decoding=\"async\" width=\"667\" height=\"387\" src=\"https:\/\/camping-platinredoute.fr\/wp-content\/uploads\/2026\/02\/couple-en-vacances-promotions-du-camping.jpg\" class=\"attachment-post-thumbnail size-post-thumbnail wp-post-image\" alt=\"couple en vacances promotions du camping\" style=\"border-top-left-radius:10px;border-top-right-radius:10px;border-bottom-left-radius:10px;border-bottom-right-radius:10px;object-fit:cover;\" srcset=\"https:\/\/camping-platinredoute.fr\/wp-content\/uploads\/2026\/02\/couple-en-vacances-promotions-du-camping.jpg 667w, https:\/\/camping-platinredoute.fr\/wp-content\/uploads\/2026\/02\/couple-en-vacances-promotions-du-camping-300x174.jpg 300w\" sizes=\"(max-width: 667px) 100vw, 667px\" \/><\/figure>\n\n\n<figure class=\"wp-block-image size-full\"><img alt=\"\" decoding=\"async\" width=\"94\" height=\"95\" src=\"https:\/\/camping-platinredoute.fr\/wp-content\/uploads\/2025\/12\/icon-promo-jaune.svg\" alt=\"\" class=\"wp-image-1454\"\/><\/figure>\n\n\n\n<div class=\"wp-block-columns are-vertically-aligned-center is-layout-flex wp-container-core-columns-is-layout-17686c70 wp-block-columns-is-layout-flex\" style=\"padding-right:15px;padding-left:15px\">\n<div class=\"wp-block-column is-vertically-aligned-center is-layout-flow wp-block-column-is-layout-flow\" style=\"padding-left:0px\">\n<div style=\"font-size:clamp(14px, 0.875rem + ((1vw - 3.2px) * 0.104), 15px);line-height:1.2\" class=\"wp-elements-266 wp-block-gt-gt-ws-ctv-offer-dates has-text-color has-custom-color-1-color\">\n    Van 04\/07\/2026 au 11\/07\/2026<\/div>\n\n\n\n\n<p class=\"has-custom-color-1-color has-text-color has-link-color has-unbounded-font-family wp-elements-267 wp-block-paragraph\" style=\"font-size:clamp(0.875rem, 0.875rem + ((1vw - 0.2rem) * 0.208), 1rem);font-style:normal;font-weight:800;line-height:1.2\">Huuraccommodatie(s) &#8211; zaterdag 04  juli &#8211; 7 dagen : **Gelimiteerd aanbod, boek nu !<\/p>\n\n\n<div style=\"font-size:0.75rem;line-height:1\" class=\"wp-elements-268 wp-block-gt-gt-ws-ctv-offer-conditions has-text-color has-custom-color-1-color\">\n                        <p>Reserveringskosten : 0 \u20ac<\/p>\n            <\/div>\n\n<\/div>\n\n\n\n<div class=\"wp-block-column is-vertically-aligned-center is-layout-flow wp-block-column-is-layout-flow\">\n<div class=\"wp-block-group cta has-border-color has-custom-color-1-border-color has-custom-color-1-background-color has-background is-nowrap is-layout-flex wp-container-core-group-is-layout-410927e0 wp-block-group-is-layout-flex\" style=\"border-width:2px;border-top-left-radius:100px;border-top-right-radius:100px;border-bottom-left-radius:100px;border-bottom-right-radius:100px;padding-top:10px;padding-right:20px;padding-bottom:10px;padding-left:20px\">\n<p class=\"has-base-2-color has-text-color has-link-color wp-elements-269 wp-block-paragraph\" style=\"font-style:normal;font-weight:700;text-transform:uppercase\">Bekijk het aanbod<\/p>\n\n\n\n<figure class=\"wp-block-image size-large\"><img decoding=\"async\" width=\"24\" height=\"24\" src=\"https:\/\/camping-platinredoute.fr\/wp-content\/uploads\/2025\/12\/icon-fleche-droite-blanc.svg\" alt=\"pijl\" class=\"wp-image-1009\"\/><\/figure>\n\n\n\n<figure class=\"wp-block-image size-large wp-duotone-rgb654122-rgb654122-66\"><img decoding=\"async\" width=\"24\" height=\"24\" src=\"https:\/\/camping-platinredoute.fr\/wp-content\/uploads\/2025\/12\/icon-fleche-droite-blanc.svg\" alt=\"icoon rechte pijl wit\" class=\"wp-image-1009\"\/><\/figure>\n<\/div>\n<\/div>\n<\/div>\n\n\n<a \n    class=\"is-style-lien-cover has-sr-only-text wp-block-gt-gt-ws-ctv-offer-reservation-link\"    href=\"https:\/\/reservation.secureholiday.net\/nl\/11638\/search\/product-list\/?widgetOfferId=171860\" \n    target=\"_blank\"\n    aria-label=\"Consulter l&#039;offre Huuraccommodatie(s) &#8211; zaterdag 04  juli &#8211; 7 dagen : **Gelimiteerd aanbod, boek nu !\"\n    rel=\"noopener noreferrer\">\n    <span class=\"sr-only\">Consulter cette offre<\/span>\n<\/a>\n\n<\/div>\n\n<\/li><li class=\"wp-block-post post-8625 offre_speciale type-offre_speciale status-publish has-post-thumbnail hentry\">\n\n<div class=\"wp-block-group has-base-2-background-color has-background is-layout-flow wp-block-group-is-layout-flow\" style=\"border-top-left-radius:10px;border-top-right-radius:10px;border-bottom-left-radius:10px;border-bottom-right-radius:10px;padding-top:14px;padding-right:14px;padding-bottom:14px;padding-left:14px\"><figure class=\"wp-block-post-featured-image\"><img decoding=\"async\" width=\"667\" height=\"387\" src=\"https:\/\/camping-platinredoute.fr\/wp-content\/uploads\/2026\/02\/couple-en-vacances-promotions-du-camping.jpg\" class=\"attachment-post-thumbnail size-post-thumbnail wp-post-image\" alt=\"couple en vacances promotions du camping\" style=\"border-top-left-radius:10px;border-top-right-radius:10px;border-bottom-left-radius:10px;border-bottom-right-radius:10px;object-fit:cover;\" srcset=\"https:\/\/camping-platinredoute.fr\/wp-content\/uploads\/2026\/02\/couple-en-vacances-promotions-du-camping.jpg 667w, https:\/\/camping-platinredoute.fr\/wp-content\/uploads\/2026\/02\/couple-en-vacances-promotions-du-camping-300x174.jpg 300w\" sizes=\"(max-width: 667px) 100vw, 667px\" \/><\/figure>\n\n\n<figure class=\"wp-block-image size-full\"><img alt=\"\" decoding=\"async\" width=\"94\" height=\"95\" src=\"https:\/\/camping-platinredoute.fr\/wp-content\/uploads\/2025\/12\/icon-promo-jaune.svg\" alt=\"\" class=\"wp-image-1454\"\/><\/figure>\n\n\n\n<div class=\"wp-block-columns are-vertically-aligned-center is-layout-flex wp-container-core-columns-is-layout-17686c70 wp-block-columns-is-layout-flex\" style=\"padding-right:15px;padding-left:15px\">\n<div class=\"wp-block-column is-vertically-aligned-center is-layout-flow wp-block-column-is-layout-flow\" style=\"padding-left:0px\">\n<div style=\"font-size:clamp(14px, 0.875rem + ((1vw - 3.2px) * 0.104), 15px);line-height:1.2\" class=\"wp-elements-270 wp-block-gt-gt-ws-ctv-offer-dates has-text-color has-custom-color-1-color\">\n    Van 04\/07\/2026 au 11\/07\/2026<\/div>\n\n\n\n\n<p class=\"has-custom-color-1-color has-text-color has-link-color has-unbounded-font-family wp-elements-271 wp-block-paragraph\" style=\"font-size:clamp(0.875rem, 0.875rem + ((1vw - 0.2rem) * 0.208), 1rem);font-style:normal;font-weight:800;line-height:1.2\">Huuraccommodatie(s) &#8211; zaterdag 04  juli &#8211; 7 dagen : **Gelimiteerd aanbod, boek nu !<\/p>\n\n\n<div style=\"font-size:0.75rem;line-height:1\" class=\"wp-elements-272 wp-block-gt-gt-ws-ctv-offer-conditions has-text-color has-custom-color-1-color\">\n                        <p>Reserveringskosten : 0 \u20ac<\/p>\n            <\/div>\n\n<\/div>\n\n\n\n<div class=\"wp-block-column is-vertically-aligned-center is-layout-flow wp-block-column-is-layout-flow\">\n<div class=\"wp-block-group cta has-border-color has-custom-color-1-border-color has-custom-color-1-background-color has-background is-nowrap is-layout-flex wp-container-core-group-is-layout-410927e0 wp-block-group-is-layout-flex\" style=\"border-width:2px;border-top-left-radius:100px;border-top-right-radius:100px;border-bottom-left-radius:100px;border-bottom-right-radius:100px;padding-top:10px;padding-right:20px;padding-bottom:10px;padding-left:20px\">\n<p class=\"has-base-2-color has-text-color has-link-color wp-elements-273 wp-block-paragraph\" style=\"font-style:normal;font-weight:700;text-transform:uppercase\">Bekijk het aanbod<\/p>\n\n\n\n<figure class=\"wp-block-image size-large\"><img decoding=\"async\" width=\"24\" height=\"24\" src=\"https:\/\/camping-platinredoute.fr\/wp-content\/uploads\/2025\/12\/icon-fleche-droite-blanc.svg\" alt=\"pijl\" class=\"wp-image-1009\"\/><\/figure>\n\n\n\n<figure class=\"wp-block-image size-large wp-duotone-rgb654122-rgb654122-67\"><img decoding=\"async\" width=\"24\" height=\"24\" src=\"https:\/\/camping-platinredoute.fr\/wp-content\/uploads\/2025\/12\/icon-fleche-droite-blanc.svg\" alt=\"icoon rechte pijl wit\" class=\"wp-image-1009\"\/><\/figure>\n<\/div>\n<\/div>\n<\/div>\n\n\n<a \n    class=\"is-style-lien-cover has-sr-only-text wp-block-gt-gt-ws-ctv-offer-reservation-link\"    href=\"https:\/\/reservation.secureholiday.net\/nl\/11638\/search\/product-list\/?widgetOfferId=171859\" \n    target=\"_blank\"\n    aria-label=\"Consulter l&#039;offre Huuraccommodatie(s) &#8211; zaterdag 04  juli &#8211; 7 dagen : **Gelimiteerd aanbod, boek nu !\"\n    rel=\"noopener noreferrer\">\n    <span class=\"sr-only\">Consulter cette offre<\/span>\n<\/a>\n\n<\/div>\n\n<\/li><li class=\"wp-block-post post-8626 offre_speciale type-offre_speciale status-publish has-post-thumbnail hentry\">\n\n<div class=\"wp-block-group has-base-2-background-color has-background is-layout-flow wp-block-group-is-layout-flow\" style=\"border-top-left-radius:10px;border-top-right-radius:10px;border-bottom-left-radius:10px;border-bottom-right-radius:10px;padding-top:14px;padding-right:14px;padding-bottom:14px;padding-left:14px\"><figure class=\"wp-block-post-featured-image\"><img decoding=\"async\" width=\"667\" height=\"387\" src=\"https:\/\/camping-platinredoute.fr\/wp-content\/uploads\/2026\/02\/couple-en-vacances-promotions-du-camping.jpg\" class=\"attachment-post-thumbnail size-post-thumbnail wp-post-image\" alt=\"couple en vacances promotions du camping\" style=\"border-top-left-radius:10px;border-top-right-radius:10px;border-bottom-left-radius:10px;border-bottom-right-radius:10px;object-fit:cover;\" srcset=\"https:\/\/camping-platinredoute.fr\/wp-content\/uploads\/2026\/02\/couple-en-vacances-promotions-du-camping.jpg 667w, https:\/\/camping-platinredoute.fr\/wp-content\/uploads\/2026\/02\/couple-en-vacances-promotions-du-camping-300x174.jpg 300w\" sizes=\"(max-width: 667px) 100vw, 667px\" \/><\/figure>\n\n\n<figure class=\"wp-block-image size-full\"><img alt=\"\" decoding=\"async\" width=\"94\" height=\"95\" src=\"https:\/\/camping-platinredoute.fr\/wp-content\/uploads\/2025\/12\/icon-promo-jaune.svg\" alt=\"\" class=\"wp-image-1454\"\/><\/figure>\n\n\n\n<div class=\"wp-block-columns are-vertically-aligned-center is-layout-flex wp-container-core-columns-is-layout-17686c70 wp-block-columns-is-layout-flex\" style=\"padding-right:15px;padding-left:15px\">\n<div class=\"wp-block-column is-vertically-aligned-center is-layout-flow wp-block-column-is-layout-flow\" style=\"padding-left:0px\">\n<div style=\"font-size:clamp(14px, 0.875rem + ((1vw - 3.2px) * 0.104), 15px);line-height:1.2\" class=\"wp-elements-274 wp-block-gt-gt-ws-ctv-offer-dates has-text-color has-custom-color-1-color\">\n    Van 04\/07\/2026 au 11\/07\/2026<\/div>\n\n\n\n\n<p class=\"has-custom-color-1-color has-text-color has-link-color has-unbounded-font-family wp-elements-275 wp-block-paragraph\" style=\"font-size:clamp(0.875rem, 0.875rem + ((1vw - 0.2rem) * 0.208), 1rem);font-style:normal;font-weight:800;line-height:1.2\">Huuraccommodatie(s) &#8211; zaterdag 04  juli &#8211; 7 dagen : **Gelimiteerd aanbod, boek nu !<\/p>\n\n\n<div style=\"font-size:0.75rem;line-height:1\" class=\"wp-elements-276 wp-block-gt-gt-ws-ctv-offer-conditions has-text-color has-custom-color-1-color\">\n                        <p>Reserveringskosten : 0 \u20ac<\/p>\n            <\/div>\n\n<\/div>\n\n\n\n<div class=\"wp-block-column is-vertically-aligned-center is-layout-flow wp-block-column-is-layout-flow\">\n<div class=\"wp-block-group cta has-border-color has-custom-color-1-border-color has-custom-color-1-background-color has-background is-nowrap is-layout-flex wp-container-core-group-is-layout-410927e0 wp-block-group-is-layout-flex\" style=\"border-width:2px;border-top-left-radius:100px;border-top-right-radius:100px;border-bottom-left-radius:100px;border-bottom-right-radius:100px;padding-top:10px;padding-right:20px;padding-bottom:10px;padding-left:20px\">\n<p class=\"has-base-2-color has-text-color has-link-color wp-elements-277 wp-block-paragraph\" style=\"font-style:normal;font-weight:700;text-transform:uppercase\">Bekijk het aanbod<\/p>\n\n\n\n<figure class=\"wp-block-image size-large\"><img decoding=\"async\" width=\"24\" height=\"24\" src=\"https:\/\/camping-platinredoute.fr\/wp-content\/uploads\/2025\/12\/icon-fleche-droite-blanc.svg\" alt=\"pijl\" class=\"wp-image-1009\"\/><\/figure>\n\n\n\n<figure class=\"wp-block-image size-large wp-duotone-rgb654122-rgb654122-68\"><img decoding=\"async\" width=\"24\" height=\"24\" src=\"https:\/\/camping-platinredoute.fr\/wp-content\/uploads\/2025\/12\/icon-fleche-droite-blanc.svg\" alt=\"icoon rechte pijl wit\" class=\"wp-image-1009\"\/><\/figure>\n<\/div>\n<\/div>\n<\/div>\n\n\n<a \n    class=\"is-style-lien-cover has-sr-only-text wp-block-gt-gt-ws-ctv-offer-reservation-link\"    href=\"https:\/\/reservation.secureholiday.net\/nl\/11638\/search\/product-list\/?widgetOfferId=171858\" \n    target=\"_blank\"\n    aria-label=\"Consulter l&#039;offre Huuraccommodatie(s) &#8211; zaterdag 04  juli &#8211; 7 dagen : **Gelimiteerd aanbod, boek nu !\"\n    rel=\"noopener noreferrer\">\n    <span class=\"sr-only\">Consulter cette offre<\/span>\n<\/a>\n\n<\/div>\n\n<\/li><li class=\"wp-block-post post-8627 offre_speciale type-offre_speciale status-publish has-post-thumbnail hentry\">\n\n<div class=\"wp-block-group has-base-2-background-color has-background is-layout-flow wp-block-group-is-layout-flow\" style=\"border-top-left-radius:10px;border-top-right-radius:10px;border-bottom-left-radius:10px;border-bottom-right-radius:10px;padding-top:14px;padding-right:14px;padding-bottom:14px;padding-left:14px\"><figure class=\"wp-block-post-featured-image\"><img decoding=\"async\" width=\"667\" height=\"387\" src=\"https:\/\/camping-platinredoute.fr\/wp-content\/uploads\/2026\/02\/couple-en-vacances-promotions-du-camping.jpg\" class=\"attachment-post-thumbnail size-post-thumbnail wp-post-image\" alt=\"couple en vacances promotions du camping\" style=\"border-top-left-radius:10px;border-top-right-radius:10px;border-bottom-left-radius:10px;border-bottom-right-radius:10px;object-fit:cover;\" srcset=\"https:\/\/camping-platinredoute.fr\/wp-content\/uploads\/2026\/02\/couple-en-vacances-promotions-du-camping.jpg 667w, https:\/\/camping-platinredoute.fr\/wp-content\/uploads\/2026\/02\/couple-en-vacances-promotions-du-camping-300x174.jpg 300w\" sizes=\"(max-width: 667px) 100vw, 667px\" \/><\/figure>\n\n\n<figure class=\"wp-block-image size-full\"><img alt=\"\" decoding=\"async\" width=\"94\" height=\"95\" src=\"https:\/\/camping-platinredoute.fr\/wp-content\/uploads\/2025\/12\/icon-promo-jaune.svg\" alt=\"\" class=\"wp-image-1454\"\/><\/figure>\n\n\n\n<div class=\"wp-block-columns are-vertically-aligned-center is-layout-flex wp-container-core-columns-is-layout-17686c70 wp-block-columns-is-layout-flex\" style=\"padding-right:15px;padding-left:15px\">\n<div class=\"wp-block-column is-vertically-aligned-center is-layout-flow wp-block-column-is-layout-flow\" style=\"padding-left:0px\">\n<div style=\"font-size:clamp(14px, 0.875rem + ((1vw - 3.2px) * 0.104), 15px);line-height:1.2\" class=\"wp-elements-278 wp-block-gt-gt-ws-ctv-offer-dates has-text-color has-custom-color-1-color\">\n    Van 04\/07\/2026 au 11\/07\/2026<\/div>\n\n\n\n\n<p class=\"has-custom-color-1-color has-text-color has-link-color has-unbounded-font-family wp-elements-279 wp-block-paragraph\" style=\"font-size:clamp(0.875rem, 0.875rem + ((1vw - 0.2rem) * 0.208), 1rem);font-style:normal;font-weight:800;line-height:1.2\">Huuraccommodatie(s) &#8211; zaterdag 04  juli &#8211; 7 dagen : **Gelimiteerd aanbod, boek nu !<\/p>\n\n\n<div style=\"font-size:0.75rem;line-height:1\" class=\"wp-elements-280 wp-block-gt-gt-ws-ctv-offer-conditions has-text-color has-custom-color-1-color\">\n                        <p>Reserveringskosten : 0 \u20ac<\/p>\n            <\/div>\n\n<\/div>\n\n\n\n<div class=\"wp-block-column is-vertically-aligned-center is-layout-flow wp-block-column-is-layout-flow\">\n<div class=\"wp-block-group cta has-border-color has-custom-color-1-border-color has-custom-color-1-background-color has-background is-nowrap is-layout-flex wp-container-core-group-is-layout-410927e0 wp-block-group-is-layout-flex\" style=\"border-width:2px;border-top-left-radius:100px;border-top-right-radius:100px;border-bottom-left-radius:100px;border-bottom-right-radius:100px;padding-top:10px;padding-right:20px;padding-bottom:10px;padding-left:20px\">\n<p class=\"has-base-2-color has-text-color has-link-color wp-elements-281 wp-block-paragraph\" style=\"font-style:normal;font-weight:700;text-transform:uppercase\">Bekijk het aanbod<\/p>\n\n\n\n<figure class=\"wp-block-image size-large\"><img decoding=\"async\" width=\"24\" height=\"24\" src=\"https:\/\/camping-platinredoute.fr\/wp-content\/uploads\/2025\/12\/icon-fleche-droite-blanc.svg\" alt=\"pijl\" class=\"wp-image-1009\"\/><\/figure>\n\n\n\n<figure class=\"wp-block-image size-large wp-duotone-rgb654122-rgb654122-69\"><img decoding=\"async\" width=\"24\" height=\"24\" src=\"https:\/\/camping-platinredoute.fr\/wp-content\/uploads\/2025\/12\/icon-fleche-droite-blanc.svg\" alt=\"icoon rechte pijl wit\" class=\"wp-image-1009\"\/><\/figure>\n<\/div>\n<\/div>\n<\/div>\n\n\n<a \n    class=\"is-style-lien-cover has-sr-only-text wp-block-gt-gt-ws-ctv-offer-reservation-link\"    href=\"https:\/\/reservation.secureholiday.net\/nl\/11638\/search\/product-list\/?widgetOfferId=171857\" \n    target=\"_blank\"\n    aria-label=\"Consulter l&#039;offre Huuraccommodatie(s) &#8211; zaterdag 04  juli &#8211; 7 dagen : **Gelimiteerd aanbod, boek nu !\"\n    rel=\"noopener noreferrer\">\n    <span class=\"sr-only\">Consulter cette offre<\/span>\n<\/a>\n\n<\/div>\n\n<\/li><li class=\"wp-block-post post-8803 offre_speciale type-offre_speciale status-publish has-post-thumbnail hentry\">\n\n<div class=\"wp-block-group has-base-2-background-color has-background is-layout-flow wp-block-group-is-layout-flow\" style=\"border-top-left-radius:10px;border-top-right-radius:10px;border-bottom-left-radius:10px;border-bottom-right-radius:10px;padding-top:14px;padding-right:14px;padding-bottom:14px;padding-left:14px\"><figure class=\"wp-block-post-featured-image\"><img decoding=\"async\" width=\"667\" height=\"387\" src=\"https:\/\/camping-platinredoute.fr\/wp-content\/uploads\/2026\/02\/couple-en-vacances-promotions-du-camping.jpg\" class=\"attachment-post-thumbnail size-post-thumbnail wp-post-image\" alt=\"couple en vacances promotions du camping\" style=\"border-top-left-radius:10px;border-top-right-radius:10px;border-bottom-left-radius:10px;border-bottom-right-radius:10px;object-fit:cover;\" srcset=\"https:\/\/camping-platinredoute.fr\/wp-content\/uploads\/2026\/02\/couple-en-vacances-promotions-du-camping.jpg 667w, https:\/\/camping-platinredoute.fr\/wp-content\/uploads\/2026\/02\/couple-en-vacances-promotions-du-camping-300x174.jpg 300w\" sizes=\"(max-width: 667px) 100vw, 667px\" \/><\/figure>\n\n\n<figure class=\"wp-block-image size-full\"><img alt=\"\" decoding=\"async\" width=\"94\" height=\"95\" src=\"https:\/\/camping-platinredoute.fr\/wp-content\/uploads\/2025\/12\/icon-promo-jaune.svg\" alt=\"\" class=\"wp-image-1454\"\/><\/figure>\n\n\n\n<div class=\"wp-block-columns are-vertically-aligned-center is-layout-flex wp-container-core-columns-is-layout-17686c70 wp-block-columns-is-layout-flex\" style=\"padding-right:15px;padding-left:15px\">\n<div class=\"wp-block-column is-vertically-aligned-center is-layout-flow wp-block-column-is-layout-flow\" style=\"padding-left:0px\">\n<div style=\"font-size:clamp(14px, 0.875rem + ((1vw - 3.2px) * 0.104), 15px);line-height:1.2\" class=\"wp-elements-282 wp-block-gt-gt-ws-ctv-offer-dates has-text-color has-custom-color-1-color\">\n    Van 10\/07\/2027 au 28\/08\/2027<\/div>\n\n\n\n\n<p class=\"has-custom-color-1-color has-text-color has-link-color has-unbounded-font-family wp-elements-283 wp-block-paragraph\" style=\"font-size:clamp(0.875rem, 0.875rem + ((1vw - 0.2rem) * 0.208), 1rem);font-style:normal;font-weight:800;line-height:1.2\">Optelbare aanbieding -10%<\/p>\n\n\n<div style=\"font-size:0.75rem;line-height:1\" class=\"wp-elements-284 wp-block-gt-gt-ws-ctv-offer-conditions has-text-color has-custom-color-1-color\">\n                        <p>Minimale verblijfsduur : 7<\/p>\n            <\/div>\n\n<\/div>\n\n\n\n<div class=\"wp-block-column is-vertically-aligned-center is-layout-flow wp-block-column-is-layout-flow\">\n<div class=\"wp-block-group cta has-border-color has-custom-color-1-border-color has-custom-color-1-background-color has-background is-nowrap is-layout-flex wp-container-core-group-is-layout-410927e0 wp-block-group-is-layout-flex\" style=\"border-width:2px;border-top-left-radius:100px;border-top-right-radius:100px;border-bottom-left-radius:100px;border-bottom-right-radius:100px;padding-top:10px;padding-right:20px;padding-bottom:10px;padding-left:20px\">\n<p class=\"has-base-2-color has-text-color has-link-color wp-elements-285 wp-block-paragraph\" style=\"font-style:normal;font-weight:700;text-transform:uppercase\">Bekijk het aanbod<\/p>\n\n\n\n<figure class=\"wp-block-image size-large\"><img decoding=\"async\" width=\"24\" height=\"24\" src=\"https:\/\/camping-platinredoute.fr\/wp-content\/uploads\/2025\/12\/icon-fleche-droite-blanc.svg\" alt=\"pijl\" class=\"wp-image-1009\"\/><\/figure>\n\n\n\n<figure class=\"wp-block-image size-large wp-duotone-rgb654122-rgb654122-70\"><img decoding=\"async\" width=\"24\" height=\"24\" src=\"https:\/\/camping-platinredoute.fr\/wp-content\/uploads\/2025\/12\/icon-fleche-droite-blanc.svg\" alt=\"icoon rechte pijl wit\" class=\"wp-image-1009\"\/><\/figure>\n<\/div>\n<\/div>\n<\/div>\n\n\n<a \n    class=\"is-style-lien-cover has-sr-only-text wp-block-gt-gt-ws-ctv-offer-reservation-link\"    href=\"https:\/\/reservation.secureholiday.net\/nl\/11638\/search\/product-list\/?widgetOfferId=2961688\" \n    target=\"_blank\"\n    aria-label=\"Consulter l&#039;offre Optelbare aanbieding -10%\"\n    rel=\"noopener noreferrer\">\n    <span class=\"sr-only\">Consulter cette offre<\/span>\n<\/a>\n\n<\/div>\n\n<\/li><li class=\"wp-block-post post-8804 offre_speciale type-offre_speciale status-publish has-post-thumbnail hentry\">\n\n<div class=\"wp-block-group has-base-2-background-color has-background is-layout-flow wp-block-group-is-layout-flow\" style=\"border-top-left-radius:10px;border-top-right-radius:10px;border-bottom-left-radius:10px;border-bottom-right-radius:10px;padding-top:14px;padding-right:14px;padding-bottom:14px;padding-left:14px\"><figure class=\"wp-block-post-featured-image\"><img decoding=\"async\" width=\"667\" height=\"387\" src=\"https:\/\/camping-platinredoute.fr\/wp-content\/uploads\/2026\/02\/couple-en-vacances-promotions-du-camping.jpg\" class=\"attachment-post-thumbnail size-post-thumbnail wp-post-image\" alt=\"couple en vacances promotions du camping\" style=\"border-top-left-radius:10px;border-top-right-radius:10px;border-bottom-left-radius:10px;border-bottom-right-radius:10px;object-fit:cover;\" srcset=\"https:\/\/camping-platinredoute.fr\/wp-content\/uploads\/2026\/02\/couple-en-vacances-promotions-du-camping.jpg 667w, https:\/\/camping-platinredoute.fr\/wp-content\/uploads\/2026\/02\/couple-en-vacances-promotions-du-camping-300x174.jpg 300w\" sizes=\"(max-width: 667px) 100vw, 667px\" \/><\/figure>\n\n\n<figure class=\"wp-block-image size-full\"><img alt=\"\" decoding=\"async\" width=\"94\" height=\"95\" src=\"https:\/\/camping-platinredoute.fr\/wp-content\/uploads\/2025\/12\/icon-promo-jaune.svg\" alt=\"\" class=\"wp-image-1454\"\/><\/figure>\n\n\n\n<div class=\"wp-block-columns are-vertically-aligned-center is-layout-flex wp-container-core-columns-is-layout-17686c70 wp-block-columns-is-layout-flex\" style=\"padding-right:15px;padding-left:15px\">\n<div class=\"wp-block-column is-vertically-aligned-center is-layout-flow wp-block-column-is-layout-flow\" style=\"padding-left:0px\">\n<div style=\"font-size:clamp(14px, 0.875rem + ((1vw - 3.2px) * 0.104), 15px);line-height:1.2\" class=\"wp-elements-286 wp-block-gt-gt-ws-ctv-offer-dates has-text-color has-custom-color-1-color\">\n    Van 10\/07\/2027 au 28\/08\/2027<\/div>\n\n\n\n\n<p class=\"has-custom-color-1-color has-text-color has-link-color has-unbounded-font-family wp-elements-287 wp-block-paragraph\" style=\"font-size:clamp(0.875rem, 0.875rem + ((1vw - 0.2rem) * 0.208), 1rem);font-style:normal;font-weight:800;line-height:1.2\">Optelbare aanbieding -10%<\/p>\n\n\n<div style=\"font-size:0.75rem;line-height:1\" class=\"wp-elements-288 wp-block-gt-gt-ws-ctv-offer-conditions has-text-color has-custom-color-1-color\">\n                        <p>Minimale verblijfsduur : 3<\/p>\n            <\/div>\n\n<\/div>\n\n\n\n<div class=\"wp-block-column is-vertically-aligned-center is-layout-flow wp-block-column-is-layout-flow\">\n<div class=\"wp-block-group cta has-border-color has-custom-color-1-border-color has-custom-color-1-background-color has-background is-nowrap is-layout-flex wp-container-core-group-is-layout-410927e0 wp-block-group-is-layout-flex\" style=\"border-width:2px;border-top-left-radius:100px;border-top-right-radius:100px;border-bottom-left-radius:100px;border-bottom-right-radius:100px;padding-top:10px;padding-right:20px;padding-bottom:10px;padding-left:20px\">\n<p class=\"has-base-2-color has-text-color has-link-color wp-elements-289 wp-block-paragraph\" style=\"font-style:normal;font-weight:700;text-transform:uppercase\">Bekijk het aanbod<\/p>\n\n\n\n<figure class=\"wp-block-image size-large\"><img decoding=\"async\" width=\"24\" height=\"24\" src=\"https:\/\/camping-platinredoute.fr\/wp-content\/uploads\/2025\/12\/icon-fleche-droite-blanc.svg\" alt=\"pijl\" class=\"wp-image-1009\"\/><\/figure>\n\n\n\n<figure class=\"wp-block-image size-large wp-duotone-rgb654122-rgb654122-71\"><img decoding=\"async\" width=\"24\" height=\"24\" src=\"https:\/\/camping-platinredoute.fr\/wp-content\/uploads\/2025\/12\/icon-fleche-droite-blanc.svg\" alt=\"icoon rechte pijl wit\" class=\"wp-image-1009\"\/><\/figure>\n<\/div>\n<\/div>\n<\/div>\n\n\n<a \n    class=\"is-style-lien-cover has-sr-only-text wp-block-gt-gt-ws-ctv-offer-reservation-link\"    href=\"https:\/\/reservation.secureholiday.net\/nl\/11638\/search\/product-list\/?widgetOfferId=2961687\" \n    target=\"_blank\"\n    aria-label=\"Consulter l&#039;offre Optelbare aanbieding -10%\"\n    rel=\"noopener noreferrer\">\n    <span class=\"sr-only\">Consulter cette offre<\/span>\n<\/a>\n\n<\/div>\n\n<\/li><li class=\"wp-block-post post-8809 offre_speciale type-offre_speciale status-publish has-post-thumbnail hentry\">\n\n<div class=\"wp-block-group has-base-2-background-color has-background is-layout-flow wp-block-group-is-layout-flow\" style=\"border-top-left-radius:10px;border-top-right-radius:10px;border-bottom-left-radius:10px;border-bottom-right-radius:10px;padding-top:14px;padding-right:14px;padding-bottom:14px;padding-left:14px\"><figure class=\"wp-block-post-featured-image\"><img decoding=\"async\" width=\"667\" height=\"387\" src=\"https:\/\/camping-platinredoute.fr\/wp-content\/uploads\/2026\/02\/couple-en-vacances-promotions-du-camping.jpg\" class=\"attachment-post-thumbnail size-post-thumbnail wp-post-image\" alt=\"couple en vacances promotions du camping\" style=\"border-top-left-radius:10px;border-top-right-radius:10px;border-bottom-left-radius:10px;border-bottom-right-radius:10px;object-fit:cover;\" srcset=\"https:\/\/camping-platinredoute.fr\/wp-content\/uploads\/2026\/02\/couple-en-vacances-promotions-du-camping.jpg 667w, https:\/\/camping-platinredoute.fr\/wp-content\/uploads\/2026\/02\/couple-en-vacances-promotions-du-camping-300x174.jpg 300w\" sizes=\"(max-width: 667px) 100vw, 667px\" \/><\/figure>\n\n\n<figure class=\"wp-block-image size-full\"><img alt=\"\" decoding=\"async\" width=\"94\" height=\"95\" src=\"https:\/\/camping-platinredoute.fr\/wp-content\/uploads\/2025\/12\/icon-promo-jaune.svg\" alt=\"\" class=\"wp-image-1454\"\/><\/figure>\n\n\n\n<div class=\"wp-block-columns are-vertically-aligned-center is-layout-flex wp-container-core-columns-is-layout-17686c70 wp-block-columns-is-layout-flex\" style=\"padding-right:15px;padding-left:15px\">\n<div class=\"wp-block-column is-vertically-aligned-center is-layout-flow wp-block-column-is-layout-flow\" style=\"padding-left:0px\">\n<div style=\"font-size:clamp(14px, 0.875rem + ((1vw - 3.2px) * 0.104), 15px);line-height:1.2\" class=\"wp-elements-290 wp-block-gt-gt-ws-ctv-offer-dates has-text-color has-custom-color-1-color\">\n    Van 10\/07\/2027 au 31\/07\/2027<\/div>\n\n\n\n\n<p class=\"has-custom-color-1-color has-text-color has-link-color has-unbounded-font-family wp-elements-291 wp-block-paragraph\" style=\"font-size:clamp(0.875rem, 0.875rem + ((1vw - 0.2rem) * 0.208), 1rem);font-style:normal;font-weight:800;line-height:1.2\">Optelbare aanbieding -15%<\/p>\n\n\n<div style=\"font-size:0.75rem;line-height:1\" class=\"wp-elements-292 wp-block-gt-gt-ws-ctv-offer-conditions has-text-color has-custom-color-1-color\">\n                        <p>Minimale verblijfsduur : 7<\/p>\n            <\/div>\n\n<\/div>\n\n\n\n<div class=\"wp-block-column is-vertically-aligned-center is-layout-flow wp-block-column-is-layout-flow\">\n<div class=\"wp-block-group cta has-border-color has-custom-color-1-border-color has-custom-color-1-background-color has-background is-nowrap is-layout-flex wp-container-core-group-is-layout-410927e0 wp-block-group-is-layout-flex\" style=\"border-width:2px;border-top-left-radius:100px;border-top-right-radius:100px;border-bottom-left-radius:100px;border-bottom-right-radius:100px;padding-top:10px;padding-right:20px;padding-bottom:10px;padding-left:20px\">\n<p class=\"has-base-2-color has-text-color has-link-color wp-elements-293 wp-block-paragraph\" style=\"font-style:normal;font-weight:700;text-transform:uppercase\">Bekijk het aanbod<\/p>\n\n\n\n<figure class=\"wp-block-image size-large\"><img decoding=\"async\" width=\"24\" height=\"24\" src=\"https:\/\/camping-platinredoute.fr\/wp-content\/uploads\/2025\/12\/icon-fleche-droite-blanc.svg\" alt=\"pijl\" class=\"wp-image-1009\"\/><\/figure>\n\n\n\n<figure class=\"wp-block-image size-large wp-duotone-rgb654122-rgb654122-72\"><img decoding=\"async\" width=\"24\" height=\"24\" src=\"https:\/\/camping-platinredoute.fr\/wp-content\/uploads\/2025\/12\/icon-fleche-droite-blanc.svg\" alt=\"icoon rechte pijl wit\" class=\"wp-image-1009\"\/><\/figure>\n<\/div>\n<\/div>\n<\/div>\n\n\n<a \n    class=\"is-style-lien-cover has-sr-only-text wp-block-gt-gt-ws-ctv-offer-reservation-link\"    href=\"https:\/\/reservation.secureholiday.net\/nl\/11638\/search\/product-list\/?widgetOfferId=2961676\" \n    target=\"_blank\"\n    aria-label=\"Consulter l&#039;offre Optelbare aanbieding -15%\"\n    rel=\"noopener noreferrer\">\n    <span class=\"sr-only\">Consulter cette offre<\/span>\n<\/a>\n\n<\/div>\n\n<\/li><li class=\"wp-block-post post-8807 offre_speciale type-offre_speciale status-publish has-post-thumbnail hentry\">\n\n<div class=\"wp-block-group has-base-2-background-color has-background is-layout-flow wp-block-group-is-layout-flow\" style=\"border-top-left-radius:10px;border-top-right-radius:10px;border-bottom-left-radius:10px;border-bottom-right-radius:10px;padding-top:14px;padding-right:14px;padding-bottom:14px;padding-left:14px\"><figure class=\"wp-block-post-featured-image\"><img decoding=\"async\" width=\"667\" height=\"387\" src=\"https:\/\/camping-platinredoute.fr\/wp-content\/uploads\/2026\/02\/couple-en-vacances-promotions-du-camping.jpg\" class=\"attachment-post-thumbnail size-post-thumbnail wp-post-image\" alt=\"couple en vacances promotions du camping\" style=\"border-top-left-radius:10px;border-top-right-radius:10px;border-bottom-left-radius:10px;border-bottom-right-radius:10px;object-fit:cover;\" srcset=\"https:\/\/camping-platinredoute.fr\/wp-content\/uploads\/2026\/02\/couple-en-vacances-promotions-du-camping.jpg 667w, https:\/\/camping-platinredoute.fr\/wp-content\/uploads\/2026\/02\/couple-en-vacances-promotions-du-camping-300x174.jpg 300w\" sizes=\"(max-width: 667px) 100vw, 667px\" \/><\/figure>\n\n\n<figure class=\"wp-block-image size-full\"><img alt=\"\" decoding=\"async\" width=\"94\" height=\"95\" src=\"https:\/\/camping-platinredoute.fr\/wp-content\/uploads\/2025\/12\/icon-promo-jaune.svg\" alt=\"\" class=\"wp-image-1454\"\/><\/figure>\n\n\n\n<div class=\"wp-block-columns are-vertically-aligned-center is-layout-flex wp-container-core-columns-is-layout-17686c70 wp-block-columns-is-layout-flex\" style=\"padding-right:15px;padding-left:15px\">\n<div class=\"wp-block-column is-vertically-aligned-center is-layout-flow wp-block-column-is-layout-flow\" style=\"padding-left:0px\">\n<div style=\"font-size:clamp(14px, 0.875rem + ((1vw - 3.2px) * 0.104), 15px);line-height:1.2\" class=\"wp-elements-294 wp-block-gt-gt-ws-ctv-offer-dates has-text-color has-custom-color-1-color\">\n    Van 21\/08\/2027 au 28\/08\/2027<\/div>\n\n\n\n\n<p class=\"has-custom-color-1-color has-text-color has-link-color has-unbounded-font-family wp-elements-295 wp-block-paragraph\" style=\"font-size:clamp(0.875rem, 0.875rem + ((1vw - 0.2rem) * 0.208), 1rem);font-style:normal;font-weight:800;line-height:1.2\">Optelbare aanbieding -20%<\/p>\n\n\n<div style=\"font-size:0.75rem;line-height:1\" class=\"wp-elements-296 wp-block-gt-gt-ws-ctv-offer-conditions has-text-color has-custom-color-1-color\">\n                        <p>Minimale verblijfsduur : 7<\/p>\n            <\/div>\n\n<\/div>\n\n\n\n<div class=\"wp-block-column is-vertically-aligned-center is-layout-flow wp-block-column-is-layout-flow\">\n<div class=\"wp-block-group cta has-border-color has-custom-color-1-border-color has-custom-color-1-background-color has-background is-nowrap is-layout-flex wp-container-core-group-is-layout-410927e0 wp-block-group-is-layout-flex\" style=\"border-width:2px;border-top-left-radius:100px;border-top-right-radius:100px;border-bottom-left-radius:100px;border-bottom-right-radius:100px;padding-top:10px;padding-right:20px;padding-bottom:10px;padding-left:20px\">\n<p class=\"has-base-2-color has-text-color has-link-color wp-elements-297 wp-block-paragraph\" style=\"font-style:normal;font-weight:700;text-transform:uppercase\">Bekijk het aanbod<\/p>\n\n\n\n<figure class=\"wp-block-image size-large\"><img decoding=\"async\" width=\"24\" height=\"24\" src=\"https:\/\/camping-platinredoute.fr\/wp-content\/uploads\/2025\/12\/icon-fleche-droite-blanc.svg\" alt=\"pijl\" class=\"wp-image-1009\"\/><\/figure>\n\n\n\n<figure class=\"wp-block-image size-large wp-duotone-rgb654122-rgb654122-73\"><img decoding=\"async\" width=\"24\" height=\"24\" src=\"https:\/\/camping-platinredoute.fr\/wp-content\/uploads\/2025\/12\/icon-fleche-droite-blanc.svg\" alt=\"icoon rechte pijl wit\" class=\"wp-image-1009\"\/><\/figure>\n<\/div>\n<\/div>\n<\/div>\n\n\n<a \n    class=\"is-style-lien-cover has-sr-only-text wp-block-gt-gt-ws-ctv-offer-reservation-link\"    href=\"https:\/\/reservation.secureholiday.net\/nl\/11638\/search\/product-list\/?widgetOfferId=2961678\" \n    target=\"_blank\"\n    aria-label=\"Consulter l&#039;offre Optelbare aanbieding -20%\"\n    rel=\"noopener noreferrer\">\n    <span class=\"sr-only\">Consulter cette offre<\/span>\n<\/a>\n\n<\/div>\n\n<\/li><li class=\"wp-block-post post-8403 offre_speciale type-offre_speciale status-publish has-post-thumbnail hentry\">\n\n<div class=\"wp-block-group has-base-2-background-color has-background is-layout-flow wp-block-group-is-layout-flow\" style=\"border-top-left-radius:10px;border-top-right-radius:10px;border-bottom-left-radius:10px;border-bottom-right-radius:10px;padding-top:14px;padding-right:14px;padding-bottom:14px;padding-left:14px\"><figure class=\"wp-block-post-featured-image\"><img decoding=\"async\" width=\"667\" height=\"387\" src=\"https:\/\/camping-platinredoute.fr\/wp-content\/uploads\/2026\/02\/couple-en-vacances-promotions-du-camping.jpg\" class=\"attachment-post-thumbnail size-post-thumbnail wp-post-image\" alt=\"couple en vacances promotions du camping\" style=\"border-top-left-radius:10px;border-top-right-radius:10px;border-bottom-left-radius:10px;border-bottom-right-radius:10px;object-fit:cover;\" srcset=\"https:\/\/camping-platinredoute.fr\/wp-content\/uploads\/2026\/02\/couple-en-vacances-promotions-du-camping.jpg 667w, https:\/\/camping-platinredoute.fr\/wp-content\/uploads\/2026\/02\/couple-en-vacances-promotions-du-camping-300x174.jpg 300w\" sizes=\"(max-width: 667px) 100vw, 667px\" \/><\/figure>\n\n\n<figure class=\"wp-block-image size-full\"><img alt=\"\" decoding=\"async\" width=\"94\" height=\"95\" src=\"https:\/\/camping-platinredoute.fr\/wp-content\/uploads\/2025\/12\/icon-promo-jaune.svg\" alt=\"\" class=\"wp-image-1454\"\/><\/figure>\n\n\n\n<div class=\"wp-block-columns are-vertically-aligned-center is-layout-flex wp-container-core-columns-is-layout-17686c70 wp-block-columns-is-layout-flex\" style=\"padding-right:15px;padding-left:15px\">\n<div class=\"wp-block-column is-vertically-aligned-center is-layout-flow wp-block-column-is-layout-flow\" style=\"padding-left:0px\">\n<div style=\"font-size:clamp(14px, 0.875rem + ((1vw - 3.2px) * 0.104), 15px);line-height:1.2\" class=\"wp-elements-298 wp-block-gt-gt-ws-ctv-offer-dates has-text-color has-custom-color-1-color\">\n    Van 04\/07\/2026 au 30\/08\/2026<\/div>\n\n\n\n\n<p class=\"has-custom-color-1-color has-text-color has-link-color has-unbounded-font-family wp-elements-299 wp-block-paragraph\" style=\"font-size:clamp(0.875rem, 0.875rem + ((1vw - 0.2rem) * 0.208), 1rem);font-style:normal;font-weight:800;line-height:1.2\">Optelbare aanbieding Gratis service : R\u00e9servez, s\u2019il pleut ou s&#8217;il fait trop chaud, on vous rembourse 50% !<\/p>\n\n\n<div style=\"font-size:0.75rem;line-height:1\" class=\"wp-elements-300 wp-block-gt-gt-ws-ctv-offer-conditions has-text-color has-custom-color-1-color\">\n                        <p>Minimale verblijfsduur : 2<\/p>\n            <\/div>\n\n<\/div>\n\n\n\n<div class=\"wp-block-column is-vertically-aligned-center is-layout-flow wp-block-column-is-layout-flow\">\n<div class=\"wp-block-group cta has-border-color has-custom-color-1-border-color has-custom-color-1-background-color has-background is-nowrap is-layout-flex wp-container-core-group-is-layout-410927e0 wp-block-group-is-layout-flex\" style=\"border-width:2px;border-top-left-radius:100px;border-top-right-radius:100px;border-bottom-left-radius:100px;border-bottom-right-radius:100px;padding-top:10px;padding-right:20px;padding-bottom:10px;padding-left:20px\">\n<p class=\"has-base-2-color has-text-color has-link-color wp-elements-301 wp-block-paragraph\" style=\"font-style:normal;font-weight:700;text-transform:uppercase\">Bekijk het aanbod<\/p>\n\n\n\n<figure class=\"wp-block-image size-large\"><img decoding=\"async\" width=\"24\" height=\"24\" src=\"https:\/\/camping-platinredoute.fr\/wp-content\/uploads\/2025\/12\/icon-fleche-droite-blanc.svg\" alt=\"pijl\" class=\"wp-image-1009\"\/><\/figure>\n\n\n\n<figure class=\"wp-block-image size-large wp-duotone-rgb654122-rgb654122-74\"><img decoding=\"async\" width=\"24\" height=\"24\" src=\"https:\/\/camping-platinredoute.fr\/wp-content\/uploads\/2025\/12\/icon-fleche-droite-blanc.svg\" alt=\"icoon rechte pijl wit\" class=\"wp-image-1009\"\/><\/figure>\n<\/div>\n<\/div>\n<\/div>\n\n\n<a \n    class=\"is-style-lien-cover has-sr-only-text wp-block-gt-gt-ws-ctv-offer-reservation-link\"    href=\"https:\/\/reservation.secureholiday.net\/nl\/11638\/search\/product-list\/?widgetOfferId=2892404\" \n    target=\"_blank\"\n    aria-label=\"Consulter l&#039;offre Optelbare aanbieding Gratis service : R\u00e9servez, s\u2019il pleut ou s&#8217;il fait trop chaud, on vous rembourse 50% !\"\n    rel=\"noopener noreferrer\">\n    <span class=\"sr-only\">Consulter cette offre<\/span>\n<\/a>\n\n<\/div>\n\n<\/li><\/ul><\/div>\n<\/div>\n<\/div>\n<\/div>\n\n<div class=\"wp-block-group section-4 has-global-padding is-layout-constrained wp-container-core-group-is-layout-cee83286 wp-block-group-is-layout-constrained\" style=\"margin-top:0px;margin-bottom:0px;padding-right:0px;padding-left:0px\">\n<div class=\"wp-block-group banner has-global-padding is-layout-constrained wp-container-core-group-is-layout-cee83286 wp-block-group-is-layout-constrained\" style=\"margin-top:0px;margin-bottom:0px;padding-right:0px;padding-left:0px\">\n<div data-swiper=\"{&quot;speed&quot;:1000,&quot;autoplay&quot;:{&quot;delay&quot;:5000,&quot;disableOnInteraction&quot;:false},&quot;spaceBetween&quot;:0,&quot;slidesPerView&quot;:1,&quot;pagination&quot;:{&quot;dynamicBullets&quot;:true,&quot;clickable&quot;:true,&quot;type&quot;:&quot;bullets&quot;,&quot;el&quot;:&quot;.swiper-pagination&quot;},&quot;navigation&quot;:{&quot;nextEl&quot;:&quot;.section-4 .arrow-slider-next&quot;,&quot;prevEl&quot;:&quot;.section-4 .arrow-slider-prev&quot;},&quot;breakpoints&quot;:[{&quot;slidesPerView&quot;:1}]}\" class=\"wp-block-cover\" style=\"margin-top:0px;margin-bottom:0px;padding-top:0px;padding-right:0px;padding-bottom:0px;padding-left:0px;min-height:90vh;aspect-ratio:unset;\"><img decoding=\"async\" width=\"1920\" height=\"1440\" class=\"wp-block-cover__image-background wp-image-6580 size-full\" alt=\"phare de la baleine coucher de soleil i\u0302le de re\u0301 re\u0301gion\" src=\"https:\/\/camping-platinredoute.fr\/wp-content\/uploads\/2026\/03\/phare-de-la-baleine-coucher-de-soleil-ile-de-re-region.jpg\" data-object-fit=\"cover\" srcset=\"https:\/\/camping-platinredoute.fr\/wp-content\/uploads\/2026\/03\/phare-de-la-baleine-coucher-de-soleil-ile-de-re-region.jpg 1920w, https:\/\/camping-platinredoute.fr\/wp-content\/uploads\/2026\/03\/phare-de-la-baleine-coucher-de-soleil-ile-de-re-region-300x225.jpg 300w, https:\/\/camping-platinredoute.fr\/wp-content\/uploads\/2026\/03\/phare-de-la-baleine-coucher-de-soleil-ile-de-re-region-1024x768.jpg 1024w, https:\/\/camping-platinredoute.fr\/wp-content\/uploads\/2026\/03\/phare-de-la-baleine-coucher-de-soleil-ile-de-re-region-768x576.jpg 768w, https:\/\/camping-platinredoute.fr\/wp-content\/uploads\/2026\/03\/phare-de-la-baleine-coucher-de-soleil-ile-de-re-region-1536x1152.jpg 1536w\" sizes=\"(max-width: 1920px) 100vw, 1920px\" \/><span aria-hidden=\"true\" class=\"wp-block-cover__background has-background-dim-100 has-background-dim wp-block-cover__gradient-background has-background-gradient\" style=\"background:linear-gradient(0deg,rgb(6,54,122) 0%,rgba(255,255,255,0) 30%)\"><\/span><div class=\"wp-block-cover__inner-container has-global-padding is-layout-constrained wp-container-core-cover-is-layout-2badc5b5 wp-block-cover-is-layout-constrained\">\n<p class=\"has-text-align-center has-large-font-size wp-block-paragraph\"><\/p>\n<\/div><\/div>\n<\/div>\n\n\n\n<div class=\"wp-block-group content has-custom-color-1-background-color has-background has-global-padding is-layout-constrained wp-container-core-group-is-layout-41ff9788 wp-block-group-is-layout-constrained\" style=\"margin-top:0px;margin-bottom:0px;padding-top:6rem;padding-right:15rem;padding-bottom:6rem;padding-left:15rem\">\n<h2 class=\"wp-block-heading has-custom-color-2-color has-text-color has-link-color wp-elements-302\">Jouw Accommodatie voor de beste prijs<\/h2>\n\n\n\n<p class=\"has-base-2-color has-text-color has-link-color wp-elements-303 wp-block-paragraph\">Camping Le Platin &#8211; La Redoute biedt <strong>Accommodatie<\/strong> <strong>voor<\/strong> <strong>elk budget<\/strong>. Of je nu kiest voor een volledig uitgeruste Stacaravan, een bungalowtent, een klein huisje of een <a href=\"https:\/\/camping-platinredoute.fr\/nl\/verhuur-staanplaats-rivedoux-plage\/\" data-type=\"page\" data-id=\"11\">kale staanplaats voor je tent, caravan of camper op het Ile de R\u00e9<\/a>, je vindt altijd een <strong>formule<\/strong> die past <strong>bij<\/strong> je behoeften en je budget. <\/p>\n\n\n\n<p class=\"has-base-2-color has-text-color has-link-color wp-elements-304 wp-block-paragraph\">Met <a href=\"https:\/\/camping-platinredoute.fr\/nl\/verhuur-stacaravan-rivedoux-plage\/\" data-type=\"page\" data-id=\"9\">Accommodatie in de buurt van Sainte-Marie-de-R\u00e9<\/a> vanaf 2 slaapkamers, ruime kampeerplaatsen en elektriciteit inbegrepen op de kampeerplaatsen, biedt onze goedkope camping in de buurt van Sainte-Marie-de-R\u00e9 <strong>echt comfort zonder uw vakantiebudget te overschrijden<\/strong>. Huisdieren zijn onder bepaalde voorwaarden toegestaan, dus het hele gezin is welkom. <\/p>\n<\/div>\n<\/div>\n\n<div class=\"wp-block-group section-simple has-global-padding is-layout-constrained wp-container-core-group-is-layout-fc76ac7c wp-block-group-is-layout-constrained\" style=\"margin-top:0px;margin-bottom:0px;padding-top:8rem;padding-right:15rem;padding-bottom:8rem;padding-left:15rem\">\n<div class=\"wp-block-columns are-vertically-aligned-top gt-reverse-mobile is-layout-flex wp-container-core-columns-is-layout-3a88641f wp-block-columns-is-layout-flex\">\n<div class=\"wp-block-column is-vertically-aligned-top is-layout-flow wp-block-column-is-layout-flow\">\n<div class=\"wp-block-group has-custom-color-3-background-color has-background has-global-padding is-layout-constrained wp-container-core-group-is-layout-2a43cda9 wp-block-group-is-layout-constrained\" style=\"border-top-left-radius:10px;border-top-right-radius:10px;border-bottom-left-radius:10px;border-bottom-right-radius:10px;padding-top:40px;padding-right:40px;padding-bottom:40px;padding-left:40px\">\n<h2 class=\"wp-block-heading has-custom-color-1-color has-text-color has-link-color wp-elements-305\">Camping met promoties bij het dorp Sainte-Marie-de-R\u00e9<\/h2>\n\n\n\n<p class=\"has-custom-color-1-color has-text-color wp-block-paragraph\">Voor nog meer besparingen kun je het hele jaar door profiteren van onze promotieaanbiedingen. Camping Le Platin &#8211; La Redoute is partner van <strong>CampingCard ACSI<\/strong>, een kortingskaart waarmee je in het Laagseizoen tegen een speciaal tarief kunt verblijven. <\/p>\n\n\n\n<p class=\"has-custom-color-1-color has-text-color wp-block-paragraph\">Naast het ACSI-pakket bieden we voor en na het seizoen regelmatig <strong>speciale aanbiedingen <\/strong>en <strong>voorkeurtarieven<\/strong>. Kijk op deze pagina of neem contact met ons op om meer te weten te komen over de huidige promoties. Vakantie op het Ile de R\u00e9 tegen lage prijzen, het is er allemaal.  <\/p>\n<\/div>\n<\/div>\n\n\n\n<div class=\"wp-block-column is-vertically-aligned-top is-layout-flow wp-block-column-is-layout-flow\">\n<figure class=\"wp-block-image size-full has-custom-border\"><img decoding=\"async\" width=\"1920\" height=\"1440\" src=\"https:\/\/camping-platinredoute.fr\/wp-content\/uploads\/2026\/03\/emplacement-caravane-camping-tente-ile-de-re_1.jpg\" alt=\"ligging caravane camping tent &#xEE;le de r&#xE9;\" class=\"wp-image-6758\" style=\"border-top-left-radius:10px;border-top-right-radius:10px;border-bottom-left-radius:10px;border-bottom-right-radius:10px;aspect-ratio:16\/9;object-fit:cover\" srcset=\"https:\/\/camping-platinredoute.fr\/wp-content\/uploads\/2026\/03\/emplacement-caravane-camping-tente-ile-de-re_1.jpg 1920w, https:\/\/camping-platinredoute.fr\/wp-content\/uploads\/2026\/03\/emplacement-caravane-camping-tente-ile-de-re_1-300x225.jpg 300w, https:\/\/camping-platinredoute.fr\/wp-content\/uploads\/2026\/03\/emplacement-caravane-camping-tente-ile-de-re_1-1024x768.jpg 1024w, https:\/\/camping-platinredoute.fr\/wp-content\/uploads\/2026\/03\/emplacement-caravane-camping-tente-ile-de-re_1-768x576.jpg 768w, https:\/\/camping-platinredoute.fr\/wp-content\/uploads\/2026\/03\/emplacement-caravane-camping-tente-ile-de-re_1-1536x1152.jpg 1536w\" sizes=\"(max-width: 1920px) 100vw, 1920px\" \/><\/figure>\n<\/div>\n<\/div>\n<\/div>\n\n<div class=\"wp-block-group section-simple has-custom-color-2-background-color has-background has-global-padding is-layout-constrained wp-container-core-group-is-layout-fc76ac7c wp-block-group-is-layout-constrained\" style=\"margin-top:0px;margin-bottom:0px;padding-top:8rem;padding-right:15rem;padding-bottom:8rem;padding-left:15rem\">\n<div class=\"wp-block-columns are-vertically-aligned-top is-layout-flex wp-container-core-columns-is-layout-3a88641f wp-block-columns-is-layout-flex\">\n<div class=\"wp-block-column is-vertically-aligned-top is-layout-flow wp-block-column-is-layout-flow\">\n<figure class=\"wp-block-image size-full has-custom-border\"><img decoding=\"async\" width=\"1920\" height=\"1440\" src=\"https:\/\/camping-platinredoute.fr\/wp-content\/uploads\/2026\/03\/reception-camping-platin-reddoute.jpg\" alt=\"receptie camping platin reddoute\" class=\"wp-image-6779\" style=\"border-top-left-radius:10px;border-top-right-radius:10px;border-bottom-left-radius:10px;border-bottom-right-radius:10px;aspect-ratio:16\/9;object-fit:cover\" srcset=\"https:\/\/camping-platinredoute.fr\/wp-content\/uploads\/2026\/03\/reception-camping-platin-reddoute.jpg 1920w, https:\/\/camping-platinredoute.fr\/wp-content\/uploads\/2026\/03\/reception-camping-platin-reddoute-300x225.jpg 300w, https:\/\/camping-platinredoute.fr\/wp-content\/uploads\/2026\/03\/reception-camping-platin-reddoute-1024x768.jpg 1024w, https:\/\/camping-platinredoute.fr\/wp-content\/uploads\/2026\/03\/reception-camping-platin-reddoute-768x576.jpg 768w, https:\/\/camping-platinredoute.fr\/wp-content\/uploads\/2026\/03\/reception-camping-platin-reddoute-1536x1152.jpg 1536w\" sizes=\"(max-width: 1920px) 100vw, 1920px\" \/><\/figure>\n<\/div>\n\n\n\n<div class=\"wp-block-column is-vertically-aligned-top is-layout-flow wp-block-column-is-layout-flow\">\n<div class=\"wp-block-group has-base-2-background-color has-background has-global-padding is-layout-constrained wp-container-core-group-is-layout-c8c62ebe wp-block-group-is-layout-constrained\" style=\"border-top-left-radius:10px;border-top-right-radius:10px;border-bottom-left-radius:10px;border-bottom-right-radius:10px;padding-top:40px;padding-right:40px;padding-bottom:40px;padding-left:40px\">\n<h2 class=\"wp-block-heading has-custom-color-1-color has-text-color has-link-color wp-elements-306\">Direct boeken<\/h2>\n\n\n\n<p class=\"has-custom-color-1-color has-text-color wp-block-paragraph\">Boeking direct op onze site is uw garantie voor de beste prijs voor uw goedkope camping op het Ile de R\u00e9. Geen tussenpersonen, geen commissie: u krijgt toegang tot de <strong>laagste tarieven<\/strong> en <strong>real-time beschikbaarheid<\/strong>. <\/p>\n\n\n\n<p class=\"has-custom-color-1-color has-text-color wp-block-paragraph\">Door online te boeken, profiteer je ook van het bevoorrechte contact met ons team als je vragen hebt over je verblijf, je opties of de beschikbare promoties.<\/p>\n\n\n\n<p class=\"has-custom-color-1-color has-text-color wp-block-paragraph\">We accepteren verschillende <strong>betaalmethoden<\/strong>! Boek nu en profiteer van de beste prijzen voor je volgende vakantie in Rivedoux-Plage.<\/p>\n<\/div>\n<\/div>\n<\/div>\n<\/div>\n\n<div class=\"wp-block-group section-maillage has-custom-color-3-background-color has-background has-global-padding is-layout-constrained wp-container-core-group-is-layout-5a520784 wp-block-group-is-layout-constrained\" style=\"margin-top:0px;margin-bottom:0px;padding-top:8rem;padding-right:15rem;padding-bottom:8rem;padding-left:15rem\">\n<div class=\"wp-block-group texte-deco is-layout-flow wp-block-group-is-layout-flow\">\n<p class=\"has-text-align-center has-custom-color-1-color has-text-color has-link-color has-unbounded-font-family wp-elements-307 wp-block-paragraph\" style=\"font-size:clamp(1.976rem, 1.976rem + ((1vw - 0.2rem) * 2.54), 3.5rem);font-style:normal;font-weight:700;line-height:1\">Ontdek<\/p>\n\n\n\n<p class=\"has-text-align-center has-custom-color-1-color has-text-color has-link-color has-caveat-font-family wp-elements-308 wp-block-paragraph\" style=\"margin-top:0px;margin-bottom:0px;font-size:clamp(2.758rem, 2.758rem + ((1vw - 0.2rem) * 4.253), 5.31rem);font-style:normal;font-weight:500;line-height:0.7\">daarnaast<\/p>\n<\/div>\n\n\n\n<div data-wp-context=\"{}\" data-wp-interactive=\"core\/query\" data-wp-key=\"0\" data-wp-router-region=\"query-0\" class=\"wp-block-query alignwide gt-fse-maillage-query is-layout-flow wp-block-query-is-layout-flow\"><ul class=\"columns-3 wp-block-post-template is-layout-grid wp-container-core-post-template-is-layout-7e964c02 wp-block-post-template-is-layout-grid\"><li data-wp-key=\"post-template-item-7209\" class=\"wp-block-post post-7209 page type-page status-publish has-post-thumbnail hentry\">\n<a href=\"https:\/\/camping-platinredoute.fr\/nl\/familiecamping-rivedoux-plage\/\"    class=\"wp-block-tiptip-hyperlink-group-block\" >\n<figure class=\"wp-block-image size-full is-resized\"><img decoding=\"async\" width=\"367\" height=\"318\" src=\"https:\/\/camping-platinredoute.fr\/wp-content\/uploads\/2025\/12\/grosse-fleur-jaune.svg\" alt=\"grote gele bloem\" class=\"wp-image-143\" style=\"object-fit:contain;width:50px;height:50px\"\/><\/figure>\n\n<figure class=\"wp-block-image has-custom-border gt-maillage__image\"><img decoding=\"async\" src=\"https:\/\/camping-platinredoute.fr\/wp-content\/uploads\/2026\/03\/camping-platin-redoute-bord-de-mer-acces-plage.jpg\" alt=\"camping Le Platin La Redoute toegang tot het strand\" style=\"border-style:none;border-width:0px;border-top-left-radius:10px;border-top-right-radius:10px;border-bottom-left-radius:10px;border-bottom-right-radius:10px\"\/><\/figure>\n\n<p class=\"has-text-align-center has-custom-color-1-color has-text-color has-link-color has-unbounded-font-family wp-elements-309 wp-block-paragraph\" style=\"font-size:clamp(1.25rem, 1.25rem + ((1vw - 0.2rem) * 1.25), 2rem);line-height:1.1\">Diensten en activiteiten<\/p>\n<\/a>\n<\/li><li data-wp-key=\"post-template-item-7273\" class=\"wp-block-post post-7273 page type-page status-publish has-post-thumbnail hentry\">\n<a href=\"https:\/\/camping-platinredoute.fr\/nl\/verhuur-staanplaats-rivedoux-plage\/\"    class=\"wp-block-tiptip-hyperlink-group-block\" >\n<figure class=\"wp-block-image size-full is-resized\"><img decoding=\"async\" width=\"367\" height=\"318\" src=\"https:\/\/camping-platinredoute.fr\/wp-content\/uploads\/2025\/12\/grosse-fleur-jaune.svg\" alt=\"grote gele bloem\" class=\"wp-image-143\" style=\"object-fit:contain;width:50px;height:50px\"\/><\/figure>\n\n<figure class=\"wp-block-image has-custom-border gt-maillage__image\"><img decoding=\"async\" src=\"https:\/\/camping-platinredoute.fr\/wp-content\/uploads\/2026\/03\/emplacement-caravane-camping-platin-redoute_1.jpg\" alt=\"standplaats camping Le Platin Redoute\" style=\"border-style:none;border-width:0px;border-top-left-radius:10px;border-top-right-radius:10px;border-bottom-left-radius:10px;border-bottom-right-radius:10px\"\/><\/figure>\n\n<p class=\"has-text-align-center has-custom-color-1-color has-text-color has-link-color has-unbounded-font-family wp-elements-310 wp-block-paragraph\" style=\"font-size:clamp(1.25rem, 1.25rem + ((1vw - 0.2rem) * 1.25), 2rem);line-height:1.1\">Onze staanplaatsen<\/p>\n<\/a>\n<\/li><li data-wp-key=\"post-template-item-7247\" class=\"wp-block-post post-7247 page type-page status-publish has-post-thumbnail hentry\">\n<a href=\"https:\/\/camping-platinredoute.fr\/nl\/verhuur-stacaravan-rivedoux-plage\/\"    class=\"wp-block-tiptip-hyperlink-group-block\" >\n<figure class=\"wp-block-image size-full is-resized\"><img decoding=\"async\" width=\"367\" height=\"318\" src=\"https:\/\/camping-platinredoute.fr\/wp-content\/uploads\/2025\/12\/grosse-fleur-jaune.svg\" alt=\"grote gele bloem\" class=\"wp-image-143\" style=\"object-fit:contain;width:50px;height:50px\"\/><\/figure>\n\n<figure class=\"wp-block-image has-custom-border gt-maillage__image\"><img decoding=\"async\" src=\"https:\/\/camping-platinredoute.fr\/wp-content\/uploads\/2026\/03\/mobil-home-flower-la-redoute-camping-.jpg\" alt=\"Stacaravan bloem la redoute camping\" style=\"border-style:none;border-width:0px;border-top-left-radius:10px;border-top-right-radius:10px;border-bottom-left-radius:10px;border-bottom-right-radius:10px\"\/><\/figure>\n\n<p class=\"has-text-align-center has-custom-color-1-color has-text-color has-link-color has-unbounded-font-family wp-elements-311 wp-block-paragraph\" style=\"font-size:clamp(1.25rem, 1.25rem + ((1vw - 0.2rem) * 1.25), 2rem);line-height:1.1\">Onze huuraccommodaties<\/p>\n<\/a>\n<\/li><\/ul><\/div>\n<\/div>\n","protected":false},"excerpt":{"rendered":"<p>Aantrekkelijke tarieven het hele jaar door Goedkope camping op het Ile de R\u00e9 Het is mogelijk om van een vakantie op het Ile de R\u00e9 te genieten zonder dat het veel geld kost. Op camping Le Platin &#8211; La Redoute, uw camping in de buurt van Sainte-Marie-de-R\u00e9, bieden wij u de beste prijs-kwaliteitsverhouding voor uw [&hellip;]<\/p>\n","protected":false},"author":1,"featured_media":7197,"parent":0,"menu_order":0,"comment_status":"closed","ping_status":"closed","template":"","meta":{"_seopress_robots_primary_cat":"","_seopress_titles_title":"Goedkope camping St-Marie-de-R\u00e9 | Camping aanbiedingen \u00cele R\u00e9","_seopress_titles_desc":"Geniet van een voordelige vakantie op camping Le Platin - La Redoute met verwarmd zwembad en toegang tot het strand. Boek nu voor de beste aanbiedingen! ","_seopress_robots_index":"","inline_featured_image":false,"gt_fse_maillage_image":"https:\/\/camping-platinredoute.fr\/wp-content\/uploads\/2026\/03\/camping-car-emplacement-services-platin-redoute-1.jpg","gt_fse_maillage_titre":"Promoties","gt_fse_maillage_alt":"camping auto standplaats diensten Le Platin Redoute","gt_fse_maillage_resume":"","footnotes":""},"categories":[16],"tags":[],"class_list":["post-7196","page","type-page","status-publish","has-post-thumbnail","hentry","category-ongecategoriseerd"],"publishpress_future_action":{"enabled":false,"date":"2026-09-11 10:56:30","action":"change-status","newStatus":"draft","terms":[],"taxonomy":"category","extraData":[]},"publishpress_future_workflow_manual_trigger":{"enabledWorkflows":[]},"_links":{"self":[{"href":"https:\/\/camping-platinredoute.fr\/nl\/wp-json\/wp\/v2\/pages\/7196","targetHints":{"allow":["GET"]}}],"collection":[{"href":"https:\/\/camping-platinredoute.fr\/nl\/wp-json\/wp\/v2\/pages"}],"about":[{"href":"https:\/\/camping-platinredoute.fr\/nl\/wp-json\/wp\/v2\/types\/page"}],"author":[{"embeddable":true,"href":"https:\/\/camping-platinredoute.fr\/nl\/wp-json\/wp\/v2\/users\/1"}],"replies":[{"embeddable":true,"href":"https:\/\/camping-platinredoute.fr\/nl\/wp-json\/wp\/v2\/comments?post=7196"}],"version-history":[{"count":11,"href":"https:\/\/camping-platinredoute.fr\/nl\/wp-json\/wp\/v2\/pages\/7196\/revisions"}],"predecessor-version":[{"id":8069,"href":"https:\/\/camping-platinredoute.fr\/nl\/wp-json\/wp\/v2\/pages\/7196\/revisions\/8069"}],"wp:featuredmedia":[{"embeddable":true,"href":"https:\/\/camping-platinredoute.fr\/nl\/wp-json\/wp\/v2\/media\/7197"}],"wp:attachment":[{"href":"https:\/\/camping-platinredoute.fr\/nl\/wp-json\/wp\/v2\/media?parent=7196"}],"wp:term":[{"taxonomy":"category","embeddable":true,"href":"https:\/\/camping-platinredoute.fr\/nl\/wp-json\/wp\/v2\/categories?post=7196"},{"taxonomy":"post_tag","embeddable":true,"href":"https:\/\/camping-platinredoute.fr\/nl\/wp-json\/wp\/v2\/tags?post=7196"}],"curies":[{"name":"wp","href":"https:\/\/api.w.org\/{rel}","templated":true}]}}